{"id":10525,"date":"2026-02-28T07:36:36","date_gmt":"2026-02-28T12:36:36","guid":{"rendered":"https:\/\/artejoven.org\/?page_id=10525"},"modified":"2026-04-06T19:38:32","modified_gmt":"2026-04-06T23:38:32","slug":"offener-innenhof","status":"publish","type":"page","link":"https:\/\/artejoven.org\/de\/espacios-faj\/patio-abierto\/","title":{"rendered":"Offener Innenhof"},"content":{"rendered":"\t\t<div data-elementor-type=\"wp-page\" data-elementor-id=\"10525\" class=\"elementor elementor-10525\" data-elementor-post-type=\"page\">\n\t\t\t\t\t\t<section class=\"elementor-section elementor-top-section elementor-element elementor-element-850f03e elementor-section-boxed elementor-section-height-default elementor-section-height-default\" data-id=\"850f03e\" data-element_type=\"section\" data-e-type=\"section\" data-settings=\"{&quot;background_background&quot;:&quot;classic&quot;}\">\n\t\t\t\t\t\t<div class=\"elementor-container elementor-column-gap-default\">\n\t\t\t\t\t<div class=\"elementor-column elementor-col-50 elementor-top-column elementor-element elementor-element-8692591\" data-id=\"8692591\" data-element_type=\"column\" data-e-type=\"column\">\n\t\t\t<div class=\"elementor-widget-wrap elementor-element-populated\">\n\t\t\t\t\t\t<div class=\"elementor-element elementor-element-dba13a6 elementor-widget elementor-widget-heading\" data-id=\"dba13a6\" data-element_type=\"widget\" data-e-type=\"widget\" data-settings=\"{&quot;sticky&quot;:&quot;top&quot;,&quot;sticky_on&quot;:[&quot;desktop&quot;],&quot;sticky_parent&quot;:&quot;yes&quot;,&quot;sticky_offset&quot;:10,&quot;sticky_effects_offset&quot;:0,&quot;sticky_anchor_link_offset&quot;:0}\" data-widget_type=\"heading.default\">\n\t\t\t\t<div class=\"elementor-widget-container\">\n\t\t\t\t\t<h1 class=\"elementor-heading-title elementor-size-default\">Patio Abierto<\/h1>\t\t\t\t<\/div>\n\t\t\t\t<\/div>\n\t\t\t\t\t<\/div>\n\t\t<\/div>\n\t\t\t\t<div class=\"elementor-column elementor-col-50 elementor-top-column elementor-element elementor-element-a03bb99\" data-id=\"a03bb99\" data-element_type=\"column\" data-e-type=\"column\">\n\t\t\t<div class=\"elementor-widget-wrap elementor-element-populated\">\n\t\t\t\t\t\t<div class=\"elementor-element elementor-element-0f45aa6 elementor-widget elementor-widget-image-carousel\" data-id=\"0f45aa6\" data-element_type=\"widget\" data-e-type=\"widget\" data-settings=\"{&quot;slides_to_show&quot;:&quot;1&quot;,&quot;navigation&quot;:&quot;none&quot;,&quot;pause_on_hover&quot;:&quot;no&quot;,&quot;pause_on_interaction&quot;:&quot;no&quot;,&quot;effect&quot;:&quot;fade&quot;,&quot;speed&quot;:800,&quot;autoplay&quot;:&quot;yes&quot;,&quot;autoplay_speed&quot;:5000,&quot;infinite&quot;:&quot;yes&quot;}\" data-widget_type=\"image-carousel.default\">\n\t\t\t\t<div class=\"elementor-widget-container\">\n\t\t\t\t\t\t\t<div class=\"elementor-image-carousel-wrapper swiper\" role=\"region\" aria-roledescription=\"carousel\" aria-label=\"Carrusel de im\u00e1genes\" dir=\"ltr\">\n\t\t\t<div class=\"elementor-image-carousel swiper-wrapper swiper-image-stretch\" aria-live=\"off\">\n\t\t\t\t\t\t\t\t<div class=\"swiper-slide\" role=\"group\" aria-roledescription=\"slide\" aria-label=\"1 von 1\"><figure class=\"swiper-slide-inner\"><img decoding=\"async\" class=\"swiper-slide-image\" src=\"https:\/\/artejoven.org\/wp-content\/uploads\/2026\/04\/FAJ_Cesar_Jazz_Club_CG-61.webp\" alt=\"FAJ_Cesar_Jazz_Club_CG-61\" \/><\/figure><\/div>\t\t\t<\/div>\n\t\t\t\t\t<\/div>\n\t\t\t\t\t\t<\/div>\n\t\t\t\t<\/div>\n\t\t\t\t<div class=\"elementor-element elementor-element-ce3c094 elementor-widget elementor-widget-text-editor\" data-id=\"ce3c094\" data-element_type=\"widget\" data-e-type=\"widget\" data-widget_type=\"text-editor.default\">\n\t\t\t\t<div class=\"elementor-widget-container\">\n\t\t\t\t\t\t\t\t\t<p>La <em>Jam Session<\/em> del Fondo de Arte Joven, donde m\u00fasicos emergentes y consagrados se encuentran org\u00e1nicamente, generando visibilidad, networking y oportunidades profesionales, acciones de cooperaci\u00f3n, articulaci\u00f3n de actores sociales en funci\u00f3n del empoderamiento del sector cultural emergente.<\/p>\t\t\t\t\t\t\t\t<\/div>\n\t\t\t\t<\/div>\n\t\t\t\t<div class=\"elementor-element elementor-element-e681030 elementor-widget elementor-widget-gallery\" data-id=\"e681030\" data-element_type=\"widget\" data-e-type=\"widget\" data-settings=\"{&quot;gallery_layout&quot;:&quot;masonry&quot;,&quot;lazyload&quot;:&quot;yes&quot;,&quot;columns&quot;:4,&quot;columns_tablet&quot;:2,&quot;columns_mobile&quot;:1,&quot;gap&quot;:{&quot;unit&quot;:&quot;px&quot;,&quot;size&quot;:10,&quot;sizes&quot;:[]},&quot;gap_tablet&quot;:{&quot;unit&quot;:&quot;px&quot;,&quot;size&quot;:10,&quot;sizes&quot;:[]},&quot;gap_mobile&quot;:{&quot;unit&quot;:&quot;px&quot;,&quot;size&quot;:10,&quot;sizes&quot;:[]},&quot;link_to&quot;:&quot;file&quot;,&quot;overlay_background&quot;:&quot;yes&quot;,&quot;content_hover_animation&quot;:&quot;fade-in&quot;}\" data-widget_type=\"gallery.default\">\n\t\t\t\t<div class=\"elementor-widget-container\">\n\t\t\t\t\t\t\t<div class=\"elementor-gallery__container\">\n\t\t\t\t\t\t\t<a class=\"e-gallery-item elementor-gallery-item elementor-animated-content\" href=\"https:\/\/artejoven.org\/wp-content\/uploads\/2026\/04\/FAJ_Cesar_Jazz_Club_CG-48.webp\" data-elementor-open-lightbox=\"yes\" data-elementor-lightbox-slideshow=\"e681030\" data-e-action-hash=\"#elementor-action%3Aaction%3Dlightbox%26settings%3DeyJpZCI6MTA2NzEsInVybCI6Imh0dHBzOlwvXC9hcnRlam92ZW4ub3JnXC93cC1jb250ZW50XC91cGxvYWRzXC8yMDI2XC8wNFwvRkFKX0Nlc2FyX0phenpfQ2x1Yl9DRy00OC53ZWJwIiwic2xpZGVzaG93IjoiZTY4MTAzMCJ9\">\n\t\t\t\t\t<div class=\"e-gallery-image elementor-gallery-item__image\" data-thumbnail=\"https:\/\/artejoven.org\/wp-content\/uploads\/2026\/04\/FAJ_Cesar_Jazz_Club_CG-48-300x200.webp\" data-width=\"300\" data-height=\"200\" aria-label=\"\" role=\"img\" ><\/div>\n\t\t\t\t\t\t\t\t\t\t\t<div class=\"elementor-gallery-item__overlay\"><\/div>\n\t\t\t\t\t\t\t\t\t\t\t\t\t\t<\/a>\n\t\t\t\t\t\t\t<a class=\"e-gallery-item elementor-gallery-item elementor-animated-content\" href=\"https:\/\/artejoven.org\/wp-content\/uploads\/2026\/04\/FAJ_Cesar_Jazz_Club_CG-26.webp\" data-elementor-open-lightbox=\"yes\" data-elementor-lightbox-slideshow=\"e681030\" data-e-action-hash=\"#elementor-action%3Aaction%3Dlightbox%26settings%3DeyJpZCI6MTA2NjUsInVybCI6Imh0dHBzOlwvXC9hcnRlam92ZW4ub3JnXC93cC1jb250ZW50XC91cGxvYWRzXC8yMDI2XC8wNFwvRkFKX0Nlc2FyX0phenpfQ2x1Yl9DRy0yNi53ZWJwIiwic2xpZGVzaG93IjoiZTY4MTAzMCJ9\">\n\t\t\t\t\t<div class=\"e-gallery-image elementor-gallery-item__image\" data-thumbnail=\"https:\/\/artejoven.org\/wp-content\/uploads\/2026\/04\/FAJ_Cesar_Jazz_Club_CG-26-300x200.webp\" data-width=\"300\" data-height=\"200\" aria-label=\"\" role=\"img\" ><\/div>\n\t\t\t\t\t\t\t\t\t\t\t<div class=\"elementor-gallery-item__overlay\"><\/div>\n\t\t\t\t\t\t\t\t\t\t\t\t\t\t<\/a>\n\t\t\t\t\t\t\t<a class=\"e-gallery-item elementor-gallery-item elementor-animated-content\" href=\"https:\/\/artejoven.org\/wp-content\/uploads\/2026\/04\/FAJ_Cesar_Jazz_Club_CG-27.webp\" data-elementor-open-lightbox=\"yes\" data-elementor-lightbox-slideshow=\"e681030\" data-e-action-hash=\"#elementor-action%3Aaction%3Dlightbox%26settings%3DeyJpZCI6MTA2NjYsInVybCI6Imh0dHBzOlwvXC9hcnRlam92ZW4ub3JnXC93cC1jb250ZW50XC91cGxvYWRzXC8yMDI2XC8wNFwvRkFKX0Nlc2FyX0phenpfQ2x1Yl9DRy0yNy53ZWJwIiwic2xpZGVzaG93IjoiZTY4MTAzMCJ9\">\n\t\t\t\t\t<div class=\"e-gallery-image elementor-gallery-item__image\" data-thumbnail=\"https:\/\/artejoven.org\/wp-content\/uploads\/2026\/04\/FAJ_Cesar_Jazz_Club_CG-27-300x200.webp\" data-width=\"300\" data-height=\"200\" aria-label=\"\" role=\"img\" ><\/div>\n\t\t\t\t\t\t\t\t\t\t\t<div class=\"elementor-gallery-item__overlay\"><\/div>\n\t\t\t\t\t\t\t\t\t\t\t\t\t\t<\/a>\n\t\t\t\t\t\t\t<a class=\"e-gallery-item elementor-gallery-item elementor-animated-content\" href=\"https:\/\/artejoven.org\/wp-content\/uploads\/2026\/04\/FAJ_Cesar_Jazz_Club_CG-5.webp\" data-elementor-open-lightbox=\"yes\" data-elementor-lightbox-slideshow=\"e681030\" data-e-action-hash=\"#elementor-action%3Aaction%3Dlightbox%26settings%3DeyJpZCI6MTA2NTksInVybCI6Imh0dHBzOlwvXC9hcnRlam92ZW4ub3JnXC93cC1jb250ZW50XC91cGxvYWRzXC8yMDI2XC8wNFwvRkFKX0Nlc2FyX0phenpfQ2x1Yl9DRy01LndlYnAiLCJzbGlkZXNob3ciOiJlNjgxMDMwIn0%3D\">\n\t\t\t\t\t<div class=\"e-gallery-image elementor-gallery-item__image\" data-thumbnail=\"https:\/\/artejoven.org\/wp-content\/uploads\/2026\/04\/FAJ_Cesar_Jazz_Club_CG-5-200x300.webp\" data-width=\"200\" data-height=\"300\" aria-label=\"\" role=\"img\" ><\/div>\n\t\t\t\t\t\t\t\t\t\t\t<div class=\"elementor-gallery-item__overlay\"><\/div>\n\t\t\t\t\t\t\t\t\t\t\t\t\t\t<\/a>\n\t\t\t\t\t\t\t<a class=\"e-gallery-item elementor-gallery-item elementor-animated-content\" href=\"https:\/\/artejoven.org\/wp-content\/uploads\/2026\/04\/Portada.webp\" data-elementor-open-lightbox=\"yes\" data-elementor-lightbox-slideshow=\"e681030\" data-e-action-hash=\"#elementor-action%3Aaction%3Dlightbox%26settings%3DeyJpZCI6MTA2NzIsInVybCI6Imh0dHBzOlwvXC9hcnRlam92ZW4ub3JnXC93cC1jb250ZW50XC91cGxvYWRzXC8yMDI2XC8wNFwvUG9ydGFkYS53ZWJwIiwic2xpZGVzaG93IjoiZTY4MTAzMCJ9\">\n\t\t\t\t\t<div class=\"e-gallery-image elementor-gallery-item__image\" data-thumbnail=\"https:\/\/artejoven.org\/wp-content\/uploads\/2026\/04\/Portada-300x200.webp\" data-width=\"300\" data-height=\"200\" aria-label=\"\" role=\"img\" ><\/div>\n\t\t\t\t\t\t\t\t\t\t\t<div class=\"elementor-gallery-item__overlay\"><\/div>\n\t\t\t\t\t\t\t\t\t\t\t\t\t\t<\/a>\n\t\t\t\t\t\t\t<a class=\"e-gallery-item elementor-gallery-item elementor-animated-content\" href=\"https:\/\/artejoven.org\/wp-content\/uploads\/2026\/04\/FAJ_Cesar_Jazz_Club_CG-10.webp\" data-elementor-open-lightbox=\"yes\" data-elementor-lightbox-slideshow=\"e681030\" data-e-action-hash=\"#elementor-action%3Aaction%3Dlightbox%26settings%3DeyJpZCI6MTA2NjAsInVybCI6Imh0dHBzOlwvXC9hcnRlam92ZW4ub3JnXC93cC1jb250ZW50XC91cGxvYWRzXC8yMDI2XC8wNFwvRkFKX0Nlc2FyX0phenpfQ2x1Yl9DRy0xMC53ZWJwIiwic2xpZGVzaG93IjoiZTY4MTAzMCJ9\">\n\t\t\t\t\t<div class=\"e-gallery-image elementor-gallery-item__image\" data-thumbnail=\"https:\/\/artejoven.org\/wp-content\/uploads\/2026\/04\/FAJ_Cesar_Jazz_Club_CG-10-200x300.webp\" data-width=\"200\" data-height=\"300\" aria-label=\"\" role=\"img\" ><\/div>\n\t\t\t\t\t\t\t\t\t\t\t<div class=\"elementor-gallery-item__overlay\"><\/div>\n\t\t\t\t\t\t\t\t\t\t\t\t\t\t<\/a>\n\t\t\t\t\t\t\t<a class=\"e-gallery-item elementor-gallery-item elementor-animated-content\" href=\"https:\/\/artejoven.org\/wp-content\/uploads\/2026\/04\/FAJ_Cesar_Jazz_Club_CG-15.webp\" data-elementor-open-lightbox=\"yes\" data-elementor-lightbox-slideshow=\"e681030\" data-e-action-hash=\"#elementor-action%3Aaction%3Dlightbox%26settings%3DeyJpZCI6MTA2NjEsInVybCI6Imh0dHBzOlwvXC9hcnRlam92ZW4ub3JnXC93cC1jb250ZW50XC91cGxvYWRzXC8yMDI2XC8wNFwvRkFKX0Nlc2FyX0phenpfQ2x1Yl9DRy0xNS53ZWJwIiwic2xpZGVzaG93IjoiZTY4MTAzMCJ9\">\n\t\t\t\t\t<div class=\"e-gallery-image elementor-gallery-item__image\" data-thumbnail=\"https:\/\/artejoven.org\/wp-content\/uploads\/2026\/04\/FAJ_Cesar_Jazz_Club_CG-15-300x200.webp\" data-width=\"300\" data-height=\"200\" aria-label=\"\" role=\"img\" ><\/div>\n\t\t\t\t\t\t\t\t\t\t\t<div class=\"elementor-gallery-item__overlay\"><\/div>\n\t\t\t\t\t\t\t\t\t\t\t\t\t\t<\/a>\n\t\t\t\t\t\t\t<a class=\"e-gallery-item elementor-gallery-item elementor-animated-content\" href=\"https:\/\/artejoven.org\/wp-content\/uploads\/2026\/04\/FAJ_Cesar_Jazz_Club_CG-17.webp\" data-elementor-open-lightbox=\"yes\" data-elementor-lightbox-slideshow=\"e681030\" data-e-action-hash=\"#elementor-action%3Aaction%3Dlightbox%26settings%3DeyJpZCI6MTA2NjIsInVybCI6Imh0dHBzOlwvXC9hcnRlam92ZW4ub3JnXC93cC1jb250ZW50XC91cGxvYWRzXC8yMDI2XC8wNFwvRkFKX0Nlc2FyX0phenpfQ2x1Yl9DRy0xNy53ZWJwIiwic2xpZGVzaG93IjoiZTY4MTAzMCJ9\">\n\t\t\t\t\t<div class=\"e-gallery-image elementor-gallery-item__image\" data-thumbnail=\"https:\/\/artejoven.org\/wp-content\/uploads\/2026\/04\/FAJ_Cesar_Jazz_Club_CG-17-200x300.webp\" data-width=\"200\" data-height=\"300\" aria-label=\"\" role=\"img\" ><\/div>\n\t\t\t\t\t\t\t\t\t\t\t<div class=\"elementor-gallery-item__overlay\"><\/div>\n\t\t\t\t\t\t\t\t\t\t\t\t\t\t<\/a>\n\t\t\t\t\t\t\t<a class=\"e-gallery-item elementor-gallery-item elementor-animated-content\" href=\"https:\/\/artejoven.org\/wp-content\/uploads\/2026\/04\/FAJ_Cesar_Jazz_Club_CG-25.webp\" data-elementor-open-lightbox=\"yes\" data-elementor-lightbox-slideshow=\"e681030\" data-e-action-hash=\"#elementor-action%3Aaction%3Dlightbox%26settings%3DeyJpZCI6MTA2NjMsInVybCI6Imh0dHBzOlwvXC9hcnRlam92ZW4ub3JnXC93cC1jb250ZW50XC91cGxvYWRzXC8yMDI2XC8wNFwvRkFKX0Nlc2FyX0phenpfQ2x1Yl9DRy0yNS53ZWJwIiwic2xpZGVzaG93IjoiZTY4MTAzMCJ9\">\n\t\t\t\t\t<div class=\"e-gallery-image elementor-gallery-item__image\" data-thumbnail=\"https:\/\/artejoven.org\/wp-content\/uploads\/2026\/04\/FAJ_Cesar_Jazz_Club_CG-25-200x300.webp\" data-width=\"200\" data-height=\"300\" aria-label=\"\" role=\"img\" ><\/div>\n\t\t\t\t\t\t\t\t\t\t\t<div class=\"elementor-gallery-item__overlay\"><\/div>\n\t\t\t\t\t\t\t\t\t\t\t\t\t\t<\/a>\n\t\t\t\t\t\t\t<a class=\"e-gallery-item elementor-gallery-item elementor-animated-content\" href=\"https:\/\/artejoven.org\/wp-content\/uploads\/2026\/04\/FAJ_Cesar_Jazz_Club_CG-28.webp\" data-elementor-open-lightbox=\"yes\" data-elementor-lightbox-slideshow=\"e681030\" data-e-action-hash=\"#elementor-action%3Aaction%3Dlightbox%26settings%3DeyJpZCI6MTA2NjcsInVybCI6Imh0dHBzOlwvXC9hcnRlam92ZW4ub3JnXC93cC1jb250ZW50XC91cGxvYWRzXC8yMDI2XC8wNFwvRkFKX0Nlc2FyX0phenpfQ2x1Yl9DRy0yOC53ZWJwIiwic2xpZGVzaG93IjoiZTY4MTAzMCJ9\">\n\t\t\t\t\t<div class=\"e-gallery-image elementor-gallery-item__image\" data-thumbnail=\"https:\/\/artejoven.org\/wp-content\/uploads\/2026\/04\/FAJ_Cesar_Jazz_Club_CG-28-300x200.webp\" data-width=\"300\" data-height=\"200\" aria-label=\"\" role=\"img\" ><\/div>\n\t\t\t\t\t\t\t\t\t\t\t<div class=\"elementor-gallery-item__overlay\"><\/div>\n\t\t\t\t\t\t\t\t\t\t\t\t\t\t<\/a>\n\t\t\t\t\t\t\t<a class=\"e-gallery-item elementor-gallery-item elementor-animated-content\" href=\"https:\/\/artejoven.org\/wp-content\/uploads\/2026\/04\/FAJ_Cesar_Jazz_Club_CG-34.webp\" data-elementor-open-lightbox=\"yes\" data-elementor-lightbox-slideshow=\"e681030\" data-e-action-hash=\"#elementor-action%3Aaction%3Dlightbox%26settings%3DeyJpZCI6MTA2NjgsInVybCI6Imh0dHBzOlwvXC9hcnRlam92ZW4ub3JnXC93cC1jb250ZW50XC91cGxvYWRzXC8yMDI2XC8wNFwvRkFKX0Nlc2FyX0phenpfQ2x1Yl9DRy0zNC53ZWJwIiwic2xpZGVzaG93IjoiZTY4MTAzMCJ9\">\n\t\t\t\t\t<div class=\"e-gallery-image elementor-gallery-item__image\" data-thumbnail=\"https:\/\/artejoven.org\/wp-content\/uploads\/2026\/04\/FAJ_Cesar_Jazz_Club_CG-34-300x200.webp\" data-width=\"300\" data-height=\"200\" aria-label=\"\" role=\"img\" ><\/div>\n\t\t\t\t\t\t\t\t\t\t\t<div class=\"elementor-gallery-item__overlay\"><\/div>\n\t\t\t\t\t\t\t\t\t\t\t\t\t\t<\/a>\n\t\t\t\t\t\t\t<a class=\"e-gallery-item elementor-gallery-item elementor-animated-content\" href=\"https:\/\/artejoven.org\/wp-content\/uploads\/2026\/04\/FAJ_Cesar_Jazz_Club_CG-40.webp\" data-elementor-open-lightbox=\"yes\" data-elementor-lightbox-slideshow=\"e681030\" data-e-action-hash=\"#elementor-action%3Aaction%3Dlightbox%26settings%3DeyJpZCI6MTA2NjksInVybCI6Imh0dHBzOlwvXC9hcnRlam92ZW4ub3JnXC93cC1jb250ZW50XC91cGxvYWRzXC8yMDI2XC8wNFwvRkFKX0Nlc2FyX0phenpfQ2x1Yl9DRy00MC53ZWJwIiwic2xpZGVzaG93IjoiZTY4MTAzMCJ9\">\n\t\t\t\t\t<div class=\"e-gallery-image elementor-gallery-item__image\" data-thumbnail=\"https:\/\/artejoven.org\/wp-content\/uploads\/2026\/04\/FAJ_Cesar_Jazz_Club_CG-40-300x200.webp\" data-width=\"300\" data-height=\"200\" aria-label=\"\" role=\"img\" ><\/div>\n\t\t\t\t\t\t\t\t\t\t\t<div class=\"elementor-gallery-item__overlay\"><\/div>\n\t\t\t\t\t\t\t\t\t\t\t\t\t\t<\/a>\n\t\t\t\t\t\t\t<a class=\"e-gallery-item elementor-gallery-item elementor-animated-content\" href=\"https:\/\/artejoven.org\/wp-content\/uploads\/2026\/04\/FAJ_Cesar_Jazz_Club_CG-42.webp\" data-elementor-open-lightbox=\"yes\" data-elementor-lightbox-slideshow=\"e681030\" data-e-action-hash=\"#elementor-action%3Aaction%3Dlightbox%26settings%3DeyJpZCI6MTA2NzAsInVybCI6Imh0dHBzOlwvXC9hcnRlam92ZW4ub3JnXC93cC1jb250ZW50XC91cGxvYWRzXC8yMDI2XC8wNFwvRkFKX0Nlc2FyX0phenpfQ2x1Yl9DRy00Mi53ZWJwIiwic2xpZGVzaG93IjoiZTY4MTAzMCJ9\">\n\t\t\t\t\t<div class=\"e-gallery-image elementor-gallery-item__image\" data-thumbnail=\"https:\/\/artejoven.org\/wp-content\/uploads\/2026\/04\/FAJ_Cesar_Jazz_Club_CG-42-200x300.webp\" data-width=\"200\" data-height=\"300\" aria-label=\"\" role=\"img\" ><\/div>\n\t\t\t\t\t\t\t\t\t\t\t<div class=\"elementor-gallery-item__overlay\"><\/div>\n\t\t\t\t\t\t\t\t\t\t\t\t\t\t<\/a>\n\t\t\t\t\t<\/div>\n\t\t\t\t\t<\/div>\n\t\t\t\t<\/div>\n\t\t\t\t\t<\/div>\n\t\t<\/div>\n\t\t\t\t\t<\/div>\n\t\t<\/section>\n\t\t\t\t<\/div>\n\t\t","protected":false},"excerpt":{"rendered":"<p>Die Jam Session des Young Art Fund, bei der aufstrebende und etablierte Musiker zusammenkommen, um Sichtbarkeit, Vernetzung und berufliche M\u00f6glichkeiten zu schaffen, Kooperationsma\u00dfnahmen durchzuf\u00fchren und soziale Akteure zu mobilisieren, damit der aufstrebende Kultursektor gest\u00e4rkt wird.<\/p>","protected":false},"author":1,"featured_media":10658,"parent":4962,"menu_order":0,"comment_status":"closed","ping_status":"closed","template":"","meta":{"_acf_changed":false,"footnotes":"","_links_to":"","_links_to_target":""},"categories":[],"tags":[54],"class_list":["post-10525","page","type-page","status-publish","has-post-thumbnail","hentry","tag-espacios-faj","post","post-with-thumbnail","post-with-thumbnail-large"],"acf":[],"aioseo_notices":[],"jetpack-related-posts":[{"id":1241,"url":"#element","url_meta":{"origin":10525,"position":0},"title":"Vision","author":"Ren\u00e9 Manuel Puig","date":"18 de April de 2023","format":false,"excerpt":"Wir arbeiten daran, die f\u00fchrende Kulturplattform zu werden, die aufstrebende Kunst unterst\u00fctzt und einen inklusiven und dynamischen Raum schafft, in dem junge K\u00fcnstler und Kulturunternehmen aus dem globalen S\u00fcden ihre Kreativit\u00e4t erforschen, experimentieren und zum Ausdruck bringen k\u00f6nnen. Unsere Vision ist es, ein k\u00fcnstlerisches \u00d6kosystem zu f\u00f6rdern, das nicht nur die Vielfalt der...","rel":"","context":"\u00c4hnlicher Beitrag","block_context":{"text":"\u00c4hnlicher Beitrag","link":""},"img":{"alt_text":"","src":"https:\/\/i0.wp.com\/artejoven.org\/wp-content\/uploads\/2025\/04\/Ensayos-Bellas-Artes-5.webp?resize=350%2C200&ssl=1","width":350,"height":200,"srcset":"https:\/\/i0.wp.com\/artejoven.org\/wp-content\/uploads\/2025\/04\/Ensayos-Bellas-Artes-5.webp?resize=350%2C200&ssl=1 1x, https:\/\/i0.wp.com\/artejoven.org\/wp-content\/uploads\/2025\/04\/Ensayos-Bellas-Artes-5.webp?resize=525%2C300&ssl=1 1.5x, https:\/\/i0.wp.com\/artejoven.org\/wp-content\/uploads\/2025\/04\/Ensayos-Bellas-Artes-5.webp?resize=700%2C400&ssl=1 2x, https:\/\/i0.wp.com\/artejoven.org\/wp-content\/uploads\/2025\/04\/Ensayos-Bellas-Artes-5.webp?resize=1050%2C600&ssl=1 3x, https:\/\/i0.wp.com\/artejoven.org\/wp-content\/uploads\/2025\/04\/Ensayos-Bellas-Artes-5.webp?resize=1400%2C800&ssl=1 4x"},"classes":[]},{"id":2191,"url":"#element","url_meta":{"origin":10525,"position":1},"title":"Aktionen","author":"Ren\u00e9 Manuel Puig","date":"23 de Mai de 2023","format":false,"excerpt":"Desarrollamos programas sistem\u00e1ticos de convocatorias y premios, as\u00ed como actividades de promoci\u00f3n del arte emergente, de pa\u00edses del Sur Global. En una sola plataforma, combinamos diferentes est\u00edmulos para la creaci\u00f3n joven, como la disponibilidad de espacios de exhibici\u00f3n, apoyo a la producci\u00f3n de proyectos y procesos creativos, oportunidades de superaci\u00f3n\u2026","rel":"","context":"\u00c4hnlicher Beitrag","block_context":{"text":"\u00c4hnlicher Beitrag","link":""},"img":{"alt_text":"","src":"https:\/\/i0.wp.com\/artejoven.org\/wp-content\/uploads\/2025\/04\/Expo_Prestidigitador_CG-12-scaled.webp?resize=350%2C200&ssl=1","width":350,"height":200,"srcset":"https:\/\/i0.wp.com\/artejoven.org\/wp-content\/uploads\/2025\/04\/Expo_Prestidigitador_CG-12-scaled.webp?resize=350%2C200&ssl=1 1x, https:\/\/i0.wp.com\/artejoven.org\/wp-content\/uploads\/2025\/04\/Expo_Prestidigitador_CG-12-scaled.webp?resize=525%2C300&ssl=1 1.5x, https:\/\/i0.wp.com\/artejoven.org\/wp-content\/uploads\/2025\/04\/Expo_Prestidigitador_CG-12-scaled.webp?resize=700%2C400&ssl=1 2x, https:\/\/i0.wp.com\/artejoven.org\/wp-content\/uploads\/2025\/04\/Expo_Prestidigitador_CG-12-scaled.webp?resize=1050%2C600&ssl=1 3x, https:\/\/i0.wp.com\/artejoven.org\/wp-content\/uploads\/2025\/04\/Expo_Prestidigitador_CG-12-scaled.webp?resize=1400%2C800&ssl=1 4x"},"classes":[]},{"id":12,"url":"https:\/\/artejoven.org\/de\/","url_meta":{"origin":10525,"position":2},"title":"Startseite","author":"Ren\u00e9 Manuel Puig","date":"15 de M\u00e4rz de 2023","format":false,"excerpt":"Wir sind eine kulturelle Plattform zur Unterst\u00fctzung und F\u00f6rderung aufstrebender kubanischer Kunst- und Kulturunternehmen, die ihre kreativen Projekte von Kuba aus verwirklichen.","rel":"","context":"\u00c4hnlicher Beitrag","block_context":{"text":"\u00c4hnlicher Beitrag","link":""},"img":{"alt_text":"CIERIC","src":"https:\/\/i0.wp.com\/artejoven.org\/wp-content\/uploads\/2025\/03\/CIERIC-png.webp?resize=350%2C200&ssl=1","width":350,"height":200,"srcset":"https:\/\/i0.wp.com\/artejoven.org\/wp-content\/uploads\/2025\/03\/CIERIC-png.webp?resize=350%2C200&ssl=1 1x, https:\/\/i0.wp.com\/artejoven.org\/wp-content\/uploads\/2025\/03\/CIERIC-png.webp?resize=525%2C300&ssl=1 1.5x, https:\/\/i0.wp.com\/artejoven.org\/wp-content\/uploads\/2025\/03\/CIERIC-png.webp?resize=700%2C400&ssl=1 2x"},"classes":[]},{"id":7337,"url":"https:\/\/artejoven.org\/de\/beneficiarios\/jazz-for-youth\/","url_meta":{"origin":10525,"position":3},"title":"Jazz f\u00fcr Jugendliche","author":"Ren\u00e9 Manuel Puig","date":"10 de April de 2024","format":false,"excerpt":"Inspiriert von den Anf\u00e4ngen der Band in den Jam-Session-R\u00e4umen der Universit\u00e4t der K\u00fcnste.","rel":"","context":"In &quot;Beneficiarios&quot;","block_context":{"text":"Beneficiarios","link":"https:\/\/artejoven.org\/de\/category\/beneficiarios\/"},"img":{"alt_text":"Jazz for Youth","src":"https:\/\/i0.wp.com\/artejoven.org\/wp-content\/uploads\/2024\/04\/Jazz-for-youth-jpg.webp?resize=350%2C200&ssl=1","width":350,"height":200},"classes":[]},{"id":9341,"url":"#element","url_meta":{"origin":10525,"position":4},"title":"Marcos Madrigal","author":"Ren\u00e9 Manuel Puig","date":"3 de Mai de 2025","format":false,"excerpt":"Koordinatorin von Musikprojekten f\u00fcr den Fondo de Arte Joven (FAJ). Pianist. Pr\u00e4sident der Asociaci\u00f3n Cultural Habana Cl\u00e1sica (ACHC).","rel":"","context":"In &quot;Organizaci\u00f3n&quot;","block_context":{"text":"Organizaci\u00f3n","link":"https:\/\/artejoven.org\/de\/category\/organizacion\/"},"img":{"alt_text":"Marcos Madrigal","src":"https:\/\/i0.wp.com\/artejoven.org\/wp-content\/uploads\/2023\/04\/Marcos-1.jpg?resize=350%2C200&ssl=1","width":350,"height":200,"srcset":"https:\/\/i0.wp.com\/artejoven.org\/wp-content\/uploads\/2023\/04\/Marcos-1.jpg?resize=350%2C200&ssl=1 1x, https:\/\/i0.wp.com\/artejoven.org\/wp-content\/uploads\/2023\/04\/Marcos-1.jpg?resize=525%2C300&ssl=1 1.5x, https:\/\/i0.wp.com\/artejoven.org\/wp-content\/uploads\/2023\/04\/Marcos-1.jpg?resize=700%2C400&ssl=1 2x, https:\/\/i0.wp.com\/artejoven.org\/wp-content\/uploads\/2023\/04\/Marcos-1.jpg?resize=1050%2C600&ssl=1 3x"},"classes":[]},{"id":4962,"url":"https:\/\/artejoven.org\/de\/espacios-faj\/","url_meta":{"origin":10525,"position":5},"title":"FJK-R\u00e4ume","author":"Ren\u00e9 Manuel Puig","date":"23 de August de 2023","format":false,"excerpt":"Mit dem Ziel, die Entstehung von Referenzr\u00e4umen f\u00fcr die Schaffung und F\u00f6rderung zeitgen\u00f6ssischer kubanischer Kunst zu f\u00f6rdern, arbeitet der Fondo de Arte Joven (FAJ) systematisch mit \u00f6ffentlichen und privaten Organisationen und Institutionen zusammen.","rel":"","context":"In &quot;Espacios&quot;","block_context":{"text":"Espacios","link":"https:\/\/artejoven.org\/de\/category\/espacios\/"},"img":{"alt_text":"Fondo de Arte Joven","src":"https:\/\/i0.wp.com\/artejoven.org\/wp-content\/uploads\/2023\/06\/Fondo-de-Arte-Joven.jpg?resize=350%2C200&ssl=1","width":350,"height":200,"srcset":"https:\/\/i0.wp.com\/artejoven.org\/wp-content\/uploads\/2023\/06\/Fondo-de-Arte-Joven.jpg?resize=350%2C200&ssl=1 1x, https:\/\/i0.wp.com\/artejoven.org\/wp-content\/uploads\/2023\/06\/Fondo-de-Arte-Joven.jpg?resize=525%2C300&ssl=1 1.5x, https:\/\/i0.wp.com\/artejoven.org\/wp-content\/uploads\/2023\/06\/Fondo-de-Arte-Joven.jpg?resize=700%2C400&ssl=1 2x"},"classes":[]}],"jetpack_sharing_enabled":true,"_links":{"self":[{"href":"https:\/\/artejoven.org\/de\/wp-json\/wp\/v2\/pages\/10525","targetHints":{"allow":["GET"]}}],"collection":[{"href":"https:\/\/artejoven.org\/de\/wp-json\/wp\/v2\/pages"}],"about":[{"href":"https:\/\/artejoven.org\/de\/wp-json\/wp\/v2\/types\/page"}],"author":[{"embeddable":true,"href":"https:\/\/artejoven.org\/de\/wp-json\/wp\/v2\/users\/1"}],"replies":[{"embeddable":true,"href":"https:\/\/artejoven.org\/de\/wp-json\/wp\/v2\/comments?post=10525"}],"version-history":[{"count":10,"href":"https:\/\/artejoven.org\/de\/wp-json\/wp\/v2\/pages\/10525\/revisions"}],"predecessor-version":[{"id":10678,"href":"https:\/\/artejoven.org\/de\/wp-json\/wp\/v2\/pages\/10525\/revisions\/10678"}],"up":[{"embeddable":true,"href":"https:\/\/artejoven.org\/de\/wp-json\/wp\/v2\/pages\/4962"}],"wp:featuredmedia":[{"embeddable":true,"href":"https:\/\/artejoven.org\/de\/wp-json\/wp\/v2\/media\/10658"}],"wp:attachment":[{"href":"https:\/\/artejoven.org\/de\/wp-json\/wp\/v2\/media?parent=10525"}],"wp:term":[{"taxonomy":"category","embeddable":true,"href":"https:\/\/artejoven.org\/de\/wp-json\/wp\/v2\/categories?post=10525"},{"taxonomy":"post_tag","embeddable":true,"href":"https:\/\/artejoven.org\/de\/wp-json\/wp\/v2\/tags?post=10525"}],"curies":[{"name":"wp","href":"https:\/\/api.w.org\/{rel}","templated":true}]}}