{"id":10648,"date":"2026-03-31T08:35:32","date_gmt":"2026-03-31T12:35:32","guid":{"rendered":"https:\/\/artejoven.org\/?page_id=10648"},"modified":"2026-03-31T08:35:35","modified_gmt":"2026-03-31T12:35:35","slug":"dario-kuba-hernandez","status":"publish","type":"page","link":"https:\/\/artejoven.org\/de\/beneficiarios\/dario-cuba-hernandez\/","title":{"rendered":"Dar\u00edo Kuba Hern\u00e1ndez"},"content":{"rendered":"","protected":false},"excerpt":{"rendered":"<p>(Sancti Sp\u00edritus, 2008) Fl\u00f6tistin, ausgebildet in Einrichtungen in Sancti Sp\u00edritus und Havanna, derzeit Studentin an der Nationalen Kunstschule Kubas (ENA). <\/p>","protected":false},"author":1,"featured_media":10649,"parent":931,"menu_order":0,"comment_status":"closed","ping_status":"closed","template":"","meta":{"_acf_changed":false,"footnotes":"","_links_to":"","_links_to_target":""},"categories":[13,66],"tags":[84],"class_list":["post-10648","page","type-page","status-publish","has-post-thumbnail","hentry","category-beneficiarios","category-concurso-nacional-de-musica","tag-84","post","post-with-thumbnail","post-with-thumbnail-large"],"acf":[],"aioseo_notices":[],"jetpack-related-posts":[{"id":8795,"url":"https:\/\/artejoven.org\/de\/beneficiarios\/belinda-isabel-flores-santos\/","url_meta":{"origin":10648,"position":0},"title":"Belinda Isabel Flores Santos","author":"Ren\u00e9 Manuel Puig","date":"13 de Februar de 2025","format":false,"excerpt":"(Sancti Sp\u00edritus, 2009) Studium am Instituto Preuniversitario Honorato del Castillo Cancio, in der Provinz Sancti Sp\u00edritus.","rel":"","context":"In &quot;Beneficiarios&quot;","block_context":{"text":"Beneficiarios","link":"https:\/\/artejoven.org\/de\/category\/beneficiarios\/"},"img":{"alt_text":"Belinda Isabel Flores Santos","src":"https:\/\/i0.wp.com\/artejoven.org\/wp-content\/uploads\/2025\/02\/Belinda-Isabel.webp?resize=350%2C200&ssl=1","width":350,"height":200,"srcset":"https:\/\/i0.wp.com\/artejoven.org\/wp-content\/uploads\/2025\/02\/Belinda-Isabel.webp?resize=350%2C200&ssl=1 1x, https:\/\/i0.wp.com\/artejoven.org\/wp-content\/uploads\/2025\/02\/Belinda-Isabel.webp?resize=525%2C300&ssl=1 1.5x"},"classes":[]},{"id":8837,"url":"https:\/\/artejoven.org\/de\/beneficiarios\/karla-betancourt\/","url_meta":{"origin":10648,"position":1},"title":"Karla Betancourt","author":"Ren\u00e9 Manuel Puig","date":"20 de Februar de 2025","format":false,"excerpt":"Karla Betancourt (Sancti Sp\u00edritus, 1992) schloss ihr Studium an der Universit\u00e4t der K\u00fcnste (ISA) von Kuba im Profil Konservierung und Restaurierung beweglicher G\u00fcter mit einem Golddiplom ab (2017).","rel":"","context":"In &quot;Artes Visuales&quot;","block_context":{"text":"Artes Visuales","link":"https:\/\/artejoven.org\/de\/category\/beneficiarios\/artes-visuales-beneficiarios\/"},"img":{"alt_text":"Karla Betancourt","src":"https:\/\/i0.wp.com\/artejoven.org\/wp-content\/uploads\/2025\/02\/Karla-Betancourt.webp?resize=350%2C200&ssl=1","width":350,"height":200,"srcset":"https:\/\/i0.wp.com\/artejoven.org\/wp-content\/uploads\/2025\/02\/Karla-Betancourt.webp?resize=350%2C200&ssl=1 1x, https:\/\/i0.wp.com\/artejoven.org\/wp-content\/uploads\/2025\/02\/Karla-Betancourt.webp?resize=525%2C300&ssl=1 1.5x"},"classes":[]},{"id":3038,"url":"https:\/\/artejoven.org\/de\/beneficiarios\/cafe-estudio-gato-negro\/","url_meta":{"origin":10648,"position":2},"title":"Caf\u00e9 Estudio Gato Negro","author":"Ren\u00e9 Manuel Puig","date":"13 de Mai de 2023","format":false,"excerpt":"In Sancti Sp\u00edritus seit 2018. Es handelt sich um ein multifunktionales k\u00fcnstlerisches und kulturelles Projekt f\u00fcr die Durchf\u00fchrung verschiedener k\u00fcnstlerischer Aktivit\u00e4ten mit sozialem und gemeinschaftlichem Schwerpunkt.","rel":"","context":"In &quot;Beneficiarios&quot;","block_context":{"text":"Beneficiarios","link":"https:\/\/artejoven.org\/de\/category\/beneficiarios\/"},"img":{"alt_text":"Gato negro","src":"https:\/\/i0.wp.com\/artejoven.org\/wp-content\/uploads\/2023\/06\/Gato-Negro-jpg.webp?resize=350%2C200&ssl=1","width":350,"height":200},"classes":[]},{"id":7965,"url":"https:\/\/artejoven.org\/de\/convocatorias\/concurso-nacional-de-musica\/","url_meta":{"origin":10648,"position":3},"title":"Nationaler Musikwettbewerb","author":"Ren\u00e9 Manuel Puig","date":"30 de August de 2024","format":false,"excerpt":"Anmeldeformular f\u00fcr die erste Ausgabe des nationalen Musikwettbewerbs","rel":"","context":"In &quot;Convocatorias&quot;","block_context":{"text":"Convocatorias","link":"https:\/\/artejoven.org\/de\/category\/convocatoria\/"},"img":{"alt_text":"","src":"https:\/\/i0.wp.com\/artejoven.org\/wp-content\/uploads\/2023\/05\/Banner-Web.jpg?resize=350%2C200&ssl=1","width":350,"height":200,"srcset":"https:\/\/i0.wp.com\/artejoven.org\/wp-content\/uploads\/2023\/05\/Banner-Web.jpg?resize=350%2C200&ssl=1 1x, https:\/\/i0.wp.com\/artejoven.org\/wp-content\/uploads\/2023\/05\/Banner-Web.jpg?resize=525%2C300&ssl=1 1.5x, https:\/\/i0.wp.com\/artejoven.org\/wp-content\/uploads\/2023\/05\/Banner-Web.jpg?resize=700%2C400&ssl=1 2x"},"classes":[]},{"id":8767,"url":"https:\/\/artejoven.org\/de\/espacios-faj\/concurso-nacional-de-musica\/","url_meta":{"origin":10648,"position":4},"title":"Nationaler Musikwettbewerb","author":"Ren\u00e9 Manuel Puig","date":"12 de Februar de 2025","format":false,"excerpt":"Die von der FAJ und UNICEF Kuba gesponserte Initiative richtet sich an Musiker mit kubanischer Staatsangeh\u00f6rigkeit, die sich in einer formellen oder informellen Ausbildung (k\u00fcnstlerische Ausbildung oder Autodidakt) befinden und in Kuba wohnen, mit dem Ziel, kreative Prozesse zu f\u00f6rdern, die das geistige Wachstum, die Kreativit\u00e4t und die Ausdrucksf\u00e4higkeit von Jugendlichen beg\u00fcnstigen, sowie...","rel":"","context":"In &quot;Espacios&quot;","block_context":{"text":"Espacios","link":"https:\/\/artejoven.org\/de\/category\/espacios\/"},"img":{"alt_text":"","src":"https:\/\/i0.wp.com\/artejoven.org\/wp-content\/uploads\/2025\/07\/BANNER_CONCURSO-NACIONAL-DE-MUSICA-2DA-EDICION.webp?resize=350%2C200&ssl=1","width":350,"height":200,"srcset":"https:\/\/i0.wp.com\/artejoven.org\/wp-content\/uploads\/2025\/07\/BANNER_CONCURSO-NACIONAL-DE-MUSICA-2DA-EDICION.webp?resize=350%2C200&ssl=1 1x, https:\/\/i0.wp.com\/artejoven.org\/wp-content\/uploads\/2025\/07\/BANNER_CONCURSO-NACIONAL-DE-MUSICA-2DA-EDICION.webp?resize=525%2C300&ssl=1 1.5x, https:\/\/i0.wp.com\/artejoven.org\/wp-content\/uploads\/2025\/07\/BANNER_CONCURSO-NACIONAL-DE-MUSICA-2DA-EDICION.webp?resize=700%2C400&ssl=1 2x, https:\/\/i0.wp.com\/artejoven.org\/wp-content\/uploads\/2025\/07\/BANNER_CONCURSO-NACIONAL-DE-MUSICA-2DA-EDICION.webp?resize=1050%2C600&ssl=1 3x"},"classes":[]},{"id":8930,"url":"https:\/\/artejoven.org\/de\/beneficiarios\/cultura-del-vinilo-en-cuba\/","url_meta":{"origin":10648,"position":5},"title":"Vinyl-Kultur in Kuba","author":"Ren\u00e9 Manuel Puig","date":"24 de Februar de 2025","format":false,"excerpt":"Ein von Gu\u00e1mpara Music konzipiertes Projekt zur F\u00f6rderung der Entwicklung der Vinyl-Kultur als musikalische und geschichtliche St\u00fctze Kubas.","rel":"","context":"In &quot;Beneficiarios&quot;","block_context":{"text":"Beneficiarios","link":"https:\/\/artejoven.org\/de\/category\/beneficiarios\/"},"img":{"alt_text":"Cultura del vinilo en Cuba","src":"https:\/\/i0.wp.com\/artejoven.org\/wp-content\/uploads\/2025\/02\/Cultura-del-vinilo-en-Cuba.webp?resize=350%2C200&ssl=1","width":350,"height":200,"srcset":"https:\/\/i0.wp.com\/artejoven.org\/wp-content\/uploads\/2025\/02\/Cultura-del-vinilo-en-Cuba.webp?resize=350%2C200&ssl=1 1x, https:\/\/i0.wp.com\/artejoven.org\/wp-content\/uploads\/2025\/02\/Cultura-del-vinilo-en-Cuba.webp?resize=525%2C300&ssl=1 1.5x"},"classes":[]}],"jetpack_sharing_enabled":true,"_links":{"self":[{"href":"https:\/\/artejoven.org\/de\/wp-json\/wp\/v2\/pages\/10648","targetHints":{"allow":["GET"]}}],"collection":[{"href":"https:\/\/artejoven.org\/de\/wp-json\/wp\/v2\/pages"}],"about":[{"href":"https:\/\/artejoven.org\/de\/wp-json\/wp\/v2\/types\/page"}],"author":[{"embeddable":true,"href":"https:\/\/artejoven.org\/de\/wp-json\/wp\/v2\/users\/1"}],"replies":[{"embeddable":true,"href":"https:\/\/artejoven.org\/de\/wp-json\/wp\/v2\/comments?post=10648"}],"version-history":[{"count":1,"href":"https:\/\/artejoven.org\/de\/wp-json\/wp\/v2\/pages\/10648\/revisions"}],"predecessor-version":[{"id":10650,"href":"https:\/\/artejoven.org\/de\/wp-json\/wp\/v2\/pages\/10648\/revisions\/10650"}],"up":[{"embeddable":true,"href":"https:\/\/artejoven.org\/de\/wp-json\/wp\/v2\/pages\/931"}],"wp:featuredmedia":[{"embeddable":true,"href":"https:\/\/artejoven.org\/de\/wp-json\/wp\/v2\/media\/10649"}],"wp:attachment":[{"href":"https:\/\/artejoven.org\/de\/wp-json\/wp\/v2\/media?parent=10648"}],"wp:term":[{"taxonomy":"category","embeddable":true,"href":"https:\/\/artejoven.org\/de\/wp-json\/wp\/v2\/categories?post=10648"},{"taxonomy":"post_tag","embeddable":true,"href":"https:\/\/artejoven.org\/de\/wp-json\/wp\/v2\/tags?post=10648"}],"curies":[{"name":"wp","href":"https:\/\/api.w.org\/{rel}","templated":true}]}}