{"id":2815,"date":"2023-05-24T22:23:34","date_gmt":"2023-05-25T02:23:34","guid":{"rendered":"https:\/\/artejoven.org\/?page_id=2815"},"modified":"2023-09-01T12:17:50","modified_gmt":"2023-09-01T16:17:50","slug":"rolando-galindo","status":"publish","type":"page","link":"https:\/\/artejoven.org\/de\/beneficiarios\/rolando-galindo\/","title":{"rendered":"Rolando Galindo"},"content":{"rendered":"","protected":false},"excerpt":{"rendered":"<p>Rolando Galindo P\u00e9rez (Artemisa, 1993) schloss sein Studium der Malerei an der Eduardo Abela Provincial Academy of Plastic Arts ab und studiert im dritten Jahr Bildende Kunst an der Universit\u00e4t der K\u00fcnste (ISA).<\/p>","protected":false},"author":1,"featured_media":2816,"parent":931,"menu_order":0,"comment_status":"closed","ping_status":"closed","template":"","meta":{"_acf_changed":false,"footnotes":"","_links_to":"","_links_to_target":""},"categories":[32,13],"tags":[25,57],"class_list":["post-2815","page","type-page","status-publish","has-post-thumbnail","hentry","category-artes-visuales-beneficiarios","category-beneficiarios","tag-25","tag-primer-programa","post","post-with-thumbnail","post-with-thumbnail-large"],"acf":[],"aioseo_notices":[],"jetpack-related-posts":[{"id":6528,"url":"https:\/\/artejoven.org\/de\/beneficiarios\/daniel-anton\/","url_meta":{"origin":2815,"position":0},"title":"Daniel Ant\u00f3n","author":"Ren\u00e9 Manuel Puig","date":"6 de Dezember de 2023","format":false,"excerpt":"Daniel Ant\u00f3n (Cienfuegos, 1999). Absolvent der Benny Mor\u00e9 School of Arts in Cienfuegos (2014-2018). Derzeit befindet er sich im dritten Jahr seines Studiums der Bildenden Kunst am Instituto Superior de Artes (ISA).","rel":"","context":"In &quot;Artes Visuales&quot;","block_context":{"text":"Artes Visuales","link":"https:\/\/artejoven.org\/de\/category\/beneficiarios\/artes-visuales-beneficiarios\/"},"img":{"alt_text":"Daniel Ant\u00f3n","src":"https:\/\/i0.wp.com\/artejoven.org\/wp-content\/uploads\/2023\/12\/Daniel-Anton-jpg.webp?resize=350%2C200&ssl=1","width":350,"height":200,"srcset":"https:\/\/i0.wp.com\/artejoven.org\/wp-content\/uploads\/2023\/12\/Daniel-Anton-jpg.webp?resize=350%2C200&ssl=1 1x, https:\/\/i0.wp.com\/artejoven.org\/wp-content\/uploads\/2023\/12\/Daniel-Anton-jpg.webp?resize=525%2C300&ssl=1 1.5x"},"classes":[]},{"id":2882,"url":"https:\/\/artejoven.org\/de\/beneficiarios\/harold-ramirez\/","url_meta":{"origin":2815,"position":1},"title":"Harold Ramirez\u00a0","author":"Ren\u00e9 Manuel Puig","date":"17 de Mai de 2023","format":false,"excerpt":"Harold Ram\u00edrez Veliz (Havanna, 1997) ist Absolvent der Academia Nacional de Bellas Artes San Alejandro und studiert derzeit Bildende Kunst an der Universidad de las Artes (ISA).","rel":"","context":"In &quot;Artes Visuales&quot;","block_context":{"text":"Artes Visuales","link":"https:\/\/artejoven.org\/de\/category\/beneficiarios\/artes-visuales-beneficiarios\/"},"img":{"alt_text":"Harold Ram\u00edrez","src":"https:\/\/i0.wp.com\/artejoven.org\/wp-content\/uploads\/2023\/06\/Harold-Ramirez-jpg.webp?resize=350%2C200&ssl=1","width":350,"height":200,"srcset":"https:\/\/i0.wp.com\/artejoven.org\/wp-content\/uploads\/2023\/06\/Harold-Ramirez-jpg.webp?resize=350%2C200&ssl=1 1x, https:\/\/i0.wp.com\/artejoven.org\/wp-content\/uploads\/2023\/06\/Harold-Ramirez-jpg.webp?resize=525%2C300&ssl=1 1.5x"},"classes":[]},{"id":8831,"url":"https:\/\/artejoven.org\/de\/beneficiarios\/airel-suarez\/","url_meta":{"origin":2815,"position":2},"title":"Airel Suarez","author":"Ren\u00e9 Manuel Puig","date":"20 de Februar de 2025","format":false,"excerpt":"Airel Su\u00e1rez (Havanna, 2004) Absolvent der Academia Nacional de Bellas Artes San Alejandro (2019-2023), Havanna.","rel":"","context":"In &quot;Artes Visuales&quot;","block_context":{"text":"Artes Visuales","link":"https:\/\/artejoven.org\/de\/category\/beneficiarios\/artes-visuales-beneficiarios\/"},"img":{"alt_text":"Airel Su\u00e1rez","src":"https:\/\/i0.wp.com\/artejoven.org\/wp-content\/uploads\/2025\/02\/Airel-Suarez.webp?resize=350%2C200&ssl=1","width":350,"height":200,"srcset":"https:\/\/i0.wp.com\/artejoven.org\/wp-content\/uploads\/2025\/02\/Airel-Suarez.webp?resize=350%2C200&ssl=1 1x, https:\/\/i0.wp.com\/artejoven.org\/wp-content\/uploads\/2025\/02\/Airel-Suarez.webp?resize=525%2C300&ssl=1 1.5x"},"classes":[]},{"id":8834,"url":"https:\/\/artejoven.org\/de\/beneficiarios\/miguel-reyes\/","url_meta":{"origin":2815,"position":3},"title":"Miguel Reyes","author":"Ren\u00e9 Manuel Puig","date":"20 de Februar de 2025","format":false,"excerpt":"Miguel Reyes (Manzanillo, 1993) machte seinen Abschluss an der Carlos Enr\u00edquez Academy of Plastic Arts in Manzanillo, Granma (2008- 2012).","rel":"","context":"In &quot;Artes Visuales&quot;","block_context":{"text":"Artes Visuales","link":"https:\/\/artejoven.org\/de\/category\/beneficiarios\/artes-visuales-beneficiarios\/"},"img":{"alt_text":"Miguel Reyes","src":"https:\/\/i0.wp.com\/artejoven.org\/wp-content\/uploads\/2025\/02\/Miguel-Reyes.webp?resize=350%2C200&ssl=1","width":350,"height":200,"srcset":"https:\/\/i0.wp.com\/artejoven.org\/wp-content\/uploads\/2025\/02\/Miguel-Reyes.webp?resize=350%2C200&ssl=1 1x, https:\/\/i0.wp.com\/artejoven.org\/wp-content\/uploads\/2025\/02\/Miguel-Reyes.webp?resize=525%2C300&ssl=1 1.5x"},"classes":[]},{"id":8841,"url":"https:\/\/artejoven.org\/de\/beneficiarios\/karolyn-sanchez\/","url_meta":{"origin":2815,"position":4},"title":"Karolyn Sanchez","author":"Ren\u00e9 Manuel Puig","date":"20 de Februar de 2025","format":false,"excerpt":"Karolyn S\u00e1nchez (Havanna, 2003) schloss ihr Studium an der Academia Nacional de Bellas Artes San Alejandro mit einem goldenen Diplom ab (2019-2023).","rel":"","context":"In &quot;Artes Visuales&quot;","block_context":{"text":"Artes Visuales","link":"https:\/\/artejoven.org\/de\/category\/beneficiarios\/artes-visuales-beneficiarios\/"},"img":{"alt_text":"Karolyn S\u00e1nchez","src":"https:\/\/i0.wp.com\/artejoven.org\/wp-content\/uploads\/2025\/02\/Karolyn-Sanchez.webp?resize=350%2C200&ssl=1","width":350,"height":200,"srcset":"https:\/\/i0.wp.com\/artejoven.org\/wp-content\/uploads\/2025\/02\/Karolyn-Sanchez.webp?resize=350%2C200&ssl=1 1x, https:\/\/i0.wp.com\/artejoven.org\/wp-content\/uploads\/2025\/02\/Karolyn-Sanchez.webp?resize=525%2C300&ssl=1 1.5x"},"classes":[]},{"id":8837,"url":"https:\/\/artejoven.org\/de\/beneficiarios\/karla-betancourt\/","url_meta":{"origin":2815,"position":5},"title":"Karla Betancourt","author":"Ren\u00e9 Manuel Puig","date":"20 de Februar de 2025","format":false,"excerpt":"Karla Betancourt (Sancti Sp\u00edritus, 1992) schloss ihr Studium an der Universit\u00e4t der K\u00fcnste (ISA) von Kuba im Profil Konservierung und Restaurierung beweglicher G\u00fcter mit einem Golddiplom ab (2017).","rel":"","context":"In &quot;Artes Visuales&quot;","block_context":{"text":"Artes Visuales","link":"https:\/\/artejoven.org\/de\/category\/beneficiarios\/artes-visuales-beneficiarios\/"},"img":{"alt_text":"Karla Betancourt","src":"https:\/\/i0.wp.com\/artejoven.org\/wp-content\/uploads\/2025\/02\/Karla-Betancourt.webp?resize=350%2C200&ssl=1","width":350,"height":200,"srcset":"https:\/\/i0.wp.com\/artejoven.org\/wp-content\/uploads\/2025\/02\/Karla-Betancourt.webp?resize=350%2C200&ssl=1 1x, https:\/\/i0.wp.com\/artejoven.org\/wp-content\/uploads\/2025\/02\/Karla-Betancourt.webp?resize=525%2C300&ssl=1 1.5x"},"classes":[]}],"jetpack_sharing_enabled":true,"_links":{"self":[{"href":"https:\/\/artejoven.org\/de\/wp-json\/wp\/v2\/pages\/2815","targetHints":{"allow":["GET"]}}],"collection":[{"href":"https:\/\/artejoven.org\/de\/wp-json\/wp\/v2\/pages"}],"about":[{"href":"https:\/\/artejoven.org\/de\/wp-json\/wp\/v2\/types\/page"}],"author":[{"embeddable":true,"href":"https:\/\/artejoven.org\/de\/wp-json\/wp\/v2\/users\/1"}],"replies":[{"embeddable":true,"href":"https:\/\/artejoven.org\/de\/wp-json\/wp\/v2\/comments?post=2815"}],"version-history":[{"count":0,"href":"https:\/\/artejoven.org\/de\/wp-json\/wp\/v2\/pages\/2815\/revisions"}],"up":[{"embeddable":true,"href":"https:\/\/artejoven.org\/de\/wp-json\/wp\/v2\/pages\/931"}],"wp:featuredmedia":[{"embeddable":true,"href":"https:\/\/artejoven.org\/de\/wp-json\/wp\/v2\/media\/2816"}],"wp:attachment":[{"href":"https:\/\/artejoven.org\/de\/wp-json\/wp\/v2\/media?parent=2815"}],"wp:term":[{"taxonomy":"category","embeddable":true,"href":"https:\/\/artejoven.org\/de\/wp-json\/wp\/v2\/categories?post=2815"},{"taxonomy":"post_tag","embeddable":true,"href":"https:\/\/artejoven.org\/de\/wp-json\/wp\/v2\/tags?post=2815"}],"curies":[{"name":"wp","href":"https:\/\/api.w.org\/{rel}","templated":true}]}}