{"id":3038,"date":"2023-05-13T21:51:22","date_gmt":"2023-05-14T01:51:22","guid":{"rendered":"https:\/\/artejoven.org\/?page_id=3038"},"modified":"2023-09-01T12:15:34","modified_gmt":"2023-09-01T16:15:34","slug":"cafe-studio-gato-negro","status":"publish","type":"page","link":"https:\/\/artejoven.org\/de\/beneficiarios\/cafe-estudio-gato-negro\/","title":{"rendered":"Caf\u00e9 Estudio Gato Negro"},"content":{"rendered":"","protected":false},"excerpt":{"rendered":"<p>In Sancti Sp\u00edritus seit 2018. Es handelt sich um ein multifunktionales k\u00fcnstlerisches und kulturelles Projekt f\u00fcr die Durchf\u00fchrung verschiedener k\u00fcnstlerischer Aktivit\u00e4ten mit sozialem und gemeinschaftlichem Schwerpunkt.<\/p>","protected":false},"author":1,"featured_media":3042,"parent":931,"menu_order":0,"comment_status":"closed","ping_status":"closed","template":"","meta":{"_acf_changed":false,"footnotes":"","_links_to":"","_links_to_target":""},"categories":[13,33],"tags":[25,57],"class_list":["post-3038","page","type-page","status-publish","has-post-thumbnail","hentry","category-beneficiarios","category-emprendimientos-beneficiarios","tag-25","tag-primer-programa","post","post-with-thumbnail","post-with-thumbnail-large"],"acf":[],"aioseo_notices":[],"jetpack-related-posts":[{"id":12,"url":"https:\/\/artejoven.org\/de\/","url_meta":{"origin":3038,"position":0},"title":"Startseite","author":"Ren\u00e9 Manuel Puig","date":"15 de M\u00e4rz de 2023","format":false,"excerpt":"Wir sind eine kulturelle Plattform zur Unterst\u00fctzung und F\u00f6rderung aufstrebender kubanischer Kunst- und Kulturunternehmen, die ihre kreativen Projekte von Kuba aus verwirklichen.","rel":"","context":"\u00c4hnlicher Beitrag","block_context":{"text":"\u00c4hnlicher Beitrag","link":""},"img":{"alt_text":"CIERIC","src":"https:\/\/i0.wp.com\/artejoven.org\/wp-content\/uploads\/2025\/03\/CIERIC-png.webp?resize=350%2C200&ssl=1","width":350,"height":200,"srcset":"https:\/\/i0.wp.com\/artejoven.org\/wp-content\/uploads\/2025\/03\/CIERIC-png.webp?resize=350%2C200&ssl=1 1x, https:\/\/i0.wp.com\/artejoven.org\/wp-content\/uploads\/2025\/03\/CIERIC-png.webp?resize=525%2C300&ssl=1 1.5x, https:\/\/i0.wp.com\/artejoven.org\/wp-content\/uploads\/2025\/03\/CIERIC-png.webp?resize=700%2C400&ssl=1 2x"},"classes":[]},{"id":9897,"url":"https:\/\/www.instagram.com\/uneacuba\/","url_meta":{"origin":3038,"position":1},"title":"Uni\u00f3n de Escritores y Artistas de Cuba (UNEAC) (Vereinigung von Schriftstellern und K\u00fcnstlern Kubas)","author":"Ren\u00e9 Manuel Puig","date":"9 de Oktober de 2025","format":false,"excerpt":"Berufs-, Kultur- und Sozialverband, der kubanische Schriftsteller und K\u00fcnstler zusammenf\u00fchrt und vertritt.","rel":"","context":"In &quot;Aliados&quot;","block_context":{"text":"Aliados","link":"https:\/\/artejoven.org\/de\/category\/aliados\/"},"img":{"alt_text":"Uni\u00f3n de Escritores y Artistas de Cuba (UNEAC)","src":"https:\/\/i0.wp.com\/artejoven.org\/wp-content\/uploads\/2025\/10\/UNEAC.webp?resize=350%2C200&ssl=1","width":350,"height":200,"srcset":"https:\/\/i0.wp.com\/artejoven.org\/wp-content\/uploads\/2025\/10\/UNEAC.webp?resize=350%2C200&ssl=1 1x, https:\/\/i0.wp.com\/artejoven.org\/wp-content\/uploads\/2025\/10\/UNEAC.webp?resize=525%2C300&ssl=1 1.5x"},"classes":[]},{"id":1241,"url":"#element","url_meta":{"origin":3038,"position":2},"title":"Vision","author":"Ren\u00e9 Manuel Puig","date":"18 de April de 2023","format":false,"excerpt":"Wir arbeiten daran, die f\u00fchrende Kulturplattform zu werden, die aufstrebende Kunst unterst\u00fctzt und einen inklusiven und dynamischen Raum schafft, in dem junge K\u00fcnstler und Kulturunternehmen aus dem globalen S\u00fcden ihre Kreativit\u00e4t erforschen, experimentieren und zum Ausdruck bringen k\u00f6nnen. Unsere Vision ist es, ein k\u00fcnstlerisches \u00d6kosystem zu f\u00f6rdern, das nicht nur die Vielfalt der...","rel":"","context":"\u00c4hnlicher Beitrag","block_context":{"text":"\u00c4hnlicher Beitrag","link":""},"img":{"alt_text":"","src":"https:\/\/i0.wp.com\/artejoven.org\/wp-content\/uploads\/2025\/04\/Ensayos-Bellas-Artes-5.webp?resize=350%2C200&ssl=1","width":350,"height":200,"srcset":"https:\/\/i0.wp.com\/artejoven.org\/wp-content\/uploads\/2025\/04\/Ensayos-Bellas-Artes-5.webp?resize=350%2C200&ssl=1 1x, https:\/\/i0.wp.com\/artejoven.org\/wp-content\/uploads\/2025\/04\/Ensayos-Bellas-Artes-5.webp?resize=525%2C300&ssl=1 1.5x, https:\/\/i0.wp.com\/artejoven.org\/wp-content\/uploads\/2025\/04\/Ensayos-Bellas-Artes-5.webp?resize=700%2C400&ssl=1 2x, https:\/\/i0.wp.com\/artejoven.org\/wp-content\/uploads\/2025\/04\/Ensayos-Bellas-Artes-5.webp?resize=1050%2C600&ssl=1 3x, https:\/\/i0.wp.com\/artejoven.org\/wp-content\/uploads\/2025\/04\/Ensayos-Bellas-Artes-5.webp?resize=1400%2C800&ssl=1 4x"},"classes":[]},{"id":8912,"url":"https:\/\/artejoven.org\/de\/beneficiarios\/la-tribu\/","url_meta":{"origin":3038,"position":3},"title":"Der Stamm","author":"Ren\u00e9 Manuel Puig","date":"24 de Februar de 2025","format":false,"excerpt":"Soziokulturelles Projekt mit Schwerpunkt auf elektronischer Musik, bei dem verschiedene k\u00fcnstlerische Ausdrucksformen gemischt werden.","rel":"","context":"In &quot;Beneficiarios&quot;","block_context":{"text":"Beneficiarios","link":"https:\/\/artejoven.org\/de\/category\/beneficiarios\/"},"img":{"alt_text":"La Tribu","src":"https:\/\/i0.wp.com\/artejoven.org\/wp-content\/uploads\/2025\/02\/La-Tribu.webp?resize=350%2C200&ssl=1","width":350,"height":200,"srcset":"https:\/\/i0.wp.com\/artejoven.org\/wp-content\/uploads\/2025\/02\/La-Tribu.webp?resize=350%2C200&ssl=1 1x, https:\/\/i0.wp.com\/artejoven.org\/wp-content\/uploads\/2025\/02\/La-Tribu.webp?resize=525%2C300&ssl=1 1.5x"},"classes":[]},{"id":8933,"url":"https:\/\/artejoven.org\/de\/beneficiarios\/mai-mai\/","url_meta":{"origin":3038,"position":4},"title":"Mai Mai","author":"Ren\u00e9 Manuel Puig","date":"24 de Februar de 2025","format":false,"excerpt":"Mai Mai, Mutter von K\u00fcnstlern und Sch\u00f6pfern, ist eine kubanische Bekleidungsmarke und ein k\u00fcnstlerisches Projekt, das Kreativit\u00e4t und junge Kunst mit der Welt der Mode verbindet.","rel":"","context":"In &quot;Beneficiarios&quot;","block_context":{"text":"Beneficiarios","link":"https:\/\/artejoven.org\/de\/category\/beneficiarios\/"},"img":{"alt_text":"Mai Mai","src":"https:\/\/i0.wp.com\/artejoven.org\/wp-content\/uploads\/2025\/02\/Mai-Mai.webp?resize=350%2C200&ssl=1","width":350,"height":200,"srcset":"https:\/\/i0.wp.com\/artejoven.org\/wp-content\/uploads\/2025\/02\/Mai-Mai.webp?resize=350%2C200&ssl=1 1x, https:\/\/i0.wp.com\/artejoven.org\/wp-content\/uploads\/2025\/02\/Mai-Mai.webp?resize=525%2C300&ssl=1 1.5x"},"classes":[]},{"id":9900,"url":"https:\/\/www.instagram.com\/ahs_pinar\/","url_meta":{"origin":3038,"position":5},"title":"Asociaci\u00f3n Hermanos Sa\u00edz (AHS)","author":"Ren\u00e9 Manuel Puig","date":"9 de Oktober de 2025","format":false,"excerpt":"Eine Organisation mit kulturellen und k\u00fcnstlerischen Zielen, die auf freiwilliger Basis junge Schriftsteller, K\u00fcnstler, Intellektuelle und F\u00f6rderer aus Kuba zusammenbringt.","rel":"","context":"In &quot;Aliados&quot;","block_context":{"text":"Aliados","link":"https:\/\/artejoven.org\/de\/category\/aliados\/"},"img":{"alt_text":"Asociaci\u00f3n Hermanos Sa\u00edz (AHS)","src":"https:\/\/i0.wp.com\/artejoven.org\/wp-content\/uploads\/2025\/10\/AHS.webp?resize=350%2C200&ssl=1","width":350,"height":200,"srcset":"https:\/\/i0.wp.com\/artejoven.org\/wp-content\/uploads\/2025\/10\/AHS.webp?resize=350%2C200&ssl=1 1x, https:\/\/i0.wp.com\/artejoven.org\/wp-content\/uploads\/2025\/10\/AHS.webp?resize=525%2C300&ssl=1 1.5x"},"classes":[]}],"jetpack_sharing_enabled":true,"_links":{"self":[{"href":"https:\/\/artejoven.org\/de\/wp-json\/wp\/v2\/pages\/3038","targetHints":{"allow":["GET"]}}],"collection":[{"href":"https:\/\/artejoven.org\/de\/wp-json\/wp\/v2\/pages"}],"about":[{"href":"https:\/\/artejoven.org\/de\/wp-json\/wp\/v2\/types\/page"}],"author":[{"embeddable":true,"href":"https:\/\/artejoven.org\/de\/wp-json\/wp\/v2\/users\/1"}],"replies":[{"embeddable":true,"href":"https:\/\/artejoven.org\/de\/wp-json\/wp\/v2\/comments?post=3038"}],"version-history":[{"count":0,"href":"https:\/\/artejoven.org\/de\/wp-json\/wp\/v2\/pages\/3038\/revisions"}],"up":[{"embeddable":true,"href":"https:\/\/artejoven.org\/de\/wp-json\/wp\/v2\/pages\/931"}],"wp:featuredmedia":[{"embeddable":true,"href":"https:\/\/artejoven.org\/de\/wp-json\/wp\/v2\/media\/3042"}],"wp:attachment":[{"href":"https:\/\/artejoven.org\/de\/wp-json\/wp\/v2\/media?parent=3038"}],"wp:term":[{"taxonomy":"category","embeddable":true,"href":"https:\/\/artejoven.org\/de\/wp-json\/wp\/v2\/categories?post=3038"},{"taxonomy":"post_tag","embeddable":true,"href":"https:\/\/artejoven.org\/de\/wp-json\/wp\/v2\/tags?post=3038"}],"curies":[{"name":"wp","href":"https:\/\/api.w.org\/{rel}","templated":true}]}}