{"id":7334,"date":"2024-04-10T13:38:17","date_gmt":"2024-04-10T17:38:17","guid":{"rendered":"https:\/\/artejoven.org\/?page_id=7334"},"modified":"2024-04-10T13:38:20","modified_gmt":"2024-04-10T17:38:20","slug":"heise-sache","status":"publish","type":"page","link":"https:\/\/artejoven.org\/de\/beneficiarios\/hot-stuff\/","title":{"rendered":"Hei\u00dfes Zeug"},"content":{"rendered":"","protected":false},"excerpt":{"rendered":"<p>Die Initiative der jungen Abram Bravo (Matanzas, 1995) und Marialis Mart\u00ednez (Matanzas, 1991) folgt den Spuren von K\u00fcnstlern, die das sexuelle Imagin\u00e4re in verschiedenen Aspekten ihrer Produktion bearbeiten.<\/p>","protected":false},"author":1,"featured_media":7335,"parent":931,"menu_order":0,"comment_status":"closed","ping_status":"closed","template":"","meta":{"_acf_changed":false,"footnotes":"","_links_to":"","_links_to_target":""},"categories":[32,13],"tags":[63],"class_list":["post-7334","page","type-page","status-publish","has-post-thumbnail","hentry","category-artes-visuales-beneficiarios","category-beneficiarios","tag-63","post","post-with-thumbnail","post-with-thumbnail-large"],"acf":[],"aioseo_notices":[],"jetpack-related-posts":[{"id":9906,"url":"https:\/\/www.instagram.com\/conservador_matanzas\/","url_meta":{"origin":7334,"position":0},"title":"B\u00fcro des Konservators der Stadt Matanzas","author":"Ren\u00e9 Manuel Puig","date":"9 de Oktober de 2025","format":false,"excerpt":"Sie verwaltet und leitet die Durchf\u00fchrung von Ma\u00dfnahmen zur Erhaltung und nachhaltigen Nutzung des beweglichen und unbeweglichen Erbes des historischen Stadtkerns von Matanzas.","rel":"","context":"In &quot;Aliados&quot;","block_context":{"text":"Aliados","link":"https:\/\/artejoven.org\/de\/category\/aliados\/"},"img":{"alt_text":"Oficina del Conservador de la Ciudad de Matanzas","src":"https:\/\/i0.wp.com\/artejoven.org\/wp-content\/uploads\/2025\/10\/Oficina-del-conservador.webp?resize=350%2C200&ssl=1","width":350,"height":200,"srcset":"https:\/\/i0.wp.com\/artejoven.org\/wp-content\/uploads\/2025\/10\/Oficina-del-conservador.webp?resize=350%2C200&ssl=1 1x, https:\/\/i0.wp.com\/artejoven.org\/wp-content\/uploads\/2025\/10\/Oficina-del-conservador.webp?resize=525%2C300&ssl=1 1.5x"},"classes":[]},{"id":7865,"url":"https:\/\/www.facebook.com\/losmunequitosdematanzas\/","url_meta":{"origin":7334,"position":1},"title":"Mu\u00f1equitos de Matanzas","author":"Ren\u00e9 Manuel Puig","date":"12 de Juli de 2024","format":false,"excerpt":"Agrupaci\u00f3n musical cubana, considerada por numerosos especialistas entre los principales exponentes del guaguanc\u00f3 y la rumba. En el a\u00f1o 2001, grabaron varias obras en el CD La rumba Soy Yo , que reuni\u00f3 a los mejores rumberos de Cuba en un \"all around\" de la rumba que obtuvo un Premio\u2026","rel":"","context":"In &quot;Aliados&quot;","block_context":{"text":"Aliados","link":"https:\/\/artejoven.org\/de\/category\/aliados\/"},"img":{"alt_text":"","src":"https:\/\/i0.wp.com\/artejoven.org\/wp-content\/uploads\/2024\/07\/Los-Munequitos-de-Matanzas-jpg.webp?resize=350%2C200&ssl=1","width":350,"height":200},"classes":[]},{"id":8939,"url":"https:\/\/artejoven.org\/de\/beneficiarios\/camila-araujo-vazquez\/","url_meta":{"origin":7334,"position":2},"title":"Camila Araujo V\u00e1zquez","author":"Ren\u00e9 Manuel Puig","date":"24 de Februar de 2025","format":false,"excerpt":"(Matanzas, 2006) Klavierstudentin an der Escuela Profesional de Arte de Matanzas.","rel":"","context":"In &quot;Beneficiarios&quot;","block_context":{"text":"Beneficiarios","link":"https:\/\/artejoven.org\/de\/category\/beneficiarios\/"},"img":{"alt_text":"Camila Araujo","src":"https:\/\/i0.wp.com\/artejoven.org\/wp-content\/uploads\/2025\/02\/Camila-Araujo.webp?resize=350%2C200&ssl=1","width":350,"height":200,"srcset":"https:\/\/i0.wp.com\/artejoven.org\/wp-content\/uploads\/2025\/02\/Camila-Araujo.webp?resize=350%2C200&ssl=1 1x, https:\/\/i0.wp.com\/artejoven.org\/wp-content\/uploads\/2025\/02\/Camila-Araujo.webp?resize=525%2C300&ssl=1 1.5x"},"classes":[]},{"id":2824,"url":"https:\/\/artejoven.org\/de\/beneficiarios\/anadis-gonzalez\/","url_meta":{"origin":7334,"position":3},"title":"Anadis Gonz\u00e1lez","author":"Ren\u00e9 Manuel Puig","date":"12 de Mai de 2023","format":false,"excerpt":"Anadis Gonz\u00e1lez M\u00e1rquez (Matanzas, 1994) hat einen Abschluss in Musik an der Escuela Profesional de Arte de Matanzas und in Architektur an der CUJAE.","rel":"","context":"In &quot;Artes Visuales&quot;","block_context":{"text":"Artes Visuales","link":"https:\/\/artejoven.org\/de\/category\/beneficiarios\/artes-visuales-beneficiarios\/"},"img":{"alt_text":"Anadis Gonz\u00e1lez","src":"https:\/\/i0.wp.com\/artejoven.org\/wp-content\/uploads\/2023\/06\/Anadis-Gonzalez-jpg.webp?resize=350%2C200&ssl=1","width":350,"height":200,"srcset":"https:\/\/i0.wp.com\/artejoven.org\/wp-content\/uploads\/2023\/06\/Anadis-Gonzalez-jpg.webp?resize=350%2C200&ssl=1 1x, https:\/\/i0.wp.com\/artejoven.org\/wp-content\/uploads\/2023\/06\/Anadis-Gonzalez-jpg.webp?resize=525%2C300&ssl=1 1.5x, https:\/\/i0.wp.com\/artejoven.org\/wp-content\/uploads\/2023\/06\/Anadis-Gonzalez-jpg.webp?resize=700%2C400&ssl=1 2x, https:\/\/i0.wp.com\/artejoven.org\/wp-content\/uploads\/2023\/06\/Anadis-Gonzalez-jpg.webp?resize=1050%2C600&ssl=1 3x"},"classes":[]},{"id":10588,"url":"https:\/\/artejoven.org\/de\/beneficiarios\/taijana-alfonso-herrera\/","url_meta":{"origin":7334,"position":4},"title":"Taijana Alfonso Herrera","author":"Ren\u00e9 Manuel Puig","date":"8 de M\u00e4rz de 2026","format":false,"excerpt":"(Matanzas, 2007) Saxophonist, ausgebildet an der Escuela Vocacional de Arte Alfonso P\u00e9rez Isaac in Matanzas.","rel":"","context":"In &quot;Beneficiarios&quot;","block_context":{"text":"Beneficiarios","link":"https:\/\/artejoven.org\/de\/category\/beneficiarios\/"},"img":{"alt_text":"Taijana Alfonso Herrera","src":"https:\/\/i0.wp.com\/artejoven.org\/wp-content\/uploads\/2026\/03\/Taijana-Alfonso-Herrera.webp?resize=350%2C200&ssl=1","width":350,"height":200,"srcset":"https:\/\/i0.wp.com\/artejoven.org\/wp-content\/uploads\/2026\/03\/Taijana-Alfonso-Herrera.webp?resize=350%2C200&ssl=1 1x, https:\/\/i0.wp.com\/artejoven.org\/wp-content\/uploads\/2026\/03\/Taijana-Alfonso-Herrera.webp?resize=525%2C300&ssl=1 1.5x"},"classes":[]},{"id":8764,"url":"https:\/\/artejoven.org\/de\/beneficiarios\/jose-angel-medina-gomez\/","url_meta":{"origin":7334,"position":5},"title":"Jos\u00e9 \u00c1ngel Medina G\u00f3mez","author":"Ren\u00e9 Manuel Puig","date":"12 de Februar de 2025","format":false,"excerpt":"(Matanzas, 2008) Klaviersch\u00fclerin an der Berufsfachschule f\u00fcr Kunst in Matanzas.","rel":"","context":"In &quot;Beneficiarios&quot;","block_context":{"text":"Beneficiarios","link":"https:\/\/artejoven.org\/de\/category\/beneficiarios\/"},"img":{"alt_text":"Jos\u00e9 \u00c1ngel Medina L\u00f3pez","src":"https:\/\/i0.wp.com\/artejoven.org\/wp-content\/uploads\/2025\/02\/Jose-Angel-Medina-Lopez.webp?resize=350%2C200&ssl=1","width":350,"height":200,"srcset":"https:\/\/i0.wp.com\/artejoven.org\/wp-content\/uploads\/2025\/02\/Jose-Angel-Medina-Lopez.webp?resize=350%2C200&ssl=1 1x, https:\/\/i0.wp.com\/artejoven.org\/wp-content\/uploads\/2025\/02\/Jose-Angel-Medina-Lopez.webp?resize=525%2C300&ssl=1 1.5x"},"classes":[]}],"jetpack_sharing_enabled":true,"_links":{"self":[{"href":"https:\/\/artejoven.org\/de\/wp-json\/wp\/v2\/pages\/7334","targetHints":{"allow":["GET"]}}],"collection":[{"href":"https:\/\/artejoven.org\/de\/wp-json\/wp\/v2\/pages"}],"about":[{"href":"https:\/\/artejoven.org\/de\/wp-json\/wp\/v2\/types\/page"}],"author":[{"embeddable":true,"href":"https:\/\/artejoven.org\/de\/wp-json\/wp\/v2\/users\/1"}],"replies":[{"embeddable":true,"href":"https:\/\/artejoven.org\/de\/wp-json\/wp\/v2\/comments?post=7334"}],"version-history":[{"count":0,"href":"https:\/\/artejoven.org\/de\/wp-json\/wp\/v2\/pages\/7334\/revisions"}],"up":[{"embeddable":true,"href":"https:\/\/artejoven.org\/de\/wp-json\/wp\/v2\/pages\/931"}],"wp:featuredmedia":[{"embeddable":true,"href":"https:\/\/artejoven.org\/de\/wp-json\/wp\/v2\/media\/7335"}],"wp:attachment":[{"href":"https:\/\/artejoven.org\/de\/wp-json\/wp\/v2\/media?parent=7334"}],"wp:term":[{"taxonomy":"category","embeddable":true,"href":"https:\/\/artejoven.org\/de\/wp-json\/wp\/v2\/categories?post=7334"},{"taxonomy":"post_tag","embeddable":true,"href":"https:\/\/artejoven.org\/de\/wp-json\/wp\/v2\/tags?post=7334"}],"curies":[{"name":"wp","href":"https:\/\/api.w.org\/{rel}","templated":true}]}}