{"id":8837,"date":"2025-02-20T16:02:38","date_gmt":"2025-02-20T21:02:38","guid":{"rendered":"https:\/\/artejoven.org\/?page_id=8837"},"modified":"2025-02-20T17:24:59","modified_gmt":"2025-02-20T22:24:59","slug":"karla-betancourt","status":"publish","type":"page","link":"https:\/\/artejoven.org\/de\/beneficiarios\/karla-betancourt\/","title":{"rendered":"Karla Betancourt"},"content":{"rendered":"","protected":false},"excerpt":{"rendered":"<p>Karla Betancourt (Sancti Sp\u00edritus, 1992) schloss ihr Studium an der Universit\u00e4t der K\u00fcnste (ISA) von Kuba im Profil Konservierung und Restaurierung beweglicher G\u00fcter mit einem Golddiplom ab (2017).<\/p>","protected":false},"author":1,"featured_media":8838,"parent":931,"menu_order":0,"comment_status":"closed","ping_status":"closed","template":"","meta":{"_acf_changed":false,"footnotes":"","_links_to":"","_links_to_target":""},"categories":[32,13],"tags":[63,38],"class_list":["post-8837","page","type-page","status-publish","has-post-thumbnail","hentry","category-artes-visuales-beneficiarios","category-beneficiarios","tag-63","tag-artes-visuales","post","post-with-thumbnail","post-with-thumbnail-large"],"acf":[],"aioseo_notices":[],"jetpack-related-posts":[{"id":7329,"url":"https:\/\/artejoven.org\/de\/beneficiarios\/estaciones\/","url_meta":{"origin":8837,"position":0},"title":"Bahnh\u00f6fe","author":"Ren\u00e9 Manuel Puig","date":"10 de April de 2024","format":false,"excerpt":"Diese Initiative der jungen bildenden K\u00fcnstlerin Mar\u00eda Karla Gonz\u00e1lez (Villa Clara, 2003) zielt darauf ab, k\u00fcnstlerische Ereignisse zu schaffen, indem sie das Nicht-\u00c4sthetische als Grundlage f\u00fcr das k\u00fcnstlerische Ereignis nimmt.","rel":"","context":"In &quot;Artes Visuales&quot;","block_context":{"text":"Artes Visuales","link":"https:\/\/artejoven.org\/de\/category\/beneficiarios\/artes-visuales-beneficiarios\/"},"img":{"alt_text":"Estaciones","src":"https:\/\/i0.wp.com\/artejoven.org\/wp-content\/uploads\/2024\/04\/Estaciones-jpg.webp?resize=350%2C200&ssl=1","width":350,"height":200},"classes":[]},{"id":8114,"url":"https:\/\/artejoven.org\/de\/espacios-faj\/malayerba\/segunda-edicion-de-malayerba\/","url_meta":{"origin":8837,"position":1},"title":"Zweite Ausgabe von malaYerba","author":"Ren\u00e9 Manuel Puig","date":"20 de September de 2024","format":false,"excerpt":"Diese neuen Sch\u00f6pfer identifizieren ihre ersch\u00fctterndsten Realit\u00e4ten und setzen sie in Malerei, Fotografie, Video und Installation um.","rel":"","context":"In &quot;Exposiciones&quot;","block_context":{"text":"Exposiciones","link":"https:\/\/artejoven.org\/de\/category\/espacios\/exposiciones-espacios\/"},"img":{"alt_text":"malaYerba","src":"https:\/\/i0.wp.com\/artejoven.org\/wp-content\/uploads\/2024\/07\/malaYerba-Segunda-Convocatoria-1-jpg.webp?resize=350%2C200&ssl=1","width":350,"height":200,"srcset":"https:\/\/i0.wp.com\/artejoven.org\/wp-content\/uploads\/2024\/07\/malaYerba-Segunda-Convocatoria-1-jpg.webp?resize=350%2C200&ssl=1 1x, https:\/\/i0.wp.com\/artejoven.org\/wp-content\/uploads\/2024\/07\/malaYerba-Segunda-Convocatoria-1-jpg.webp?resize=525%2C300&ssl=1 1.5x, https:\/\/i0.wp.com\/artejoven.org\/wp-content\/uploads\/2024\/07\/malaYerba-Segunda-Convocatoria-1-jpg.webp?resize=700%2C400&ssl=1 2x, https:\/\/i0.wp.com\/artejoven.org\/wp-content\/uploads\/2024\/07\/malaYerba-Segunda-Convocatoria-1-jpg.webp?resize=1050%2C600&ssl=1 3x, https:\/\/i0.wp.com\/artejoven.org\/wp-content\/uploads\/2024\/07\/malaYerba-Segunda-Convocatoria-1-jpg.webp?resize=1400%2C800&ssl=1 4x"},"classes":[]},{"id":6528,"url":"https:\/\/artejoven.org\/de\/beneficiarios\/daniel-anton\/","url_meta":{"origin":8837,"position":2},"title":"Daniel Ant\u00f3n","author":"Ren\u00e9 Manuel Puig","date":"6 de Dezember de 2023","format":false,"excerpt":"Daniel Ant\u00f3n (Cienfuegos, 1999). Absolvent der Benny Mor\u00e9 School of Arts in Cienfuegos (2014-2018). Derzeit befindet er sich im dritten Jahr seines Studiums der Bildenden Kunst am Instituto Superior de Artes (ISA).","rel":"","context":"In &quot;Artes Visuales&quot;","block_context":{"text":"Artes Visuales","link":"https:\/\/artejoven.org\/de\/category\/beneficiarios\/artes-visuales-beneficiarios\/"},"img":{"alt_text":"Daniel Ant\u00f3n","src":"https:\/\/i0.wp.com\/artejoven.org\/wp-content\/uploads\/2023\/12\/Daniel-Anton-jpg.webp?resize=350%2C200&ssl=1","width":350,"height":200,"srcset":"https:\/\/i0.wp.com\/artejoven.org\/wp-content\/uploads\/2023\/12\/Daniel-Anton-jpg.webp?resize=350%2C200&ssl=1 1x, https:\/\/i0.wp.com\/artejoven.org\/wp-content\/uploads\/2023\/12\/Daniel-Anton-jpg.webp?resize=525%2C300&ssl=1 1.5x"},"classes":[]},{"id":2815,"url":"https:\/\/artejoven.org\/de\/beneficiarios\/rolando-galindo\/","url_meta":{"origin":8837,"position":3},"title":"Rolando Galindo","author":"Ren\u00e9 Manuel Puig","date":"24 de Mai de 2023","format":false,"excerpt":"Rolando Galindo P\u00e9rez (Artemisa, 1993) schloss sein Studium der Malerei an der Eduardo Abela Provincial Academy of Plastic Arts ab und studiert im dritten Jahr Bildende Kunst an der Universit\u00e4t der K\u00fcnste (ISA).","rel":"","context":"In &quot;Artes Visuales&quot;","block_context":{"text":"Artes Visuales","link":"https:\/\/artejoven.org\/de\/category\/beneficiarios\/artes-visuales-beneficiarios\/"},"img":{"alt_text":"Rolando Galindo","src":"https:\/\/i0.wp.com\/artejoven.org\/wp-content\/uploads\/2023\/06\/Rolando-Galindo-jpg.webp?resize=350%2C200&ssl=1","width":350,"height":200,"srcset":"https:\/\/i0.wp.com\/artejoven.org\/wp-content\/uploads\/2023\/06\/Rolando-Galindo-jpg.webp?resize=350%2C200&ssl=1 1x, https:\/\/i0.wp.com\/artejoven.org\/wp-content\/uploads\/2023\/06\/Rolando-Galindo-jpg.webp?resize=525%2C300&ssl=1 1.5x, https:\/\/i0.wp.com\/artejoven.org\/wp-content\/uploads\/2023\/06\/Rolando-Galindo-jpg.webp?resize=700%2C400&ssl=1 2x"},"classes":[]},{"id":2882,"url":"https:\/\/artejoven.org\/de\/beneficiarios\/harold-ramirez\/","url_meta":{"origin":8837,"position":4},"title":"Harold Ramirez\u00a0","author":"Ren\u00e9 Manuel Puig","date":"17 de Mai de 2023","format":false,"excerpt":"Harold Ram\u00edrez Veliz (Havanna, 1997) ist Absolvent der Academia Nacional de Bellas Artes San Alejandro und studiert derzeit Bildende Kunst an der Universidad de las Artes (ISA).","rel":"","context":"In &quot;Artes Visuales&quot;","block_context":{"text":"Artes Visuales","link":"https:\/\/artejoven.org\/de\/category\/beneficiarios\/artes-visuales-beneficiarios\/"},"img":{"alt_text":"Harold Ram\u00edrez","src":"https:\/\/i0.wp.com\/artejoven.org\/wp-content\/uploads\/2023\/06\/Harold-Ramirez-jpg.webp?resize=350%2C200&ssl=1","width":350,"height":200,"srcset":"https:\/\/i0.wp.com\/artejoven.org\/wp-content\/uploads\/2023\/06\/Harold-Ramirez-jpg.webp?resize=350%2C200&ssl=1 1x, https:\/\/i0.wp.com\/artejoven.org\/wp-content\/uploads\/2023\/06\/Harold-Ramirez-jpg.webp?resize=525%2C300&ssl=1 1.5x"},"classes":[]},{"id":8831,"url":"https:\/\/artejoven.org\/de\/beneficiarios\/airel-suarez\/","url_meta":{"origin":8837,"position":5},"title":"Airel Suarez","author":"Ren\u00e9 Manuel Puig","date":"20 de Februar de 2025","format":false,"excerpt":"Airel Su\u00e1rez (Havanna, 2004) Absolvent der Academia Nacional de Bellas Artes San Alejandro (2019-2023), Havanna.","rel":"","context":"In &quot;Artes Visuales&quot;","block_context":{"text":"Artes Visuales","link":"https:\/\/artejoven.org\/de\/category\/beneficiarios\/artes-visuales-beneficiarios\/"},"img":{"alt_text":"Airel Su\u00e1rez","src":"https:\/\/i0.wp.com\/artejoven.org\/wp-content\/uploads\/2025\/02\/Airel-Suarez.webp?resize=350%2C200&ssl=1","width":350,"height":200,"srcset":"https:\/\/i0.wp.com\/artejoven.org\/wp-content\/uploads\/2025\/02\/Airel-Suarez.webp?resize=350%2C200&ssl=1 1x, https:\/\/i0.wp.com\/artejoven.org\/wp-content\/uploads\/2025\/02\/Airel-Suarez.webp?resize=525%2C300&ssl=1 1.5x"},"classes":[]}],"jetpack_sharing_enabled":true,"_links":{"self":[{"href":"https:\/\/artejoven.org\/de\/wp-json\/wp\/v2\/pages\/8837","targetHints":{"allow":["GET"]}}],"collection":[{"href":"https:\/\/artejoven.org\/de\/wp-json\/wp\/v2\/pages"}],"about":[{"href":"https:\/\/artejoven.org\/de\/wp-json\/wp\/v2\/types\/page"}],"author":[{"embeddable":true,"href":"https:\/\/artejoven.org\/de\/wp-json\/wp\/v2\/users\/1"}],"replies":[{"embeddable":true,"href":"https:\/\/artejoven.org\/de\/wp-json\/wp\/v2\/comments?post=8837"}],"version-history":[{"count":0,"href":"https:\/\/artejoven.org\/de\/wp-json\/wp\/v2\/pages\/8837\/revisions"}],"up":[{"embeddable":true,"href":"https:\/\/artejoven.org\/de\/wp-json\/wp\/v2\/pages\/931"}],"wp:featuredmedia":[{"embeddable":true,"href":"https:\/\/artejoven.org\/de\/wp-json\/wp\/v2\/media\/8838"}],"wp:attachment":[{"href":"https:\/\/artejoven.org\/de\/wp-json\/wp\/v2\/media?parent=8837"}],"wp:term":[{"taxonomy":"category","embeddable":true,"href":"https:\/\/artejoven.org\/de\/wp-json\/wp\/v2\/categories?post=8837"},{"taxonomy":"post_tag","embeddable":true,"href":"https:\/\/artejoven.org\/de\/wp-json\/wp\/v2\/tags?post=8837"}],"curies":[{"name":"wp","href":"https:\/\/api.w.org\/{rel}","templated":true}]}}