{"id":8914,"date":"2025-02-24T18:41:37","date_gmt":"2025-02-24T23:41:37","guid":{"rendered":"https:\/\/artejoven.org\/?page_id=8914"},"modified":"2025-02-27T13:22:47","modified_gmt":"2025-02-27T18:22:47","slug":"das-dreieck","status":"publish","type":"page","link":"https:\/\/artejoven.org\/de\/beneficiarios\/el-triangulo\/","title":{"rendered":"Das Dreieck"},"content":{"rendered":"","protected":false},"excerpt":{"rendered":"<p>Lokales Entwicklungsprojekt mit Sitz in La G\u00fcinera, Havanna.<\/p>","protected":false},"author":1,"featured_media":8951,"parent":931,"menu_order":0,"comment_status":"closed","ping_status":"closed","template":"","meta":{"_acf_changed":false,"footnotes":"","_links_to":"","_links_to_target":""},"categories":[13,33],"tags":[63,58],"class_list":["post-8914","page","type-page","status-publish","has-post-thumbnail","hentry","category-beneficiarios","category-emprendimientos-beneficiarios","tag-63","tag-segundo-programa","post","post-with-thumbnail","post-with-thumbnail-large"],"acf":[],"aioseo_notices":[],"jetpack-related-posts":[{"id":8925,"url":"https:\/\/artejoven.org\/de\/beneficiarios\/jazz-emprende\/","url_meta":{"origin":8914,"position":0},"title":"Jazz Emprende","author":"Ren\u00e9 Manuel Puig","date":"24 de Februar de 2025","format":false,"excerpt":"Erste Veranstaltung des lokalen Entwicklungsprojekts Emprendo y Existo, das zur F\u00f6rderung der Kreativit\u00e4t in der Kreativwirtschaft beitr\u00e4gt und die Ziele von Musikern und Unternehmern integriert.","rel":"","context":"In &quot;Beneficiarios&quot;","block_context":{"text":"Beneficiarios","link":"https:\/\/artejoven.org\/de\/category\/beneficiarios\/"},"img":{"alt_text":"Jazz Emprende","src":"https:\/\/i0.wp.com\/artejoven.org\/wp-content\/uploads\/2025\/02\/Jazz-Emprende.webp?resize=350%2C200&ssl=1","width":350,"height":200,"srcset":"https:\/\/i0.wp.com\/artejoven.org\/wp-content\/uploads\/2025\/02\/Jazz-Emprende.webp?resize=350%2C200&ssl=1 1x, https:\/\/i0.wp.com\/artejoven.org\/wp-content\/uploads\/2025\/02\/Jazz-Emprende.webp?resize=525%2C300&ssl=1 1.5x"},"classes":[]},{"id":3031,"url":"https:\/\/artejoven.org\/de\/beneficiarios\/la-timba-crea-lab-jovenes-fotografos-del-barrio\/","url_meta":{"origin":8914,"position":1},"title":"La Timba Crea Lab: junge Fotografen aus der Nachbarschaft\u00a0","author":"Ren\u00e9 Manuel Puig","date":"19 de Mai de 2023","format":false,"excerpt":"In Havanna seit 2023. Initiative des Centro Cultural y Creativo La Manigua, ein Projekt zur lokalen Entwicklung, das sich in der Aufbauphase befindet und aus 4 st\u00e4ndigen Mitarbeitern und 4 Kollaborateuren besteht.","rel":"","context":"In &quot;Beneficiarios&quot;","block_context":{"text":"Beneficiarios","link":"https:\/\/artejoven.org\/de\/category\/beneficiarios\/"},"img":{"alt_text":"La Timba Crea Lab","src":"https:\/\/i0.wp.com\/artejoven.org\/wp-content\/uploads\/2023\/06\/La-Timba-CreaLab-jpg.webp?resize=350%2C200&ssl=1","width":350,"height":200},"classes":[]},{"id":8930,"url":"https:\/\/artejoven.org\/de\/beneficiarios\/cultura-del-vinilo-en-cuba\/","url_meta":{"origin":8914,"position":2},"title":"Vinyl-Kultur in Kuba","author":"Ren\u00e9 Manuel Puig","date":"24 de Februar de 2025","format":false,"excerpt":"Ein von Gu\u00e1mpara Music konzipiertes Projekt zur F\u00f6rderung der Entwicklung der Vinyl-Kultur als musikalische und geschichtliche St\u00fctze Kubas.","rel":"","context":"In &quot;Beneficiarios&quot;","block_context":{"text":"Beneficiarios","link":"https:\/\/artejoven.org\/de\/category\/beneficiarios\/"},"img":{"alt_text":"Cultura del vinilo en Cuba","src":"https:\/\/i0.wp.com\/artejoven.org\/wp-content\/uploads\/2025\/02\/Cultura-del-vinilo-en-Cuba.webp?resize=350%2C200&ssl=1","width":350,"height":200,"srcset":"https:\/\/i0.wp.com\/artejoven.org\/wp-content\/uploads\/2025\/02\/Cultura-del-vinilo-en-Cuba.webp?resize=350%2C200&ssl=1 1x, https:\/\/i0.wp.com\/artejoven.org\/wp-content\/uploads\/2025\/02\/Cultura-del-vinilo-en-Cuba.webp?resize=525%2C300&ssl=1 1.5x"},"classes":[]},{"id":8919,"url":"https:\/\/artejoven.org\/de\/beneficiarios\/aguacero\/","url_meta":{"origin":8914,"position":3},"title":"Regenschauer","author":"Ren\u00e9 Manuel Puig","date":"24 de Februar de 2025","format":false,"excerpt":"Es ist ein Projekt zur Kulturf\u00f6rderung und ein Treffpunkt f\u00fcr Kunstliebhaber.","rel":"","context":"In &quot;Beneficiarios&quot;","block_context":{"text":"Beneficiarios","link":"https:\/\/artejoven.org\/de\/category\/beneficiarios\/"},"img":{"alt_text":"Aguacero","src":"https:\/\/i0.wp.com\/artejoven.org\/wp-content\/uploads\/2025\/02\/Aguacero.webp?resize=350%2C200&ssl=1","width":350,"height":200,"srcset":"https:\/\/i0.wp.com\/artejoven.org\/wp-content\/uploads\/2025\/02\/Aguacero.webp?resize=350%2C200&ssl=1 1x, https:\/\/i0.wp.com\/artejoven.org\/wp-content\/uploads\/2025\/02\/Aguacero.webp?resize=525%2C300&ssl=1 1.5x"},"classes":[]},{"id":8912,"url":"https:\/\/artejoven.org\/de\/beneficiarios\/la-tribu\/","url_meta":{"origin":8914,"position":4},"title":"Der Stamm","author":"Ren\u00e9 Manuel Puig","date":"24 de Februar de 2025","format":false,"excerpt":"Soziokulturelles Projekt mit Schwerpunkt auf elektronischer Musik, bei dem verschiedene k\u00fcnstlerische Ausdrucksformen gemischt werden.","rel":"","context":"In &quot;Beneficiarios&quot;","block_context":{"text":"Beneficiarios","link":"https:\/\/artejoven.org\/de\/category\/beneficiarios\/"},"img":{"alt_text":"La Tribu","src":"https:\/\/i0.wp.com\/artejoven.org\/wp-content\/uploads\/2025\/02\/La-Tribu.webp?resize=350%2C200&ssl=1","width":350,"height":200,"srcset":"https:\/\/i0.wp.com\/artejoven.org\/wp-content\/uploads\/2025\/02\/La-Tribu.webp?resize=350%2C200&ssl=1 1x, https:\/\/i0.wp.com\/artejoven.org\/wp-content\/uploads\/2025\/02\/La-Tribu.webp?resize=525%2C300&ssl=1 1.5x"},"classes":[]},{"id":8907,"url":"https:\/\/artejoven.org\/de\/beneficiarios\/el-parqueo\/","url_meta":{"origin":8914,"position":5},"title":"Das Parkhaus","author":"Ren\u00e9 Manuel Puig","date":"24 de Februar de 2025","format":false,"excerpt":"Das von einer Gruppe junger Filmemacher ins Leben gerufene Projekt zielt darauf ab, einen ehemaligen Parkplatz in einen Ort der Unterhaltung im Freien zu verwandeln.","rel":"","context":"In &quot;Beneficiarios&quot;","block_context":{"text":"Beneficiarios","link":"https:\/\/artejoven.org\/de\/category\/beneficiarios\/"},"img":{"alt_text":"El parqueo","src":"https:\/\/i0.wp.com\/artejoven.org\/wp-content\/uploads\/2025\/02\/El-Parqueo.webp?resize=350%2C200&ssl=1","width":350,"height":200,"srcset":"https:\/\/i0.wp.com\/artejoven.org\/wp-content\/uploads\/2025\/02\/El-Parqueo.webp?resize=350%2C200&ssl=1 1x, https:\/\/i0.wp.com\/artejoven.org\/wp-content\/uploads\/2025\/02\/El-Parqueo.webp?resize=525%2C300&ssl=1 1.5x"},"classes":[]}],"jetpack_sharing_enabled":true,"_links":{"self":[{"href":"https:\/\/artejoven.org\/de\/wp-json\/wp\/v2\/pages\/8914","targetHints":{"allow":["GET"]}}],"collection":[{"href":"https:\/\/artejoven.org\/de\/wp-json\/wp\/v2\/pages"}],"about":[{"href":"https:\/\/artejoven.org\/de\/wp-json\/wp\/v2\/types\/page"}],"author":[{"embeddable":true,"href":"https:\/\/artejoven.org\/de\/wp-json\/wp\/v2\/users\/1"}],"replies":[{"embeddable":true,"href":"https:\/\/artejoven.org\/de\/wp-json\/wp\/v2\/comments?post=8914"}],"version-history":[{"count":0,"href":"https:\/\/artejoven.org\/de\/wp-json\/wp\/v2\/pages\/8914\/revisions"}],"up":[{"embeddable":true,"href":"https:\/\/artejoven.org\/de\/wp-json\/wp\/v2\/pages\/931"}],"wp:featuredmedia":[{"embeddable":true,"href":"https:\/\/artejoven.org\/de\/wp-json\/wp\/v2\/media\/8951"}],"wp:attachment":[{"href":"https:\/\/artejoven.org\/de\/wp-json\/wp\/v2\/media?parent=8914"}],"wp:term":[{"taxonomy":"category","embeddable":true,"href":"https:\/\/artejoven.org\/de\/wp-json\/wp\/v2\/categories?post=8914"},{"taxonomy":"post_tag","embeddable":true,"href":"https:\/\/artejoven.org\/de\/wp-json\/wp\/v2\/tags?post=8914"}],"curies":[{"name":"wp","href":"https:\/\/api.w.org\/{rel}","templated":true}]}}