{"id":10593,"date":"2026-03-08T20:19:47","date_gmt":"2026-03-09T00:19:47","guid":{"rendered":"https:\/\/artejoven.org\/?page_id=10593"},"modified":"2026-03-08T20:19:50","modified_gmt":"2026-03-09T00:19:50","slug":"salome-valdes-suarez","status":"publish","type":"page","link":"https:\/\/artejoven.org\/en\/beneficiarios\/salome-valdes-suarez\/","title":{"rendered":"Salome Valdes Suarez"},"content":{"rendered":"","protected":false},"excerpt":{"rendered":"<p>(Pinar del R\u00edo, 2011) Pianist of the \u201cPedro Ra\u00fal S\u00e1nchez Rodr\u00edguez\u201d Provincial Art School of Pinar del R\u00edo. <\/p>","protected":false},"author":1,"featured_media":10594,"parent":931,"menu_order":0,"comment_status":"closed","ping_status":"closed","template":"","meta":{"_acf_changed":false,"footnotes":"","_links_to":"","_links_to_target":""},"categories":[13,66],"tags":[84],"class_list":["post-10593","page","type-page","status-publish","has-post-thumbnail","hentry","category-beneficiarios","category-concurso-nacional-de-musica","tag-84","post","post-with-thumbnail","post-with-thumbnail-large"],"acf":[],"aioseo_notices":[],"jetpack-related-posts":[{"id":10555,"url":"https:\/\/artejoven.org\/en\/beneficiarios\/armando-mario-moreira-valdes\/","url_meta":{"origin":10593,"position":0},"title":"Armando Mario Moreira Vald\u00e9s","author":"Ren\u00e9 Manuel Puig","date":"6 de March de 2026","format":false,"excerpt":"(Pinar del R\u00edo, 2011) Guitarist trained at the Escuela Provincial de Arte de Pinar del R\u00edo.","rel":"","context":"In &quot;Beneficiarios&quot;","block_context":{"text":"Beneficiarios","link":"https:\/\/artejoven.org\/en\/category\/beneficiarios\/"},"img":{"alt_text":"Armando Mario Moreira Vald\u00e9s","src":"https:\/\/i0.wp.com\/artejoven.org\/wp-content\/uploads\/2026\/03\/Armando-Mario-Moreira-Valdes.webp?resize=350%2C200&ssl=1","width":350,"height":200,"srcset":"https:\/\/i0.wp.com\/artejoven.org\/wp-content\/uploads\/2026\/03\/Armando-Mario-Moreira-Valdes.webp?resize=350%2C200&ssl=1 1x, https:\/\/i0.wp.com\/artejoven.org\/wp-content\/uploads\/2026\/03\/Armando-Mario-Moreira-Valdes.webp?resize=525%2C300&ssl=1 1.5x"},"classes":[]},{"id":10546,"url":"https:\/\/artejoven.org\/en\/beneficiarios\/arian-gounelas-pulido\/","url_meta":{"origin":10593,"position":1},"title":"Arian Gounelas Pulido","author":"Ren\u00e9 Manuel Puig","date":"6 de March de 2026","format":false,"excerpt":"(Pinar del R\u00edo, 2012) Student pianist at the Escuela Profesional de Arte Pedro Ra\u00fal S\u00e1nchez de Pinar del R\u00edo, where she is in her seventh year of Basic Piano.","rel":"","context":"In &quot;Beneficiarios&quot;","block_context":{"text":"Beneficiarios","link":"https:\/\/artejoven.org\/en\/category\/beneficiarios\/"},"img":{"alt_text":"Arian Gounelas Pulido","src":"https:\/\/i0.wp.com\/artejoven.org\/wp-content\/uploads\/2026\/03\/Arian-Gounelas-Pulido.webp?resize=350%2C200&ssl=1","width":350,"height":200,"srcset":"https:\/\/i0.wp.com\/artejoven.org\/wp-content\/uploads\/2026\/03\/Arian-Gounelas-Pulido.webp?resize=350%2C200&ssl=1 1x, https:\/\/i0.wp.com\/artejoven.org\/wp-content\/uploads\/2026\/03\/Arian-Gounelas-Pulido.webp?resize=525%2C300&ssl=1 1.5x"},"classes":[]},{"id":7735,"url":"#element","url_meta":{"origin":10593,"position":2},"title":"Abel Barroso","author":"Ren\u00e9 Manuel Puig","date":"15 de July de 2024","format":false,"excerpt":"Visual artist (Pinar del R\u00edo, Cuba, 1971)","rel":"","context":"In &quot;Jurados&quot;","block_context":{"text":"Jurados","link":"https:\/\/artejoven.org\/en\/category\/jurados\/"},"img":{"alt_text":"","src":"https:\/\/i0.wp.com\/artejoven.org\/wp-content\/uploads\/2024\/07\/Abel-Barroso-jpg.webp?resize=350%2C200&ssl=1","width":350,"height":200},"classes":[]},{"id":9903,"url":"https:\/\/www.instagram.com\/editorial_cauce\/","url_meta":{"origin":10593,"position":3},"title":"Editorial Cauce","author":"Ren\u00e9 Manuel Puig","date":"9 de October de 2025","format":false,"excerpt":"Publishing house of the UNEAC headquarters in Pinar del R\u00edo that promotes the work of writers and artists of the territory.","rel":"","context":"In &quot;Aliados&quot;","block_context":{"text":"Aliados","link":"https:\/\/artejoven.org\/en\/category\/aliados\/"},"img":{"alt_text":"Editorial Cauce","src":"https:\/\/i0.wp.com\/artejoven.org\/wp-content\/uploads\/2025\/10\/Editorial-CAUCE.webp?resize=350%2C200&ssl=1","width":350,"height":200,"srcset":"https:\/\/i0.wp.com\/artejoven.org\/wp-content\/uploads\/2025\/10\/Editorial-CAUCE.webp?resize=350%2C200&ssl=1 1x, https:\/\/i0.wp.com\/artejoven.org\/wp-content\/uploads\/2025\/10\/Editorial-CAUCE.webp?resize=525%2C300&ssl=1 1.5x"},"classes":[]},{"id":9934,"url":"#element","url_meta":{"origin":10593,"position":4},"title":"Nadina Pe\u00f1alver","author":"Ren\u00e9 Manuel Puig","date":"10 de October de 2025","format":false,"excerpt":"(Pinar del R\u00edo, 1986) MsC. Health Piscologist, specialist of the National Center for STI, HIV\/AIDS and Hepatitis Prevention.","rel":"","context":"In &quot;Aliados&quot;","block_context":{"text":"Aliados","link":"https:\/\/artejoven.org\/en\/category\/aliados\/"},"img":{"alt_text":"Nadina Pe\u00f1alver","src":"https:\/\/i0.wp.com\/artejoven.org\/wp-content\/uploads\/2025\/10\/Nadina-Penalver.webp?resize=350%2C200&ssl=1","width":350,"height":200,"srcset":"https:\/\/i0.wp.com\/artejoven.org\/wp-content\/uploads\/2025\/10\/Nadina-Penalver.webp?resize=350%2C200&ssl=1 1x, https:\/\/i0.wp.com\/artejoven.org\/wp-content\/uploads\/2025\/10\/Nadina-Penalver.webp?resize=525%2C300&ssl=1 1.5x"},"classes":[]},{"id":7815,"url":"https:\/\/www.instagram.com\/lilientrujilloviton\/%20","url_meta":{"origin":10593,"position":5},"title":"Lilien Trujillo","author":"Ren\u00e9 Manuel Puig","date":"4 de August de 2024","format":false,"excerpt":"Lilien Trujillo (Pinar del R\u00edo, 1988) graduated in Journalism at the University of Havana. Photographer, editor, television presenter, marketing and communication manager, and book editor and proofreader at Ediciones Cubanas.","rel":"","context":"In &quot;Aliados&quot;","block_context":{"text":"Aliados","link":"https:\/\/artejoven.org\/en\/category\/aliados\/"},"img":{"alt_text":"","src":"https:\/\/i0.wp.com\/artejoven.org\/wp-content\/uploads\/2024\/07\/Lilien-Trujillo-jpg.webp?resize=350%2C200&ssl=1","width":350,"height":200},"classes":[]}],"jetpack_sharing_enabled":true,"_links":{"self":[{"href":"https:\/\/artejoven.org\/en\/wp-json\/wp\/v2\/pages\/10593","targetHints":{"allow":["GET"]}}],"collection":[{"href":"https:\/\/artejoven.org\/en\/wp-json\/wp\/v2\/pages"}],"about":[{"href":"https:\/\/artejoven.org\/en\/wp-json\/wp\/v2\/types\/page"}],"author":[{"embeddable":true,"href":"https:\/\/artejoven.org\/en\/wp-json\/wp\/v2\/users\/1"}],"replies":[{"embeddable":true,"href":"https:\/\/artejoven.org\/en\/wp-json\/wp\/v2\/comments?post=10593"}],"version-history":[{"count":1,"href":"https:\/\/artejoven.org\/en\/wp-json\/wp\/v2\/pages\/10593\/revisions"}],"predecessor-version":[{"id":10595,"href":"https:\/\/artejoven.org\/en\/wp-json\/wp\/v2\/pages\/10593\/revisions\/10595"}],"up":[{"embeddable":true,"href":"https:\/\/artejoven.org\/en\/wp-json\/wp\/v2\/pages\/931"}],"wp:featuredmedia":[{"embeddable":true,"href":"https:\/\/artejoven.org\/en\/wp-json\/wp\/v2\/media\/10594"}],"wp:attachment":[{"href":"https:\/\/artejoven.org\/en\/wp-json\/wp\/v2\/media?parent=10593"}],"wp:term":[{"taxonomy":"category","embeddable":true,"href":"https:\/\/artejoven.org\/en\/wp-json\/wp\/v2\/categories?post=10593"},{"taxonomy":"post_tag","embeddable":true,"href":"https:\/\/artejoven.org\/en\/wp-json\/wp\/v2\/tags?post=10593"}],"curies":[{"name":"wp","href":"https:\/\/api.w.org\/{rel}","templated":true}]}}