{"id":8904,"date":"2025-02-24T18:26:20","date_gmt":"2025-02-24T23:26:20","guid":{"rendered":"https:\/\/artejoven.org\/?page_id=8904"},"modified":"2025-02-24T18:26:22","modified_gmt":"2025-02-24T23:26:22","slug":"ona-gallery","status":"publish","type":"page","link":"https:\/\/artejoven.org\/en\/beneficiarios\/ona-galeria\/","title":{"rendered":"ONA Gallery"},"content":{"rendered":"","protected":false},"excerpt":{"rendered":"<p>Curatorial collective based in the studio-workshop of sculptor and artist Aramis Justiz, conceived for the dissemination and enhancement of emerging artists, as well as contemporary art in Cuba. <\/p>","protected":false},"author":1,"featured_media":8905,"parent":931,"menu_order":0,"comment_status":"closed","ping_status":"closed","template":"","meta":{"_acf_changed":false,"footnotes":"","_links_to":"","_links_to_target":""},"categories":[13,33],"tags":[63,58],"class_list":["post-8904","page","type-page","status-publish","has-post-thumbnail","hentry","category-beneficiarios","category-emprendimientos-beneficiarios","tag-63","tag-segundo-programa","post","post-with-thumbnail","post-with-thumbnail-large"],"acf":[],"aioseo_notices":[],"jetpack-related-posts":[{"id":9897,"url":"https:\/\/www.instagram.com\/uneacuba\/","url_meta":{"origin":8904,"position":0},"title":"Union of Writers and Artists of Cuba (UNEAC)","author":"Ren\u00e9 Manuel Puig","date":"9 de October de 2025","format":false,"excerpt":"Professional, cultural and social association that gathers and represents Cuban writers and artists.","rel":"","context":"In &quot;Aliados&quot;","block_context":{"text":"Aliados","link":"https:\/\/artejoven.org\/en\/category\/aliados\/"},"img":{"alt_text":"Uni\u00f3n de Escritores y Artistas de Cuba (UNEAC)","src":"https:\/\/i0.wp.com\/artejoven.org\/wp-content\/uploads\/2025\/10\/UNEAC.webp?resize=350%2C200&ssl=1","width":350,"height":200,"srcset":"https:\/\/i0.wp.com\/artejoven.org\/wp-content\/uploads\/2025\/10\/UNEAC.webp?resize=350%2C200&ssl=1 1x, https:\/\/i0.wp.com\/artejoven.org\/wp-content\/uploads\/2025\/10\/UNEAC.webp?resize=525%2C300&ssl=1 1.5x"},"classes":[]},{"id":10231,"url":"https:\/\/drive.google.com\/drive\/folders\/1d0mwx6zAfkG_zs7JL7x7d7S_RmvtM4jX","url_meta":{"origin":8904,"position":1},"title":"\u00abNothing,\u00bb catalog by visual artist Clara Mass\u00f3","author":"Ren\u00e9 Manuel Puig","date":"10 de December de 2025","format":false,"excerpt":"Winner of the first edition of malaYerba, a young artists' competition.","rel":"","context":"In &quot;Artes Visuales&quot;","block_context":{"text":"Artes Visuales","link":"https:\/\/artejoven.org\/en\/category\/recursos\/artes-visuales-recursos\/"},"img":{"alt_text":"","src":"","width":0,"height":0},"classes":[]},{"id":7329,"url":"https:\/\/artejoven.org\/en\/beneficiarios\/estaciones\/","url_meta":{"origin":8904,"position":2},"title":"Stations","author":"Ren\u00e9 Manuel Puig","date":"10 de April de 2024","format":false,"excerpt":"This initiative of the young visual artist Mar\u00eda Karla Gonz\u00e1lez (Villa Clara, 2003) aims to generate artistic events taking the non-aesthetic as the basis of the artistic event.","rel":"","context":"In &quot;Artes Visuales&quot;","block_context":{"text":"Artes Visuales","link":"https:\/\/artejoven.org\/en\/category\/beneficiarios\/artes-visuales-beneficiarios\/"},"img":{"alt_text":"Estaciones","src":"https:\/\/i0.wp.com\/artejoven.org\/wp-content\/uploads\/2024\/04\/Estaciones-jpg.webp?resize=350%2C200&ssl=1","width":350,"height":200},"classes":[]},{"id":6519,"url":"https:\/\/artejoven.org\/en\/beneficiarios\/victoria-onelien\/","url_meta":{"origin":8904,"position":3},"title":"Victoria On\u00e9lien","author":"Ren\u00e9 Manuel Puig","date":"5 de December de 2023","format":false,"excerpt":"Young and talented visual artist.","rel":"","context":"In &quot;Artes Visuales&quot;","block_context":{"text":"Artes Visuales","link":"https:\/\/artejoven.org\/en\/category\/beneficiarios\/artes-visuales-beneficiarios\/"},"img":{"alt_text":"Victoria On\u00e9lien","src":"https:\/\/i0.wp.com\/artejoven.org\/wp-content\/uploads\/2023\/12\/Vicky--jpg.webp?resize=350%2C200&ssl=1","width":350,"height":200},"classes":[]},{"id":3679,"url":"https:\/\/www.fundacioncarolina.es\/","url_meta":{"origin":8904,"position":4},"title":"Webpage of the Carolina Foundation","author":"Ren\u00e9 Manuel Puig","date":"12 de June de 2023","format":false,"excerpt":"Artistic scholarships for Latin Americans, among other topics.","rel":"","context":"In &quot;M\u00fasica&quot;","block_context":{"text":"M\u00fasica","link":"https:\/\/artejoven.org\/en\/category\/recursos\/musica-recursos\/"},"img":{"alt_text":"","src":"","width":0,"height":0},"classes":[]},{"id":6486,"url":"https:\/\/artejoven.org\/en\/beneficiarios\/sylvania-sylvain\/","url_meta":{"origin":8904,"position":5},"title":"Sylvania Sylvain","author":"Ren\u00e9 Manuel Puig","date":"5 de December de 2023","format":false,"excerpt":"Artist and guitarist, passionate about music; driven by the constant pursuit of artistic expression.","rel":"","context":"In &quot;Beneficiarios&quot;","block_context":{"text":"Beneficiarios","link":"https:\/\/artejoven.org\/en\/category\/beneficiarios\/"},"img":{"alt_text":"Sylvania Sylvain","src":"https:\/\/i0.wp.com\/artejoven.org\/wp-content\/uploads\/2023\/12\/Vava-jpg.webp?resize=350%2C200&ssl=1","width":350,"height":200,"srcset":"https:\/\/i0.wp.com\/artejoven.org\/wp-content\/uploads\/2023\/12\/Vava-jpg.webp?resize=350%2C200&ssl=1 1x, https:\/\/i0.wp.com\/artejoven.org\/wp-content\/uploads\/2023\/12\/Vava-jpg.webp?resize=525%2C300&ssl=1 1.5x"},"classes":[]}],"jetpack_sharing_enabled":true,"_links":{"self":[{"href":"https:\/\/artejoven.org\/en\/wp-json\/wp\/v2\/pages\/8904","targetHints":{"allow":["GET"]}}],"collection":[{"href":"https:\/\/artejoven.org\/en\/wp-json\/wp\/v2\/pages"}],"about":[{"href":"https:\/\/artejoven.org\/en\/wp-json\/wp\/v2\/types\/page"}],"author":[{"embeddable":true,"href":"https:\/\/artejoven.org\/en\/wp-json\/wp\/v2\/users\/1"}],"replies":[{"embeddable":true,"href":"https:\/\/artejoven.org\/en\/wp-json\/wp\/v2\/comments?post=8904"}],"version-history":[{"count":0,"href":"https:\/\/artejoven.org\/en\/wp-json\/wp\/v2\/pages\/8904\/revisions"}],"up":[{"embeddable":true,"href":"https:\/\/artejoven.org\/en\/wp-json\/wp\/v2\/pages\/931"}],"wp:featuredmedia":[{"embeddable":true,"href":"https:\/\/artejoven.org\/en\/wp-json\/wp\/v2\/media\/8905"}],"wp:attachment":[{"href":"https:\/\/artejoven.org\/en\/wp-json\/wp\/v2\/media?parent=8904"}],"wp:term":[{"taxonomy":"category","embeddable":true,"href":"https:\/\/artejoven.org\/en\/wp-json\/wp\/v2\/categories?post=8904"},{"taxonomy":"post_tag","embeddable":true,"href":"https:\/\/artejoven.org\/en\/wp-json\/wp\/v2\/tags?post=8904"}],"curies":[{"name":"wp","href":"https:\/\/api.w.org\/{rel}","templated":true}]}}