{"id":10555,"date":"2026-03-06T20:33:05","date_gmt":"2026-03-07T01:33:05","guid":{"rendered":"https:\/\/artejoven.org\/?page_id=10555"},"modified":"2026-03-06T20:38:37","modified_gmt":"2026-03-07T01:38:37","slug":"armando-mario-moreira-valdes","status":"publish","type":"page","link":"https:\/\/artejoven.org\/fr\/beneficiarios\/armando-mario-moreira-valdes\/","title":{"rendered":"Armando Mario Moreira Vald\u00e9s"},"content":{"rendered":"","protected":false},"excerpt":{"rendered":"<p>(Pinar del R\u00edo, 2011)<br \/>\nGuitariste form\u00e9 \u00e0 l'Escuela Provincial de Arte de Pinar del R\u00edo. <\/p>","protected":false},"author":1,"featured_media":10556,"parent":931,"menu_order":0,"comment_status":"closed","ping_status":"closed","template":"","meta":{"_acf_changed":false,"footnotes":"","_links_to":"","_links_to_target":""},"categories":[13,66],"tags":[84],"class_list":["post-10555","page","type-page","status-publish","has-post-thumbnail","hentry","category-beneficiarios","category-concurso-nacional-de-musica","tag-84","post","post-with-thumbnail","post-with-thumbnail-large"],"acf":[],"aioseo_notices":[],"jetpack-related-posts":[{"id":10593,"url":"https:\/\/artejoven.org\/fr\/beneficiarios\/salome-valdes-suarez\/","url_meta":{"origin":10555,"position":0},"title":"Salom\u00e9 Vald\u00e9s Su\u00e1rez","author":"Ren\u00e9 Manuel Puig","date":"8 de mars de 2026","format":false,"excerpt":"(Pinar del R\u00edo, 2011) Pianiste de l'\u00c9cole provinciale des arts de Pinar del R\u00edo \u201cPedro Ra\u00fal S\u00e1nchez Rodr\u00edguez\u201d.","rel":"","context":"Dans &quot;Beneficiarios&quot;","block_context":{"text":"Beneficiarios","link":"https:\/\/artejoven.org\/fr\/category\/beneficiarios\/"},"img":{"alt_text":"Salom\u00e9 Vald\u00e9s Su\u00e1rez","src":"https:\/\/i0.wp.com\/artejoven.org\/wp-content\/uploads\/2026\/03\/Salome-Valdes-Suarez.webp?resize=350%2C200&ssl=1","width":350,"height":200,"srcset":"https:\/\/i0.wp.com\/artejoven.org\/wp-content\/uploads\/2026\/03\/Salome-Valdes-Suarez.webp?resize=350%2C200&ssl=1 1x, https:\/\/i0.wp.com\/artejoven.org\/wp-content\/uploads\/2026\/03\/Salome-Valdes-Suarez.webp?resize=525%2C300&ssl=1 1.5x"},"classes":[]},{"id":10546,"url":"https:\/\/artejoven.org\/fr\/beneficiarios\/arian-gounelas-pulido\/","url_meta":{"origin":10555,"position":1},"title":"Arian Gounelas Pulido","author":"Ren\u00e9 Manuel Puig","date":"6 de mars de 2026","format":false,"excerpt":"(Pinar del R\u00edo, 2012) Pianiste \u00e9tudiante \u00e0 la Escuela Profesional de Arte Pedro Ra\u00fal S\u00e1nchez \u00e0 Pinar del R\u00edo, o\u00f9 elle est en septi\u00e8me ann\u00e9e de piano de base.","rel":"","context":"Dans &quot;Beneficiarios&quot;","block_context":{"text":"Beneficiarios","link":"https:\/\/artejoven.org\/fr\/category\/beneficiarios\/"},"img":{"alt_text":"Arian Gounelas Pulido","src":"https:\/\/i0.wp.com\/artejoven.org\/wp-content\/uploads\/2026\/03\/Arian-Gounelas-Pulido.webp?resize=350%2C200&ssl=1","width":350,"height":200,"srcset":"https:\/\/i0.wp.com\/artejoven.org\/wp-content\/uploads\/2026\/03\/Arian-Gounelas-Pulido.webp?resize=350%2C200&ssl=1 1x, https:\/\/i0.wp.com\/artejoven.org\/wp-content\/uploads\/2026\/03\/Arian-Gounelas-Pulido.webp?resize=525%2C300&ssl=1 1.5x"},"classes":[]},{"id":7735,"url":"#element","url_meta":{"origin":10555,"position":2},"title":"Abel Barroso","author":"Ren\u00e9 Manuel Puig","date":"15 de juillet de 2024","format":false,"excerpt":"Artiste visuel (Pinar del R\u00edo, Cuba, 1971)","rel":"","context":"Dans &quot;Jurados&quot;","block_context":{"text":"Jurados","link":"https:\/\/artejoven.org\/fr\/category\/jurados\/"},"img":{"alt_text":"","src":"https:\/\/i0.wp.com\/artejoven.org\/wp-content\/uploads\/2024\/07\/Abel-Barroso-jpg.webp?resize=350%2C200&ssl=1","width":350,"height":200},"classes":[]},{"id":9903,"url":"https:\/\/www.instagram.com\/editorial_cauce\/","url_meta":{"origin":10555,"position":3},"title":"Editorial Cauce","author":"Ren\u00e9 Manuel Puig","date":"9 de octobre de 2025","format":false,"excerpt":"Maison d'\u00e9dition du si\u00e8ge de l'UNEAC \u00e0 Pinar del R\u00edo qui promeut l'\u0153uvre d'\u00e9crivains et d'artistes du territoire.","rel":"","context":"Dans &quot;Aliados&quot;","block_context":{"text":"Aliados","link":"https:\/\/artejoven.org\/fr\/category\/aliados\/"},"img":{"alt_text":"Editorial Cauce","src":"https:\/\/i0.wp.com\/artejoven.org\/wp-content\/uploads\/2025\/10\/Editorial-CAUCE.webp?resize=350%2C200&ssl=1","width":350,"height":200,"srcset":"https:\/\/i0.wp.com\/artejoven.org\/wp-content\/uploads\/2025\/10\/Editorial-CAUCE.webp?resize=350%2C200&ssl=1 1x, https:\/\/i0.wp.com\/artejoven.org\/wp-content\/uploads\/2025\/10\/Editorial-CAUCE.webp?resize=525%2C300&ssl=1 1.5x"},"classes":[]},{"id":9934,"url":"#element","url_meta":{"origin":10555,"position":4},"title":"Nadina Pe\u00f1alver","author":"Ren\u00e9 Manuel Puig","date":"10 de octobre de 2025","format":false,"excerpt":"(Pinar del R\u00edo, 1986) MmeC. Piscologue de la sant\u00e9, sp\u00e9cialiste au Centre national de pr\u00e9vention des IST, du VIH\/SIDA et des h\u00e9patites.","rel":"","context":"Dans &quot;Aliados&quot;","block_context":{"text":"Aliados","link":"https:\/\/artejoven.org\/fr\/category\/aliados\/"},"img":{"alt_text":"Nadina Pe\u00f1alver","src":"https:\/\/i0.wp.com\/artejoven.org\/wp-content\/uploads\/2025\/10\/Nadina-Penalver.webp?resize=350%2C200&ssl=1","width":350,"height":200,"srcset":"https:\/\/i0.wp.com\/artejoven.org\/wp-content\/uploads\/2025\/10\/Nadina-Penalver.webp?resize=350%2C200&ssl=1 1x, https:\/\/i0.wp.com\/artejoven.org\/wp-content\/uploads\/2025\/10\/Nadina-Penalver.webp?resize=525%2C300&ssl=1 1.5x"},"classes":[]},{"id":7815,"url":"https:\/\/www.instagram.com\/lilientrujilloviton\/%20","url_meta":{"origin":10555,"position":5},"title":"Lilien Trujillo","author":"Ren\u00e9 Manuel Puig","date":"4 de ao\u00fbt de 2024","format":false,"excerpt":"Lilien Trujillo (Pinar del R\u00edo, 1988) est dipl\u00f4m\u00e9e en journalisme de l'universit\u00e9 de La Havane. Photographe, \u00e9crivain, pr\u00e9sentatrice de t\u00e9l\u00e9vision, responsable du marketing et de la communication et \u00e9ditrice et correctrice de livres aux Ediciones Cubanas.","rel":"","context":"Dans &quot;Aliados&quot;","block_context":{"text":"Aliados","link":"https:\/\/artejoven.org\/fr\/category\/aliados\/"},"img":{"alt_text":"","src":"https:\/\/i0.wp.com\/artejoven.org\/wp-content\/uploads\/2024\/07\/Lilien-Trujillo-jpg.webp?resize=350%2C200&ssl=1","width":350,"height":200},"classes":[]}],"jetpack_sharing_enabled":true,"_links":{"self":[{"href":"https:\/\/artejoven.org\/fr\/wp-json\/wp\/v2\/pages\/10555","targetHints":{"allow":["GET"]}}],"collection":[{"href":"https:\/\/artejoven.org\/fr\/wp-json\/wp\/v2\/pages"}],"about":[{"href":"https:\/\/artejoven.org\/fr\/wp-json\/wp\/v2\/types\/page"}],"author":[{"embeddable":true,"href":"https:\/\/artejoven.org\/fr\/wp-json\/wp\/v2\/users\/1"}],"replies":[{"embeddable":true,"href":"https:\/\/artejoven.org\/fr\/wp-json\/wp\/v2\/comments?post=10555"}],"version-history":[{"count":2,"href":"https:\/\/artejoven.org\/fr\/wp-json\/wp\/v2\/pages\/10555\/revisions"}],"predecessor-version":[{"id":10563,"href":"https:\/\/artejoven.org\/fr\/wp-json\/wp\/v2\/pages\/10555\/revisions\/10563"}],"up":[{"embeddable":true,"href":"https:\/\/artejoven.org\/fr\/wp-json\/wp\/v2\/pages\/931"}],"wp:featuredmedia":[{"embeddable":true,"href":"https:\/\/artejoven.org\/fr\/wp-json\/wp\/v2\/media\/10556"}],"wp:attachment":[{"href":"https:\/\/artejoven.org\/fr\/wp-json\/wp\/v2\/media?parent=10555"}],"wp:term":[{"taxonomy":"category","embeddable":true,"href":"https:\/\/artejoven.org\/fr\/wp-json\/wp\/v2\/categories?post=10555"},{"taxonomy":"post_tag","embeddable":true,"href":"https:\/\/artejoven.org\/fr\/wp-json\/wp\/v2\/tags?post=10555"}],"curies":[{"name":"wp","href":"https:\/\/api.w.org\/{rel}","templated":true}]}}