{"id":12,"date":"2023-03-15T16:12:53","date_gmt":"2023-03-15T16:12:53","guid":{"rendered":"https:\/\/artejoven.org\/?page_id=12"},"modified":"2025-10-08T16:07:20","modified_gmt":"2025-10-08T20:07:20","slug":"inicio","status":"publish","type":"page","link":"https:\/\/artejoven.org\/fr\/","title":{"rendered":"Accueil"},"content":{"rendered":"<div data-elementor-type=\"wp-page\" data-elementor-id=\"12\" class=\"elementor elementor-12\" data-elementor-post-type=\"page\">\n\t\t\t\t\t\t<section class=\"elementor-section elementor-top-section elementor-element elementor-element-1f1e8fb elementor-section-boxed elementor-section-height-default elementor-section-height-default\" data-id=\"1f1e8fb\" data-element_type=\"section\" data-e-type=\"section\" data-settings=\"{&quot;background_background&quot;:&quot;classic&quot;}\">\n\t\t\t\t\t\t<div class=\"elementor-container elementor-column-gap-default\">\n\t\t\t\t\t<div class=\"elementor-column elementor-col-50 elementor-top-column elementor-element elementor-element-1941e8f elementor-hidden-tablet elementor-hidden-mobile\" data-id=\"1941e8f\" data-element_type=\"column\" data-e-type=\"column\" data-settings=\"{&quot;background_background&quot;:&quot;classic&quot;}\">\n\t\t\t<div class=\"elementor-widget-wrap elementor-element-populated\">\n\t\t\t\t\t\t<div class=\"elementor-element elementor-element-0de9d45 elementor-widget-tablet__width-initial elementor-widget elementor-widget-heading\" data-id=\"0de9d45\" data-element_type=\"widget\" data-e-type=\"widget\" data-widget_type=\"heading.default\">\n\t\t\t\t<div class=\"elementor-widget-container\">\n\t\t\t\t\t<h1 class=\"elementor-heading-title elementor-size-default translation-block\">Transformer  <br> les utopies en art<\/h1>\t\t\t\t<\/div>\n\t\t\t\t<\/div>\n\t\t\t\t\t<\/div>\n\t\t<\/div>\n\t\t\t\t<div class=\"elementor-column elementor-col-50 elementor-top-column elementor-element elementor-element-30d39f6\" data-id=\"30d39f6\" data-element_type=\"column\" data-e-type=\"column\">\n\t\t\t<div class=\"elementor-widget-wrap elementor-element-populated\">\n\t\t\t\t\t\t<div class=\"elementor-element elementor-element-107405e elementor-widget-tablet__width-initial elementor-hidden-desktop elementor-widget elementor-widget-heading\" data-id=\"107405e\" data-element_type=\"widget\" data-e-type=\"widget\" data-widget_type=\"heading.default\">\n\t\t\t\t<div class=\"elementor-widget-container\">\n\t\t\t\t\t<h1 class=\"elementor-heading-title elementor-size-default translation-block\">Transformer  <br> les utopies en art<\/h1>\t\t\t\t<\/div>\n\t\t\t\t<\/div>\n\t\t\t\t<div class=\"elementor-element elementor-element-d9533da elementor-widget__width-auto elementor-widget-tablet__width-initial elementor-widget-mobile__width-inherit elementor-pagination-type-bullets elementor-pagination-position-outside elementor-widget elementor-widget-loop-carousel\" data-id=\"d9533da\" data-element_type=\"widget\" data-e-type=\"widget\" data-settings=\"{&quot;template_id&quot;:&quot;719&quot;,&quot;slides_to_show&quot;:&quot;1&quot;,&quot;image_spacing_custom&quot;:{&quot;unit&quot;:&quot;px&quot;,&quot;size&quot;:0,&quot;sizes&quot;:[]},&quot;slides_to_show_tablet&quot;:&quot;1&quot;,&quot;_skin&quot;:&quot;post&quot;,&quot;slides_to_show_mobile&quot;:&quot;1&quot;,&quot;slides_to_scroll&quot;:&quot;1&quot;,&quot;edit_handle_selector&quot;:&quot;.elementor-loop-container&quot;,&quot;autoplay&quot;:&quot;yes&quot;,&quot;autoplay_speed&quot;:5000,&quot;infinite&quot;:&quot;yes&quot;,&quot;speed&quot;:500,&quot;offset_sides&quot;:&quot;none&quot;,&quot;pagination&quot;:&quot;bullets&quot;,&quot;image_spacing_custom_tablet&quot;:{&quot;unit&quot;:&quot;px&quot;,&quot;size&quot;:&quot;&quot;,&quot;sizes&quot;:[]},&quot;image_spacing_custom_mobile&quot;:{&quot;unit&quot;:&quot;px&quot;,&quot;size&quot;:&quot;&quot;,&quot;sizes&quot;:[]}}\" data-widget_type=\"loop-carousel.post\">\n\t\t\t\t<div class=\"elementor-widget-container\">\n\t\t\t\t\t\t\t<div class=\"swiper elementor-loop-container elementor-grid\" role=\"list\" dir=\"ltr\">\n\t\t\t\t<div class=\"swiper-wrapper\" aria-live=\"off\">\n\t\t<style id=\"loop-719\">.elementor-widget-theme-post-featured-image .widget-image-caption{color:var( --e-global-color-text );font-family:var( --e-global-typography-text-font-family ), Sans-serif;font-weight:var( --e-global-typography-text-font-weight );}.elementor-719 .elementor-element.elementor-element-117ade8{text-align:start;width:var( --container-widget-width, 100% );max-width:100%;--container-widget-width:100%;--container-widget-flex-grow:0;align-self:center;z-index:10;}.elementor-719 .elementor-element.elementor-element-117ade8 img{width:100rem;max-width:100rem;height:55rem;object-fit:cover;object-position:center center;border-style:solid;border-width:1px 1px 1px 1px;border-color:#02010100;border-radius:21px 21px 21px 21px;}.elementor-719 .elementor-element.elementor-element-117ade8 > .elementor-widget-container{border-radius:0px 0px 0px 0px;}.elementor-widget-theme-post-title .elementor-heading-title{font-family:var( --e-global-typography-primary-font-family ), Sans-serif;font-weight:var( --e-global-typography-primary-font-weight );color:var( --e-global-color-primary );}.elementor-719 .elementor-element.elementor-element-13b7734{text-align:start;width:var( --container-widget-width, 100% );max-width:100%;--container-widget-width:100%;--container-widget-flex-grow:0;}.elementor-719 .elementor-element.elementor-element-13b7734 .elementor-heading-title{font-family:\"Cabinet Grotesk\", Sans-serif;font-size:20px;font-weight:800;color:#000000;}.elementor-719 .elementor-element.elementor-element-13b7734 > .elementor-widget-container{margin:-10px 0px 0px 0px;}@media(max-width:1024px){.elementor-719 .elementor-element.elementor-element-117ade8 img{width:90vw;max-width:90vw;height:40rem;object-fit:cover;border-width:1px 1px 1px 1px;border-radius:20px 20px 20px 20px;}}@media(max-width:767px){.elementor-719 .elementor-element.elementor-element-513277f > .elementor-element-populated{margin:0px 0px 0px 0px;--e-column-margin-right:0px;--e-column-margin-left:0px;padding:0px 0px 0px 0px;}.elementor-719 .elementor-element.elementor-element-117ade8{text-align:start;--container-widget-width:100vw;--container-widget-flex-grow:0;width:var( --container-widget-width, 100vw );max-width:100vw;}.elementor-719 .elementor-element.elementor-element-117ade8 img{width:95vw;max-width:88vw;height:22rem;object-fit:cover;object-position:center center;border-width:1px 1px 1px 1px;border-radius:15px 15px 15px 15px;}}@media(min-width:768px){.elementor-719 .elementor-element.elementor-element-513277f{width:100%;}}<\/style>\t\t<div data-elementor-type=\"loop-item\" data-elementor-id=\"719\" class=\"elementor elementor-719 swiper-slide e-loop-item e-loop-item-10603 post-10603 post type-post status-publish format-standard has-post-thumbnail hentry category-desde-el-faj post-with-thumbnail post-with-thumbnail-large\" data-elementor-post-type=\"elementor_library\" role=\"group\" aria-roledescription=\"slide\" data-custom-edit-handle=\"1\">\n\t\t\t\t\t<section class=\"elementor-section elementor-top-section elementor-element elementor-element-8cd2145 elementor-section-boxed elementor-section-height-default elementor-section-height-default\" data-id=\"8cd2145\" data-element_type=\"section\" data-e-type=\"section\">\n\t\t\t\t\t\t<div class=\"elementor-container elementor-column-gap-default\">\n\t\t\t\t\t<div class=\"elementor-column elementor-col-100 elementor-top-column elementor-element elementor-element-513277f\" data-id=\"513277f\" data-element_type=\"column\" data-e-type=\"column\">\n\t\t\t<div class=\"elementor-widget-wrap elementor-element-populated\">\n\t\t\t\t\t\t<div class=\"elementor-element elementor-element-117ade8 elementor-widget__width-initial elementor-widget elementor-widget-theme-post-featured-image elementor-widget-image\" data-id=\"117ade8\" data-element_type=\"widget\" data-e-type=\"widget\" data-widget_type=\"theme-post-featured-image.default\">\n\t\t\t\t<div class=\"elementor-widget-container\">\n\t\t\t\t\t\t\t\t\t\t\t\t\t\t\t\t<a href=\"https:\/\/artejoven.org\/fr\/mujeres-que-impulsan-el-arte-y-transforman-comunidades-con-apoyo-del-fondo-de-arte-joven\/\">\n\t\t\t\t\t\t\t<img fetchpriority=\"high\" decoding=\"async\" width=\"2560\" height=\"1707\" src=\"https:\/\/artejoven.org\/wp-content\/uploads\/2026\/03\/A7R8815-scaled.webp\" class=\"attachment-full size-full wp-image-10605\" alt=\"\" srcset=\"https:\/\/artejoven.org\/wp-content\/uploads\/2026\/03\/A7R8815-scaled.webp 2560w, https:\/\/artejoven.org\/wp-content\/uploads\/2026\/03\/A7R8815-300x200.webp 300w, https:\/\/artejoven.org\/wp-content\/uploads\/2026\/03\/A7R8815-1024x683.webp 1024w, https:\/\/artejoven.org\/wp-content\/uploads\/2026\/03\/A7R8815-768x512.webp 768w, https:\/\/artejoven.org\/wp-content\/uploads\/2026\/03\/A7R8815-1536x1024.webp 1536w, https:\/\/artejoven.org\/wp-content\/uploads\/2026\/03\/A7R8815-2048x1365.webp 2048w, https:\/\/artejoven.org\/wp-content\/uploads\/2026\/03\/A7R8815-18x12.webp 18w, https:\/\/artejoven.org\/wp-content\/uploads\/2026\/03\/A7R8815-272x182.webp 272w\" sizes=\"(max-width: 2560px) 100vw, 2560px\" \/>\t\t\t\t\t\t\t\t<\/a>\n\t\t\t\t\t\t\t\t\t\t\t\t\t\t\t<\/div>\n\t\t\t\t<\/div>\n\t\t\t\t<div class=\"elementor-element elementor-element-13b7734 elementor-widget__width-initial elementor-widget elementor-widget-theme-post-title elementor-page-title elementor-widget-heading\" data-id=\"13b7734\" data-element_type=\"widget\" data-e-type=\"widget\" data-widget_type=\"theme-post-title.default\">\n\t\t\t\t<div class=\"elementor-widget-container\">\n\t\t\t\t\t<h1 class=\"elementor-heading-title elementor-size-default\"><a href=\"https:\/\/artejoven.org\/fr\/mujeres-que-impulsan-el-arte-y-transforman-comunidades-con-apoyo-del-fondo-de-arte-joven\/\">Des femmes qui promeuvent l'art et transforment les communaut\u00e9s avec le soutien du Fonds pour la jeune cr\u00e9ation artistique<\/a><\/h1>\t\t\t\t<\/div>\n\t\t\t\t<\/div>\n\t\t\t\t\t<\/div>\n\t\t<\/div>\n\t\t\t\t\t<\/div>\n\t\t<\/section>\n\t\t\t\t<\/div>\n\t\t\t\t<div data-elementor-type=\"loop-item\" data-elementor-id=\"719\" class=\"elementor elementor-719 swiper-slide e-loop-item e-loop-item-10481 post-10481 post type-post status-publish format-standard has-post-thumbnail hentry category-desde-el-faj category-sin-categoria post-with-thumbnail post-with-thumbnail-large\" data-elementor-post-type=\"elementor_library\" role=\"group\" aria-roledescription=\"slide\" data-custom-edit-handle=\"1\">\n\t\t\t\t\t<section class=\"elementor-section elementor-top-section elementor-element elementor-element-8cd2145 elementor-section-boxed elementor-section-height-default elementor-section-height-default\" data-id=\"8cd2145\" data-element_type=\"section\" data-e-type=\"section\">\n\t\t\t\t\t\t<div class=\"elementor-container elementor-column-gap-default\">\n\t\t\t\t\t<div class=\"elementor-column elementor-col-100 elementor-top-column elementor-element elementor-element-513277f\" data-id=\"513277f\" data-element_type=\"column\" data-e-type=\"column\">\n\t\t\t<div class=\"elementor-widget-wrap elementor-element-populated\">\n\t\t\t\t\t\t<div class=\"elementor-element elementor-element-117ade8 elementor-widget__width-initial elementor-widget elementor-widget-theme-post-featured-image elementor-widget-image\" data-id=\"117ade8\" data-element_type=\"widget\" data-e-type=\"widget\" data-widget_type=\"theme-post-featured-image.default\">\n\t\t\t\t<div class=\"elementor-widget-container\">\n\t\t\t\t\t\t\t\t\t\t\t\t\t\t\t\t<a href=\"https:\/\/artejoven.org\/fr\/la-nueva-generacion\/\">\n\t\t\t\t\t\t\t<img decoding=\"async\" width=\"2560\" height=\"1708\" src=\"https:\/\/artejoven.org\/wp-content\/uploads\/2026\/02\/La-nueva-generacion.-FAJ_Jazz-Plaza-1-scaled.webp\" class=\"attachment-full size-full wp-image-10482\" alt=\"\" srcset=\"https:\/\/artejoven.org\/wp-content\/uploads\/2026\/02\/La-nueva-generacion.-FAJ_Jazz-Plaza-1-scaled.webp 2560w, https:\/\/artejoven.org\/wp-content\/uploads\/2026\/02\/La-nueva-generacion.-FAJ_Jazz-Plaza-1-300x200.webp 300w, https:\/\/artejoven.org\/wp-content\/uploads\/2026\/02\/La-nueva-generacion.-FAJ_Jazz-Plaza-1-1024x683.webp 1024w, https:\/\/artejoven.org\/wp-content\/uploads\/2026\/02\/La-nueva-generacion.-FAJ_Jazz-Plaza-1-768x512.webp 768w, https:\/\/artejoven.org\/wp-content\/uploads\/2026\/02\/La-nueva-generacion.-FAJ_Jazz-Plaza-1-1536x1025.webp 1536w, https:\/\/artejoven.org\/wp-content\/uploads\/2026\/02\/La-nueva-generacion.-FAJ_Jazz-Plaza-1-2048x1366.webp 2048w, https:\/\/artejoven.org\/wp-content\/uploads\/2026\/02\/La-nueva-generacion.-FAJ_Jazz-Plaza-1-18x12.webp 18w, https:\/\/artejoven.org\/wp-content\/uploads\/2026\/02\/La-nueva-generacion.-FAJ_Jazz-Plaza-1-272x182.webp 272w\" sizes=\"(max-width: 2560px) 100vw, 2560px\" \/>\t\t\t\t\t\t\t\t<\/a>\n\t\t\t\t\t\t\t\t\t\t\t\t\t\t\t<\/div>\n\t\t\t\t<\/div>\n\t\t\t\t<div class=\"elementor-element elementor-element-13b7734 elementor-widget__width-initial elementor-widget elementor-widget-theme-post-title elementor-page-title elementor-widget-heading\" data-id=\"13b7734\" data-element_type=\"widget\" data-e-type=\"widget\" data-widget_type=\"theme-post-title.default\">\n\t\t\t\t<div class=\"elementor-widget-container\">\n\t\t\t\t\t<h1 class=\"elementor-heading-title elementor-size-default\"><a href=\"https:\/\/artejoven.org\/fr\/la-nueva-generacion\/\">La nouvelle g\u00e9n\u00e9ration<\/a><\/h1>\t\t\t\t<\/div>\n\t\t\t\t<\/div>\n\t\t\t\t\t<\/div>\n\t\t<\/div>\n\t\t\t\t\t<\/div>\n\t\t<\/section>\n\t\t\t\t<\/div>\n\t\t\t\t<div data-elementor-type=\"loop-item\" data-elementor-id=\"719\" class=\"elementor elementor-719 swiper-slide e-loop-item e-loop-item-10443 post-10443 post type-post status-publish format-standard has-post-thumbnail hentry category-desde-el-faj post-with-thumbnail post-with-thumbnail-large\" data-elementor-post-type=\"elementor_library\" role=\"group\" aria-roledescription=\"slide\" data-custom-edit-handle=\"1\">\n\t\t\t\t\t<section class=\"elementor-section elementor-top-section elementor-element elementor-element-8cd2145 elementor-section-boxed elementor-section-height-default elementor-section-height-default\" data-id=\"8cd2145\" data-element_type=\"section\" data-e-type=\"section\">\n\t\t\t\t\t\t<div class=\"elementor-container elementor-column-gap-default\">\n\t\t\t\t\t<div class=\"elementor-column elementor-col-100 elementor-top-column elementor-element elementor-element-513277f\" data-id=\"513277f\" data-element_type=\"column\" data-e-type=\"column\">\n\t\t\t<div class=\"elementor-widget-wrap elementor-element-populated\">\n\t\t\t\t\t\t<div class=\"elementor-element elementor-element-117ade8 elementor-widget__width-initial elementor-widget elementor-widget-theme-post-featured-image elementor-widget-image\" data-id=\"117ade8\" data-element_type=\"widget\" data-e-type=\"widget\" data-widget_type=\"theme-post-featured-image.default\">\n\t\t\t\t<div class=\"elementor-widget-container\">\n\t\t\t\t\t\t\t\t\t\t\t\t\t\t\t\t<a href=\"https:\/\/artejoven.org\/fr\/de-regreso-a-la-aldea-de-regreso-a-casa\/\">\n\t\t\t\t\t\t\t<img decoding=\"async\" width=\"2000\" height=\"1333\" src=\"https:\/\/artejoven.org\/wp-content\/uploads\/2026\/02\/img_2111.webp\" class=\"attachment-full size-full wp-image-10455\" alt=\"\" srcset=\"https:\/\/artejoven.org\/wp-content\/uploads\/2026\/02\/img_2111.webp 2000w, https:\/\/artejoven.org\/wp-content\/uploads\/2026\/02\/img_2111-300x200.webp 300w, https:\/\/artejoven.org\/wp-content\/uploads\/2026\/02\/img_2111-1024x682.webp 1024w, https:\/\/artejoven.org\/wp-content\/uploads\/2026\/02\/img_2111-768x512.webp 768w, https:\/\/artejoven.org\/wp-content\/uploads\/2026\/02\/img_2111-1536x1024.webp 1536w, https:\/\/artejoven.org\/wp-content\/uploads\/2026\/02\/img_2111-18x12.webp 18w, https:\/\/artejoven.org\/wp-content\/uploads\/2026\/02\/img_2111-272x182.webp 272w\" sizes=\"(max-width: 2000px) 100vw, 2000px\" \/>\t\t\t\t\t\t\t\t<\/a>\n\t\t\t\t\t\t\t\t\t\t\t\t\t\t\t<\/div>\n\t\t\t\t<\/div>\n\t\t\t\t<div class=\"elementor-element elementor-element-13b7734 elementor-widget__width-initial elementor-widget elementor-widget-theme-post-title elementor-page-title elementor-widget-heading\" data-id=\"13b7734\" data-element_type=\"widget\" data-e-type=\"widget\" data-widget_type=\"theme-post-title.default\">\n\t\t\t\t<div class=\"elementor-widget-container\">\n\t\t\t\t\t<h1 class=\"elementor-heading-title elementor-size-default\"><a href=\"https:\/\/artejoven.org\/fr\/de-regreso-a-la-aldea-de-regreso-a-casa\/\">Retour au village, retour \u00e0 la maison<\/a><\/h1>\t\t\t\t<\/div>\n\t\t\t\t<\/div>\n\t\t\t\t\t<\/div>\n\t\t<\/div>\n\t\t\t\t\t<\/div>\n\t\t<\/section>\n\t\t\t\t<\/div>\n\t\t\t\t<\/div>\n\t\t<\/div>\n\t\t\t\t\t<div class=\"swiper-pagination\"><\/div>\n\t\t\t\t\t\t<\/div>\n\t\t\t\t<\/div>\n\t\t\t\t\t<\/div>\n\t\t<\/div>\n\t\t\t\t\t<\/div>\n\t\t<\/section>\n\t\t\t\t<section class=\"elementor-section elementor-top-section elementor-element elementor-element-fd75ca2 elementor-section-boxed elementor-section-height-default elementor-section-height-default\" data-id=\"fd75ca2\" data-element_type=\"section\" data-e-type=\"section\" data-settings=\"{&quot;background_background&quot;:&quot;classic&quot;}\">\n\t\t\t\t\t\t<div class=\"elementor-container elementor-column-gap-default\">\n\t\t\t\t\t<div class=\"elementor-column elementor-col-33 elementor-top-column elementor-element elementor-element-5a2929a elementor-hidden-tablet elementor-hidden-mobile\" data-id=\"5a2929a\" data-element_type=\"column\" data-e-type=\"column\">\n\t\t\t<div class=\"elementor-widget-wrap\">\n\t\t\t\t\t\t\t<\/div>\n\t\t<\/div>\n\t\t\t\t<div class=\"elementor-column elementor-col-33 elementor-top-column elementor-element elementor-element-518789f\" data-id=\"518789f\" data-element_type=\"column\" data-e-type=\"column\">\n\t\t\t<div class=\"elementor-widget-wrap elementor-element-populated\">\n\t\t\t\t\t\t<div class=\"elementor-element elementor-element-b9df6da elementor-widget elementor-widget-heading\" data-id=\"b9df6da\" data-element_type=\"widget\" data-e-type=\"widget\" data-widget_type=\"heading.default\">\n\t\t\t\t<div class=\"elementor-widget-container\">\n\t\t\t\t\t<h2 class=\"elementor-heading-title elementor-size-default\"><a href=\"https:\/\/artejoven.org\/fr\/nosotros\/\">Qui sommes-nous<\/a><\/h2>\t\t\t\t<\/div>\n\t\t\t\t<\/div>\n\t\t\t\t<div class=\"elementor-element elementor-element-63c91db elementor-widget-tablet__width-initial elementor-widget elementor-widget-text-editor\" data-id=\"63c91db\" data-element_type=\"widget\" data-e-type=\"widget\" data-widget_type=\"text-editor.default\">\n\t\t\t\t<div class=\"elementor-widget-container\">\n\t\t\t\t\t\t\t\t\t<p>Nous sommes une plateforme culturelle multilat\u00e9rale et pluridisciplinaire qui soutient activement les artistes et les entrepreneurs culturels \u00e9mergents par des contributions concr\u00e8tes (ressources mat\u00e9rielles ou financi\u00e8res, formation, mise en r\u00e9seau, etc.)<\/p><p>Nous sommes un espace inclusif pour la cr\u00e9ation critique, la r\u00e9flexion et le d\u00e9bat, avec un impact positif sur la nouvelle g\u00e9n\u00e9ration d'artistes, d'entrepreneurs, d'institutions et de sp\u00e9cialistes de la culture issus de pays o\u00f9 le secteur culturel est confront\u00e9 \u00e0 des d\u00e9fis particuli\u00e8rement complexes.<\/p><p>Nous sommes \u00e9galement un moyen original de collaboration entre les pays du Sud qui partagent des d\u00e9fis communs en mati\u00e8re de soutien \u00e0 la culture, avec une solide exp\u00e9rience dans l'organisation de r\u00e9sidences universitaires internationales pour les jeunes artistes qui font leurs premiers pas dans le monde de l'art.<\/p>\t\t\t\t\t\t\t\t<\/div>\n\t\t\t\t<\/div>\n\t\t\t\t\t<\/div>\n\t\t<\/div>\n\t\t\t\t<div class=\"elementor-column elementor-col-33 elementor-top-column elementor-element elementor-element-0fb89b3\" data-id=\"0fb89b3\" data-element_type=\"column\" data-e-type=\"column\">\n\t\t\t<div class=\"elementor-widget-wrap elementor-element-populated\">\n\t\t\t\t\t\t<div class=\"elementor-element elementor-element-b01910c elementor-widget elementor-widget-image\" data-id=\"b01910c\" data-element_type=\"widget\" data-e-type=\"widget\" data-widget_type=\"image.default\">\n\t\t\t\t<div class=\"elementor-widget-container\">\n\t\t\t\t\t\t\t\t\t\t\t\t\t\t\t\t<a href=\"https:\/\/artejoven.org\/fr\/nosotros\/\">\n\t\t\t\t\t\t\t<img loading=\"lazy\" decoding=\"async\" width=\"720\" height=\"480\" src=\"https:\/\/artejoven.org\/wp-content\/uploads\/2023\/04\/FAJ-Identificador-Visual.png\" class=\"attachment-large size-large wp-image-773\" alt=\"Identifiant visuel FAJ\" \/>\t\t\t\t\t\t\t\t<\/a>\n\t\t\t\t\t\t\t\t\t\t\t\t\t\t\t<\/div>\n\t\t\t\t<\/div>\n\t\t\t\t\t<\/div>\n\t\t<\/div>\n\t\t\t\t\t<\/div>\n\t\t<\/section>\n\t\t\t\t<section class=\"elementor-section elementor-top-section elementor-element elementor-element-79701a8 elementor-hidden-tablet elementor-hidden-mobile elementor-section-boxed elementor-section-height-default elementor-section-height-default\" data-id=\"79701a8\" data-element_type=\"section\" data-e-type=\"section\" data-settings=\"{&quot;background_background&quot;:&quot;classic&quot;}\">\n\t\t\t\t\t\t<div class=\"elementor-container elementor-column-gap-default\">\n\t\t\t\t\t<div class=\"elementor-column elementor-col-33 elementor-top-column elementor-element elementor-element-73fc443 elementor-hidden-tablet elementor-hidden-mobile\" data-id=\"73fc443\" data-element_type=\"column\" data-e-type=\"column\">\n\t\t\t<div class=\"elementor-widget-wrap\">\n\t\t\t\t\t\t\t<\/div>\n\t\t<\/div>\n\t\t\t\t<div class=\"elementor-column elementor-col-33 elementor-top-column elementor-element elementor-element-6fdb822\" data-id=\"6fdb822\" data-element_type=\"column\" data-e-type=\"column\">\n\t\t\t<div class=\"elementor-widget-wrap elementor-element-populated\">\n\t\t\t\t\t\t<div class=\"elementor-element elementor-element-0d62a62 elementor-flip-box--effect-fade elementor-widget elementor-widget-flip-box\" data-id=\"0d62a62\" data-element_type=\"widget\" data-e-type=\"widget\" data-widget_type=\"flip-box.default\">\n\t\t\t\t<div class=\"elementor-widget-container\">\n\t\t\t\t\t\t\t<div class=\"elementor-flip-box\" tabindex=\"0\">\n\t\t\t<div class=\"elementor-flip-box__layer elementor-flip-box__front\">\n\t\t\t\t<div class=\"elementor-flip-box__layer__overlay\">\n\t\t\t\t\t<div class=\"elementor-flip-box__layer__inner\">\n\t\t\t\t\t\t\n\t\t\t\t\t\t\n\t\t\t\t\t\t\t\t\t\t\t<\/div>\n\t\t\t\t<\/div>\n\t\t\t<\/div>\n\t\t\t<a class=\"elementor-flip-box__layer elementor-flip-box__back\" href=\"https:\/\/artejoven.org\/fr\/convocatorias\/\">\n\t\t\t<div class=\"elementor-flip-box__layer__overlay\">\n\t\t\t\t<div class=\"elementor-flip-box__layer__inner\">\n\t\t\t\t\t\t\t\t\t\t\t<h3 class=\"elementor-flip-box__layer__title\">\n\t\t\t\t\t\t\tEn savoir plus\t\t\t\t\t\t<\/h3>\n\t\t\t\t\t\n\t\t\t\t\t\n\t\t\t\t\t\t\t\t<\/div>\n\t\t<\/div>\n\t\t<\/a>\n\t\t<\/div>\n\t\t\t\t\t\t<\/div>\n\t\t\t\t<\/div>\n\t\t\t\t<div class=\"elementor-element elementor-element-bf57047 elementor-widget-tablet__width-initial elementor-widget__width-initial elementor-widget elementor-widget-heading\" data-id=\"bf57047\" data-element_type=\"widget\" data-e-type=\"widget\" data-widget_type=\"heading.default\">\n\t\t\t\t<div class=\"elementor-widget-container\">\n\t\t\t\t\t<h2 class=\"elementor-heading-title elementor-size-default\"><a href=\"https:\/\/artejoven.org\/fr\/convocatorias\/\">Appels \u00e0 projets<\/a><\/h2>\t\t\t\t<\/div>\n\t\t\t\t<\/div>\n\t\t\t\t<div class=\"elementor-element elementor-element-64f1ac8 elementor-widget__width-initial elementor-widget-tablet__width-initial elementor-widget elementor-widget-text-editor\" data-id=\"64f1ac8\" data-element_type=\"widget\" data-e-type=\"widget\" data-widget_type=\"text-editor.default\">\n\t\t\t\t<div class=\"elementor-widget-container\">\n\t\t\t\t\t\t\t\t\t<p>D\u00e9couvrez les appels disponibles pour les jeunes artistes et les entreprises culturelles : soutien aux processus cr\u00e9atifs, possibilit\u00e9s de formation continue, mobilit\u00e9 acad\u00e9mique, et bien plus encore.<\/p>\t\t\t\t\t\t\t\t<\/div>\n\t\t\t\t<\/div>\n\t\t\t\t\t<\/div>\n\t\t<\/div>\n\t\t\t\t<div class=\"elementor-column elementor-col-33 elementor-top-column elementor-element elementor-element-fc4f439 elementor-hidden-tablet\" data-id=\"fc4f439\" data-element_type=\"column\" data-e-type=\"column\">\n\t\t\t<div class=\"elementor-widget-wrap elementor-element-populated\">\n\t\t\t\t\t\t<div class=\"elementor-element elementor-element-8607091 elementor-flip-box--effect-fade elementor-widget elementor-widget-flip-box\" data-id=\"8607091\" data-element_type=\"widget\" data-e-type=\"widget\" data-widget_type=\"flip-box.default\">\n\t\t\t\t<div class=\"elementor-widget-container\">\n\t\t\t\t\t\t\t<div class=\"elementor-flip-box\" tabindex=\"0\">\n\t\t\t<div class=\"elementor-flip-box__layer elementor-flip-box__front\">\n\t\t\t\t<div class=\"elementor-flip-box__layer__overlay\">\n\t\t\t\t\t<div class=\"elementor-flip-box__layer__inner\">\n\t\t\t\t\t\t\n\t\t\t\t\t\t\n\t\t\t\t\t\t\t\t\t\t\t<\/div>\n\t\t\t\t<\/div>\n\t\t\t<\/div>\n\t\t\t<a class=\"elementor-flip-box__layer elementor-flip-box__back\" href=\"https:\/\/artejoven.org\/fr\/beneficiarios\/\">\n\t\t\t<div class=\"elementor-flip-box__layer__overlay\">\n\t\t\t\t<div class=\"elementor-flip-box__layer__inner\">\n\t\t\t\t\t\t\t\t\t\t\t<h3 class=\"elementor-flip-box__layer__title\">\n\t\t\t\t\t\t\tEn savoir plus\t\t\t\t\t\t<\/h3>\n\t\t\t\t\t\n\t\t\t\t\t\n\t\t\t\t\t\t\t\t<\/div>\n\t\t<\/div>\n\t\t<\/a>\n\t\t<\/div>\n\t\t\t\t\t\t<\/div>\n\t\t\t\t<\/div>\n\t\t\t\t<div class=\"elementor-element elementor-element-4aff0a6 elementor-widget-tablet__width-initial elementor-widget__width-initial elementor-widget elementor-widget-heading\" data-id=\"4aff0a6\" data-element_type=\"widget\" data-e-type=\"widget\" data-widget_type=\"heading.default\">\n\t\t\t\t<div class=\"elementor-widget-container\">\n\t\t\t\t\t<h2 class=\"elementor-heading-title elementor-size-default\"><a href=\"https:\/\/artejoven.org\/fr\/beneficiarios\/\">B\u00e9n\u00e9ficiaires<\/a><\/h2>\t\t\t\t<\/div>\n\t\t\t\t<\/div>\n\t\t\t\t<div class=\"elementor-element elementor-element-46129c9 elementor-widget__width-initial elementor-widget-tablet__width-initial elementor-widget elementor-widget-text-editor\" data-id=\"46129c9\" data-element_type=\"widget\" data-e-type=\"widget\" data-widget_type=\"text-editor.default\">\n\t\t\t\t<div class=\"elementor-widget-container\">\n\t\t\t\t\t\t\t\t\t<p>Rencontrez chaque artiste et entreprise culturelle que nous soutenons. D\u00e9couvrez notre travail et l'impact positif de nos initiatives sur le d\u00e9veloppement de nos b\u00e9n\u00e9ficiaires.<\/p>\t\t\t\t\t\t\t\t<\/div>\n\t\t\t\t<\/div>\n\t\t\t\t\t<\/div>\n\t\t<\/div>\n\t\t\t\t\t<\/div>\n\t\t<\/section>\n\t\t\t\t<section class=\"elementor-section elementor-top-section elementor-element elementor-element-100b6c9 elementor-hidden-desktop elementor-section-boxed elementor-section-height-default elementor-section-height-default\" data-id=\"100b6c9\" data-element_type=\"section\" data-e-type=\"section\" data-settings=\"{&quot;background_background&quot;:&quot;classic&quot;}\">\n\t\t\t\t\t\t<div class=\"elementor-container elementor-column-gap-default\">\n\t\t\t\t\t<div class=\"elementor-column elementor-col-33 elementor-top-column elementor-element elementor-element-db0be22 elementor-hidden-tablet elementor-hidden-mobile\" data-id=\"db0be22\" data-element_type=\"column\" data-e-type=\"column\">\n\t\t\t<div class=\"elementor-widget-wrap\">\n\t\t\t\t\t\t\t<\/div>\n\t\t<\/div>\n\t\t\t\t<div class=\"elementor-column elementor-col-33 elementor-top-column elementor-element elementor-element-c800de0\" data-id=\"c800de0\" data-element_type=\"column\" data-e-type=\"column\">\n\t\t\t<div class=\"elementor-widget-wrap elementor-element-populated\">\n\t\t\t\t\t\t<div class=\"elementor-element elementor-element-bab94f3 elementor-widget-tablet__width-initial elementor-widget__width-initial elementor-widget elementor-widget-heading\" data-id=\"bab94f3\" data-element_type=\"widget\" data-e-type=\"widget\" data-widget_type=\"heading.default\">\n\t\t\t\t<div class=\"elementor-widget-container\">\n\t\t\t\t\t<h2 class=\"elementor-heading-title elementor-size-default\"><a href=\"https:\/\/artejoven.org\/fr\/convocatorias\/\">Appels \u00e0 projets<\/a><\/h2>\t\t\t\t<\/div>\n\t\t\t\t<\/div>\n\t\t\t\t<div class=\"elementor-element elementor-element-6338646 elementor-widget__width-initial elementor-widget-tablet__width-initial elementor-widget elementor-widget-text-editor\" data-id=\"6338646\" data-element_type=\"widget\" data-e-type=\"widget\" data-widget_type=\"text-editor.default\">\n\t\t\t\t<div class=\"elementor-widget-container\">\n\t\t\t\t\t\t\t\t\t<p>D\u00e9couvrez les appels disponibles pour les jeunes artistes et les entreprises culturelles : soutien aux processus cr\u00e9atifs, possibilit\u00e9s de formation continue, mobilit\u00e9 acad\u00e9mique, et bien plus encore.<\/p>\t\t\t\t\t\t\t\t<\/div>\n\t\t\t\t<\/div>\n\t\t\t\t<div class=\"elementor-element elementor-element-e867fff elementor-flip-box--effect-fade elementor-widget elementor-widget-flip-box\" data-id=\"e867fff\" data-element_type=\"widget\" data-e-type=\"widget\" data-widget_type=\"flip-box.default\">\n\t\t\t\t<div class=\"elementor-widget-container\">\n\t\t\t\t\t\t\t<div class=\"elementor-flip-box\" tabindex=\"0\">\n\t\t\t<div class=\"elementor-flip-box__layer elementor-flip-box__front\">\n\t\t\t\t<div class=\"elementor-flip-box__layer__overlay\">\n\t\t\t\t\t<div class=\"elementor-flip-box__layer__inner\">\n\t\t\t\t\t\t\n\t\t\t\t\t\t\n\t\t\t\t\t\t\t\t\t\t\t<\/div>\n\t\t\t\t<\/div>\n\t\t\t<\/div>\n\t\t\t<a class=\"elementor-flip-box__layer elementor-flip-box__back\" href=\"https:\/\/artejoven.org\/fr\/convocatorias\/\">\n\t\t\t<div class=\"elementor-flip-box__layer__overlay\">\n\t\t\t\t<div class=\"elementor-flip-box__layer__inner\">\n\t\t\t\t\t\t\t\t\t\t\t<h3 class=\"elementor-flip-box__layer__title\">\n\t\t\t\t\t\t\tEn savoir plus\t\t\t\t\t\t<\/h3>\n\t\t\t\t\t\n\t\t\t\t\t\n\t\t\t\t\t\t\t\t<\/div>\n\t\t<\/div>\n\t\t<\/a>\n\t\t<\/div>\n\t\t\t\t\t\t<\/div>\n\t\t\t\t<\/div>\n\t\t\t\t\t<\/div>\n\t\t<\/div>\n\t\t\t\t<div class=\"elementor-column elementor-col-33 elementor-top-column elementor-element elementor-element-0dffeba elementor-hidden-tablet\" data-id=\"0dffeba\" data-element_type=\"column\" data-e-type=\"column\">\n\t\t\t<div class=\"elementor-widget-wrap elementor-element-populated\">\n\t\t\t\t\t\t<div class=\"elementor-element elementor-element-977fab1 elementor-widget-tablet__width-initial elementor-widget__width-initial elementor-widget elementor-widget-heading\" data-id=\"977fab1\" data-element_type=\"widget\" data-e-type=\"widget\" data-widget_type=\"heading.default\">\n\t\t\t\t<div class=\"elementor-widget-container\">\n\t\t\t\t\t<h2 class=\"elementor-heading-title elementor-size-default\"><a href=\"https:\/\/artejoven.org\/fr\/beneficiarios\/\">B\u00e9n\u00e9ficiaires<\/a><\/h2>\t\t\t\t<\/div>\n\t\t\t\t<\/div>\n\t\t\t\t<div class=\"elementor-element elementor-element-76d58fe elementor-widget__width-initial elementor-widget-tablet__width-initial elementor-widget elementor-widget-text-editor\" data-id=\"76d58fe\" data-element_type=\"widget\" data-e-type=\"widget\" data-widget_type=\"text-editor.default\">\n\t\t\t\t<div class=\"elementor-widget-container\">\n\t\t\t\t\t\t\t\t\t<p>Rencontrez chaque artiste et entreprise culturelle que nous soutenons. D\u00e9couvrez notre travail et l'impact positif de nos initiatives sur le d\u00e9veloppement de nos b\u00e9n\u00e9ficiaires.<\/p>\t\t\t\t\t\t\t\t<\/div>\n\t\t\t\t<\/div>\n\t\t\t\t<div class=\"elementor-element elementor-element-1035bef elementor-flip-box--effect-fade elementor-widget elementor-widget-flip-box\" data-id=\"1035bef\" data-element_type=\"widget\" data-e-type=\"widget\" data-widget_type=\"flip-box.default\">\n\t\t\t\t<div class=\"elementor-widget-container\">\n\t\t\t\t\t\t\t<div class=\"elementor-flip-box\" tabindex=\"0\">\n\t\t\t<div class=\"elementor-flip-box__layer elementor-flip-box__front\">\n\t\t\t\t<div class=\"elementor-flip-box__layer__overlay\">\n\t\t\t\t\t<div class=\"elementor-flip-box__layer__inner\">\n\t\t\t\t\t\t\n\t\t\t\t\t\t\n\t\t\t\t\t\t\t\t\t\t\t<\/div>\n\t\t\t\t<\/div>\n\t\t\t<\/div>\n\t\t\t<a class=\"elementor-flip-box__layer elementor-flip-box__back\" href=\"https:\/\/artejoven.org\/fr\/beneficiarios\/\">\n\t\t\t<div class=\"elementor-flip-box__layer__overlay\">\n\t\t\t\t<div class=\"elementor-flip-box__layer__inner\">\n\t\t\t\t\t\t\t\t\t\t\t<h3 class=\"elementor-flip-box__layer__title\">\n\t\t\t\t\t\t\tEn savoir plus\t\t\t\t\t\t<\/h3>\n\t\t\t\t\t\n\t\t\t\t\t\n\t\t\t\t\t\t\t\t<\/div>\n\t\t<\/div>\n\t\t<\/a>\n\t\t<\/div>\n\t\t\t\t\t\t<\/div>\n\t\t\t\t<\/div>\n\t\t\t\t\t<\/div>\n\t\t<\/div>\n\t\t\t\t\t<\/div>\n\t\t<\/section>\n\t\t\t\t<section class=\"elementor-section elementor-top-section elementor-element elementor-element-5f50c4c elementor-section-boxed elementor-section-height-default elementor-section-height-default\" data-id=\"5f50c4c\" data-element_type=\"section\" data-e-type=\"section\" data-settings=\"{&quot;background_background&quot;:&quot;classic&quot;}\">\n\t\t\t\t\t\t<div class=\"elementor-container elementor-column-gap-default\">\n\t\t\t\t\t<div class=\"elementor-column elementor-col-50 elementor-top-column elementor-element elementor-element-f04e9a2 elementor-hidden-tablet elementor-hidden-mobile\" data-id=\"f04e9a2\" data-element_type=\"column\" data-e-type=\"column\">\n\t\t\t<div class=\"elementor-widget-wrap\">\n\t\t\t\t\t\t\t<\/div>\n\t\t<\/div>\n\t\t\t\t<div class=\"elementor-column elementor-col-50 elementor-top-column elementor-element elementor-element-3a8cb72\" data-id=\"3a8cb72\" data-element_type=\"column\" data-e-type=\"column\" data-settings=\"{&quot;background_background&quot;:&quot;classic&quot;}\">\n\t\t\t<div class=\"elementor-widget-wrap elementor-element-populated\">\n\t\t\t\t\t\t<section class=\"elementor-section elementor-inner-section elementor-element elementor-element-290d3fc elementor-section-boxed elementor-section-height-default elementor-section-height-default\" data-id=\"290d3fc\" data-element_type=\"section\" data-e-type=\"section\">\n\t\t\t\t\t\t<div class=\"elementor-container elementor-column-gap-default\">\n\t\t\t\t\t<div class=\"elementor-column elementor-col-33 elementor-inner-column elementor-element elementor-element-5782668\" data-id=\"5782668\" data-element_type=\"column\" data-e-type=\"column\">\n\t\t\t<div class=\"elementor-widget-wrap elementor-element-populated\">\n\t\t\t\t\t\t<div class=\"elementor-element elementor-element-a6dffdb elementor-widget elementor-widget-image\" data-id=\"a6dffdb\" data-element_type=\"widget\" data-e-type=\"widget\" data-widget_type=\"image.default\">\n\t\t\t\t<div class=\"elementor-widget-container\">\n\t\t\t\t\t\t\t\t\t\t\t\t\t\t\t\t<a href=\"https:\/\/www.eeas.europa.eu\/cuba\/quienes-somos_es?s=136&#038;page_lang=es\" target=\"_blank\">\n\t\t\t\t\t\t\t<img loading=\"lazy\" decoding=\"async\" width=\"720\" height=\"645\" src=\"https:\/\/artejoven.org\/wp-content\/uploads\/2023\/04\/Logos-07-1.png\" class=\"elementor-animation-grow attachment-large size-large wp-image-1172\" alt=\"Union europ\u00e9enne\" \/>\t\t\t\t\t\t\t\t<\/a>\n\t\t\t\t\t\t\t\t\t\t\t\t\t\t\t<\/div>\n\t\t\t\t<\/div>\n\t\t\t\t\t<\/div>\n\t\t<\/div>\n\t\t\t\t<div class=\"elementor-column elementor-col-33 elementor-inner-column elementor-element elementor-element-08168ff\" data-id=\"08168ff\" data-element_type=\"column\" data-e-type=\"column\">\n\t\t\t<div class=\"elementor-widget-wrap elementor-element-populated\">\n\t\t\t\t\t\t<div class=\"elementor-element elementor-element-a7a50a1 elementor-widget elementor-widget-image\" data-id=\"a7a50a1\" data-element_type=\"widget\" data-e-type=\"widget\" data-widget_type=\"image.default\">\n\t\t\t\t<div class=\"elementor-widget-container\">\n\t\t\t\t\t\t\t\t\t\t\t\t\t\t\t\t<a href=\"https:\/\/developmentofpeoples.org\/\" target=\"_blank\">\n\t\t\t\t\t\t\t<img loading=\"lazy\" decoding=\"async\" width=\"720\" height=\"282\" src=\"https:\/\/artejoven.org\/wp-content\/uploads\/2023\/04\/Logos-05-1.png\" class=\"elementor-animation-grow attachment-large size-large wp-image-1174\" alt=\"CISP\" \/>\t\t\t\t\t\t\t\t<\/a>\n\t\t\t\t\t\t\t\t\t\t\t\t\t\t\t<\/div>\n\t\t\t\t<\/div>\n\t\t\t\t\t<\/div>\n\t\t<\/div>\n\t\t\t\t<div class=\"elementor-column elementor-col-33 elementor-inner-column elementor-element elementor-element-b2e7f43\" data-id=\"b2e7f43\" data-element_type=\"column\" data-e-type=\"column\">\n\t\t\t<div class=\"elementor-widget-wrap elementor-element-populated\">\n\t\t\t\t\t\t<div class=\"elementor-element elementor-element-3c092a5 elementor-widget__width-initial elementor-widget elementor-widget-image\" data-id=\"3c092a5\" data-element_type=\"widget\" data-e-type=\"widget\" data-widget_type=\"image.default\">\n\t\t\t\t<div class=\"elementor-widget-container\">\n\t\t\t\t\t\t\t\t\t\t\t\t\t\t\t\t<a href=\"https:\/\/www.facebook.com\/practicasculturalesencuba?mibextid=ZbWKwL\" target=\"_blank\">\n\t\t\t\t\t\t\t<img loading=\"lazy\" decoding=\"async\" width=\"704\" height=\"598\" src=\"https:\/\/artejoven.org\/wp-content\/uploads\/2025\/03\/CIERIC-png.webp\" class=\"elementor-animation-grow attachment-large size-large wp-image-8969\" alt=\"CIERIC\" srcset=\"https:\/\/artejoven.org\/wp-content\/uploads\/2025\/03\/CIERIC-png.webp 704w, https:\/\/artejoven.org\/wp-content\/uploads\/2025\/03\/CIERIC-300x255.webp 300w, https:\/\/artejoven.org\/wp-content\/uploads\/2025\/03\/CIERIC-14x12.webp 14w\" sizes=\"(max-width: 704px) 100vw, 704px\" \/>\t\t\t\t\t\t\t\t<\/a>\n\t\t\t\t\t\t\t\t\t\t\t\t\t\t\t<\/div>\n\t\t\t\t<\/div>\n\t\t\t\t\t<\/div>\n\t\t<\/div>\n\t\t\t\t\t<\/div>\n\t\t<\/section>\n\t\t\t\t<section class=\"elementor-section elementor-inner-section elementor-element elementor-element-c338409 elementor-hidden-desktop elementor-hidden-tablet elementor-hidden-mobile elementor-section-boxed elementor-section-height-default elementor-section-height-default\" data-id=\"c338409\" data-element_type=\"section\" data-e-type=\"section\">\n\t\t\t\t\t\t<div class=\"elementor-container elementor-column-gap-default\">\n\t\t\t\t\t<div class=\"elementor-column elementor-col-50 elementor-inner-column elementor-element elementor-element-d79d025 elementor-hidden-desktop elementor-hidden-tablet elementor-hidden-mobile\" data-id=\"d79d025\" data-element_type=\"column\" data-e-type=\"column\">\n\t\t\t<div class=\"elementor-widget-wrap elementor-element-populated\">\n\t\t\t\t\t\t<div class=\"elementor-element elementor-element-8c47cd3 elementor-widget elementor-widget-image\" data-id=\"8c47cd3\" data-element_type=\"widget\" data-e-type=\"widget\" data-widget_type=\"image.default\">\n\t\t\t\t<div class=\"elementor-widget-container\">\n\t\t\t\t\t\t\t\t\t\t\t\t\t\t\t<img loading=\"lazy\" decoding=\"async\" width=\"720\" height=\"546\" src=\"https:\/\/artejoven.org\/wp-content\/uploads\/2025\/01\/Zonas-Creativas-1024x776.webp\" class=\"elementor-animation-grow attachment-large size-large wp-image-8597\" alt=\"Zones de cr\u00e9ativit\u00e9\" srcset=\"https:\/\/artejoven.org\/wp-content\/uploads\/2025\/01\/Zonas-Creativas-1024x776.webp 1024w, https:\/\/artejoven.org\/wp-content\/uploads\/2025\/01\/Zonas-Creativas-300x227.webp 300w, https:\/\/artejoven.org\/wp-content\/uploads\/2025\/01\/Zonas-Creativas-768x582.webp 768w, https:\/\/artejoven.org\/wp-content\/uploads\/2025\/01\/Zonas-Creativas-1536x1164.webp 1536w, https:\/\/artejoven.org\/wp-content\/uploads\/2025\/01\/Zonas-Creativas-2048x1553.webp 2048w, https:\/\/artejoven.org\/wp-content\/uploads\/2025\/01\/Zonas-Creativas-16x12.webp 16w\" sizes=\"(max-width: 720px) 100vw, 720px\" \/>\t\t\t\t\t\t\t\t\t\t\t\t\t\t\t<\/div>\n\t\t\t\t<\/div>\n\t\t\t\t\t<\/div>\n\t\t<\/div>\n\t\t\t\t<div class=\"elementor-column elementor-col-50 elementor-inner-column elementor-element elementor-element-99b6140 elementor-hidden-desktop elementor-hidden-tablet elementor-hidden-mobile\" data-id=\"99b6140\" data-element_type=\"column\" data-e-type=\"column\">\n\t\t\t<div class=\"elementor-widget-wrap elementor-element-populated\">\n\t\t\t\t\t\t<div class=\"elementor-element elementor-element-ecd5a77 elementor-widget elementor-widget-image\" data-id=\"ecd5a77\" data-element_type=\"widget\" data-e-type=\"widget\" data-widget_type=\"image.default\">\n\t\t\t\t<div class=\"elementor-widget-container\">\n\t\t\t\t\t\t\t\t\t\t\t\t\t\t\t\t<a href=\"https:\/\/www.habanaclasica.com\/\" target=\"_blank\">\n\t\t\t\t\t\t\t<img loading=\"lazy\" decoding=\"async\" width=\"294\" height=\"235\" src=\"https:\/\/artejoven.org\/wp-content\/uploads\/2025\/04\/Zonas-Creativas-Centro-Habana-png.webp\" class=\"elementor-animation-grow attachment-large size-large wp-image-9287\" alt=\"Zones cr\u00e9atives Centre de la Havane\" srcset=\"https:\/\/artejoven.org\/wp-content\/uploads\/2025\/04\/Zonas-Creativas-Centro-Habana-png.webp 294w, https:\/\/artejoven.org\/wp-content\/uploads\/2025\/04\/Zonas-Creativas-Centro-Habana-15x12.webp 15w\" sizes=\"(max-width: 294px) 100vw, 294px\" \/>\t\t\t\t\t\t\t\t<\/a>\n\t\t\t\t\t\t\t\t\t\t\t\t\t\t\t<\/div>\n\t\t\t\t<\/div>\n\t\t\t\t\t<\/div>\n\t\t<\/div>\n\t\t\t\t\t<\/div>\n\t\t<\/section>\n\t\t\t\t\t<\/div>\n\t\t<\/div>\n\t\t\t\t\t<\/div>\n\t\t<\/section>\n\t\t\t\t<section class=\"elementor-section elementor-top-section elementor-element elementor-element-16a6d8d elementor-section-boxed elementor-section-height-default elementor-section-height-default\" data-id=\"16a6d8d\" data-element_type=\"section\" data-e-type=\"section\" data-settings=\"{&quot;background_background&quot;:&quot;classic&quot;}\">\n\t\t\t\t\t\t<div class=\"elementor-container elementor-column-gap-default\">\n\t\t\t\t\t<div class=\"elementor-column elementor-col-50 elementor-top-column elementor-element elementor-element-5a69001 elementor-hidden-tablet elementor-hidden-mobile\" data-id=\"5a69001\" data-element_type=\"column\" data-e-type=\"column\">\n\t\t\t<div class=\"elementor-widget-wrap\">\n\t\t\t\t\t\t\t<\/div>\n\t\t<\/div>\n\t\t\t\t<div class=\"elementor-column elementor-col-50 elementor-top-column elementor-element elementor-element-46c5e61\" data-id=\"46c5e61\" data-element_type=\"column\" data-e-type=\"column\" data-settings=\"{&quot;background_background&quot;:&quot;classic&quot;}\">\n\t\t\t<div class=\"elementor-widget-wrap elementor-element-populated\">\n\t\t\t\t\t\t<section class=\"elementor-section elementor-inner-section elementor-element elementor-element-15d8bd6 elementor-section-boxed elementor-section-height-default elementor-section-height-default\" data-id=\"15d8bd6\" data-element_type=\"section\" data-e-type=\"section\">\n\t\t\t\t\t\t<div class=\"elementor-container elementor-column-gap-default\">\n\t\t\t\t\t<div class=\"elementor-column elementor-col-50 elementor-inner-column elementor-element elementor-element-db37b63\" data-id=\"db37b63\" data-element_type=\"column\" data-e-type=\"column\">\n\t\t\t<div class=\"elementor-widget-wrap elementor-element-populated\">\n\t\t\t\t\t\t<div class=\"elementor-element elementor-element-e72d898 elementor-widget elementor-widget-heading\" data-id=\"e72d898\" data-element_type=\"widget\" data-e-type=\"widget\" data-widget_type=\"heading.default\">\n\t\t\t\t<div class=\"elementor-widget-container\">\n\t\t\t\t\t<h2 class=\"elementor-heading-title elementor-size-default\">Comment collaborer ou s'associer ?<\/h2>\t\t\t\t<\/div>\n\t\t\t\t<\/div>\n\t\t\t\t\t<\/div>\n\t\t<\/div>\n\t\t\t\t<div class=\"elementor-column elementor-col-50 elementor-inner-column elementor-element elementor-element-003f929\" data-id=\"003f929\" data-element_type=\"column\" data-e-type=\"column\">\n\t\t\t<div class=\"elementor-widget-wrap elementor-element-populated\">\n\t\t\t\t\t\t<div class=\"elementor-element elementor-element-21cbf7f elementor-widget-tablet__width-initial elementor-widget elementor-widget-text-editor\" data-id=\"21cbf7f\" data-element_type=\"widget\" data-e-type=\"widget\" data-widget_type=\"text-editor.default\">\n\t\t\t\t<div class=\"elementor-widget-container\">\n\t\t\t\t\t\t\t\t\t<p>Si vous souhaitez collaborer \u00e0 titre individuel ou par l'interm\u00e9diaire d'un projet, d'une organisation ou d'une entreprise partenaire, veuillez nous contacter \u00e0 l'adresse suivante\u00a0<span style=\"text-decoration: underline;\"><a href=\"mailto:info@artejoven.org\">notre adresse \u00e9lectronique<\/a><\/span>.<\/p><p>Les modalit\u00e9s de collaboration sont flexibles, tout comme les contributions qui soutiennent op\u00e9rationnellement et financi\u00e8rement notre syst\u00e8me d'appels \u00e0 propositions. Il peut s'agir de prix, d'expositions dans des espaces artistiques \u00e0 l'int\u00e9rieur et \u00e0 l'ext\u00e9rieur de Cuba, de dons d'instruments de musique et d'\u00e9quipements techniques, de programmes de r\u00e9sidences artistiques nationales ou internationales, de publications, de mobilit\u00e9 acad\u00e9mique, de promotion et d'autres formes de soutien aux processus et aux projets cr\u00e9atifs.<\/p><p>Par cons\u00e9quent, nous assurons la vitalit\u00e9 de notre strat\u00e9gie de communication en l\u00e9gitimant notre plateforme en tant que d\u00e9positaire de valeurs l\u00e9gitimes sur lesquelles s'appuyer en termes de responsabilit\u00e9 sociale des entreprises.<\/p>\t\t\t\t\t\t\t\t<\/div>\n\t\t\t\t<\/div>\n\t\t\t\t\t<\/div>\n\t\t<\/div>\n\t\t\t\t\t<\/div>\n\t\t<\/section>\n\t\t\t\t\t<\/div>\n\t\t<\/div>\n\t\t\t\t\t<\/div>\n\t\t<\/section>\n\t\t\t\t<\/div>","protected":false},"excerpt":{"rendered":"<p>Nous sommes une plateforme culturelle qui soutient et promeut l'art cubain \u00e9mergent et les entreprises culturelles qui r\u00e9alisent leurs projets cr\u00e9atifs \u00e0 partir de Cuba.<\/p>","protected":false},"author":1,"featured_media":1812,"parent":0,"menu_order":0,"comment_status":"closed","ping_status":"closed","template":"","meta":{"_acf_changed":false,"footnotes":"","_links_to":"","_links_to_target":""},"categories":[],"tags":[],"class_list":["post-12","page","type-page","status-publish","has-post-thumbnail","hentry","post","post-with-thumbnail","post-with-thumbnail-large"],"acf":[],"aioseo_notices":[],"jetpack-related-posts":[{"id":8933,"url":"https:\/\/artejoven.org\/fr\/beneficiarios\/mai-mai\/","url_meta":{"origin":12,"position":0},"title":"Mai Mai","author":"Ren\u00e9 Manuel Puig","date":"24 de f\u00e9vrier de 2025","format":false,"excerpt":"Mai Mai, m\u00e8re d'artistes et de cr\u00e9ateurs, est une marque cubaine de v\u00eatements et un projet artistique qui fusionne la cr\u00e9ation et l'art jeune avec le monde de la mode.","rel":"","context":"Dans &quot;Beneficiarios&quot;","block_context":{"text":"Beneficiarios","link":"https:\/\/artejoven.org\/fr\/category\/beneficiarios\/"},"img":{"alt_text":"Mai Mai","src":"https:\/\/i0.wp.com\/artejoven.org\/wp-content\/uploads\/2025\/02\/Mai-Mai.webp?resize=350%2C200&ssl=1","width":350,"height":200,"srcset":"https:\/\/i0.wp.com\/artejoven.org\/wp-content\/uploads\/2025\/02\/Mai-Mai.webp?resize=350%2C200&ssl=1 1x, https:\/\/i0.wp.com\/artejoven.org\/wp-content\/uploads\/2025\/02\/Mai-Mai.webp?resize=525%2C300&ssl=1 1.5x"},"classes":[]},{"id":1241,"url":"#element","url_meta":{"origin":12,"position":1},"title":"Vision","author":"Ren\u00e9 Manuel Puig","date":"18 de avril de 2023","format":false,"excerpt":"Nous nous effor\u00e7ons de devenir la principale plateforme culturelle soutenant l'art \u00e9mergent, en cr\u00e9ant un espace inclusif et dynamique o\u00f9 les jeunes artistes et les entreprises culturelles du Sud peuvent explorer, exp\u00e9rimenter et exprimer leur cr\u00e9ativit\u00e9. Notre vision est de favoriser un \u00e9cosyst\u00e8me artistique qui non seulement c\u00e9l\u00e8bre la diversit\u00e9...","rel":"","context":"Article similaire","block_context":{"text":"Article similaire","link":""},"img":{"alt_text":"","src":"https:\/\/i0.wp.com\/artejoven.org\/wp-content\/uploads\/2025\/04\/Ensayos-Bellas-Artes-5.webp?resize=350%2C200&ssl=1","width":350,"height":200,"srcset":"https:\/\/i0.wp.com\/artejoven.org\/wp-content\/uploads\/2025\/04\/Ensayos-Bellas-Artes-5.webp?resize=350%2C200&ssl=1 1x, https:\/\/i0.wp.com\/artejoven.org\/wp-content\/uploads\/2025\/04\/Ensayos-Bellas-Artes-5.webp?resize=525%2C300&ssl=1 1.5x, https:\/\/i0.wp.com\/artejoven.org\/wp-content\/uploads\/2025\/04\/Ensayos-Bellas-Artes-5.webp?resize=700%2C400&ssl=1 2x, https:\/\/i0.wp.com\/artejoven.org\/wp-content\/uploads\/2025\/04\/Ensayos-Bellas-Artes-5.webp?resize=1050%2C600&ssl=1 3x, https:\/\/i0.wp.com\/artejoven.org\/wp-content\/uploads\/2025\/04\/Ensayos-Bellas-Artes-5.webp?resize=1400%2C800&ssl=1 4x"},"classes":[]},{"id":8904,"url":"https:\/\/artejoven.org\/fr\/beneficiarios\/ona-galeria\/","url_meta":{"origin":12,"position":2},"title":"Galerie ONA","author":"Ren\u00e9 Manuel Puig","date":"24 de f\u00e9vrier de 2025","format":false,"excerpt":"Collectif de commissaires d'exposition bas\u00e9 dans le studio-atelier du sculpteur et artiste Aramis Justiz, con\u00e7u pour la diffusion et la promotion d'artistes \u00e9mergents, ainsi que de l'art contemporain \u00e0 Cuba.","rel":"","context":"Dans &quot;Beneficiarios&quot;","block_context":{"text":"Beneficiarios","link":"https:\/\/artejoven.org\/fr\/category\/beneficiarios\/"},"img":{"alt_text":"ONA Galer\u00eda","src":"https:\/\/i0.wp.com\/artejoven.org\/wp-content\/uploads\/2025\/02\/ONA-Galeria.webp?resize=350%2C200&ssl=1","width":350,"height":200,"srcset":"https:\/\/i0.wp.com\/artejoven.org\/wp-content\/uploads\/2025\/02\/ONA-Galeria.webp?resize=350%2C200&ssl=1 1x, https:\/\/i0.wp.com\/artejoven.org\/wp-content\/uploads\/2025\/02\/ONA-Galeria.webp?resize=525%2C300&ssl=1 1.5x"},"classes":[]},{"id":6578,"url":"https:\/\/artejoven.org\/fr\/espacios-faj\/malayerba\/","url_meta":{"origin":12,"position":3},"title":"malaYerba","author":"Ren\u00e9 Manuel Puig","date":"11 de d\u00e9cembre de 2023","format":false,"excerpt":"Le concours d'arts visuels malaYerba a \u00e9t\u00e9 cr\u00e9\u00e9 en 2023 gr\u00e2ce \u00e0 la collaboration entre le Fondo de Arte Joven et la Fundaci\u00f3n Los Carbonell (Panama). Il vise \u00e0 soutenir les processus cr\u00e9atifs d'artistes cubains vivant \u00e0 Cuba.","rel":"","context":"Dans &quot;Espacios&quot;","block_context":{"text":"Espacios","link":"https:\/\/artejoven.org\/fr\/category\/espacios\/"},"img":{"alt_text":"malaYerba","src":"https:\/\/i0.wp.com\/artejoven.org\/wp-content\/uploads\/2024\/07\/malaYerba-Segunda-Convocatoria-1-jpg.webp?resize=350%2C200&ssl=1","width":350,"height":200,"srcset":"https:\/\/i0.wp.com\/artejoven.org\/wp-content\/uploads\/2024\/07\/malaYerba-Segunda-Convocatoria-1-jpg.webp?resize=350%2C200&ssl=1 1x, https:\/\/i0.wp.com\/artejoven.org\/wp-content\/uploads\/2024\/07\/malaYerba-Segunda-Convocatoria-1-jpg.webp?resize=525%2C300&ssl=1 1.5x, https:\/\/i0.wp.com\/artejoven.org\/wp-content\/uploads\/2024\/07\/malaYerba-Segunda-Convocatoria-1-jpg.webp?resize=700%2C400&ssl=1 2x, https:\/\/i0.wp.com\/artejoven.org\/wp-content\/uploads\/2024\/07\/malaYerba-Segunda-Convocatoria-1-jpg.webp?resize=1050%2C600&ssl=1 3x, https:\/\/i0.wp.com\/artejoven.org\/wp-content\/uploads\/2024\/07\/malaYerba-Segunda-Convocatoria-1-jpg.webp?resize=1400%2C800&ssl=1 4x"},"classes":[]},{"id":4962,"url":"https:\/\/artejoven.org\/fr\/espacios-faj\/","url_meta":{"origin":12,"position":4},"title":"Espaces FAJ","author":"Ren\u00e9 Manuel Puig","date":"23 de ao\u00fbt de 2023","format":false,"excerpt":"Dans le but de favoriser l'\u00e9mergence d'espaces de r\u00e9f\u00e9rence pour la cr\u00e9ation et la promotion de l'art contemporain cubain, le Fondo de Arte Joven (FAJ) collabore syst\u00e9matiquement avec des organisations et des institutions publiques et priv\u00e9es.","rel":"","context":"Dans &quot;Espacios&quot;","block_context":{"text":"Espacios","link":"https:\/\/artejoven.org\/fr\/category\/espacios\/"},"img":{"alt_text":"Fondo de Arte Joven","src":"https:\/\/i0.wp.com\/artejoven.org\/wp-content\/uploads\/2023\/06\/Fondo-de-Arte-Joven.jpg?resize=350%2C200&ssl=1","width":350,"height":200,"srcset":"https:\/\/i0.wp.com\/artejoven.org\/wp-content\/uploads\/2023\/06\/Fondo-de-Arte-Joven.jpg?resize=350%2C200&ssl=1 1x, https:\/\/i0.wp.com\/artejoven.org\/wp-content\/uploads\/2023\/06\/Fondo-de-Arte-Joven.jpg?resize=525%2C300&ssl=1 1.5x, https:\/\/i0.wp.com\/artejoven.org\/wp-content\/uploads\/2023\/06\/Fondo-de-Arte-Joven.jpg?resize=700%2C400&ssl=1 2x"},"classes":[]},{"id":3072,"url":"https:\/\/artejoven.org\/fr\/beneficiarios\/la-jeringa-una-inyeccion-de-arte-y-cultura\/","url_meta":{"origin":12,"position":5},"title":"La Jeringa, une injection d'art et de culture\u00a0","author":"Ren\u00e9 Manuel Puig","date":"18 de mai de 2023","format":false,"excerpt":"\u00c0 La Havane depuis 2020. Il s'agit d'un projet visant \u00e0 promouvoir l'art et la culture par et pour les jeunes Cubains.","rel":"","context":"Dans &quot;Beneficiarios&quot;","block_context":{"text":"Beneficiarios","link":"https:\/\/artejoven.org\/fr\/category\/beneficiarios\/"},"img":{"alt_text":"La Jeringa","src":"https:\/\/i0.wp.com\/artejoven.org\/wp-content\/uploads\/2023\/06\/La-Jeringa-jpg.webp?resize=350%2C200&ssl=1","width":350,"height":200},"classes":[]}],"jetpack_sharing_enabled":true,"_links":{"self":[{"href":"https:\/\/artejoven.org\/fr\/wp-json\/wp\/v2\/pages\/12","targetHints":{"allow":["GET"]}}],"collection":[{"href":"https:\/\/artejoven.org\/fr\/wp-json\/wp\/v2\/pages"}],"about":[{"href":"https:\/\/artejoven.org\/fr\/wp-json\/wp\/v2\/types\/page"}],"author":[{"embeddable":true,"href":"https:\/\/artejoven.org\/fr\/wp-json\/wp\/v2\/users\/1"}],"replies":[{"embeddable":true,"href":"https:\/\/artejoven.org\/fr\/wp-json\/wp\/v2\/comments?post=12"}],"version-history":[{"count":0,"href":"https:\/\/artejoven.org\/fr\/wp-json\/wp\/v2\/pages\/12\/revisions"}],"wp:featuredmedia":[{"embeddable":true,"href":"https:\/\/artejoven.org\/fr\/wp-json\/wp\/v2\/media\/1812"}],"wp:attachment":[{"href":"https:\/\/artejoven.org\/fr\/wp-json\/wp\/v2\/media?parent=12"}],"wp:term":[{"taxonomy":"category","embeddable":true,"href":"https:\/\/artejoven.org\/fr\/wp-json\/wp\/v2\/categories?post=12"},{"taxonomy":"post_tag","embeddable":true,"href":"https:\/\/artejoven.org\/fr\/wp-json\/wp\/v2\/tags?post=12"}],"curies":[{"name":"wp","href":"https:\/\/api.w.org\/{rel}","templated":true}]}}