{"id":2807,"date":"2023-05-11T22:14:14","date_gmt":"2023-05-12T02:14:14","guid":{"rendered":"https:\/\/artejoven.org\/?page_id=2807"},"modified":"2023-09-01T12:14:54","modified_gmt":"2023-09-01T16:14:54","slug":"alejandro-mendoza","status":"publish","type":"page","link":"https:\/\/artejoven.org\/fr\/beneficiarios\/alejandro-mendoza\/","title":{"rendered":"Alejandro Mendoza"},"content":{"rendered":"","protected":false},"excerpt":{"rendered":"<p>Alejandro Mendoza Castro (Artemisa, 2000) est un saxophoniste qui a commenc\u00e9 ses \u00e9tudes en 2010 \u00e0 l'Escuela Vocacional de Arte de la municipalit\u00e9 de Quivican, dans sa province natale.<\/p>","protected":false},"author":1,"featured_media":2809,"parent":931,"menu_order":0,"comment_status":"closed","ping_status":"closed","template":"","meta":{"_acf_changed":false,"footnotes":"","_links_to":"","_links_to_target":""},"categories":[13,31],"tags":[25,57],"class_list":["post-2807","page","type-page","status-publish","has-post-thumbnail","hentry","category-beneficiarios","category-musica-beneficiarios","tag-25","tag-primer-programa","post","post-with-thumbnail","post-with-thumbnail-large"],"acf":[],"aioseo_notices":[],"jetpack-related-posts":[{"id":931,"url":"https:\/\/artejoven.org\/fr\/beneficiarios\/","url_meta":{"origin":2807,"position":0},"title":"B\u00e9n\u00e9ficiaires","author":"Ren\u00e9 Manuel Puig","date":"17 de avril de 2023","format":false,"excerpt":"Rencontrez les b\u00e9n\u00e9ficiaires. Chaque artiste ou entreprise culturelle que le Fondo de Arte Joven a soutenu.","rel":"","context":"Article similaire","block_context":{"text":"Article similaire","link":""},"img":{"alt_text":"Fondo de Arte Joven","src":"https:\/\/i0.wp.com\/artejoven.org\/wp-content\/uploads\/2023\/06\/Fondo-de-Arte-Joven.jpg?resize=350%2C200&ssl=1","width":350,"height":200,"srcset":"https:\/\/i0.wp.com\/artejoven.org\/wp-content\/uploads\/2023\/06\/Fondo-de-Arte-Joven.jpg?resize=350%2C200&ssl=1 1x, https:\/\/i0.wp.com\/artejoven.org\/wp-content\/uploads\/2023\/06\/Fondo-de-Arte-Joven.jpg?resize=525%2C300&ssl=1 1.5x, https:\/\/i0.wp.com\/artejoven.org\/wp-content\/uploads\/2023\/06\/Fondo-de-Arte-Joven.jpg?resize=700%2C400&ssl=1 2x"},"classes":[]},{"id":7732,"url":"#element","url_meta":{"origin":2807,"position":1},"title":"Alejandro G\u00f3mez Cangas","author":"Ren\u00e9 Manuel Puig","date":"15 de juillet de 2024","format":false,"excerpt":"Artiste plasticienne (Villa Clara, Cuba, 1986)","rel":"","context":"Dans &quot;Jurados&quot;","block_context":{"text":"Jurados","link":"https:\/\/artejoven.org\/fr\/category\/jurados\/"},"img":{"alt_text":"","src":"https:\/\/i0.wp.com\/artejoven.org\/wp-content\/uploads\/2024\/07\/Alejandro-Gomez-Cangas-jpg.webp?resize=350%2C200&ssl=1","width":350,"height":200},"classes":[]},{"id":9769,"url":"#","url_meta":{"origin":2807,"position":2},"title":"Alejandro Rojas Blaquier","author":"Ren\u00e9 Manuel Puig","date":"28 de ao\u00fbt de 2025","format":false,"excerpt":"Licence en \u00e9ducation et ma\u00eetrise en d\u00e9veloppement culturel (La Havane, 1960)","rel":"","context":"Dans &quot;Jurados&quot;","block_context":{"text":"Jurados","link":"https:\/\/artejoven.org\/fr\/category\/jurados\/"},"img":{"alt_text":"","src":"https:\/\/i0.wp.com\/artejoven.org\/wp-content\/uploads\/2025\/08\/Alejandro-Rojas-Blaquier.webp?resize=350%2C200&ssl=1","width":350,"height":200},"classes":[]},{"id":8799,"url":"https:\/\/artejoven.org\/fr\/beneficiarios\/alejandro-sanchez-veliz\/","url_meta":{"origin":2807,"position":3},"title":"Alejandro S\u00e1nchez Veliz","author":"Ren\u00e9 Manuel Puig","date":"13 de f\u00e9vrier de 2025","format":false,"excerpt":"(Villa Clara, 2006) \u00c9tudiante en clarinette \u00e0 l'\u00c9cole nationale de musique de La Havane.","rel":"","context":"Dans &quot;Beneficiarios&quot;","block_context":{"text":"Beneficiarios","link":"https:\/\/artejoven.org\/fr\/category\/beneficiarios\/"},"img":{"alt_text":"Alejandro S\u00e1nchez Veliz","src":"https:\/\/i0.wp.com\/artejoven.org\/wp-content\/uploads\/2025\/02\/Alejandro-Sanchez-Veliz.webp?resize=350%2C200&ssl=1","width":350,"height":200,"srcset":"https:\/\/i0.wp.com\/artejoven.org\/wp-content\/uploads\/2025\/02\/Alejandro-Sanchez-Veliz.webp?resize=350%2C200&ssl=1 1x, https:\/\/i0.wp.com\/artejoven.org\/wp-content\/uploads\/2025\/02\/Alejandro-Sanchez-Veliz.webp?resize=525%2C300&ssl=1 1.5x"},"classes":[]},{"id":5643,"url":"https:\/\/artejoven.org\/fr\/beneficiarios\/alejandro-coqui-calzadilla\/","url_meta":{"origin":2807,"position":4},"title":"Alejandro (Coqui) Calzadilla","author":"Ren\u00e9 Manuel Puig","date":"11 de septembre de 2023","format":false,"excerpt":"Alejandro (Coqui) Calzadilla (Leningrad, 1988) est clarinettiste, saxophoniste, professeur, arrangeur et compositeur, dipl\u00f4m\u00e9 de l'Universit\u00e9 des arts (ISA) avec un dipl\u00f4me d'or dans la chaire du Maestro Vicente Monterrey (2012).","rel":"","context":"Dans &quot;Beneficiarios&quot;","block_context":{"text":"Beneficiarios","link":"https:\/\/artejoven.org\/fr\/category\/beneficiarios\/"},"img":{"alt_text":"Coqui Calzadilla","src":"https:\/\/i0.wp.com\/artejoven.org\/wp-content\/uploads\/2023\/09\/Coqui-Calzadilla-jpg.webp?resize=350%2C200&ssl=1","width":350,"height":200},"classes":[]},{"id":10572,"url":"https:\/\/artejoven.org\/fr\/beneficiarios\/diego-alejandro-abreu-gonzalez\/","url_meta":{"origin":2807,"position":5},"title":"Diego Alejandro Abreu Gonz\u00e1lez","author":"Ren\u00e9 Manuel Puig","date":"6 de mars de 2026","format":false,"excerpt":"(La Havane, 2007) Pianiste et compositeur au Conservatoire Amadeo Rold\u00e1n de La Havane, o\u00f9 il a \u00e9tudi\u00e9 sous la direction d'Aldo L\u00f3pez-Gavil\u00e1n.","rel":"","context":"Dans &quot;Beneficiarios&quot;","block_context":{"text":"Beneficiarios","link":"https:\/\/artejoven.org\/fr\/category\/beneficiarios\/"},"img":{"alt_text":"Diego Alejandro Abreu Gonz\u00e1lez","src":"https:\/\/i0.wp.com\/artejoven.org\/wp-content\/uploads\/2026\/03\/Diego-Alejandro-Abreu-Gonzalez.webp?resize=350%2C200&ssl=1","width":350,"height":200,"srcset":"https:\/\/i0.wp.com\/artejoven.org\/wp-content\/uploads\/2026\/03\/Diego-Alejandro-Abreu-Gonzalez.webp?resize=350%2C200&ssl=1 1x, https:\/\/i0.wp.com\/artejoven.org\/wp-content\/uploads\/2026\/03\/Diego-Alejandro-Abreu-Gonzalez.webp?resize=525%2C300&ssl=1 1.5x"},"classes":[]}],"jetpack_sharing_enabled":true,"_links":{"self":[{"href":"https:\/\/artejoven.org\/fr\/wp-json\/wp\/v2\/pages\/2807","targetHints":{"allow":["GET"]}}],"collection":[{"href":"https:\/\/artejoven.org\/fr\/wp-json\/wp\/v2\/pages"}],"about":[{"href":"https:\/\/artejoven.org\/fr\/wp-json\/wp\/v2\/types\/page"}],"author":[{"embeddable":true,"href":"https:\/\/artejoven.org\/fr\/wp-json\/wp\/v2\/users\/1"}],"replies":[{"embeddable":true,"href":"https:\/\/artejoven.org\/fr\/wp-json\/wp\/v2\/comments?post=2807"}],"version-history":[{"count":0,"href":"https:\/\/artejoven.org\/fr\/wp-json\/wp\/v2\/pages\/2807\/revisions"}],"up":[{"embeddable":true,"href":"https:\/\/artejoven.org\/fr\/wp-json\/wp\/v2\/pages\/931"}],"wp:featuredmedia":[{"embeddable":true,"href":"https:\/\/artejoven.org\/fr\/wp-json\/wp\/v2\/media\/2809"}],"wp:attachment":[{"href":"https:\/\/artejoven.org\/fr\/wp-json\/wp\/v2\/media?parent=2807"}],"wp:term":[{"taxonomy":"category","embeddable":true,"href":"https:\/\/artejoven.org\/fr\/wp-json\/wp\/v2\/categories?post=2807"},{"taxonomy":"post_tag","embeddable":true,"href":"https:\/\/artejoven.org\/fr\/wp-json\/wp\/v2\/tags?post=2807"}],"curies":[{"name":"wp","href":"https:\/\/api.w.org\/{rel}","templated":true}]}}