{"id":3056,"date":"2023-05-23T22:25:33","date_gmt":"2023-05-24T02:25:33","guid":{"rendered":"https:\/\/artejoven.org\/?page_id=3056"},"modified":"2023-09-01T12:17:38","modified_gmt":"2023-09-01T16:17:38","slug":"puzzle-reviews-of-young-art-iii","status":"publish","type":"page","link":"https:\/\/artejoven.org\/fr\/beneficiarios\/puzzle-repasos-al-arte-joven-iii\/","title":{"rendered":"Puzzle : Critiques de l'art jeune III\u00a0"},"content":{"rendered":"","protected":false},"excerpt":{"rendered":"<p>\u00c0 La Havane depuis 2019. Puzzle : Reviews of young art dans sa troisi\u00e8me \u00e9dition est le r\u00e9sultat d'une id\u00e9e qui traverse essentiellement tous les projets h\u00e9berg\u00e9s et promus par la galerie Taller Gorr\u00eda.<\/p>","protected":false},"author":1,"featured_media":3058,"parent":931,"menu_order":0,"comment_status":"closed","ping_status":"closed","template":"","meta":{"_acf_changed":false,"footnotes":"","_links_to":"","_links_to_target":""},"categories":[13,33],"tags":[25,57],"class_list":["post-3056","page","type-page","status-publish","has-post-thumbnail","hentry","category-beneficiarios","category-emprendimientos-beneficiarios","tag-25","tag-primer-programa","post","post-with-thumbnail","post-with-thumbnail-large"],"acf":[],"aioseo_notices":[],"jetpack-related-posts":[{"id":6578,"url":"https:\/\/artejoven.org\/fr\/espacios-faj\/malayerba\/","url_meta":{"origin":3056,"position":0},"title":"malaYerba","author":"Ren\u00e9 Manuel Puig","date":"11 de d\u00e9cembre de 2023","format":false,"excerpt":"Le concours d'arts visuels malaYerba a \u00e9t\u00e9 cr\u00e9\u00e9 en 2023 gr\u00e2ce \u00e0 la collaboration entre le Fondo de Arte Joven et la Fundaci\u00f3n Los Carbonell (Panama). Il vise \u00e0 soutenir les processus cr\u00e9atifs d'artistes cubains vivant \u00e0 Cuba.","rel":"","context":"Dans &quot;Espacios&quot;","block_context":{"text":"Espacios","link":"https:\/\/artejoven.org\/fr\/category\/espacios\/"},"img":{"alt_text":"malaYerba","src":"https:\/\/i0.wp.com\/artejoven.org\/wp-content\/uploads\/2024\/07\/malaYerba-Segunda-Convocatoria-1-jpg.webp?resize=350%2C200&ssl=1","width":350,"height":200,"srcset":"https:\/\/i0.wp.com\/artejoven.org\/wp-content\/uploads\/2024\/07\/malaYerba-Segunda-Convocatoria-1-jpg.webp?resize=350%2C200&ssl=1 1x, https:\/\/i0.wp.com\/artejoven.org\/wp-content\/uploads\/2024\/07\/malaYerba-Segunda-Convocatoria-1-jpg.webp?resize=525%2C300&ssl=1 1.5x, https:\/\/i0.wp.com\/artejoven.org\/wp-content\/uploads\/2024\/07\/malaYerba-Segunda-Convocatoria-1-jpg.webp?resize=700%2C400&ssl=1 2x, https:\/\/i0.wp.com\/artejoven.org\/wp-content\/uploads\/2024\/07\/malaYerba-Segunda-Convocatoria-1-jpg.webp?resize=1050%2C600&ssl=1 3x, https:\/\/i0.wp.com\/artejoven.org\/wp-content\/uploads\/2024\/07\/malaYerba-Segunda-Convocatoria-1-jpg.webp?resize=1400%2C800&ssl=1 4x"},"classes":[]},{"id":10525,"url":"https:\/\/artejoven.org\/fr\/espacios-faj\/patio-abierto\/","url_meta":{"origin":3056,"position":1},"title":"Cour ouverte","author":"Ren\u00e9 Manuel Puig","date":"28 de f\u00e9vrier de 2026","format":false,"excerpt":"La Jam Session du Young Art Fund, o\u00f9 des musiciens \u00e9mergents et \u00e9tablis se rencontrent organiquement, g\u00e9n\u00e9rant une visibilit\u00e9, une mise en r\u00e9seau et des opportunit\u00e9s professionnelles, des actions de coop\u00e9ration, l'articulation des acteurs sociaux pour l'autonomisation du secteur culturel \u00e9mergent.","rel":"","context":"Dans \"Espacios FAJ\"","block_context":{"text":"Espacios FAJ","link":"https:\/\/artejoven.org\/fr\/tag\/espacios-faj\/"},"img":{"alt_text":"","src":"https:\/\/i0.wp.com\/artejoven.org\/wp-content\/uploads\/2026\/04\/FAJ_Cesar_Jazz_Club_CG-61.webp?resize=350%2C200&ssl=1","width":350,"height":200,"srcset":"https:\/\/i0.wp.com\/artejoven.org\/wp-content\/uploads\/2026\/04\/FAJ_Cesar_Jazz_Club_CG-61.webp?resize=350%2C200&ssl=1 1x, https:\/\/i0.wp.com\/artejoven.org\/wp-content\/uploads\/2026\/04\/FAJ_Cesar_Jazz_Club_CG-61.webp?resize=525%2C300&ssl=1 1.5x, https:\/\/i0.wp.com\/artejoven.org\/wp-content\/uploads\/2026\/04\/FAJ_Cesar_Jazz_Club_CG-61.webp?resize=700%2C400&ssl=1 2x, https:\/\/i0.wp.com\/artejoven.org\/wp-content\/uploads\/2026\/04\/FAJ_Cesar_Jazz_Club_CG-61.webp?resize=1050%2C600&ssl=1 3x, https:\/\/i0.wp.com\/artejoven.org\/wp-content\/uploads\/2026\/04\/FAJ_Cesar_Jazz_Club_CG-61.webp?resize=1400%2C800&ssl=1 4x"},"classes":[]},{"id":9345,"url":"#element","url_meta":{"origin":3056,"position":2},"title":"Claudia Yil\u00e9n","author":"Ren\u00e9 Manuel Puig","date":"3 de mai de 2025","format":false,"excerpt":"Directrice de la communication du Fonds pour la jeunesse artistique (FAJ). Journaliste.","rel":"","context":"Dans &quot;Organizaci\u00f3n&quot;","block_context":{"text":"Organizaci\u00f3n","link":"https:\/\/artejoven.org\/fr\/category\/organizacion\/"},"img":{"alt_text":"Claudia Yil\u00e9n","src":"https:\/\/i0.wp.com\/artejoven.org\/wp-content\/uploads\/2023\/04\/Claudia-jpg.webp?resize=350%2C200&ssl=1","width":350,"height":200,"srcset":"https:\/\/i0.wp.com\/artejoven.org\/wp-content\/uploads\/2023\/04\/Claudia-jpg.webp?resize=350%2C200&ssl=1 1x, https:\/\/i0.wp.com\/artejoven.org\/wp-content\/uploads\/2023\/04\/Claudia-jpg.webp?resize=525%2C300&ssl=1 1.5x, https:\/\/i0.wp.com\/artejoven.org\/wp-content\/uploads\/2023\/04\/Claudia-jpg.webp?resize=700%2C400&ssl=1 2x, https:\/\/i0.wp.com\/artejoven.org\/wp-content\/uploads\/2023\/04\/Claudia-jpg.webp?resize=1050%2C600&ssl=1 3x"},"classes":[]},{"id":9343,"url":"#element","url_meta":{"origin":3056,"position":3},"title":"Caridad Figueroa","author":"Ren\u00e9 Manuel Puig","date":"3 de mai de 2025","format":false,"excerpt":"Directeur de la production et de l'administration du Fondo de Arte Joven (FAJ). Mus\u00e9ologue.","rel":"","context":"Dans &quot;Organizaci\u00f3n&quot;","block_context":{"text":"Organizaci\u00f3n","link":"https:\/\/artejoven.org\/fr\/category\/organizacion\/"},"img":{"alt_text":"Caridad Figueroa","src":"https:\/\/i0.wp.com\/artejoven.org\/wp-content\/uploads\/2023\/04\/Cari-1-jpg.webp?resize=350%2C200&ssl=1","width":350,"height":200,"srcset":"https:\/\/i0.wp.com\/artejoven.org\/wp-content\/uploads\/2023\/04\/Cari-1-jpg.webp?resize=350%2C200&ssl=1 1x, https:\/\/i0.wp.com\/artejoven.org\/wp-content\/uploads\/2023\/04\/Cari-1-jpg.webp?resize=525%2C300&ssl=1 1.5x, https:\/\/i0.wp.com\/artejoven.org\/wp-content\/uploads\/2023\/04\/Cari-1-jpg.webp?resize=700%2C400&ssl=1 2x, https:\/\/i0.wp.com\/artejoven.org\/wp-content\/uploads\/2023\/04\/Cari-1-jpg.webp?resize=1050%2C600&ssl=1 3x"},"classes":[]},{"id":9347,"url":"#element","url_meta":{"origin":3056,"position":4},"title":"Ren\u00e9 Manuel Puig","author":"Ren\u00e9 Manuel Puig","date":"3 de mai de 2025","format":false,"excerpt":"Webmaster &amp; IT du Fondo de Arte Joven (FAJ). Ing\u00e9nieur informatique.","rel":"","context":"Dans &quot;Organizaci\u00f3n&quot;","block_context":{"text":"Organizaci\u00f3n","link":"https:\/\/artejoven.org\/fr\/category\/organizacion\/"},"img":{"alt_text":"Ren\u00e9 Puig","src":"https:\/\/i0.wp.com\/artejoven.org\/wp-content\/uploads\/2023\/04\/Rene-Puig-jpg.webp?resize=350%2C200&ssl=1","width":350,"height":200,"srcset":"https:\/\/i0.wp.com\/artejoven.org\/wp-content\/uploads\/2023\/04\/Rene-Puig-jpg.webp?resize=350%2C200&ssl=1 1x, https:\/\/i0.wp.com\/artejoven.org\/wp-content\/uploads\/2023\/04\/Rene-Puig-jpg.webp?resize=525%2C300&ssl=1 1.5x, https:\/\/i0.wp.com\/artejoven.org\/wp-content\/uploads\/2023\/04\/Rene-Puig-jpg.webp?resize=700%2C400&ssl=1 2x, https:\/\/i0.wp.com\/artejoven.org\/wp-content\/uploads\/2023\/04\/Rene-Puig-jpg.webp?resize=1050%2C600&ssl=1 3x"},"classes":[]},{"id":9334,"url":"#element","url_meta":{"origin":3056,"position":5},"title":"Neida Pe\u00f1alver","author":"Ren\u00e9 Manuel Puig","date":"3 de mai de 2025","format":false,"excerpt":"Coordinateur g\u00e9n\u00e9ral du Fondo de Arte Joven (FAJ). Historien. Consultant.","rel":"","context":"Dans &quot;Organizaci\u00f3n&quot;","block_context":{"text":"Organizaci\u00f3n","link":"https:\/\/artejoven.org\/fr\/category\/organizacion\/"},"img":{"alt_text":"Neida Pe\u00f1alver","src":"https:\/\/i0.wp.com\/artejoven.org\/wp-content\/uploads\/2023\/04\/Neida-jpg.webp?resize=350%2C200&ssl=1","width":350,"height":200,"srcset":"https:\/\/i0.wp.com\/artejoven.org\/wp-content\/uploads\/2023\/04\/Neida-jpg.webp?resize=350%2C200&ssl=1 1x, https:\/\/i0.wp.com\/artejoven.org\/wp-content\/uploads\/2023\/04\/Neida-jpg.webp?resize=525%2C300&ssl=1 1.5x, https:\/\/i0.wp.com\/artejoven.org\/wp-content\/uploads\/2023\/04\/Neida-jpg.webp?resize=700%2C400&ssl=1 2x, https:\/\/i0.wp.com\/artejoven.org\/wp-content\/uploads\/2023\/04\/Neida-jpg.webp?resize=1050%2C600&ssl=1 3x"},"classes":[]}],"jetpack_sharing_enabled":true,"_links":{"self":[{"href":"https:\/\/artejoven.org\/fr\/wp-json\/wp\/v2\/pages\/3056","targetHints":{"allow":["GET"]}}],"collection":[{"href":"https:\/\/artejoven.org\/fr\/wp-json\/wp\/v2\/pages"}],"about":[{"href":"https:\/\/artejoven.org\/fr\/wp-json\/wp\/v2\/types\/page"}],"author":[{"embeddable":true,"href":"https:\/\/artejoven.org\/fr\/wp-json\/wp\/v2\/users\/1"}],"replies":[{"embeddable":true,"href":"https:\/\/artejoven.org\/fr\/wp-json\/wp\/v2\/comments?post=3056"}],"version-history":[{"count":0,"href":"https:\/\/artejoven.org\/fr\/wp-json\/wp\/v2\/pages\/3056\/revisions"}],"up":[{"embeddable":true,"href":"https:\/\/artejoven.org\/fr\/wp-json\/wp\/v2\/pages\/931"}],"wp:featuredmedia":[{"embeddable":true,"href":"https:\/\/artejoven.org\/fr\/wp-json\/wp\/v2\/media\/3058"}],"wp:attachment":[{"href":"https:\/\/artejoven.org\/fr\/wp-json\/wp\/v2\/media?parent=3056"}],"wp:term":[{"taxonomy":"category","embeddable":true,"href":"https:\/\/artejoven.org\/fr\/wp-json\/wp\/v2\/categories?post=3056"},{"taxonomy":"post_tag","embeddable":true,"href":"https:\/\/artejoven.org\/fr\/wp-json\/wp\/v2\/tags?post=3056"}],"curies":[{"name":"wp","href":"https:\/\/api.w.org\/{rel}","templated":true}]}}