{"id":3064,"date":"2023-05-26T22:38:21","date_gmt":"2023-05-27T02:38:21","guid":{"rendered":"https:\/\/artejoven.org\/?page_id=3064"},"modified":"2023-09-01T12:18:13","modified_gmt":"2023-09-01T16:18:13","slug":"semence-de-lumiere","status":"publish","type":"page","link":"https:\/\/artejoven.org\/fr\/beneficiarios\/sembrando-luces\/","title":{"rendered":"Semer la lumi\u00e8re"},"content":{"rendered":"","protected":false},"excerpt":{"rendered":"<p>L'initiative, d\u00e9velopp\u00e9e par les artistes Malcom Bar\u00f3 Munder et Naidel Herrera Rojas dans le cadre du projet Tu Taller, est ax\u00e9e sur la mise en \u0153uvre de comp\u00e9tences techniques dans le domaine des arts visuels.<\/p>","protected":false},"author":1,"featured_media":3066,"parent":931,"menu_order":0,"comment_status":"closed","ping_status":"closed","template":"","meta":{"_acf_changed":false,"footnotes":"","_links_to":"","_links_to_target":""},"categories":[13,33],"tags":[25,57],"class_list":["post-3064","page","type-page","status-publish","has-post-thumbnail","hentry","category-beneficiarios","category-emprendimientos-beneficiarios","tag-25","tag-primer-programa","post","post-with-thumbnail","post-with-thumbnail-large"],"acf":[],"aioseo_notices":[],"jetpack-related-posts":[{"id":8925,"url":"https:\/\/artejoven.org\/fr\/beneficiarios\/jazz-emprende\/","url_meta":{"origin":3064,"position":0},"title":"Jazz Emprende","author":"Ren\u00e9 Manuel Puig","date":"24 de f\u00e9vrier de 2025","format":false,"excerpt":"Premier \u00e9v\u00e9nement du projet de d\u00e9veloppement local, Emprendo y Existo, qui contribue \u00e0 promouvoir la cr\u00e9ativit\u00e9 \u00e0 partir des industries cr\u00e9atives, en int\u00e9grant les objectifs des musiciens et des entrepreneurs.","rel":"","context":"Dans &quot;Beneficiarios&quot;","block_context":{"text":"Beneficiarios","link":"https:\/\/artejoven.org\/fr\/category\/beneficiarios\/"},"img":{"alt_text":"Jazz Emprende","src":"https:\/\/i0.wp.com\/artejoven.org\/wp-content\/uploads\/2025\/02\/Jazz-Emprende.webp?resize=350%2C200&ssl=1","width":350,"height":200,"srcset":"https:\/\/i0.wp.com\/artejoven.org\/wp-content\/uploads\/2025\/02\/Jazz-Emprende.webp?resize=350%2C200&ssl=1 1x, https:\/\/i0.wp.com\/artejoven.org\/wp-content\/uploads\/2025\/02\/Jazz-Emprende.webp?resize=525%2C300&ssl=1 1.5x"},"classes":[]},{"id":3047,"url":"https:\/\/artejoven.org\/fr\/beneficiarios\/estudio-taller-tinta-roja-taller-de-grafica-experimental-para-todos\/","url_meta":{"origin":3064,"position":1},"title":"Estudio Taller Tinta Roja : Atelier de graphisme exp\u00e9rimental pour tous","author":"Ren\u00e9 Manuel Puig","date":"15 de mai de 2023","format":false,"excerpt":"\u00c0 Artemisa depuis 2023. Il s'agit d'une entreprise coordonn\u00e9e par le cr\u00e9ateur ind\u00e9pendant et artiste autodidacte Sediel Cabrera Furones.","rel":"","context":"Dans &quot;Beneficiarios&quot;","block_context":{"text":"Beneficiarios","link":"https:\/\/artejoven.org\/fr\/category\/beneficiarios\/"},"img":{"alt_text":"Tinta Roja","src":"https:\/\/i0.wp.com\/artejoven.org\/wp-content\/uploads\/2023\/06\/Tinta-Roja-jpg.webp?resize=350%2C200&ssl=1","width":350,"height":200},"classes":[]},{"id":12,"url":"https:\/\/artejoven.org\/fr\/","url_meta":{"origin":3064,"position":2},"title":"Accueil","author":"Ren\u00e9 Manuel Puig","date":"15 de mars de 2023","format":false,"excerpt":"Nous sommes une plateforme culturelle qui soutient et promeut l'art cubain \u00e9mergent et les entreprises culturelles qui r\u00e9alisent leurs projets cr\u00e9atifs \u00e0 partir de Cuba.","rel":"","context":"Article similaire","block_context":{"text":"Article similaire","link":""},"img":{"alt_text":"CIERIC","src":"https:\/\/i0.wp.com\/artejoven.org\/wp-content\/uploads\/2025\/03\/CIERIC-png.webp?resize=350%2C200&ssl=1","width":350,"height":200,"srcset":"https:\/\/i0.wp.com\/artejoven.org\/wp-content\/uploads\/2025\/03\/CIERIC-png.webp?resize=350%2C200&ssl=1 1x, https:\/\/i0.wp.com\/artejoven.org\/wp-content\/uploads\/2025\/03\/CIERIC-png.webp?resize=525%2C300&ssl=1 1.5x, https:\/\/i0.wp.com\/artejoven.org\/wp-content\/uploads\/2025\/03\/CIERIC-png.webp?resize=700%2C400&ssl=1 2x"},"classes":[]},{"id":9761,"url":"#","url_meta":{"origin":3064,"position":3},"title":"Gabriela Betancourt","author":"Ren\u00e9 Manuel Puig","date":"28 de ao\u00fbt de 2025","format":false,"excerpt":"Sociologue (La Havane, 1995)","rel":"","context":"Dans &quot;Jurados&quot;","block_context":{"text":"Jurados","link":"https:\/\/artejoven.org\/fr\/category\/jurados\/"},"img":{"alt_text":"","src":"https:\/\/i0.wp.com\/artejoven.org\/wp-content\/uploads\/2025\/05\/CIERIC.webp?resize=350%2C200&ssl=1","width":350,"height":200},"classes":[]},{"id":8914,"url":"https:\/\/artejoven.org\/fr\/beneficiarios\/el-triangulo\/","url_meta":{"origin":3064,"position":4},"title":"Le triangle","author":"Ren\u00e9 Manuel Puig","date":"24 de f\u00e9vrier de 2025","format":false,"excerpt":"Projet de d\u00e9veloppement local bas\u00e9 \u00e0 La G\u00fcinera, \u00e0 La Havane.","rel":"","context":"Dans &quot;Beneficiarios&quot;","block_context":{"text":"Beneficiarios","link":"https:\/\/artejoven.org\/fr\/category\/beneficiarios\/"},"img":{"alt_text":"El Tri\u00e1ngulo","src":"https:\/\/i0.wp.com\/artejoven.org\/wp-content\/uploads\/2025\/02\/El-Triangulo.webp?resize=350%2C200&ssl=1","width":350,"height":200,"srcset":"https:\/\/i0.wp.com\/artejoven.org\/wp-content\/uploads\/2025\/02\/El-Triangulo.webp?resize=350%2C200&ssl=1 1x, https:\/\/i0.wp.com\/artejoven.org\/wp-content\/uploads\/2025\/02\/El-Triangulo.webp?resize=525%2C300&ssl=1 1.5x"},"classes":[]},{"id":2170,"url":"#element","url_meta":{"origin":3064,"position":5},"title":"Objectifs","author":"Ren\u00e9 Manuel Puig","date":"23 de mai de 2023","format":false,"excerpt":"D\u00e9velopper et promouvoir, \u00e0 l'\u00e9chelle internationale, le travail d'artistes \u00e9mergents et d'entreprises culturelles du Sud, ainsi que leur formation professionnelle.","rel":"","context":"Article similaire","block_context":{"text":"Article similaire","link":""},"img":{"alt_text":"Objetivos","src":"https:\/\/i0.wp.com\/artejoven.org\/wp-content\/uploads\/2024\/07\/Objetivos-jpg.webp?resize=350%2C200&ssl=1","width":350,"height":200,"srcset":"https:\/\/i0.wp.com\/artejoven.org\/wp-content\/uploads\/2024\/07\/Objetivos-jpg.webp?resize=350%2C200&ssl=1 1x, https:\/\/i0.wp.com\/artejoven.org\/wp-content\/uploads\/2024\/07\/Objetivos-jpg.webp?resize=525%2C300&ssl=1 1.5x, https:\/\/i0.wp.com\/artejoven.org\/wp-content\/uploads\/2024\/07\/Objetivos-jpg.webp?resize=700%2C400&ssl=1 2x, https:\/\/i0.wp.com\/artejoven.org\/wp-content\/uploads\/2024\/07\/Objetivos-jpg.webp?resize=1050%2C600&ssl=1 3x"},"classes":[]}],"jetpack_sharing_enabled":true,"_links":{"self":[{"href":"https:\/\/artejoven.org\/fr\/wp-json\/wp\/v2\/pages\/3064","targetHints":{"allow":["GET"]}}],"collection":[{"href":"https:\/\/artejoven.org\/fr\/wp-json\/wp\/v2\/pages"}],"about":[{"href":"https:\/\/artejoven.org\/fr\/wp-json\/wp\/v2\/types\/page"}],"author":[{"embeddable":true,"href":"https:\/\/artejoven.org\/fr\/wp-json\/wp\/v2\/users\/1"}],"replies":[{"embeddable":true,"href":"https:\/\/artejoven.org\/fr\/wp-json\/wp\/v2\/comments?post=3064"}],"version-history":[{"count":0,"href":"https:\/\/artejoven.org\/fr\/wp-json\/wp\/v2\/pages\/3064\/revisions"}],"up":[{"embeddable":true,"href":"https:\/\/artejoven.org\/fr\/wp-json\/wp\/v2\/pages\/931"}],"wp:featuredmedia":[{"embeddable":true,"href":"https:\/\/artejoven.org\/fr\/wp-json\/wp\/v2\/media\/3066"}],"wp:attachment":[{"href":"https:\/\/artejoven.org\/fr\/wp-json\/wp\/v2\/media?parent=3064"}],"wp:term":[{"taxonomy":"category","embeddable":true,"href":"https:\/\/artejoven.org\/fr\/wp-json\/wp\/v2\/categories?post=3064"},{"taxonomy":"post_tag","embeddable":true,"href":"https:\/\/artejoven.org\/fr\/wp-json\/wp\/v2\/tags?post=3064"}],"curies":[{"name":"wp","href":"https:\/\/api.w.org\/{rel}","templated":true}]}}