{"id":5664,"date":"2023-09-11T21:31:40","date_gmt":"2023-09-12T01:31:40","guid":{"rendered":"https:\/\/artejoven.org\/?page_id=5664"},"modified":"2023-09-12T17:23:46","modified_gmt":"2023-09-12T21:23:46","slug":"kadir-gonzalez","status":"publish","type":"page","link":"https:\/\/artejoven.org\/fr\/beneficiarios\/kadir-gonzalez\/","title":{"rendered":"Kadir Gonzalez"},"content":{"rendered":"","protected":false},"excerpt":{"rendered":"<p>Kadir Gonzalez (Villa Clara, 1997) est un producteur de musique cubain, compositeur, arrangeur, saxophoniste, chanteur et clavi\u00e9riste, dipl\u00f4m\u00e9 de l'Universidad de las Artes de La Habana (ISA), dans le profil saxophone (2021).<\/p>","protected":false},"author":1,"featured_media":5665,"parent":931,"menu_order":0,"comment_status":"closed","ping_status":"closed","template":"","meta":{"_acf_changed":false,"footnotes":"","_links_to":"","_links_to_target":""},"categories":[13,31],"tags":[25,58],"class_list":["post-5664","page","type-page","status-publish","has-post-thumbnail","hentry","category-beneficiarios","category-musica-beneficiarios","tag-25","tag-segundo-programa","post","post-with-thumbnail","post-with-thumbnail-large"],"acf":[],"aioseo_notices":[],"jetpack-related-posts":[{"id":4412,"url":"#elementor","url_meta":{"origin":5664,"position":0},"title":"Yosvany Terry","author":"Ren\u00e9 Manuel Puig","date":"29 de juin de 2023","format":false,"excerpt":"Saxophoniste et compositeur (La Havane, Cuba, 1972)","rel":"","context":"Dans &quot;Jurados&quot;","block_context":{"text":"Jurados","link":"https:\/\/artejoven.org\/fr\/category\/jurados\/"},"img":{"alt_text":"","src":"https:\/\/i0.wp.com\/artejoven.org\/wp-content\/uploads\/2023\/06\/Yosvany-Terry-jpg.webp?resize=350%2C200&ssl=1","width":350,"height":200},"classes":[]},{"id":10588,"url":"https:\/\/artejoven.org\/fr\/beneficiarios\/taijana-alfonso-herrera\/","url_meta":{"origin":5664,"position":1},"title":"Taijana Alfonso Herrera","author":"Ren\u00e9 Manuel Puig","date":"8 de mars de 2026","format":false,"excerpt":"(Matanzas, 2007) Saxophoniste form\u00e9 \u00e0 l'Escuela Vocacional de Arte Alfonso P\u00e9rez Isaac \u00e0 Matanzas.","rel":"","context":"Dans &quot;Beneficiarios&quot;","block_context":{"text":"Beneficiarios","link":"https:\/\/artejoven.org\/fr\/category\/beneficiarios\/"},"img":{"alt_text":"Taijana Alfonso Herrera","src":"https:\/\/i0.wp.com\/artejoven.org\/wp-content\/uploads\/2026\/03\/Taijana-Alfonso-Herrera.webp?resize=350%2C200&ssl=1","width":350,"height":200,"srcset":"https:\/\/i0.wp.com\/artejoven.org\/wp-content\/uploads\/2026\/03\/Taijana-Alfonso-Herrera.webp?resize=350%2C200&ssl=1 1x, https:\/\/i0.wp.com\/artejoven.org\/wp-content\/uploads\/2026\/03\/Taijana-Alfonso-Herrera.webp?resize=525%2C300&ssl=1 1.5x"},"classes":[]},{"id":2807,"url":"https:\/\/artejoven.org\/fr\/beneficiarios\/alejandro-mendoza\/","url_meta":{"origin":5664,"position":2},"title":"Alejandro Mendoza","author":"Ren\u00e9 Manuel Puig","date":"11 de mai de 2023","format":false,"excerpt":"Alejandro Mendoza Castro (Artemisa, 2000) est un saxophoniste qui a commenc\u00e9 ses \u00e9tudes en 2010 \u00e0 l'Escuela Vocacional de Arte de la municipalit\u00e9 de Quivican, dans sa province natale.","rel":"","context":"Dans &quot;Beneficiarios&quot;","block_context":{"text":"Beneficiarios","link":"https:\/\/artejoven.org\/fr\/category\/beneficiarios\/"},"img":{"alt_text":"Alejandro Mendoza","src":"https:\/\/i0.wp.com\/artejoven.org\/wp-content\/uploads\/2023\/06\/Alejandro-Mendoza.jpg?resize=350%2C200&ssl=1","width":350,"height":200,"srcset":"https:\/\/i0.wp.com\/artejoven.org\/wp-content\/uploads\/2023\/06\/Alejandro-Mendoza.jpg?resize=350%2C200&ssl=1 1x, https:\/\/i0.wp.com\/artejoven.org\/wp-content\/uploads\/2023\/06\/Alejandro-Mendoza.jpg?resize=525%2C300&ssl=1 1.5x"},"classes":[]},{"id":7341,"url":"https:\/\/artejoven.org\/fr\/beneficiarios\/luis-miguel-sanchez\/","url_meta":{"origin":5664,"position":3},"title":"Luis Miguel Sanchez","author":"Ren\u00e9 Manuel Puig","date":"10 de avril de 2024","format":false,"excerpt":"Luis Miguel S\u00e1nchez (Cienfuegos, 1998) est un jeune multi-instrumentiste, dipl\u00f4m\u00e9 en musique \u00e0 l'Escuela Nacional de Arte en 2017, sp\u00e9cialis\u00e9 dans le saxophone.","rel":"","context":"Dans &quot;Beneficiarios&quot;","block_context":{"text":"Beneficiarios","link":"https:\/\/artejoven.org\/fr\/category\/beneficiarios\/"},"img":{"alt_text":"Luis Miguel S\u00e1nchez","src":"https:\/\/i0.wp.com\/artejoven.org\/wp-content\/uploads\/2024\/04\/Luis-Miguel-Sanchez-jpg.webp?resize=350%2C200&ssl=1","width":350,"height":200},"classes":[]},{"id":10578,"url":"https:\/\/artejoven.org\/fr\/beneficiarios\/vismar-suarez-gomez\/","url_meta":{"origin":5664,"position":4},"title":"Vismar Su\u00e1rez G\u00f3mez","author":"Ren\u00e9 Manuel Puig","date":"6 de mars de 2026","format":false,"excerpt":"(La Havane, 2008) Saxophoniste form\u00e9 \u00e0 l'Escuela Elemental de M\u00fasica Alejandro Garc\u00eda Caturla \u00e0 La Havane, et \u00e9tudiant \u00e0 l'Escuela Nacional de Arte de Cuba (ENA).","rel":"","context":"Dans &quot;Beneficiarios&quot;","block_context":{"text":"Beneficiarios","link":"https:\/\/artejoven.org\/fr\/category\/beneficiarios\/"},"img":{"alt_text":"Vismar Su\u00e1rez G\u00f3mez","src":"https:\/\/i0.wp.com\/artejoven.org\/wp-content\/uploads\/2026\/03\/Vismar-Suarez-Gomez.webp?resize=350%2C200&ssl=1","width":350,"height":200,"srcset":"https:\/\/i0.wp.com\/artejoven.org\/wp-content\/uploads\/2026\/03\/Vismar-Suarez-Gomez.webp?resize=350%2C200&ssl=1 1x, https:\/\/i0.wp.com\/artejoven.org\/wp-content\/uploads\/2026\/03\/Vismar-Suarez-Gomez.webp?resize=525%2C300&ssl=1 1.5x"},"classes":[]},{"id":5643,"url":"https:\/\/artejoven.org\/fr\/beneficiarios\/alejandro-coqui-calzadilla\/","url_meta":{"origin":5664,"position":5},"title":"Alejandro (Coqui) Calzadilla","author":"Ren\u00e9 Manuel Puig","date":"11 de septembre de 2023","format":false,"excerpt":"Alejandro (Coqui) Calzadilla (Leningrad, 1988) est clarinettiste, saxophoniste, professeur, arrangeur et compositeur, dipl\u00f4m\u00e9 de l'Universit\u00e9 des arts (ISA) avec un dipl\u00f4me d'or dans la chaire du Maestro Vicente Monterrey (2012).","rel":"","context":"Dans &quot;Beneficiarios&quot;","block_context":{"text":"Beneficiarios","link":"https:\/\/artejoven.org\/fr\/category\/beneficiarios\/"},"img":{"alt_text":"Coqui Calzadilla","src":"https:\/\/i0.wp.com\/artejoven.org\/wp-content\/uploads\/2023\/09\/Coqui-Calzadilla-jpg.webp?resize=350%2C200&ssl=1","width":350,"height":200},"classes":[]}],"jetpack_sharing_enabled":true,"_links":{"self":[{"href":"https:\/\/artejoven.org\/fr\/wp-json\/wp\/v2\/pages\/5664","targetHints":{"allow":["GET"]}}],"collection":[{"href":"https:\/\/artejoven.org\/fr\/wp-json\/wp\/v2\/pages"}],"about":[{"href":"https:\/\/artejoven.org\/fr\/wp-json\/wp\/v2\/types\/page"}],"author":[{"embeddable":true,"href":"https:\/\/artejoven.org\/fr\/wp-json\/wp\/v2\/users\/1"}],"replies":[{"embeddable":true,"href":"https:\/\/artejoven.org\/fr\/wp-json\/wp\/v2\/comments?post=5664"}],"version-history":[{"count":0,"href":"https:\/\/artejoven.org\/fr\/wp-json\/wp\/v2\/pages\/5664\/revisions"}],"up":[{"embeddable":true,"href":"https:\/\/artejoven.org\/fr\/wp-json\/wp\/v2\/pages\/931"}],"wp:featuredmedia":[{"embeddable":true,"href":"https:\/\/artejoven.org\/fr\/wp-json\/wp\/v2\/media\/5665"}],"wp:attachment":[{"href":"https:\/\/artejoven.org\/fr\/wp-json\/wp\/v2\/media?parent=5664"}],"wp:term":[{"taxonomy":"category","embeddable":true,"href":"https:\/\/artejoven.org\/fr\/wp-json\/wp\/v2\/categories?post=5664"},{"taxonomy":"post_tag","embeddable":true,"href":"https:\/\/artejoven.org\/fr\/wp-json\/wp\/v2\/tags?post=5664"}],"curies":[{"name":"wp","href":"https:\/\/api.w.org\/{rel}","templated":true}]}}