{"id":6519,"date":"2023-12-05T11:57:32","date_gmt":"2023-12-05T16:57:32","guid":{"rendered":"https:\/\/artejoven.org\/?page_id=6519"},"modified":"2023-12-05T11:57:35","modified_gmt":"2023-12-05T16:57:35","slug":"victoria-onelien","status":"publish","type":"page","link":"https:\/\/artejoven.org\/fr\/beneficiarios\/victoria-onelien\/","title":{"rendered":"Victoria On\u00e9lien"},"content":{"rendered":"","protected":false},"excerpt":{"rendered":"<p>Jeune et talentueuse artiste visuelle. Elle est peintre, artiste de rue. <\/p>","protected":false},"author":1,"featured_media":6520,"parent":931,"menu_order":0,"comment_status":"closed","ping_status":"closed","template":"","meta":{"_acf_changed":false,"footnotes":"","_links_to":"","_links_to_target":""},"categories":[32,13],"tags":[],"class_list":["post-6519","page","type-page","status-publish","has-post-thumbnail","hentry","category-artes-visuales-beneficiarios","category-beneficiarios","post","post-with-thumbnail","post-with-thumbnail-large"],"acf":[],"aioseo_notices":[],"jetpack-related-posts":[{"id":7329,"url":"https:\/\/artejoven.org\/fr\/beneficiarios\/estaciones\/","url_meta":{"origin":6519,"position":0},"title":"Stations","author":"Ren\u00e9 Manuel Puig","date":"10 de avril de 2024","format":false,"excerpt":"Cette initiative de la jeune artiste visuelle Mar\u00eda Karla Gonz\u00e1lez (Villa Clara, 2003) vise \u00e0 g\u00e9n\u00e9rer des \u00e9v\u00e9nements artistiques en prenant le non-esth\u00e9tique comme base de l'\u00e9v\u00e9nement artistique.","rel":"","context":"Dans &quot;Artes Visuales&quot;","block_context":{"text":"Artes Visuales","link":"https:\/\/artejoven.org\/fr\/category\/beneficiarios\/artes-visuales-beneficiarios\/"},"img":{"alt_text":"Estaciones","src":"https:\/\/i0.wp.com\/artejoven.org\/wp-content\/uploads\/2024\/04\/Estaciones-jpg.webp?resize=350%2C200&ssl=1","width":350,"height":200},"classes":[]},{"id":7708,"url":"https:\/\/artejoven.org\/fr\/beneficiarios\/jhonatan-moreno\/","url_meta":{"origin":6519,"position":1},"title":"Jhonatan Moreno","author":"Ren\u00e9 Manuel Puig","date":"12 de juillet de 2024","format":false,"excerpt":"Jhonatan Moreno (Matanzas, 1998) est un jeune artiste visuel dipl\u00f4m\u00e9 de l'universit\u00e9 des arts (ISA) \u00e0 Cuba.","rel":"","context":"Dans &quot;Artes Visuales&quot;","block_context":{"text":"Artes Visuales","link":"https:\/\/artejoven.org\/fr\/category\/beneficiarios\/artes-visuales-beneficiarios\/"},"img":{"alt_text":"Jhonatan Moreno","src":"https:\/\/i0.wp.com\/artejoven.org\/wp-content\/uploads\/2024\/07\/Jhonatan-Moreno-jpg.webp?resize=350%2C200&ssl=1","width":350,"height":200,"srcset":"https:\/\/i0.wp.com\/artejoven.org\/wp-content\/uploads\/2024\/07\/Jhonatan-Moreno-jpg.webp?resize=350%2C200&ssl=1 1x, https:\/\/i0.wp.com\/artejoven.org\/wp-content\/uploads\/2024\/07\/Jhonatan-Moreno-jpg.webp?resize=525%2C300&ssl=1 1.5x"},"classes":[]},{"id":7691,"url":"https:\/\/artejoven.org\/fr\/beneficiarios\/elio-jesus-fonseca\/","url_meta":{"origin":6519,"position":2},"title":"Elio Jes\u00fas Fonseca","author":"Ren\u00e9 Manuel Puig","date":"12 de juillet de 2024","format":false,"excerpt":"Elio Jes\u00fas Fonseca (Camag\u00fcey, 1994) est un jeune artiste visuel, dipl\u00f4m\u00e9 de l'Universit\u00e9 des arts (ISA) de Cuba en 2019.","rel":"","context":"Dans &quot;Artes Visuales&quot;","block_context":{"text":"Artes Visuales","link":"https:\/\/artejoven.org\/fr\/category\/beneficiarios\/artes-visuales-beneficiarios\/"},"img":{"alt_text":"Elio Jes\u00fas Fonseca","src":"https:\/\/i0.wp.com\/artejoven.org\/wp-content\/uploads\/2024\/07\/Elio-Jesus-Fonseca-jpg.webp?resize=350%2C200&ssl=1","width":350,"height":200,"srcset":"https:\/\/i0.wp.com\/artejoven.org\/wp-content\/uploads\/2024\/07\/Elio-Jesus-Fonseca-jpg.webp?resize=350%2C200&ssl=1 1x, https:\/\/i0.wp.com\/artejoven.org\/wp-content\/uploads\/2024\/07\/Elio-Jesus-Fonseca-jpg.webp?resize=525%2C300&ssl=1 1.5x"},"classes":[]},{"id":10231,"url":"https:\/\/drive.google.com\/drive\/folders\/1d0mwx6zAfkG_zs7JL7x7d7S_RmvtM4jX","url_meta":{"origin":6519,"position":3},"title":"\u00ab Nada \u00bb, catalogue de l'artiste plasticienne Clara Mass\u00f3","author":"Ren\u00e9 Manuel Puig","date":"10 de d\u00e9cembre de 2025","format":false,"excerpt":"Laur\u00e9ate de la premi\u00e8re \u00e9dition du concours d'art jeune malaYerba.","rel":"","context":"Dans &quot;Artes Visuales&quot;","block_context":{"text":"Artes Visuales","link":"https:\/\/artejoven.org\/fr\/category\/recursos\/artes-visuales-recursos\/"},"img":{"alt_text":"","src":"","width":0,"height":0},"classes":[]},{"id":2916,"url":"https:\/\/artejoven.org\/fr\/beneficiarios\/gabriel-cisneros\/","url_meta":{"origin":6519,"position":4},"title":"Gabriel Cisneros","author":"Ren\u00e9 Manuel Puig","date":"16 de mai de 2023","format":false,"excerpt":"Gabriel Ra\u00fal Cisneros B\u00e1ez (Las Tunas, 1990) est l'un des artistes visuels \u00e9mergents les plus remarquables de Cuba.","rel":"","context":"Dans &quot;Artes Visuales&quot;","block_context":{"text":"Artes Visuales","link":"https:\/\/artejoven.org\/fr\/category\/beneficiarios\/artes-visuales-beneficiarios\/"},"img":{"alt_text":"Gabriel Cisneros","src":"https:\/\/i0.wp.com\/artejoven.org\/wp-content\/uploads\/2023\/06\/Gabriel-Cisneros-jpg.webp?resize=350%2C200&ssl=1","width":350,"height":200},"classes":[]},{"id":6523,"url":"https:\/\/artejoven.org\/fr\/beneficiarios\/giselle-lucia-navarro\/","url_meta":{"origin":6519,"position":5},"title":"Giselle Luc\u00eda Navarro","author":"Ren\u00e9 Manuel Puig","date":"5 de d\u00e9cembre de 2023","format":false,"excerpt":"Giselle Luc\u00eda Navarro (Alqu\u00edzar, 1995) est dipl\u00f4m\u00e9e en design industriel de l'universit\u00e9 de La Havane et du Centro de Formaci\u00f3n Literaria Onelio Jorge Cardoso.","rel":"","context":"Dans &quot;Artes Visuales&quot;","block_context":{"text":"Artes Visuales","link":"https:\/\/artejoven.org\/fr\/category\/beneficiarios\/artes-visuales-beneficiarios\/"},"img":{"alt_text":"Giselle Luc\u00eda Navarro","src":"https:\/\/i0.wp.com\/artejoven.org\/wp-content\/uploads\/2023\/12\/Giselle-jpg.webp?resize=350%2C200&ssl=1","width":350,"height":200,"srcset":"https:\/\/i0.wp.com\/artejoven.org\/wp-content\/uploads\/2023\/12\/Giselle-jpg.webp?resize=350%2C200&ssl=1 1x, https:\/\/i0.wp.com\/artejoven.org\/wp-content\/uploads\/2023\/12\/Giselle-jpg.webp?resize=525%2C300&ssl=1 1.5x"},"classes":[]}],"jetpack_sharing_enabled":true,"_links":{"self":[{"href":"https:\/\/artejoven.org\/fr\/wp-json\/wp\/v2\/pages\/6519","targetHints":{"allow":["GET"]}}],"collection":[{"href":"https:\/\/artejoven.org\/fr\/wp-json\/wp\/v2\/pages"}],"about":[{"href":"https:\/\/artejoven.org\/fr\/wp-json\/wp\/v2\/types\/page"}],"author":[{"embeddable":true,"href":"https:\/\/artejoven.org\/fr\/wp-json\/wp\/v2\/users\/1"}],"replies":[{"embeddable":true,"href":"https:\/\/artejoven.org\/fr\/wp-json\/wp\/v2\/comments?post=6519"}],"version-history":[{"count":0,"href":"https:\/\/artejoven.org\/fr\/wp-json\/wp\/v2\/pages\/6519\/revisions"}],"up":[{"embeddable":true,"href":"https:\/\/artejoven.org\/fr\/wp-json\/wp\/v2\/pages\/931"}],"wp:featuredmedia":[{"embeddable":true,"href":"https:\/\/artejoven.org\/fr\/wp-json\/wp\/v2\/media\/6520"}],"wp:attachment":[{"href":"https:\/\/artejoven.org\/fr\/wp-json\/wp\/v2\/media?parent=6519"}],"wp:term":[{"taxonomy":"category","embeddable":true,"href":"https:\/\/artejoven.org\/fr\/wp-json\/wp\/v2\/categories?post=6519"},{"taxonomy":"post_tag","embeddable":true,"href":"https:\/\/artejoven.org\/fr\/wp-json\/wp\/v2\/tags?post=6519"}],"curies":[{"name":"wp","href":"https:\/\/api.w.org\/{rel}","templated":true}]}}