{"id":6578,"date":"2023-12-11T15:52:39","date_gmt":"2023-12-11T20:52:39","guid":{"rendered":"https:\/\/artejoven.org\/?page_id=6578"},"modified":"2025-02-20T17:34:52","modified_gmt":"2025-02-20T22:34:52","slug":"malayerba","status":"publish","type":"page","link":"https:\/\/artejoven.org\/fr\/espacios-faj\/malayerba\/","title":{"rendered":"malaYerba"},"content":{"rendered":"\t\t<div data-elementor-type=\"wp-page\" data-elementor-id=\"6578\" class=\"elementor elementor-6578\" data-elementor-post-type=\"page\">\n\t\t\t\t\t\t<section class=\"elementor-section elementor-top-section elementor-element elementor-element-4891a41e elementor-section-boxed elementor-section-height-default elementor-section-height-default\" data-id=\"4891a41e\" data-element_type=\"section\" data-e-type=\"section\" data-settings=\"{&quot;background_background&quot;:&quot;classic&quot;}\">\n\t\t\t\t\t\t<div class=\"elementor-container elementor-column-gap-default\">\n\t\t\t\t\t<div class=\"elementor-column elementor-col-50 elementor-top-column elementor-element elementor-element-69dbc682\" data-id=\"69dbc682\" data-element_type=\"column\" data-e-type=\"column\">\n\t\t\t<div class=\"elementor-widget-wrap elementor-element-populated\">\n\t\t\t\t\t\t<div class=\"elementor-element elementor-element-2bc21b4d elementor-widget elementor-widget-heading\" data-id=\"2bc21b4d\" data-element_type=\"widget\" data-e-type=\"widget\" data-settings=\"{&quot;sticky&quot;:&quot;top&quot;,&quot;sticky_on&quot;:[&quot;desktop&quot;],&quot;sticky_parent&quot;:&quot;yes&quot;,&quot;sticky_offset&quot;:10,&quot;sticky_effects_offset&quot;:0,&quot;sticky_anchor_link_offset&quot;:0}\" data-widget_type=\"heading.default\">\n\t\t\t\t<div class=\"elementor-widget-container\">\n\t\t\t\t\t<h1 class=\"elementor-heading-title elementor-size-default\">malaYerba. <br>Concurso de Arte Joven<\/h1>\t\t\t\t<\/div>\n\t\t\t\t<\/div>\n\t\t\t\t\t<\/div>\n\t\t<\/div>\n\t\t\t\t<div class=\"elementor-column elementor-col-50 elementor-top-column elementor-element elementor-element-33453c61\" data-id=\"33453c61\" data-element_type=\"column\" data-e-type=\"column\">\n\t\t\t<div class=\"elementor-widget-wrap elementor-element-populated\">\n\t\t\t\t\t\t<div class=\"elementor-element elementor-element-3ecd3c6b elementor-widget elementor-widget-image-carousel\" data-id=\"3ecd3c6b\" data-element_type=\"widget\" data-e-type=\"widget\" data-settings=\"{&quot;slides_to_show&quot;:&quot;1&quot;,&quot;navigation&quot;:&quot;none&quot;,&quot;pause_on_hover&quot;:&quot;no&quot;,&quot;pause_on_interaction&quot;:&quot;no&quot;,&quot;effect&quot;:&quot;fade&quot;,&quot;speed&quot;:800,&quot;autoplay&quot;:&quot;yes&quot;,&quot;autoplay_speed&quot;:5000,&quot;infinite&quot;:&quot;yes&quot;}\" data-widget_type=\"image-carousel.default\">\n\t\t\t\t<div class=\"elementor-widget-container\">\n\t\t\t\t\t\t\t<div class=\"elementor-image-carousel-wrapper swiper\" role=\"region\" aria-roledescription=\"carousel\" aria-label=\"Carrusel de im\u00e1genes\" dir=\"ltr\">\n\t\t\t<div class=\"elementor-image-carousel swiper-wrapper swiper-image-stretch\" aria-live=\"off\">\n\t\t\t\t\t\t\t\t<div class=\"swiper-slide\" role=\"group\" aria-roledescription=\"slide\" aria-label=\"1 sur 1\"><figure class=\"swiper-slide-inner\"><img decoding=\"async\" class=\"swiper-slide-image\" src=\"https:\/\/artejoven.org\/wp-content\/uploads\/2024\/07\/malaYerba-Segunda-Convocatoria-1-jpg.webp\" alt=\"malaYerba\" \/><\/figure><\/div>\t\t\t<\/div>\n\t\t\t\t\t<\/div>\n\t\t\t\t\t\t<\/div>\n\t\t\t\t<\/div>\n\t\t\t\t<div class=\"elementor-element elementor-element-f07aa35 elementor-widget elementor-widget-text-editor\" data-id=\"f07aa35\" data-element_type=\"widget\" data-e-type=\"widget\" data-widget_type=\"text-editor.default\">\n\t\t\t\t<div class=\"elementor-widget-container\">\n\t\t\t\t\t\t\t\t\t<p>A partir de la colaboraci\u00f3n entre el Fondo de Arte Joven y la Fundaci\u00f3n Los Carbonell (Panam\u00e1) se cre\u00f3, en 2023, el concurso de artes visuales <em>malaYerba<\/em>, enfocado en el apoyo a los procesos creativos de artistas cubanos, residentes en Cuba, con prop\u00f3sito de impulsar su actividad profesional, promover sus obras, y contribuir a la proyecci\u00f3n y consolidaci\u00f3n de sus carreras.<\/p><p>Con frecuencia anual y car\u00e1cter nacional este concurso cont\u00f3 con dos ediciones gestionadas dentro de la plataforma, y la publicaci\u00f3n de un cat\u00e1logo impreso en 2025, con financiamiento del Fondo de Arte Joven.<\/p><p>Fueron premiados 10 j\u00f3venes artistas visuales, de un total de 52 finalistas y 138 participantes de todo el pa\u00eds.<\/p>\t\t\t\t\t\t\t\t<\/div>\n\t\t\t\t<\/div>\n\t\t\t\t\t<\/div>\n\t\t<\/div>\n\t\t\t\t\t<\/div>\n\t\t<\/section>\n\t\t\t\t<section class=\"elementor-section elementor-top-section elementor-element elementor-element-72e3c070 elementor-section-boxed elementor-section-height-default elementor-section-height-default\" data-id=\"72e3c070\" data-element_type=\"section\" data-e-type=\"section\" data-settings=\"{&quot;background_background&quot;:&quot;classic&quot;}\">\n\t\t\t\t\t\t<div class=\"elementor-container elementor-column-gap-default\">\n\t\t\t\t\t<div class=\"elementor-column elementor-col-50 elementor-top-column elementor-element elementor-element-3104e891\" data-id=\"3104e891\" data-element_type=\"column\" data-e-type=\"column\">\n\t\t\t<div class=\"elementor-widget-wrap elementor-element-populated\">\n\t\t\t\t\t\t<div class=\"elementor-element elementor-element-72e18ac5 elementor-widget elementor-widget-heading\" data-id=\"72e18ac5\" data-element_type=\"widget\" data-e-type=\"widget\" data-settings=\"{&quot;sticky&quot;:&quot;top&quot;,&quot;sticky_on&quot;:[&quot;desktop&quot;],&quot;sticky_parent&quot;:&quot;yes&quot;,&quot;sticky_offset&quot;:10,&quot;sticky_effects_offset&quot;:0,&quot;sticky_anchor_link_offset&quot;:0}\" data-widget_type=\"heading.default\">\n\t\t\t\t<div class=\"elementor-widget-container\">\n\t\t\t\t\t<h1 class=\"elementor-heading-title elementor-size-default\">Segunda edici\u00f3n de malaYerba<\/h1>\t\t\t\t<\/div>\n\t\t\t\t<\/div>\n\t\t\t\t\t<\/div>\n\t\t<\/div>\n\t\t\t\t<div class=\"elementor-column elementor-col-50 elementor-top-column elementor-element elementor-element-da52bb3\" data-id=\"da52bb3\" data-element_type=\"column\" data-e-type=\"column\">\n\t\t\t<div class=\"elementor-widget-wrap elementor-element-populated\">\n\t\t\t\t\t\t<div class=\"elementor-element elementor-element-7911af89 elementor-widget elementor-widget-image-carousel\" data-id=\"7911af89\" data-element_type=\"widget\" data-e-type=\"widget\" data-settings=\"{&quot;slides_to_show&quot;:&quot;1&quot;,&quot;navigation&quot;:&quot;none&quot;,&quot;pause_on_hover&quot;:&quot;no&quot;,&quot;pause_on_interaction&quot;:&quot;no&quot;,&quot;effect&quot;:&quot;fade&quot;,&quot;speed&quot;:800,&quot;autoplay&quot;:&quot;yes&quot;,&quot;autoplay_speed&quot;:5000,&quot;infinite&quot;:&quot;yes&quot;}\" data-widget_type=\"image-carousel.default\">\n\t\t\t\t<div class=\"elementor-widget-container\">\n\t\t\t\t\t\t\t<div class=\"elementor-image-carousel-wrapper swiper\" role=\"region\" aria-roledescription=\"carousel\" aria-label=\"Carrusel de im\u00e1genes\" dir=\"ltr\">\n\t\t\t<div class=\"elementor-image-carousel swiper-wrapper swiper-image-stretch\" aria-live=\"off\">\n\t\t\t\t\t\t\t\t<div class=\"swiper-slide\" role=\"group\" aria-roledescription=\"slide\" aria-label=\"1 sur 6\"><figure class=\"swiper-slide-inner\"><img decoding=\"async\" class=\"swiper-slide-image\" src=\"https:\/\/artejoven.org\/wp-content\/uploads\/2024\/09\/malaYerba-II-3-jpg.webp\" alt=\"MalaYerba Segunda Edici\u00f3n\" \/><\/figure><\/div><div class=\"swiper-slide\" role=\"group\" aria-roledescription=\"slide\" aria-label=\"2 sur 6\"><figure class=\"swiper-slide-inner\"><img decoding=\"async\" class=\"swiper-slide-image\" src=\"https:\/\/artejoven.org\/wp-content\/uploads\/2024\/09\/malaYerba-II-6-jpg.webp\" alt=\"MalaYerba Segunda Edici\u00f3n\" \/><\/figure><\/div><div class=\"swiper-slide\" role=\"group\" aria-roledescription=\"slide\" aria-label=\"3 sur 6\"><figure class=\"swiper-slide-inner\"><img decoding=\"async\" class=\"swiper-slide-image\" src=\"https:\/\/artejoven.org\/wp-content\/uploads\/2024\/09\/malaYerba-II-5-jpg.webp\" alt=\"MalaYerba Segunda Edici\u00f3n\" \/><\/figure><\/div><div class=\"swiper-slide\" role=\"group\" aria-roledescription=\"slide\" aria-label=\"4 sur 6\"><figure class=\"swiper-slide-inner\"><img decoding=\"async\" class=\"swiper-slide-image\" src=\"https:\/\/artejoven.org\/wp-content\/uploads\/2024\/09\/malaYerba-II-4-jpg.webp\" alt=\"MalaYerba Segunda Edici\u00f3n\" \/><\/figure><\/div><div class=\"swiper-slide\" role=\"group\" aria-roledescription=\"slide\" aria-label=\"5 sur 6\"><figure class=\"swiper-slide-inner\"><img decoding=\"async\" class=\"swiper-slide-image\" src=\"https:\/\/artejoven.org\/wp-content\/uploads\/2024\/09\/malaYerba-II-8-jpg.webp\" alt=\"MalaYerba Segunda Edici\u00f3n\" \/><\/figure><\/div><div class=\"swiper-slide\" role=\"group\" aria-roledescription=\"slide\" aria-label=\"6 sur 6\"><figure class=\"swiper-slide-inner\"><img decoding=\"async\" class=\"swiper-slide-image\" src=\"https:\/\/artejoven.org\/wp-content\/uploads\/2024\/09\/malaYerba-II-7-jpg.webp\" alt=\"MalaYerba Segunda Edici\u00f3n\" \/><\/figure><\/div>\t\t\t<\/div>\n\t\t\t\t\t\t\t\n\t\t\t\t\t\t\t\t\t<\/div>\n\t\t\t\t\t\t<\/div>\n\t\t\t\t<\/div>\n\t\t\t\t<div class=\"elementor-element elementor-element-6370f707 elementor-widget elementor-widget-text-editor\" data-id=\"6370f707\" data-element_type=\"widget\" data-e-type=\"widget\" data-widget_type=\"text-editor.default\">\n\t\t\t\t<div class=\"elementor-widget-container\">\n\t\t\t\t\t\t\t\t\t<p><em>Abono para malas hierbas<\/em><\/p><p>A veces se siente como estar a contracorriente. Todo en esta isla ocurre a un ritmo y de una manera que solo quienes la habitamos somos capaces de seguir o \u00bfentender? Habiendo tornado la incertidumbre en aliento diario, vamos descifrando pistas que nos permitan avanzar hasta un pr\u00f3ximo nivel que a\u00fan no vislumbramos.<\/p><p>Pareciera que las nuevas generaciones heredamos los sue\u00f1os postergados. Pero el surrealismo debi\u00f3 haber nacido en medio del Caribe y no en Par\u00eds. De pronto, no sabemos c\u00f3mo, surgen proyectos, nuevas formas, reinvenciones. Al borde del asfalto hirviente por el sol de agosto hay algo verde, naciendo cada d\u00eda.<\/p><p>As\u00ed se percibe una nueva edici\u00f3n de <em>malaYerba<\/em>, concurso de artes visuales organizado en La Habana por el Fondo de Arte Joven y la Fundaci\u00f3n Los Carbonell, socio y gestor del perfil de artes visuales del proyecto. El contexto \u2013inherente al arte cubano contempor\u00e1neo\u2013 ha sido abono natural para un conjunto de obras seleccionadas como finalistas. Afloran nuevamente esa vocaci\u00f3n social y el h\u00e1lito tropol\u00f3gico que han definido la producci\u00f3n art\u00edstica en las \u00faltimas cuatro d\u00e9cadas.<\/p><p>Estos noveles creadores identifican sus realidades m\u00e1s desgarradoras y las llevan a la pintura, la fotograf\u00eda, el video y la instalaci\u00f3n. Han aprendido a sortearse entre la precariedad; sus antecesores de profesi\u00f3n legaron herramientas para ello. Se saben deudores de temas y modos de hacer; no obstante, insisten, como quien tiene la certeza de que ya no hay nada que perder.<\/p><p>Veintinueve j\u00f3venes artistas cubanos vuelven a romper el asfalto y parecen restituirnos algo de fe.<\/p><p>Sandra Garc\u00eda Herrera<br \/>7 de septiembre de 2024<\/p>\t\t\t\t\t\t\t\t<\/div>\n\t\t\t\t<\/div>\n\t\t\t\t<div class=\"elementor-element elementor-element-38a5eccf elementor-align-justify elementor-widget__width-initial elementor-widget elementor-widget-button\" data-id=\"38a5eccf\" data-element_type=\"widget\" data-e-type=\"widget\" data-widget_type=\"button.default\">\n\t\t\t\t<div class=\"elementor-widget-container\">\n\t\t\t\t\t\t\t\t\t<div class=\"elementor-button-wrapper\">\n\t\t\t\t\t<a class=\"elementor-button elementor-button-link elementor-size-xs\" href=\"https:\/\/artejoven.org\/fr\/espacios-faj\/malayerba\/segunda-edicion-de-malayerba\/\">\n\t\t\t\t\t\t<span class=\"elementor-button-content-wrapper\">\n\t\t\t\t\t\t\t\t\t<span class=\"elementor-button-text\">M\u00e1s detalles<\/span>\n\t\t\t\t\t<\/span>\n\t\t\t\t\t<\/a>\n\t\t\t\t<\/div>\n\t\t\t\t\t\t\t\t<\/div>\n\t\t\t\t<\/div>\n\t\t\t\t\t<\/div>\n\t\t<\/div>\n\t\t\t\t\t<\/div>\n\t\t<\/section>\n\t\t\t\t<section class=\"elementor-section elementor-top-section elementor-element elementor-element-e5d4ecf elementor-section-boxed elementor-section-height-default elementor-section-height-default\" data-id=\"e5d4ecf\" data-element_type=\"section\" data-e-type=\"section\" data-settings=\"{&quot;background_background&quot;:&quot;classic&quot;}\">\n\t\t\t\t\t\t<div class=\"elementor-container elementor-column-gap-default\">\n\t\t\t\t\t<div class=\"elementor-column elementor-col-50 elementor-top-column elementor-element elementor-element-4e1d14c4\" data-id=\"4e1d14c4\" data-element_type=\"column\" data-e-type=\"column\">\n\t\t\t<div class=\"elementor-widget-wrap elementor-element-populated\">\n\t\t\t\t\t\t<div class=\"elementor-element elementor-element-3832cca2 elementor-widget elementor-widget-heading\" data-id=\"3832cca2\" data-element_type=\"widget\" data-e-type=\"widget\" data-settings=\"{&quot;sticky&quot;:&quot;top&quot;,&quot;sticky_on&quot;:[&quot;desktop&quot;],&quot;sticky_parent&quot;:&quot;yes&quot;,&quot;sticky_offset&quot;:10,&quot;sticky_effects_offset&quot;:0,&quot;sticky_anchor_link_offset&quot;:0}\" data-widget_type=\"heading.default\">\n\t\t\t\t<div class=\"elementor-widget-container\">\n\t\t\t\t\t<h1 class=\"elementor-heading-title elementor-size-default\">Exposiciones Anteriores<\/h1>\t\t\t\t<\/div>\n\t\t\t\t<\/div>\n\t\t\t\t\t<\/div>\n\t\t<\/div>\n\t\t\t\t<div class=\"elementor-column elementor-col-50 elementor-top-column elementor-element elementor-element-2f0a292\" data-id=\"2f0a292\" data-element_type=\"column\" data-e-type=\"column\">\n\t\t\t<div class=\"elementor-widget-wrap elementor-element-populated\">\n\t\t\t\t\t\t<div class=\"elementor-element elementor-element-c31c0f8 elementor-grid-3 elementor-grid-tablet-2 elementor-grid-mobile-1 elementor-posts--thumbnail-top elementor-widget elementor-widget-posts\" data-id=\"c31c0f8\" data-element_type=\"widget\" data-e-type=\"widget\" data-settings=\"{&quot;classic_columns&quot;:&quot;3&quot;,&quot;classic_columns_tablet&quot;:&quot;2&quot;,&quot;classic_columns_mobile&quot;:&quot;1&quot;,&quot;classic_row_gap&quot;:{&quot;unit&quot;:&quot;px&quot;,&quot;size&quot;:35,&quot;sizes&quot;:[]},&quot;classic_row_gap_tablet&quot;:{&quot;unit&quot;:&quot;px&quot;,&quot;size&quot;:&quot;&quot;,&quot;sizes&quot;:[]},&quot;classic_row_gap_mobile&quot;:{&quot;unit&quot;:&quot;px&quot;,&quot;size&quot;:&quot;&quot;,&quot;sizes&quot;:[]}}\" data-widget_type=\"posts.classic\">\n\t\t\t\t<div class=\"elementor-widget-container\">\n\t\t\t\t\t\t\t<div class=\"elementor-posts-container elementor-posts elementor-posts--skin-classic elementor-grid\" role=\"list\">\n\t\t\t\t<article class=\"elementor-post elementor-grid-item post-6606 page type-page status-publish has-post-thumbnail hentry category-exposiciones-espacios tag-malayerba post post-with-thumbnail post-with-thumbnail-large\" role=\"listitem\">\n\t\t\t\t<a class=\"elementor-post__thumbnail__link\" href=\"https:\/\/artejoven.org\/fr\/espacios-faj\/malayerba\/primera-edicion-de-malayerba\/\" tabindex=\"-1\" >\n\t\t\t<div class=\"elementor-post__thumbnail\"><img fetchpriority=\"high\" decoding=\"async\" width=\"720\" height=\"480\" src=\"https:\/\/artejoven.org\/wp-content\/uploads\/2023\/12\/malaYerba-3-1024x683.webp\" class=\"attachment-large size-large wp-image-6594\" alt=\"malaYerba\" srcset=\"https:\/\/artejoven.org\/wp-content\/uploads\/2023\/12\/malaYerba-3-1024x683.webp 1024w, https:\/\/artejoven.org\/wp-content\/uploads\/2023\/12\/malaYerba-3-300x200.webp 300w, https:\/\/artejoven.org\/wp-content\/uploads\/2023\/12\/malaYerba-3-768x512.webp 768w, https:\/\/artejoven.org\/wp-content\/uploads\/2023\/12\/malaYerba-3-18x12.webp 18w, https:\/\/artejoven.org\/wp-content\/uploads\/2023\/12\/malaYerba-3-272x182.webp 272w, https:\/\/artejoven.org\/wp-content\/uploads\/2023\/12\/malaYerba-3.WEBP 1500w\" sizes=\"(max-width: 720px) 100vw, 720px\" \/><\/div>\n\t\t<\/a>\n\t\t\t\t<div class=\"elementor-post__text\">\n\t\t\t\t<h3 class=\"elementor-post__title\">\n\t\t\t<a href=\"https:\/\/artejoven.org\/fr\/espacios-faj\/malayerba\/primera-edicion-de-malayerba\/\" >\n\t\t\t\tPrimera edici\u00f3n de malaYerba\t\t\t<\/a>\n\t\t<\/h3>\n\t\t\t\t<div class=\"elementor-post__excerpt\">\n\t\t\t<p>La muestra que ha resultado de esta primera edici\u00f3n se acerca a la expresi\u00f3n grupal de un conjunto de inquietudes propias de una nueva generaci\u00f3n de artistas<\/p>\n\t\t<\/div>\n\t\t\t\t<\/div>\n\t\t\t\t<\/article>\n\t\t\t\t<\/div>\n\t\t\n\t\t\t\t\t\t<\/div>\n\t\t\t\t<\/div>\n\t\t\t\t\t<\/div>\n\t\t<\/div>\n\t\t\t\t\t<\/div>\n\t\t<\/section>\n\t\t\t\t<\/div>\n\t\t","protected":false},"excerpt":{"rendered":"<p>Le concours d'arts visuels malaYerba a \u00e9t\u00e9 cr\u00e9\u00e9 en 2023 gr\u00e2ce \u00e0 la collaboration entre le Fondo de Arte Joven et la Fundaci\u00f3n Los Carbonell (Panama). Il vise \u00e0 soutenir les processus cr\u00e9atifs d'artistes cubains vivant \u00e0 Cuba.<\/p>","protected":false},"author":1,"featured_media":7857,"parent":4962,"menu_order":0,"comment_status":"closed","ping_status":"closed","template":"","meta":{"_acf_changed":false,"footnotes":"","_links_to":"","_links_to_target":""},"categories":[53],"tags":[54],"class_list":["post-6578","page","type-page","status-publish","has-post-thumbnail","hentry","category-espacios","tag-espacios-faj","post","post-with-thumbnail","post-with-thumbnail-large"],"acf":[],"aioseo_notices":[],"jetpack-related-posts":[{"id":8114,"url":"https:\/\/artejoven.org\/fr\/espacios-faj\/malayerba\/segunda-edicion-de-malayerba\/","url_meta":{"origin":6578,"position":0},"title":"Deuxi\u00e8me \u00e9dition de malaYerba","author":"Ren\u00e9 Manuel Puig","date":"20 de septembre de 2024","format":false,"excerpt":"Ces nouveaux cr\u00e9ateurs identifient leurs r\u00e9alit\u00e9s les plus \u00e9prouvantes et les transposent dans la peinture, la photographie, la vid\u00e9o et l'installation.","rel":"","context":"Dans &quot;Exposiciones&quot;","block_context":{"text":"Exposiciones","link":"https:\/\/artejoven.org\/fr\/category\/espacios\/exposiciones-espacios\/"},"img":{"alt_text":"malaYerba","src":"https:\/\/i0.wp.com\/artejoven.org\/wp-content\/uploads\/2024\/07\/malaYerba-Segunda-Convocatoria-1-jpg.webp?resize=350%2C200&ssl=1","width":350,"height":200,"srcset":"https:\/\/i0.wp.com\/artejoven.org\/wp-content\/uploads\/2024\/07\/malaYerba-Segunda-Convocatoria-1-jpg.webp?resize=350%2C200&ssl=1 1x, https:\/\/i0.wp.com\/artejoven.org\/wp-content\/uploads\/2024\/07\/malaYerba-Segunda-Convocatoria-1-jpg.webp?resize=525%2C300&ssl=1 1.5x, https:\/\/i0.wp.com\/artejoven.org\/wp-content\/uploads\/2024\/07\/malaYerba-Segunda-Convocatoria-1-jpg.webp?resize=700%2C400&ssl=1 2x, https:\/\/i0.wp.com\/artejoven.org\/wp-content\/uploads\/2024\/07\/malaYerba-Segunda-Convocatoria-1-jpg.webp?resize=1050%2C600&ssl=1 3x, https:\/\/i0.wp.com\/artejoven.org\/wp-content\/uploads\/2024\/07\/malaYerba-Segunda-Convocatoria-1-jpg.webp?resize=1400%2C800&ssl=1 4x"},"classes":[]},{"id":16,"url":"https:\/\/artejoven.org\/fr\/convocatorias\/concurso-malayerba\/","url_meta":{"origin":6578,"position":1},"title":"Concours \"malaYerba","author":"Ren\u00e9 Manuel Puig","date":"15 de mars de 2023","format":false,"excerpt":"Formulaire de candidature pour la premi\u00e8re \u00e9dition du concours malaYerba.","rel":"","context":"Dans &quot;Convocatorias&quot;","block_context":{"text":"Convocatorias","link":"https:\/\/artejoven.org\/fr\/category\/convocatoria\/"},"img":{"alt_text":"Fondo de Arte Joven","src":"https:\/\/i0.wp.com\/artejoven.org\/wp-content\/uploads\/2023\/03\/Optimizado-scaled.jpg?resize=350%2C200&ssl=1","width":350,"height":200,"srcset":"https:\/\/i0.wp.com\/artejoven.org\/wp-content\/uploads\/2023\/03\/Optimizado-scaled.jpg?resize=350%2C200&ssl=1 1x, https:\/\/i0.wp.com\/artejoven.org\/wp-content\/uploads\/2023\/03\/Optimizado-scaled.jpg?resize=525%2C300&ssl=1 1.5x, https:\/\/i0.wp.com\/artejoven.org\/wp-content\/uploads\/2023\/03\/Optimizado-scaled.jpg?resize=700%2C400&ssl=1 2x, https:\/\/i0.wp.com\/artejoven.org\/wp-content\/uploads\/2023\/03\/Optimizado-scaled.jpg?resize=1050%2C600&ssl=1 3x, https:\/\/i0.wp.com\/artejoven.org\/wp-content\/uploads\/2023\/03\/Optimizado-scaled.jpg?resize=1400%2C800&ssl=1 4x"},"classes":[]},{"id":10231,"url":"https:\/\/drive.google.com\/drive\/folders\/1d0mwx6zAfkG_zs7JL7x7d7S_RmvtM4jX","url_meta":{"origin":6578,"position":2},"title":"\u00ab Nada \u00bb, catalogue de l'artiste plasticienne Clara Mass\u00f3","author":"Ren\u00e9 Manuel Puig","date":"10 de d\u00e9cembre de 2025","format":false,"excerpt":"Laur\u00e9ate de la premi\u00e8re \u00e9dition du concours d'art jeune malaYerba.","rel":"","context":"Dans &quot;Artes Visuales&quot;","block_context":{"text":"Artes Visuales","link":"https:\/\/artejoven.org\/fr\/category\/recursos\/artes-visuales-recursos\/"},"img":{"alt_text":"","src":"","width":0,"height":0},"classes":[]},{"id":4974,"url":"https:\/\/artejoven.org\/fr\/espacios-faj\/salon-blanco\/","url_meta":{"origin":6578,"position":3},"title":"Chambre blanche","author":"Ren\u00e9 Manuel Puig","date":"23 de ao\u00fbt de 2023","format":false,"excerpt":"A partir de las alianzas estrat\u00e9gicas iniciadas, en 2023, por del Fondo de Arte Joven, en colaboraci\u00f3n con la Oficina del Historiador de la Ciudad de La Habana (Cuba) y la Fundaci\u00f3n Los Carbonell (Panam\u00e1), fue inaugurado el Sal\u00f3n Blanco del Convento de San Francisco de As\u00eds, como galer\u00eda especializada\u2026","rel":"","context":"Dans &quot;Espacios&quot;","block_context":{"text":"Espacios","link":"https:\/\/artejoven.org\/fr\/category\/espacios\/"},"img":{"alt_text":"El porqu\u00e9 de la constancia","src":"https:\/\/i0.wp.com\/artejoven.org\/wp-content\/uploads\/2024\/06\/A7R8817-scaled.jpg?resize=350%2C200&ssl=1","width":350,"height":200,"srcset":"https:\/\/i0.wp.com\/artejoven.org\/wp-content\/uploads\/2024\/06\/A7R8817-scaled.jpg?resize=350%2C200&ssl=1 1x, https:\/\/i0.wp.com\/artejoven.org\/wp-content\/uploads\/2024\/06\/A7R8817-scaled.jpg?resize=525%2C300&ssl=1 1.5x, https:\/\/i0.wp.com\/artejoven.org\/wp-content\/uploads\/2024\/06\/A7R8817-scaled.jpg?resize=700%2C400&ssl=1 2x, https:\/\/i0.wp.com\/artejoven.org\/wp-content\/uploads\/2024\/06\/A7R8817-scaled.jpg?resize=1050%2C600&ssl=1 3x, https:\/\/i0.wp.com\/artejoven.org\/wp-content\/uploads\/2024\/06\/A7R8817-scaled.jpg?resize=1400%2C800&ssl=1 4x"},"classes":[]},{"id":4962,"url":"https:\/\/artejoven.org\/fr\/espacios-faj\/","url_meta":{"origin":6578,"position":4},"title":"Espaces FAJ","author":"Ren\u00e9 Manuel Puig","date":"23 de ao\u00fbt de 2023","format":false,"excerpt":"Dans le but de favoriser l'\u00e9mergence d'espaces de r\u00e9f\u00e9rence pour la cr\u00e9ation et la promotion de l'art contemporain cubain, le Fondo de Arte Joven (FAJ) collabore syst\u00e9matiquement avec des organisations et des institutions publiques et priv\u00e9es.","rel":"","context":"Dans &quot;Espacios&quot;","block_context":{"text":"Espacios","link":"https:\/\/artejoven.org\/fr\/category\/espacios\/"},"img":{"alt_text":"Fondo de Arte Joven","src":"https:\/\/i0.wp.com\/artejoven.org\/wp-content\/uploads\/2023\/06\/Fondo-de-Arte-Joven.jpg?resize=350%2C200&ssl=1","width":350,"height":200,"srcset":"https:\/\/i0.wp.com\/artejoven.org\/wp-content\/uploads\/2023\/06\/Fondo-de-Arte-Joven.jpg?resize=350%2C200&ssl=1 1x, https:\/\/i0.wp.com\/artejoven.org\/wp-content\/uploads\/2023\/06\/Fondo-de-Arte-Joven.jpg?resize=525%2C300&ssl=1 1.5x, https:\/\/i0.wp.com\/artejoven.org\/wp-content\/uploads\/2023\/06\/Fondo-de-Arte-Joven.jpg?resize=700%2C400&ssl=1 2x"},"classes":[]},{"id":6606,"url":"https:\/\/artejoven.org\/fr\/espacios-faj\/malayerba\/primera-edicion-de-malayerba\/","url_meta":{"origin":6578,"position":5},"title":"Premi\u00e8re \u00e9dition de malaYerba","author":"Ren\u00e9 Manuel Puig","date":"11 de d\u00e9cembre de 2023","format":false,"excerpt":"L'exposition qui r\u00e9sulte de cette premi\u00e8re \u00e9dition aborde l'expression collective d'un ensemble de pr\u00e9occupations d'une nouvelle g\u00e9n\u00e9ration d'artistes.","rel":"","context":"Dans &quot;Exposiciones&quot;","block_context":{"text":"Exposiciones","link":"https:\/\/artejoven.org\/fr\/category\/espacios\/exposiciones-espacios\/"},"img":{"alt_text":"malaYerba","src":"https:\/\/i0.wp.com\/artejoven.org\/wp-content\/uploads\/2023\/12\/malaYerba-3.WEBP?resize=350%2C200&ssl=1","width":350,"height":200,"srcset":"https:\/\/i0.wp.com\/artejoven.org\/wp-content\/uploads\/2023\/12\/malaYerba-3.WEBP?resize=350%2C200&ssl=1 1x, https:\/\/i0.wp.com\/artejoven.org\/wp-content\/uploads\/2023\/12\/malaYerba-3.WEBP?resize=525%2C300&ssl=1 1.5x, https:\/\/i0.wp.com\/artejoven.org\/wp-content\/uploads\/2023\/12\/malaYerba-3.WEBP?resize=700%2C400&ssl=1 2x, https:\/\/i0.wp.com\/artejoven.org\/wp-content\/uploads\/2023\/12\/malaYerba-3.WEBP?resize=1050%2C600&ssl=1 3x, https:\/\/i0.wp.com\/artejoven.org\/wp-content\/uploads\/2023\/12\/malaYerba-3.WEBP?resize=1400%2C800&ssl=1 4x"},"classes":[]}],"jetpack_sharing_enabled":true,"_links":{"self":[{"href":"https:\/\/artejoven.org\/fr\/wp-json\/wp\/v2\/pages\/6578","targetHints":{"allow":["GET"]}}],"collection":[{"href":"https:\/\/artejoven.org\/fr\/wp-json\/wp\/v2\/pages"}],"about":[{"href":"https:\/\/artejoven.org\/fr\/wp-json\/wp\/v2\/types\/page"}],"author":[{"embeddable":true,"href":"https:\/\/artejoven.org\/fr\/wp-json\/wp\/v2\/users\/1"}],"replies":[{"embeddable":true,"href":"https:\/\/artejoven.org\/fr\/wp-json\/wp\/v2\/comments?post=6578"}],"version-history":[{"count":0,"href":"https:\/\/artejoven.org\/fr\/wp-json\/wp\/v2\/pages\/6578\/revisions"}],"up":[{"embeddable":true,"href":"https:\/\/artejoven.org\/fr\/wp-json\/wp\/v2\/pages\/4962"}],"wp:featuredmedia":[{"embeddable":true,"href":"https:\/\/artejoven.org\/fr\/wp-json\/wp\/v2\/media\/7857"}],"wp:attachment":[{"href":"https:\/\/artejoven.org\/fr\/wp-json\/wp\/v2\/media?parent=6578"}],"wp:term":[{"taxonomy":"category","embeddable":true,"href":"https:\/\/artejoven.org\/fr\/wp-json\/wp\/v2\/categories?post=6578"},{"taxonomy":"post_tag","embeddable":true,"href":"https:\/\/artejoven.org\/fr\/wp-json\/wp\/v2\/tags?post=6578"}],"curies":[{"name":"wp","href":"https:\/\/api.w.org\/{rel}","templated":true}]}}