{"id":8831,"date":"2025-02-20T15:51:38","date_gmt":"2025-02-20T20:51:38","guid":{"rendered":"https:\/\/artejoven.org\/?page_id=8831"},"modified":"2025-02-20T17:25:34","modified_gmt":"2025-02-20T22:25:34","slug":"airel-suarez","status":"publish","type":"page","link":"https:\/\/artejoven.org\/fr\/beneficiarios\/airel-suarez\/","title":{"rendered":"Airel Suarez"},"content":{"rendered":"","protected":false},"excerpt":{"rendered":"<p>Airel Su\u00e1rez (La Havane, 2004)<br \/>\nDipl\u00f4m\u00e9 de l'Acad\u00e9mie nationale des beaux-arts San Alejandro (2019-2023), La Havane. <\/p>","protected":false},"author":1,"featured_media":8832,"parent":931,"menu_order":0,"comment_status":"closed","ping_status":"closed","template":"","meta":{"_acf_changed":false,"footnotes":"","_links_to":"","_links_to_target":""},"categories":[32,13],"tags":[63,38],"class_list":["post-8831","page","type-page","status-publish","has-post-thumbnail","hentry","category-artes-visuales-beneficiarios","category-beneficiarios","tag-63","tag-artes-visuales","post","post-with-thumbnail","post-with-thumbnail-large"],"acf":[],"aioseo_notices":[],"jetpack-related-posts":[{"id":8114,"url":"https:\/\/artejoven.org\/fr\/espacios-faj\/malayerba\/segunda-edicion-de-malayerba\/","url_meta":{"origin":8831,"position":0},"title":"Deuxi\u00e8me \u00e9dition de malaYerba","author":"Ren\u00e9 Manuel Puig","date":"20 de septembre de 2024","format":false,"excerpt":"Ces nouveaux cr\u00e9ateurs identifient leurs r\u00e9alit\u00e9s les plus \u00e9prouvantes et les transposent dans la peinture, la photographie, la vid\u00e9o et l'installation.","rel":"","context":"Dans &quot;Exposiciones&quot;","block_context":{"text":"Exposiciones","link":"https:\/\/artejoven.org\/fr\/category\/espacios\/exposiciones-espacios\/"},"img":{"alt_text":"malaYerba","src":"https:\/\/i0.wp.com\/artejoven.org\/wp-content\/uploads\/2024\/07\/malaYerba-Segunda-Convocatoria-1-jpg.webp?resize=350%2C200&ssl=1","width":350,"height":200,"srcset":"https:\/\/i0.wp.com\/artejoven.org\/wp-content\/uploads\/2024\/07\/malaYerba-Segunda-Convocatoria-1-jpg.webp?resize=350%2C200&ssl=1 1x, https:\/\/i0.wp.com\/artejoven.org\/wp-content\/uploads\/2024\/07\/malaYerba-Segunda-Convocatoria-1-jpg.webp?resize=525%2C300&ssl=1 1.5x, https:\/\/i0.wp.com\/artejoven.org\/wp-content\/uploads\/2024\/07\/malaYerba-Segunda-Convocatoria-1-jpg.webp?resize=700%2C400&ssl=1 2x, https:\/\/i0.wp.com\/artejoven.org\/wp-content\/uploads\/2024\/07\/malaYerba-Segunda-Convocatoria-1-jpg.webp?resize=1050%2C600&ssl=1 3x, https:\/\/i0.wp.com\/artejoven.org\/wp-content\/uploads\/2024\/07\/malaYerba-Segunda-Convocatoria-1-jpg.webp?resize=1400%2C800&ssl=1 4x"},"classes":[]},{"id":931,"url":"https:\/\/artejoven.org\/fr\/beneficiarios\/","url_meta":{"origin":8831,"position":1},"title":"B\u00e9n\u00e9ficiaires","author":"Ren\u00e9 Manuel Puig","date":"17 de avril de 2023","format":false,"excerpt":"Rencontrez les b\u00e9n\u00e9ficiaires. Chaque artiste ou entreprise culturelle que le Fondo de Arte Joven a soutenu.","rel":"","context":"Article similaire","block_context":{"text":"Article similaire","link":""},"img":{"alt_text":"Fondo de Arte Joven","src":"https:\/\/i0.wp.com\/artejoven.org\/wp-content\/uploads\/2023\/06\/Fondo-de-Arte-Joven.jpg?resize=350%2C200&ssl=1","width":350,"height":200,"srcset":"https:\/\/i0.wp.com\/artejoven.org\/wp-content\/uploads\/2023\/06\/Fondo-de-Arte-Joven.jpg?resize=350%2C200&ssl=1 1x, https:\/\/i0.wp.com\/artejoven.org\/wp-content\/uploads\/2023\/06\/Fondo-de-Arte-Joven.jpg?resize=525%2C300&ssl=1 1.5x, https:\/\/i0.wp.com\/artejoven.org\/wp-content\/uploads\/2023\/06\/Fondo-de-Arte-Joven.jpg?resize=700%2C400&ssl=1 2x"},"classes":[]},{"id":2882,"url":"https:\/\/artejoven.org\/fr\/beneficiarios\/harold-ramirez\/","url_meta":{"origin":8831,"position":2},"title":"Harold Ramirez\u00a0","author":"Ren\u00e9 Manuel Puig","date":"17 de mai de 2023","format":false,"excerpt":"Harold Ram\u00edrez Veliz (La Havane, 1997) est dipl\u00f4m\u00e9 de l'Academia Nacional de Bellas Artes San Alejandro et \u00e9tudie actuellement les arts visuels \u00e0 l'Universidad de las Artes (ISA).","rel":"","context":"Dans &quot;Artes Visuales&quot;","block_context":{"text":"Artes Visuales","link":"https:\/\/artejoven.org\/fr\/category\/beneficiarios\/artes-visuales-beneficiarios\/"},"img":{"alt_text":"Harold Ram\u00edrez","src":"https:\/\/i0.wp.com\/artejoven.org\/wp-content\/uploads\/2023\/06\/Harold-Ramirez-jpg.webp?resize=350%2C200&ssl=1","width":350,"height":200,"srcset":"https:\/\/i0.wp.com\/artejoven.org\/wp-content\/uploads\/2023\/06\/Harold-Ramirez-jpg.webp?resize=350%2C200&ssl=1 1x, https:\/\/i0.wp.com\/artejoven.org\/wp-content\/uploads\/2023\/06\/Harold-Ramirez-jpg.webp?resize=525%2C300&ssl=1 1.5x"},"classes":[]},{"id":8841,"url":"https:\/\/artejoven.org\/fr\/beneficiarios\/karolyn-sanchez\/","url_meta":{"origin":8831,"position":3},"title":"Karolyn Sanchez","author":"Ren\u00e9 Manuel Puig","date":"20 de f\u00e9vrier de 2025","format":false,"excerpt":"Karolyn S\u00e1nchez (La Havane, 2003) a obtenu un dipl\u00f4me d'or \u00e0 l'Academia Nacional de Bellas Artes San Alejandro (2019-2023).","rel":"","context":"Dans &quot;Artes Visuales&quot;","block_context":{"text":"Artes Visuales","link":"https:\/\/artejoven.org\/fr\/category\/beneficiarios\/artes-visuales-beneficiarios\/"},"img":{"alt_text":"Karolyn S\u00e1nchez","src":"https:\/\/i0.wp.com\/artejoven.org\/wp-content\/uploads\/2025\/02\/Karolyn-Sanchez.webp?resize=350%2C200&ssl=1","width":350,"height":200,"srcset":"https:\/\/i0.wp.com\/artejoven.org\/wp-content\/uploads\/2025\/02\/Karolyn-Sanchez.webp?resize=350%2C200&ssl=1 1x, https:\/\/i0.wp.com\/artejoven.org\/wp-content\/uploads\/2025\/02\/Karolyn-Sanchez.webp?resize=525%2C300&ssl=1 1.5x"},"classes":[]},{"id":6696,"url":"https:\/\/artejoven.org\/fr\/beneficiarios\/rosa-de-la-caridad-cabrera\/","url_meta":{"origin":8831,"position":4},"title":"Rosa de la Caridad Cabrera","author":"Ren\u00e9 Manuel Puig","date":"13 de d\u00e9cembre de 2023","format":false,"excerpt":"Rosa de la Caridad Cabrera (La Havane, 2000). Dipl\u00f4m\u00e9e de l'Acad\u00e9mie nationale des beaux-arts de San Alejandro en 2020.","rel":"","context":"Dans &quot;Artes Visuales&quot;","block_context":{"text":"Artes Visuales","link":"https:\/\/artejoven.org\/fr\/category\/beneficiarios\/artes-visuales-beneficiarios\/"},"img":{"alt_text":"Rosa de la Caridad Cabrera","src":"https:\/\/i0.wp.com\/artejoven.org\/wp-content\/uploads\/2023\/12\/Rosa-de-la-Caridad-Cabrera-jpg.webp?resize=350%2C200&ssl=1","width":350,"height":200,"srcset":"https:\/\/i0.wp.com\/artejoven.org\/wp-content\/uploads\/2023\/12\/Rosa-de-la-Caridad-Cabrera-jpg.webp?resize=350%2C200&ssl=1 1x, https:\/\/i0.wp.com\/artejoven.org\/wp-content\/uploads\/2023\/12\/Rosa-de-la-Caridad-Cabrera-jpg.webp?resize=525%2C300&ssl=1 1.5x"},"classes":[]},{"id":6540,"url":"https:\/\/artejoven.org\/fr\/beneficiarios\/yunior-la-rosa\/","url_meta":{"origin":8831,"position":5},"title":"Yunior La Rosa","author":"Ren\u00e9 Manuel Puig","date":"6 de d\u00e9cembre de 2023","format":false,"excerpt":"Yunior La Rosa (La Havane, 1992). Dipl\u00f4m\u00e9 de l'Academia Nacional de Bellas Artes San Alejandro en 2012.","rel":"","context":"Dans &quot;Artes Visuales&quot;","block_context":{"text":"Artes Visuales","link":"https:\/\/artejoven.org\/fr\/category\/beneficiarios\/artes-visuales-beneficiarios\/"},"img":{"alt_text":"Yunior La Rosa","src":"https:\/\/i0.wp.com\/artejoven.org\/wp-content\/uploads\/2023\/12\/Yunior-La-Rosa-jpg.webp?resize=350%2C200&ssl=1","width":350,"height":200,"srcset":"https:\/\/i0.wp.com\/artejoven.org\/wp-content\/uploads\/2023\/12\/Yunior-La-Rosa-jpg.webp?resize=350%2C200&ssl=1 1x, https:\/\/i0.wp.com\/artejoven.org\/wp-content\/uploads\/2023\/12\/Yunior-La-Rosa-jpg.webp?resize=525%2C300&ssl=1 1.5x"},"classes":[]}],"jetpack_sharing_enabled":true,"_links":{"self":[{"href":"https:\/\/artejoven.org\/fr\/wp-json\/wp\/v2\/pages\/8831","targetHints":{"allow":["GET"]}}],"collection":[{"href":"https:\/\/artejoven.org\/fr\/wp-json\/wp\/v2\/pages"}],"about":[{"href":"https:\/\/artejoven.org\/fr\/wp-json\/wp\/v2\/types\/page"}],"author":[{"embeddable":true,"href":"https:\/\/artejoven.org\/fr\/wp-json\/wp\/v2\/users\/1"}],"replies":[{"embeddable":true,"href":"https:\/\/artejoven.org\/fr\/wp-json\/wp\/v2\/comments?post=8831"}],"version-history":[{"count":0,"href":"https:\/\/artejoven.org\/fr\/wp-json\/wp\/v2\/pages\/8831\/revisions"}],"up":[{"embeddable":true,"href":"https:\/\/artejoven.org\/fr\/wp-json\/wp\/v2\/pages\/931"}],"wp:featuredmedia":[{"embeddable":true,"href":"https:\/\/artejoven.org\/fr\/wp-json\/wp\/v2\/media\/8832"}],"wp:attachment":[{"href":"https:\/\/artejoven.org\/fr\/wp-json\/wp\/v2\/media?parent=8831"}],"wp:term":[{"taxonomy":"category","embeddable":true,"href":"https:\/\/artejoven.org\/fr\/wp-json\/wp\/v2\/categories?post=8831"},{"taxonomy":"post_tag","embeddable":true,"href":"https:\/\/artejoven.org\/fr\/wp-json\/wp\/v2\/tags?post=8831"}],"curies":[{"name":"wp","href":"https:\/\/api.w.org\/{rel}","templated":true}]}}