{"id":8933,"date":"2025-02-24T19:33:41","date_gmt":"2025-02-25T00:33:41","guid":{"rendered":"https:\/\/artejoven.org\/?page_id=8933"},"modified":"2025-02-24T19:33:43","modified_gmt":"2025-02-25T00:33:43","slug":"mai-mai","status":"publish","type":"page","link":"https:\/\/artejoven.org\/fr\/beneficiarios\/mai-mai\/","title":{"rendered":"Mai Mai"},"content":{"rendered":"","protected":false},"excerpt":{"rendered":"<p>Mai Mai, m\u00e8re d'artistes et de cr\u00e9ateurs, est une marque cubaine de v\u00eatements et un projet artistique qui fusionne la cr\u00e9ation et l'art jeune avec le monde de la mode. <\/p>","protected":false},"author":1,"featured_media":8934,"parent":931,"menu_order":0,"comment_status":"closed","ping_status":"closed","template":"","meta":{"_acf_changed":false,"footnotes":"","_links_to":"","_links_to_target":""},"categories":[13,33],"tags":[63,58],"class_list":["post-8933","page","type-page","status-publish","has-post-thumbnail","hentry","category-beneficiarios","category-emprendimientos-beneficiarios","tag-63","tag-segundo-programa","post","post-with-thumbnail","post-with-thumbnail-large"],"acf":[],"aioseo_notices":[],"jetpack-related-posts":[{"id":9897,"url":"https:\/\/www.instagram.com\/uneacuba\/","url_meta":{"origin":8933,"position":0},"title":"Uni\u00f3n de Escritores y Artistas de Cuba (UNEAC) (Union des \u00e9crivains et artistes de Cuba)","author":"Ren\u00e9 Manuel Puig","date":"9 de octobre de 2025","format":false,"excerpt":"Association professionnelle, culturelle et sociale qui rassemble et repr\u00e9sente les \u00e9crivains et artistes cubains.","rel":"","context":"Dans &quot;Aliados&quot;","block_context":{"text":"Aliados","link":"https:\/\/artejoven.org\/fr\/category\/aliados\/"},"img":{"alt_text":"Uni\u00f3n de Escritores y Artistas de Cuba (UNEAC)","src":"https:\/\/i0.wp.com\/artejoven.org\/wp-content\/uploads\/2025\/10\/UNEAC.webp?resize=350%2C200&ssl=1","width":350,"height":200,"srcset":"https:\/\/i0.wp.com\/artejoven.org\/wp-content\/uploads\/2025\/10\/UNEAC.webp?resize=350%2C200&ssl=1 1x, https:\/\/i0.wp.com\/artejoven.org\/wp-content\/uploads\/2025\/10\/UNEAC.webp?resize=525%2C300&ssl=1 1.5x"},"classes":[]},{"id":10231,"url":"https:\/\/drive.google.com\/drive\/folders\/1d0mwx6zAfkG_zs7JL7x7d7S_RmvtM4jX","url_meta":{"origin":8933,"position":1},"title":"\u00ab Nada \u00bb, catalogue de l'artiste plasticienne Clara Mass\u00f3","author":"Ren\u00e9 Manuel Puig","date":"10 de d\u00e9cembre de 2025","format":false,"excerpt":"Laur\u00e9ate de la premi\u00e8re \u00e9dition du concours d'art jeune malaYerba.","rel":"","context":"Dans &quot;Artes Visuales&quot;","block_context":{"text":"Artes Visuales","link":"https:\/\/artejoven.org\/fr\/category\/recursos\/artes-visuales-recursos\/"},"img":{"alt_text":"","src":"","width":0,"height":0},"classes":[]},{"id":7329,"url":"https:\/\/artejoven.org\/fr\/beneficiarios\/estaciones\/","url_meta":{"origin":8933,"position":2},"title":"Stations","author":"Ren\u00e9 Manuel Puig","date":"10 de avril de 2024","format":false,"excerpt":"Cette initiative de la jeune artiste visuelle Mar\u00eda Karla Gonz\u00e1lez (Villa Clara, 2003) vise \u00e0 g\u00e9n\u00e9rer des \u00e9v\u00e9nements artistiques en prenant le non-esth\u00e9tique comme base de l'\u00e9v\u00e9nement artistique.","rel":"","context":"Dans &quot;Artes Visuales&quot;","block_context":{"text":"Artes Visuales","link":"https:\/\/artejoven.org\/fr\/category\/beneficiarios\/artes-visuales-beneficiarios\/"},"img":{"alt_text":"Estaciones","src":"https:\/\/i0.wp.com\/artejoven.org\/wp-content\/uploads\/2024\/04\/Estaciones-jpg.webp?resize=350%2C200&ssl=1","width":350,"height":200},"classes":[]},{"id":6519,"url":"https:\/\/artejoven.org\/fr\/beneficiarios\/victoria-onelien\/","url_meta":{"origin":8933,"position":3},"title":"Victoria On\u00e9lien","author":"Ren\u00e9 Manuel Puig","date":"5 de d\u00e9cembre de 2023","format":false,"excerpt":"Jeune et talentueuse artiste visuelle. Elle est peintre, artiste de rue.","rel":"","context":"Dans &quot;Artes Visuales&quot;","block_context":{"text":"Artes Visuales","link":"https:\/\/artejoven.org\/fr\/category\/beneficiarios\/artes-visuales-beneficiarios\/"},"img":{"alt_text":"Victoria On\u00e9lien","src":"https:\/\/i0.wp.com\/artejoven.org\/wp-content\/uploads\/2023\/12\/Vicky--jpg.webp?resize=350%2C200&ssl=1","width":350,"height":200},"classes":[]},{"id":3679,"url":"https:\/\/www.fundacioncarolina.es\/","url_meta":{"origin":8933,"position":4},"title":"Site web de la Fondation Carolina","author":"Ren\u00e9 Manuel Puig","date":"12 de juin de 2023","format":false,"excerpt":"Bourses artistiques pour les Latino-Am\u00e9ricains, entre autres.","rel":"","context":"Dans &quot;M\u00fasica&quot;","block_context":{"text":"M\u00fasica","link":"https:\/\/artejoven.org\/fr\/category\/recursos\/musica-recursos\/"},"img":{"alt_text":"","src":"","width":0,"height":0},"classes":[]},{"id":6486,"url":"https:\/\/artejoven.org\/fr\/beneficiarios\/sylvania-sylvain\/","url_meta":{"origin":8933,"position":5},"title":"Sylvania Sylvain","author":"Ren\u00e9 Manuel Puig","date":"5 de d\u00e9cembre de 2023","format":false,"excerpt":"Artiste et guitariste, passionn\u00e9 de musique, anim\u00e9 par la recherche constante de l'expression artistique.","rel":"","context":"Dans &quot;Beneficiarios&quot;","block_context":{"text":"Beneficiarios","link":"https:\/\/artejoven.org\/fr\/category\/beneficiarios\/"},"img":{"alt_text":"Sylvania Sylvain","src":"https:\/\/i0.wp.com\/artejoven.org\/wp-content\/uploads\/2023\/12\/Vava-jpg.webp?resize=350%2C200&ssl=1","width":350,"height":200,"srcset":"https:\/\/i0.wp.com\/artejoven.org\/wp-content\/uploads\/2023\/12\/Vava-jpg.webp?resize=350%2C200&ssl=1 1x, https:\/\/i0.wp.com\/artejoven.org\/wp-content\/uploads\/2023\/12\/Vava-jpg.webp?resize=525%2C300&ssl=1 1.5x"},"classes":[]}],"jetpack_sharing_enabled":true,"_links":{"self":[{"href":"https:\/\/artejoven.org\/fr\/wp-json\/wp\/v2\/pages\/8933","targetHints":{"allow":["GET"]}}],"collection":[{"href":"https:\/\/artejoven.org\/fr\/wp-json\/wp\/v2\/pages"}],"about":[{"href":"https:\/\/artejoven.org\/fr\/wp-json\/wp\/v2\/types\/page"}],"author":[{"embeddable":true,"href":"https:\/\/artejoven.org\/fr\/wp-json\/wp\/v2\/users\/1"}],"replies":[{"embeddable":true,"href":"https:\/\/artejoven.org\/fr\/wp-json\/wp\/v2\/comments?post=8933"}],"version-history":[{"count":0,"href":"https:\/\/artejoven.org\/fr\/wp-json\/wp\/v2\/pages\/8933\/revisions"}],"up":[{"embeddable":true,"href":"https:\/\/artejoven.org\/fr\/wp-json\/wp\/v2\/pages\/931"}],"wp:featuredmedia":[{"embeddable":true,"href":"https:\/\/artejoven.org\/fr\/wp-json\/wp\/v2\/media\/8934"}],"wp:attachment":[{"href":"https:\/\/artejoven.org\/fr\/wp-json\/wp\/v2\/media?parent=8933"}],"wp:term":[{"taxonomy":"category","embeddable":true,"href":"https:\/\/artejoven.org\/fr\/wp-json\/wp\/v2\/categories?post=8933"},{"taxonomy":"post_tag","embeddable":true,"href":"https:\/\/artejoven.org\/fr\/wp-json\/wp\/v2\/tags?post=8933"}],"curies":[{"name":"wp","href":"https:\/\/api.w.org\/{rel}","templated":true}]}}