{"id":9058,"date":"2025-03-20T19:18:40","date_gmt":"2025-03-20T23:18:40","guid":{"rendered":"https:\/\/artejoven.org\/?page_id=9058"},"modified":"2025-03-20T20:24:29","modified_gmt":"2025-03-21T00:24:29","slug":"politique-de-confidentialite","status":"publish","type":"page","link":"https:\/\/artejoven.org\/fr\/politica-de-privacidad\/","title":{"rendered":"Politique de confidentialit\u00e9"},"content":{"rendered":"<div data-elementor-type=\"wp-page\" data-elementor-id=\"9058\" class=\"elementor elementor-9058\" data-elementor-post-type=\"page\">\n\t\t\t\t\t\t<section class=\"elementor-section elementor-top-section elementor-element elementor-element-5040834 elementor-section-boxed elementor-section-height-default elementor-section-height-default\" data-id=\"5040834\" data-element_type=\"section\" data-e-type=\"section\" data-settings=\"{&quot;background_background&quot;:&quot;classic&quot;}\">\n\t\t\t\t\t\t<div class=\"elementor-container elementor-column-gap-default\">\n\t\t\t\t\t<div class=\"elementor-column elementor-col-100 elementor-top-column elementor-element elementor-element-8dfd707\" data-id=\"8dfd707\" data-element_type=\"column\" data-e-type=\"column\">\n\t\t\t<div class=\"elementor-widget-wrap elementor-element-populated\">\n\t\t\t\t\t\t<div class=\"elementor-element elementor-element-0c08dd0 elementor-widget elementor-widget-text-editor\" data-id=\"0c08dd0\" data-element_type=\"widget\" data-e-type=\"widget\" data-widget_type=\"text-editor.default\">\n\t\t\t\t<div class=\"elementor-widget-container\">\n\t\t\t\t\t\t\t\t\t<p data-pm-slice=\"1 1 []\"><strong>Politique de confidentialit\u00e9<\/strong><\/p><p><strong>Date d'entr\u00e9e en vigueur :<\/strong> 20 mars 2025.<\/p><p><strong>1. introduction<\/strong><br \/>Dans le cadre de la <strong>Fonds pour les artistes jeunes\u00a0(FAJ)<\/strong>Nous nous engageons \u00e0 prot\u00e9ger votre vie priv\u00e9e et \u00e0 garantir la s\u00e9curit\u00e9 de vos donn\u00e9es personnelles. La pr\u00e9sente politique de confidentialit\u00e9 explique comment nous recueillons, utilisons, conservons et prot\u00e9geons vos informations.<\/p><p><strong>2. les informations que nous recueillons<\/strong><br \/>Nous pouvons collecter et traiter les types d'informations suivants :<\/p><ul data-spread=\"false\"><li><p><strong>Informations personnelles :<\/strong> Nom, adresse \u00e9lectronique et autres coordonn\u00e9es que vous nous fournissez volontairement.<\/p><\/li><li><p><strong>Donn\u00e9es de navigation :<\/strong> Adresse IP, type de navigateur, syst\u00e8me d'exploitation, temps d'acc\u00e8s et pages visit\u00e9es.<\/p><\/li><li><p><strong>Cookies et technologies similaires :<\/strong> Pour am\u00e9liorer votre exp\u00e9rience sur notre site web.<\/p><\/li><\/ul><p><strong>3. Utilisation de l'information<\/strong><br \/>Nous utilisons les informations collect\u00e9es pour :<\/p><ul data-spread=\"false\"><li><p>Fournir et am\u00e9liorer nos services.<\/p><\/li><li><p>Communiquer avec vous pour r\u00e9pondre \u00e0 vos questions.<\/p><\/li><li><p>Personnaliser votre exp\u00e9rience sur notre site web.<\/p><\/li><li><p>Assurer la s\u00e9curit\u00e9 et la fonctionnalit\u00e9 du site.<\/p><\/li><li><p>Respecter les obligations l\u00e9gales.<\/p><\/li><\/ul><p><strong>4. Partage d'informations<\/strong><br \/>Nous ne vendons pas, ne louons pas et ne partageons pas vos informations personnelles avec des tiers, sauf dans les cas suivants :<\/p><ul data-spread=\"false\"><li><p>Lorsque cela est n\u00e9cessaire pour se conformer aux r\u00e9glementations l\u00e9gales.<\/p><\/li><li><p>Avec des prestataires de services qui nous aident \u00e0 exploiter le site web et qui doivent se conformer \u00e0 la pr\u00e9sente politique de protection de la vie priv\u00e9e.<\/p><\/li><li><p>Avec des tiers qui servent de jur\u00e9s dans le cadre de nos appels \u00e0 propositions.<\/p><\/li><\/ul><p><strong>5. S\u00e9curit\u00e9 de l'information<\/strong><br \/>Nous mettons en \u0153uvre des mesures techniques et organisationnelles pour prot\u00e9ger vos donn\u00e9es personnelles contre l'acc\u00e8s non autoris\u00e9, l'alt\u00e9ration ou la destruction.<\/p><p><strong>6. Vos droits<\/strong><br \/>Vous avez le droit de :<\/p><ul data-spread=\"false\"><li><p>Acc\u00e9der \u00e0 vos donn\u00e9es personnelles.<\/p><\/li><li><p>Demander la correction ou la suppression de vos donn\u00e9es.<\/p><\/li><li><p>s'opposer au traitement de vos donn\u00e9es personnelles.<\/p><\/li><\/ul><p>Pour exercer ces droits, veuillez nous contacter \u00e0 l'adresse suivante <a>info@artejoven.org<\/a>.<\/p><p><strong>7. Modifications de la pr\u00e9sente politique<\/strong><br \/>Nous pouvons mettre \u00e0 jour la pr\u00e9sente politique de confidentialit\u00e9 \u00e0 tout moment. Toute modification sera publi\u00e9e sur cette page avec une nouvelle date d'entr\u00e9e en vigueur.<\/p><p><strong>8. Contact<\/strong><br \/>Si vous avez des questions concernant la pr\u00e9sente politique de confidentialit\u00e9, vous pouvez nous \u00e9crire \u00e0 l'adresse suivante <a>info@artejoven.org<\/a>.<\/p>\t\t\t\t\t\t\t\t<\/div>\n\t\t\t\t<\/div>\n\t\t\t\t\t<\/div>\n\t\t<\/div>\n\t\t\t\t\t<\/div>\n\t\t<\/section>\n\t\t\t\t<\/div>","protected":false},"excerpt":{"rendered":"<p>Pol\u00edtica de Privacidad Fecha de entrada en vigencia: 20 de marzo de 2025. 1. Introducci\u00f3nEn el Fondo de Arte Joven (FAJ), nos comprometemos a proteger su privacidad y garantizar la seguridad de sus datos personales. Esta Pol\u00edtica de Privacidad explica c\u00f3mo recopilamos, usamos, almacenamos y protegemos su informaci\u00f3n. 2. Informaci\u00f3n que recopilamosPodemos recopilar y procesar [&hellip;]<\/p>\n","protected":false},"author":1,"featured_media":0,"parent":0,"menu_order":0,"comment_status":"closed","ping_status":"closed","template":"","meta":{"_acf_changed":false,"footnotes":"","_links_to":"","_links_to_target":""},"categories":[],"tags":[],"class_list":["post-9058","page","type-page","status-publish","hentry","post"],"acf":[],"aioseo_notices":[],"jetpack-related-posts":[{"id":6717,"url":"https:\/\/drive.google.com\/file\/d\/1np4SMoMfGtysNAnvK9bpRB1H-NpRKMpe\/view?usp=sharing","url_meta":{"origin":9058,"position":0},"title":"La direction d'orchestre symphonique. Son expression \u00e0 Cuba","author":"Ren\u00e9 Manuel Puig","date":"19 de d\u00e9cembre de 2023","format":false,"excerpt":"Este trabajo, sin duda, marca una cumbre en la esencia pedag\u00f3gica que siempre ha acompa\u00f1ado a Guido L\u00f3pez-Gavil\u00e1n: quien antes de una partitura decidi\u00f3 ense\u00f1ar letras, quien antes de subir a un p\u00f3dium subi\u00f3 monta\u00f1as para compartir lo aprendido, quien antes de tocar melod\u00edas ya lograba tocar corazones.","rel":"","context":"Dans &quot;M\u00fasica&quot;","block_context":{"text":"M\u00fasica","link":"https:\/\/artejoven.org\/fr\/category\/recursos\/musica-recursos\/"},"img":{"alt_text":"","src":"","width":0,"height":0},"classes":[]},{"id":7965,"url":"https:\/\/artejoven.org\/fr\/convocatorias\/concurso-nacional-de-musica\/","url_meta":{"origin":9058,"position":1},"title":"Concours national de musique","author":"Ren\u00e9 Manuel Puig","date":"30 de ao\u00fbt de 2024","format":false,"excerpt":"Formulaire d'inscription \u00e0 la premi\u00e8re \u00e9dition du concours national de musique","rel":"","context":"Dans &quot;Convocatorias&quot;","block_context":{"text":"Convocatorias","link":"https:\/\/artejoven.org\/fr\/category\/convocatoria\/"},"img":{"alt_text":"","src":"https:\/\/i0.wp.com\/artejoven.org\/wp-content\/uploads\/2023\/05\/Banner-Web.jpg?resize=350%2C200&ssl=1","width":350,"height":200,"srcset":"https:\/\/i0.wp.com\/artejoven.org\/wp-content\/uploads\/2023\/05\/Banner-Web.jpg?resize=350%2C200&ssl=1 1x, https:\/\/i0.wp.com\/artejoven.org\/wp-content\/uploads\/2023\/05\/Banner-Web.jpg?resize=525%2C300&ssl=1 1.5x, https:\/\/i0.wp.com\/artejoven.org\/wp-content\/uploads\/2023\/05\/Banner-Web.jpg?resize=700%2C400&ssl=1 2x"},"classes":[]},{"id":935,"url":"https:\/\/artejoven.org\/fr\/noticias\/","url_meta":{"origin":9058,"position":2},"title":"Actualit\u00e9s","author":"Ren\u00e9 Manuel Puig","date":"17 de avril de 2023","format":false,"excerpt":"Restez au courant de nos actualit\u00e9s.","rel":"","context":"Article similaire","block_context":{"text":"Article similaire","link":""},"img":{"alt_text":"Residencia Acad\u00e9mica Hait\u00ed - Cuba","src":"https:\/\/i0.wp.com\/artejoven.org\/wp-content\/uploads\/2023\/12\/Residencia-Academica-Haiti-Cuba.webp?resize=350%2C200&ssl=1","width":350,"height":200,"srcset":"https:\/\/i0.wp.com\/artejoven.org\/wp-content\/uploads\/2023\/12\/Residencia-Academica-Haiti-Cuba.webp?resize=350%2C200&ssl=1 1x, https:\/\/i0.wp.com\/artejoven.org\/wp-content\/uploads\/2023\/12\/Residencia-Academica-Haiti-Cuba.webp?resize=525%2C300&ssl=1 1.5x, https:\/\/i0.wp.com\/artejoven.org\/wp-content\/uploads\/2023\/12\/Residencia-Academica-Haiti-Cuba.webp?resize=700%2C400&ssl=1 2x, https:\/\/i0.wp.com\/artejoven.org\/wp-content\/uploads\/2023\/12\/Residencia-Academica-Haiti-Cuba.webp?resize=1050%2C600&ssl=1 3x, https:\/\/i0.wp.com\/artejoven.org\/wp-content\/uploads\/2023\/12\/Residencia-Academica-Haiti-Cuba.webp?resize=1400%2C800&ssl=1 4x"},"classes":[]},{"id":7368,"url":"https:\/\/artejoven.org\/fr\/beneficiarios\/yasmani-castro-caballero\/","url_meta":{"origin":9058,"position":3},"title":"Yasmani Castro Caballero","author":"Ren\u00e9 Manuel Puig","date":"17 de avril de 2024","format":false,"excerpt":"Yasmani Castro Caballero (Santiago de Cuba, 1992) est dipl\u00f4m\u00e9e en \u00e9ducation et \u00e9tudiante en quatri\u00e8me ann\u00e9e de communication audiovisuelle dans le domaine de la r\u00e9alisation \u00e0 l'antenne de Holgu\u00edn de l'universit\u00e9 des arts.","rel":"","context":"Dans &quot;Beneficiarios&quot;","block_context":{"text":"Beneficiarios","link":"https:\/\/artejoven.org\/fr\/category\/beneficiarios\/"},"img":{"alt_text":"Yasmani Castro","src":"https:\/\/i0.wp.com\/artejoven.org\/wp-content\/uploads\/2024\/04\/Yasmani-Castro.jpg?resize=350%2C200&ssl=1","width":350,"height":200},"classes":[]},{"id":9401,"url":"https:\/\/dcubamusica.cult.cu\/","url_meta":{"origin":9058,"position":4},"title":"Institut cubain de musique","author":"Ren\u00e9 Manuel Puig","date":"3 de mai de 2025","format":false,"excerpt":"L'Institut cubain de musique (ICM) est une institution gouvernementale cubaine fond\u00e9e en 1989 dans le but d'organiser, de promouvoir, de parrainer et de prot\u00e9ger le patrimoine musical cubain.","rel":"","context":"Dans &quot;Socios&quot;","block_context":{"text":"Socios","link":"https:\/\/artejoven.org\/fr\/category\/socios\/"},"img":{"alt_text":"","src":"https:\/\/i0.wp.com\/artejoven.org\/wp-content\/uploads\/2025\/05\/ICM.webp?resize=350%2C200&ssl=1","width":350,"height":200},"classes":[]},{"id":9339,"url":"#element","url_meta":{"origin":9058,"position":5},"title":"Barbara Prophet","author":"Ren\u00e9 Manuel Puig","date":"3 de mai de 2025","format":false,"excerpt":"Sp\u00e9cialiste des politiques de sant\u00e9 publique. Responsable des affaires de coop\u00e9ration internationale \u00e0 l'ambassade de Suisse \u00e0 P\u00e9kin (Chine), tr\u00e9sorier du Young Art Fund.","rel":"","context":"Dans &quot;Organizaci\u00f3n&quot;","block_context":{"text":"Organizaci\u00f3n","link":"https:\/\/artejoven.org\/fr\/category\/organizacion\/"},"img":{"alt_text":"B\u00e1rbara Profeta","src":"https:\/\/i0.wp.com\/artejoven.org\/wp-content\/uploads\/2023\/04\/Barbara-Profeta.webp?resize=350%2C200&ssl=1","width":350,"height":200,"srcset":"https:\/\/i0.wp.com\/artejoven.org\/wp-content\/uploads\/2023\/04\/Barbara-Profeta.webp?resize=350%2C200&ssl=1 1x, https:\/\/i0.wp.com\/artejoven.org\/wp-content\/uploads\/2023\/04\/Barbara-Profeta.webp?resize=525%2C300&ssl=1 1.5x, https:\/\/i0.wp.com\/artejoven.org\/wp-content\/uploads\/2023\/04\/Barbara-Profeta.webp?resize=700%2C400&ssl=1 2x, https:\/\/i0.wp.com\/artejoven.org\/wp-content\/uploads\/2023\/04\/Barbara-Profeta.webp?resize=1050%2C600&ssl=1 3x"},"classes":[]}],"jetpack_sharing_enabled":true,"_links":{"self":[{"href":"https:\/\/artejoven.org\/fr\/wp-json\/wp\/v2\/pages\/9058","targetHints":{"allow":["GET"]}}],"collection":[{"href":"https:\/\/artejoven.org\/fr\/wp-json\/wp\/v2\/pages"}],"about":[{"href":"https:\/\/artejoven.org\/fr\/wp-json\/wp\/v2\/types\/page"}],"author":[{"embeddable":true,"href":"https:\/\/artejoven.org\/fr\/wp-json\/wp\/v2\/users\/1"}],"replies":[{"embeddable":true,"href":"https:\/\/artejoven.org\/fr\/wp-json\/wp\/v2\/comments?post=9058"}],"version-history":[{"count":0,"href":"https:\/\/artejoven.org\/fr\/wp-json\/wp\/v2\/pages\/9058\/revisions"}],"wp:attachment":[{"href":"https:\/\/artejoven.org\/fr\/wp-json\/wp\/v2\/media?parent=9058"}],"wp:term":[{"taxonomy":"category","embeddable":true,"href":"https:\/\/artejoven.org\/fr\/wp-json\/wp\/v2\/categories?post=9058"},{"taxonomy":"post_tag","embeddable":true,"href":"https:\/\/artejoven.org\/fr\/wp-json\/wp\/v2\/tags?post=9058"}],"curies":[{"name":"wp","href":"https:\/\/api.w.org\/{rel}","templated":true}]}}