{"id":10552,"date":"2026-03-06T20:29:01","date_gmt":"2026-03-07T01:29:01","guid":{"rendered":"https:\/\/artejoven.org\/?page_id=10552"},"modified":"2026-03-06T20:37:59","modified_gmt":"2026-03-07T01:37:59","slug":"esteban-hernandez-toppe","status":"publish","type":"page","link":"https:\/\/artejoven.org\/it\/beneficiarios\/esteban-hernandez-toppe\/","title":{"rendered":"Esteban Hern\u00e1ndez Toppe"},"content":{"rendered":"","protected":false},"excerpt":{"rendered":"<p>(L'Avana, 2013)<br \/>\nPianista in formazione presso la Escuela Elemental de M\u00fasica Manuel Saumell dell'Avana, dove ha iniziato i suoi studi nell'anno accademico 2021-2022. <\/p>","protected":false},"author":1,"featured_media":10553,"parent":931,"menu_order":0,"comment_status":"closed","ping_status":"closed","template":"","meta":{"_acf_changed":false,"footnotes":"","_links_to":"","_links_to_target":""},"categories":[13,66],"tags":[84],"class_list":["post-10552","page","type-page","status-publish","has-post-thumbnail","hentry","category-beneficiarios","category-concurso-nacional-de-musica","tag-84","post","post-with-thumbnail","post-with-thumbnail-large"],"acf":[],"aioseo_notices":[],"jetpack-related-posts":[{"id":7764,"url":"https:\/\/www.instagram.com\/tempohabana\/?hl=es%20","url_meta":{"origin":10552,"position":0},"title":"Tempo Avana","author":"Ren\u00e9 Manuel Puig","date":"24 de Luglio de 2024","format":false,"excerpt":"Uno spazio per il networking e la promozione di giovani musicisti, con esibizioni dal vivo.","rel":"","context":"In &quot;Aliados&quot;","block_context":{"text":"Aliados","link":"https:\/\/artejoven.org\/it\/category\/aliados\/"},"img":{"alt_text":"","src":"https:\/\/i0.wp.com\/artejoven.org\/wp-content\/uploads\/2024\/07\/Tempo-Habana-jpg.webp?resize=350%2C200&ssl=1","width":350,"height":200},"classes":[]},{"id":5979,"url":"https:\/\/artejoven.org\/it\/beneficiarios\/lyceum-mozartino-de-la-habana\/","url_meta":{"origin":10552,"position":1},"title":"Liceo Mozartiano de La Habana","author":"Ren\u00e9 Manuel Puig","date":"28 de Settembre de 2023","format":false,"excerpt":"Il Fondo de Arte Joven (FAJ) ha partecipato alla fondazione dell'Accademia delle Orchestre Giovanili dell'Orchestra del Liceo dell'Avana dell'Ufficio dello Storico della Citt\u00e0.","rel":"","context":"In &quot;Beneficiarios&quot;","block_context":{"text":"Beneficiarios","link":"https:\/\/artejoven.org\/it\/category\/beneficiarios\/"},"img":{"alt_text":"Lyceum Mozartino de La Habana","src":"https:\/\/i0.wp.com\/artejoven.org\/wp-content\/uploads\/2023\/09\/Lyceum-jpg.webp?resize=350%2C200&ssl=1","width":350,"height":200},"classes":[]},{"id":6686,"url":"http:\/\/www.festivalhabanaclasica.org","url_meta":{"origin":10552,"position":2},"title":"L'Avana classica","author":"Ren\u00e9 Manuel Puig","date":"21 de Agosto de 2023","format":false,"excerpt":"Il Festival Internacional de M\u00fasica Habana Cl\u00e1sica \u00e8 stato fondato nel 2017 su iniziativa del pianista cubano Marcos Madrigal. L'intento \u00e8 quello di riunire gli eccellenti interpreti locali e stranieri del circuito culturale della citt\u00e0.","rel":"","context":"In &quot;Espacios&quot;","block_context":{"text":"Espacios","link":"https:\/\/artejoven.org\/it\/category\/espacios\/"},"img":{"alt_text":"Habana Cl\u00e1sica","src":"https:\/\/i0.wp.com\/artejoven.org\/wp-content\/uploads\/2023\/11\/Habana-Clasica-jpg.webp?resize=350%2C200&ssl=1","width":350,"height":200,"srcset":"https:\/\/i0.wp.com\/artejoven.org\/wp-content\/uploads\/2023\/11\/Habana-Clasica-jpg.webp?resize=350%2C200&ssl=1 1x, https:\/\/i0.wp.com\/artejoven.org\/wp-content\/uploads\/2023\/11\/Habana-Clasica-jpg.webp?resize=525%2C300&ssl=1 1.5x, https:\/\/i0.wp.com\/artejoven.org\/wp-content\/uploads\/2023\/11\/Habana-Clasica-jpg.webp?resize=700%2C400&ssl=1 2x, https:\/\/i0.wp.com\/artejoven.org\/wp-content\/uploads\/2023\/11\/Habana-Clasica-jpg.webp?resize=1050%2C600&ssl=1 3x"},"classes":[]},{"id":8754,"url":"https:\/\/artejoven.org\/it\/beneficiarios\/laura-diaz-la-o\/","url_meta":{"origin":10552,"position":3},"title":"Laura D\u00edaz La O","author":"Ren\u00e9 Manuel Puig","date":"11 de Febbraio de 2025","format":false,"excerpt":"(L'Avana, 2007) Studente di violino presso il conservatorio di musica \"Amadeo Rold\u00e1n, L'Avana.","rel":"","context":"In &quot;Beneficiarios&quot;","block_context":{"text":"Beneficiarios","link":"https:\/\/artejoven.org\/it\/category\/beneficiarios\/"},"img":{"alt_text":"Laura D\u00edaz La O","src":"https:\/\/i0.wp.com\/artejoven.org\/wp-content\/uploads\/2025\/02\/Laura-Diaz.webp?resize=350%2C200&ssl=1","width":350,"height":200,"srcset":"https:\/\/i0.wp.com\/artejoven.org\/wp-content\/uploads\/2025\/02\/Laura-Diaz.webp?resize=350%2C200&ssl=1 1x, https:\/\/i0.wp.com\/artejoven.org\/wp-content\/uploads\/2025\/02\/Laura-Diaz.webp?resize=525%2C300&ssl=1 1.5x"},"classes":[]},{"id":8936,"url":"https:\/\/artejoven.org\/it\/beneficiarios\/elias-alexander-ferrer-duverger\/","url_meta":{"origin":10552,"position":4},"title":"El\u00edas Alexander Ferrer Duverger","author":"Ren\u00e9 Manuel Puig","date":"24 de Febbraio de 2025","format":false,"excerpt":"(L'Avana, 2006) Studente di percussioni presso la Escuela Nacional de M\u00fasica, L'Avana.","rel":"","context":"In &quot;Beneficiarios&quot;","block_context":{"text":"Beneficiarios","link":"https:\/\/artejoven.org\/it\/category\/beneficiarios\/"},"img":{"alt_text":"El\u00edas Alexander Ferrer Duverger","src":"https:\/\/i0.wp.com\/artejoven.org\/wp-content\/uploads\/2025\/02\/Duve-Elias.webp?resize=350%2C200&ssl=1","width":350,"height":200,"srcset":"https:\/\/i0.wp.com\/artejoven.org\/wp-content\/uploads\/2025\/02\/Duve-Elias.webp?resize=350%2C200&ssl=1 1x, https:\/\/i0.wp.com\/artejoven.org\/wp-content\/uploads\/2025\/02\/Duve-Elias.webp?resize=525%2C300&ssl=1 1.5x"},"classes":[]},{"id":8737,"url":"https:\/\/artejoven.org\/it\/beneficiarios\/ronny-yunior-lopez-vega\/","url_meta":{"origin":10552,"position":5},"title":"Ronny Yunior L\u00f3pez Vega","author":"Ren\u00e9 Manuel Puig","date":"11 de Febbraio de 2025","format":false,"excerpt":"(L'Avana, 2010) Studente di pianoforte presso la Escuela Elemental de M\u00fasica, Manuel Saumell, L'Avana.","rel":"","context":"In &quot;Beneficiarios&quot;","block_context":{"text":"Beneficiarios","link":"https:\/\/artejoven.org\/it\/category\/beneficiarios\/"},"img":{"alt_text":"Ronny Yunior L\u00f3pez Vega","src":"https:\/\/i0.wp.com\/artejoven.org\/wp-content\/uploads\/2025\/02\/Ronny-Yunior-Lopez-Vega-1.webp?resize=350%2C200&ssl=1","width":350,"height":200,"srcset":"https:\/\/i0.wp.com\/artejoven.org\/wp-content\/uploads\/2025\/02\/Ronny-Yunior-Lopez-Vega-1.webp?resize=350%2C200&ssl=1 1x, https:\/\/i0.wp.com\/artejoven.org\/wp-content\/uploads\/2025\/02\/Ronny-Yunior-Lopez-Vega-1.webp?resize=525%2C300&ssl=1 1.5x"},"classes":[]}],"jetpack_sharing_enabled":true,"_links":{"self":[{"href":"https:\/\/artejoven.org\/it\/wp-json\/wp\/v2\/pages\/10552","targetHints":{"allow":["GET"]}}],"collection":[{"href":"https:\/\/artejoven.org\/it\/wp-json\/wp\/v2\/pages"}],"about":[{"href":"https:\/\/artejoven.org\/it\/wp-json\/wp\/v2\/types\/page"}],"author":[{"embeddable":true,"href":"https:\/\/artejoven.org\/it\/wp-json\/wp\/v2\/users\/1"}],"replies":[{"embeddable":true,"href":"https:\/\/artejoven.org\/it\/wp-json\/wp\/v2\/comments?post=10552"}],"version-history":[{"count":2,"href":"https:\/\/artejoven.org\/it\/wp-json\/wp\/v2\/pages\/10552\/revisions"}],"predecessor-version":[{"id":10562,"href":"https:\/\/artejoven.org\/it\/wp-json\/wp\/v2\/pages\/10552\/revisions\/10562"}],"up":[{"embeddable":true,"href":"https:\/\/artejoven.org\/it\/wp-json\/wp\/v2\/pages\/931"}],"wp:featuredmedia":[{"embeddable":true,"href":"https:\/\/artejoven.org\/it\/wp-json\/wp\/v2\/media\/10553"}],"wp:attachment":[{"href":"https:\/\/artejoven.org\/it\/wp-json\/wp\/v2\/media?parent=10552"}],"wp:term":[{"taxonomy":"category","embeddable":true,"href":"https:\/\/artejoven.org\/it\/wp-json\/wp\/v2\/categories?post=10552"},{"taxonomy":"post_tag","embeddable":true,"href":"https:\/\/artejoven.org\/it\/wp-json\/wp\/v2\/tags?post=10552"}],"curies":[{"name":"wp","href":"https:\/\/api.w.org\/{rel}","templated":true}]}}