{"id":5242,"date":"2023-04-07T19:38:00","date_gmt":"2023-04-07T23:38:00","guid":{"rendered":"https:\/\/artejoven.org\/?page_id=5242"},"modified":"2023-09-01T13:38:31","modified_gmt":"2023-09-01T17:38:31","slug":"figli-di-darwin","status":"publish","type":"page","link":"https:\/\/artejoven.org\/it\/espacios-faj\/salon-blanco\/hijos-de-darwin\/","title":{"rendered":"I figli di Darwin"},"content":{"rendered":"\t\t<div data-elementor-type=\"wp-page\" data-elementor-id=\"5242\" class=\"elementor elementor-5242\" data-elementor-post-type=\"page\">\n\t\t\t\t\t\t<section class=\"elementor-section elementor-top-section elementor-element elementor-element-4bd0082 elementor-section-boxed elementor-section-height-default elementor-section-height-default\" data-id=\"4bd0082\" data-element_type=\"section\" data-e-type=\"section\" data-settings=\"{&quot;background_background&quot;:&quot;classic&quot;}\">\n\t\t\t\t\t\t<div class=\"elementor-container elementor-column-gap-default\">\n\t\t\t\t\t<div class=\"elementor-column elementor-col-50 elementor-top-column elementor-element elementor-element-6baeffd8\" data-id=\"6baeffd8\" data-element_type=\"column\" data-e-type=\"column\">\n\t\t\t<div class=\"elementor-widget-wrap elementor-element-populated\">\n\t\t\t\t\t\t<div class=\"elementor-element elementor-element-2979b741 elementor-widget elementor-widget-heading\" data-id=\"2979b741\" data-element_type=\"widget\" data-e-type=\"widget\" data-settings=\"{&quot;sticky&quot;:&quot;top&quot;,&quot;sticky_on&quot;:[&quot;desktop&quot;],&quot;sticky_parent&quot;:&quot;yes&quot;,&quot;sticky_offset&quot;:10,&quot;sticky_effects_offset&quot;:0,&quot;sticky_anchor_link_offset&quot;:0}\" data-widget_type=\"heading.default\">\n\t\t\t\t<div class=\"elementor-widget-container\">\n\t\t\t\t\t<h1 class=\"elementor-heading-title elementor-size-default\">Hijos de Darwin<\/h1>\t\t\t\t<\/div>\n\t\t\t\t<\/div>\n\t\t\t\t\t<\/div>\n\t\t<\/div>\n\t\t\t\t<div class=\"elementor-column elementor-col-50 elementor-top-column elementor-element elementor-element-2a4e6c62\" data-id=\"2a4e6c62\" data-element_type=\"column\" data-e-type=\"column\">\n\t\t\t<div class=\"elementor-widget-wrap elementor-element-populated\">\n\t\t\t\t\t\t<div class=\"elementor-element elementor-element-3c05a4f9 elementor-widget elementor-widget-image-carousel\" data-id=\"3c05a4f9\" data-element_type=\"widget\" data-e-type=\"widget\" data-settings=\"{&quot;slides_to_show&quot;:&quot;1&quot;,&quot;navigation&quot;:&quot;none&quot;,&quot;pause_on_hover&quot;:&quot;no&quot;,&quot;pause_on_interaction&quot;:&quot;no&quot;,&quot;effect&quot;:&quot;fade&quot;,&quot;speed&quot;:800,&quot;autoplay&quot;:&quot;yes&quot;,&quot;autoplay_speed&quot;:5000,&quot;infinite&quot;:&quot;yes&quot;}\" data-widget_type=\"image-carousel.default\">\n\t\t\t\t<div class=\"elementor-widget-container\">\n\t\t\t\t\t\t\t<div class=\"elementor-image-carousel-wrapper swiper\" role=\"region\" aria-roledescription=\"carousel\" aria-label=\"Carosello d&#039;immagini\" dir=\"ltr\">\n\t\t\t<div class=\"elementor-image-carousel swiper-wrapper swiper-image-stretch\" aria-live=\"off\">\n\t\t\t\t\t\t\t\t<div class=\"swiper-slide\" role=\"group\" aria-roledescription=\"slide\" aria-label=\"1 di 2\"><figure class=\"swiper-slide-inner\"><img decoding=\"async\" class=\"swiper-slide-image\" src=\"https:\/\/artejoven.org\/wp-content\/uploads\/2023\/08\/Hijos-de-Darwin-1-jpg.webp\" alt=\"Hijos de Darwin\" \/><\/figure><\/div><div class=\"swiper-slide\" role=\"group\" aria-roledescription=\"slide\" aria-label=\"2 di 2\"><figure class=\"swiper-slide-inner\"><img decoding=\"async\" class=\"swiper-slide-image\" src=\"https:\/\/artejoven.org\/wp-content\/uploads\/2023\/08\/Hijos-de-Darwin-02-1-jpg.webp\" alt=\"Hijos de Darwin\" \/><\/figure><\/div>\t\t\t<\/div>\n\t\t\t\t\t\t\t\n\t\t\t\t\t\t\t\t\t<\/div>\n\t\t\t\t\t\t<\/div>\n\t\t\t\t<\/div>\n\t\t\t\t<section class=\"elementor-section elementor-inner-section elementor-element elementor-element-1a6dfb10 elementor-section-boxed elementor-section-height-default elementor-section-height-default\" data-id=\"1a6dfb10\" data-element_type=\"section\" data-e-type=\"section\">\n\t\t\t\t\t\t<div class=\"elementor-container elementor-column-gap-default\">\n\t\t\t\t\t<div class=\"elementor-column elementor-col-50 elementor-inner-column elementor-element elementor-element-2a448e3b\" data-id=\"2a448e3b\" data-element_type=\"column\" data-e-type=\"column\">\n\t\t\t<div class=\"elementor-widget-wrap elementor-element-populated\">\n\t\t\t\t\t\t<div class=\"elementor-element elementor-element-4be2768d elementor-widget elementor-widget-text-editor\" data-id=\"4be2768d\" data-element_type=\"widget\" data-e-type=\"widget\" data-widget_type=\"text-editor.default\">\n\t\t\t\t<div class=\"elementor-widget-container\">\n\t\t\t\t\t\t\t\t\t<p>Exposici\u00f3n colectiva<\/p><p>Galer\u00eda Sal\u00f3n Blanco, 7 de abril \u2013 15 de mayo, 2023<\/p><p>La exposici\u00f3n se inscribi\u00f3 en las actividades por el lanzamiento del programa de convocatorias de artes visuales del Fondo de Arte Joven FAJ.<\/p><p>Incluy\u00f3 obras de un conjunto de artistas cubanos, menores de 40 a\u00f1os, que han protagonizado la escena del arte emergente durante la \u00faltima d\u00e9cada. El conjunto de obras exhibidas transit\u00f3 por diferentes manifestaciones de las artes visuales, como la pintura, el dibujo, la escultura, la fotograf\u00eda y la instalaci\u00f3n.<\/p><p>El t\u00edtulo <em>Hijos de Darwin<\/em> se basa en aquella m\u00e1xima seg\u00fan la cual \u201cel individuo que sobrevive en determinado entorno no tiene que ser el m\u00e1s fuerte, sino el que logra adaptarse a dicho contexto\u201d; acude a la interpretaci\u00f3n simplificada de la teor\u00eda de la evoluci\u00f3n de las especies, acu\u00f1ada por el investigador y naturalista Charles Darwin (1809-1882). Llevado al \u00e1mbito de las artes visuales en Cuba, se refiere a generaciones de j\u00f3venes artistas que contin\u00faan creando, a pesar de circunstancias extremas que inciden de forma dr\u00e1stica en sus pensamientos y en su ser-artista: el dolor de la emigraci\u00f3n -temporal o definitiva, propia o de sus cong\u00e9neres-; la incertidumbre ante una inestabilidad econ\u00f3mica constante; la interrogante ante la elecci\u00f3n del arte como medio de vida.<\/p><p>La selecci\u00f3n de artistas no pretende establecer criterios estancos sobre la validez de unos creadores sobre otros. De hecho, desde el t\u00edtulo se deja abierto el margen a la inclusi\u00f3n de muchos otros artistas cubanos, dentro y fuera de la Isla. Lo que quiere decir que es una selecci\u00f3n apenas simb\u00f3lica sobre un fen\u00f3meno expandido dentro de la historia del arte cubano. En tal sentido, todas las obras incluidas en la muestra no mantienen una relaci\u00f3n entre s\u00ed, sino entre sus autores.<\/p><p>Curadur\u00eda, Sandra Garc\u00eda-Herrera<\/p>\t\t\t\t\t\t\t\t<\/div>\n\t\t\t\t<\/div>\n\t\t\t\t<div class=\"elementor-element elementor-element-1b85a1e elementor-hidden-desktop elementor-hidden-tablet elementor-widget elementor-widget-text-editor\" data-id=\"1b85a1e\" data-element_type=\"widget\" data-e-type=\"widget\" data-widget_type=\"text-editor.default\">\n\t\t\t\t<div class=\"elementor-widget-container\">\n\t\t\t\t\t\t\t\t\t<p><b>Daniel Rodr\u00edguez, Yohy Su\u00e1rez, Rold\u00e1n Lauz\u00e1n, Mabel Poblet, William Acosta, Alejandro G\u00f3mez Cangas, Jorge Otero, \u00c1lex Hern\u00e1ndez y Ariamna Contino, Alfredo Sarabia, Rafa Villares, Gabriel Cisneros, Lisandra Ram\u00edrez<\/b><\/p>\t\t\t\t\t\t\t\t<\/div>\n\t\t\t\t<\/div>\n\t\t\t\t<div class=\"elementor-element elementor-element-5fb2793d elementor-widget elementor-widget-gallery\" data-id=\"5fb2793d\" data-element_type=\"widget\" data-e-type=\"widget\" data-settings=\"{&quot;gallery_layout&quot;:&quot;masonry&quot;,&quot;columns&quot;:3,&quot;overlay_description&quot;:&quot;description&quot;,&quot;columns_mobile&quot;:3,&quot;gap&quot;:{&quot;unit&quot;:&quot;px&quot;,&quot;size&quot;:20,&quot;sizes&quot;:[]},&quot;lazyload&quot;:&quot;yes&quot;,&quot;columns_tablet&quot;:2,&quot;gap_tablet&quot;:{&quot;unit&quot;:&quot;px&quot;,&quot;size&quot;:10,&quot;sizes&quot;:[]},&quot;gap_mobile&quot;:{&quot;unit&quot;:&quot;px&quot;,&quot;size&quot;:10,&quot;sizes&quot;:[]},&quot;link_to&quot;:&quot;file&quot;,&quot;overlay_background&quot;:&quot;yes&quot;,&quot;content_hover_animation&quot;:&quot;fade-in&quot;}\" data-widget_type=\"gallery.default\">\n\t\t\t\t<div class=\"elementor-widget-container\">\n\t\t\t\t\t\t\t<div class=\"elementor-gallery__container\">\n\t\t\t\t\t\t\t<a class=\"e-gallery-item elementor-gallery-item elementor-animated-content\" href=\"https:\/\/artejoven.org\/wp-content\/uploads\/2023\/08\/Daniel-Rodriguez-Collazo-1-jpg.webp\" data-elementor-open-lightbox=\"yes\" data-elementor-lightbox-slideshow=\"5fb2793d\" data-elementor-lightbox-title=\"Daniel Rodr\u00edguez Collazo\" data-elementor-lightbox-description=\"Daniel Rodr\u00edguez Collazo. Entrop\u00eda, 2022\nCarboncillo sobre lienzo\n150 x 215 cm.\" data-e-action-hash=\"#elementor-action%3Aaction%3Dlightbox%26settings%3DeyJpZCI6NTI4MiwidXJsIjoiaHR0cHM6XC9cL2FydGVqb3Zlbi5vcmdcL3dwLWNvbnRlbnRcL3VwbG9hZHNcLzIwMjNcLzA4XC9EYW5pZWwtUm9kcmlndWV6LUNvbGxhem8tMS1qcGcud2VicCIsInNsaWRlc2hvdyI6IjVmYjI3OTNkIn0%3D\">\n\t\t\t\t\t<div class=\"e-gallery-image elementor-gallery-item__image\" data-thumbnail=\"https:\/\/artejoven.org\/wp-content\/uploads\/2023\/08\/Daniel-Rodriguez-Collazo-1-jpg.webp\" data-width=\"1183\" data-height=\"837\" aria-label=\"Daniel Rodr\u00edguez Collazo\" role=\"img\" ><\/div>\n\t\t\t\t\t\t\t\t\t\t\t<div class=\"elementor-gallery-item__overlay\"><\/div>\n\t\t\t\t\t\t\t\t\t\t\t\t\t\t\t<div class=\"elementor-gallery-item__content\">\n\t\t\t\t\t\t\t\t\t\t\t\t\t\t<div class=\"elementor-gallery-item__description\">\n\t\t\t\t\t\t\t\t\t\t\t\t\t\t\t\t\t\tDaniel Rodr\u00edguez Collazo. Entrop\u00eda, 2022\nCarboncillo sobre lienzo\n150 x 215 cm.\t\t\t\t\t\t\t\t<\/div>\n\t\t\t\t\t\t\t\t\t\t\t\t<\/div>\n\t\t\t\t\t\t\t\t\t<\/a>\n\t\t\t\t\t\t\t<a class=\"e-gallery-item elementor-gallery-item elementor-animated-content\" href=\"https:\/\/artejoven.org\/wp-content\/uploads\/2023\/08\/Yohy-Suarez-1-jpg.webp\" data-elementor-open-lightbox=\"yes\" data-elementor-lightbox-slideshow=\"5fb2793d\" data-elementor-lightbox-title=\"Yohy Su\u00e1rez\" data-elementor-lightbox-description=\"Yohy Su\u00e1rez. V ensayo. Banda sonora de la obra &quot;Gamiani&quot;, 2023\nMixta sobre cartulina, capas de papel alba\n103 x 100 cm.\" data-e-action-hash=\"#elementor-action%3Aaction%3Dlightbox%26settings%3DeyJpZCI6NTI5MSwidXJsIjoiaHR0cHM6XC9cL2FydGVqb3Zlbi5vcmdcL3dwLWNvbnRlbnRcL3VwbG9hZHNcLzIwMjNcLzA4XC9Zb2h5LVN1YXJlei0xLWpwZy53ZWJwIiwic2xpZGVzaG93IjoiNWZiMjc5M2QifQ%3D%3D\">\n\t\t\t\t\t<div class=\"e-gallery-image elementor-gallery-item__image\" data-thumbnail=\"https:\/\/artejoven.org\/wp-content\/uploads\/2023\/08\/Yohy-Suarez-1-jpg.webp\" data-width=\"1528\" data-height=\"730\" aria-label=\"Yohy Su\u00e1rez\" role=\"img\" ><\/div>\n\t\t\t\t\t\t\t\t\t\t\t<div class=\"elementor-gallery-item__overlay\"><\/div>\n\t\t\t\t\t\t\t\t\t\t\t\t\t\t\t<div class=\"elementor-gallery-item__content\">\n\t\t\t\t\t\t\t\t\t\t\t\t\t\t<div class=\"elementor-gallery-item__description\">\n\t\t\t\t\t\t\t\t\t\t\t\t\t\t\t\t\t\tYohy Su\u00e1rez. V ensayo. Banda sonora de la obra \"Gamiani\", 2023\nMixta sobre cartulina, capas de papel alba\n103 x 100 cm.\t\t\t\t\t\t\t\t<\/div>\n\t\t\t\t\t\t\t\t\t\t\t\t<\/div>\n\t\t\t\t\t\t\t\t\t<\/a>\n\t\t\t\t\t\t\t<a class=\"e-gallery-item elementor-gallery-item elementor-animated-content\" href=\"https:\/\/artejoven.org\/wp-content\/uploads\/2023\/08\/Roldan-Lauzan-jpg.webp\" data-elementor-open-lightbox=\"yes\" data-elementor-lightbox-slideshow=\"5fb2793d\" data-elementor-lightbox-title=\"Rold\u00e1n Lauz\u00e1n\" data-elementor-lightbox-description=\"Rold\u00e1n Lauz\u00e1n. Shirazaya, 2022\n\u00d3leo sobre lienzo\n200 x 150 cm.\" data-e-action-hash=\"#elementor-action%3Aaction%3Dlightbox%26settings%3DeyJpZCI6NTI4OSwidXJsIjoiaHR0cHM6XC9cL2FydGVqb3Zlbi5vcmdcL3dwLWNvbnRlbnRcL3VwbG9hZHNcLzIwMjNcLzA4XC9Sb2xkYW4tTGF1emFuLWpwZy53ZWJwIiwic2xpZGVzaG93IjoiNWZiMjc5M2QifQ%3D%3D\">\n\t\t\t\t\t<div class=\"e-gallery-image elementor-gallery-item__image\" data-thumbnail=\"https:\/\/artejoven.org\/wp-content\/uploads\/2023\/08\/Roldan-Lauzan-jpg.webp\" data-width=\"871\" data-height=\"1152\" aria-label=\"Rold\u00e1n Lauz\u00e1n\" role=\"img\" ><\/div>\n\t\t\t\t\t\t\t\t\t\t\t<div class=\"elementor-gallery-item__overlay\"><\/div>\n\t\t\t\t\t\t\t\t\t\t\t\t\t\t\t<div class=\"elementor-gallery-item__content\">\n\t\t\t\t\t\t\t\t\t\t\t\t\t\t<div class=\"elementor-gallery-item__description\">\n\t\t\t\t\t\t\t\t\t\t\t\t\t\t\t\t\t\tRold\u00e1n Lauz\u00e1n. Shirazaya, 2022\n\u00d3leo sobre lienzo\n200 x 150 cm.\t\t\t\t\t\t\t\t<\/div>\n\t\t\t\t\t\t\t\t\t\t\t\t<\/div>\n\t\t\t\t\t\t\t\t\t<\/a>\n\t\t\t\t\t\t\t<a class=\"e-gallery-item elementor-gallery-item elementor-animated-content\" href=\"https:\/\/artejoven.org\/wp-content\/uploads\/2023\/08\/Gerardo-Liranza-jpg.webp\" data-elementor-open-lightbox=\"yes\" data-elementor-lightbox-slideshow=\"5fb2793d\" data-elementor-lightbox-title=\"Gerardo Liranza\" data-elementor-lightbox-description=\"Gerardo Liranza. \u00abLa ca\u00edda ser\u00eda m\u00e1s dura\u00bb, de la serie Celos\u00eda, 2023\n\u00d3leo sobre lienzo\n135 x 195 cm.\" data-e-action-hash=\"#elementor-action%3Aaction%3Dlightbox%26settings%3DeyJpZCI6NTE0NiwidXJsIjoiaHR0cHM6XC9cL2FydGVqb3Zlbi5vcmdcL3dwLWNvbnRlbnRcL3VwbG9hZHNcLzIwMjNcLzA4XC9HZXJhcmRvLUxpcmFuemEtanBnLndlYnAiLCJzbGlkZXNob3ciOiI1ZmIyNzkzZCJ9\">\n\t\t\t\t\t<div class=\"e-gallery-image elementor-gallery-item__image\" data-thumbnail=\"https:\/\/artejoven.org\/wp-content\/uploads\/2023\/08\/Gerardo-Liranza-jpg.webp\" data-width=\"1065\" data-height=\"736\" aria-label=\"Gerardo Liranza\" role=\"img\" ><\/div>\n\t\t\t\t\t\t\t\t\t\t\t<div class=\"elementor-gallery-item__overlay\"><\/div>\n\t\t\t\t\t\t\t\t\t\t\t\t\t\t\t<div class=\"elementor-gallery-item__content\">\n\t\t\t\t\t\t\t\t\t\t\t\t\t\t<div class=\"elementor-gallery-item__description\">\n\t\t\t\t\t\t\t\t\t\t\t\t\t\t\t\t\t\tGerardo Liranza. \u00abLa ca\u00edda ser\u00eda m\u00e1s dura\u00bb, de la serie Celos\u00eda, 2023\n\u00d3leo sobre lienzo\n135 x 195 cm.\t\t\t\t\t\t\t\t<\/div>\n\t\t\t\t\t\t\t\t\t\t\t\t<\/div>\n\t\t\t\t\t\t\t\t\t<\/a>\n\t\t\t\t\t\t\t<a class=\"e-gallery-item elementor-gallery-item elementor-animated-content\" href=\"https:\/\/artejoven.org\/wp-content\/uploads\/2023\/08\/Mabel-Poblet-01-jpg.webp\" data-elementor-open-lightbox=\"yes\" data-elementor-lightbox-slideshow=\"5fb2793d\" data-elementor-lightbox-title=\"Mabel Poblet\" data-elementor-lightbox-description=\"Mabel Poblet. \u00abMar de Oto\u00f1o\u00bb, de la serie Mi oto\u00f1o, 2022\nFotograf\u00eda sobre backlight, plexigl\u00e1s\n120 cm de di\u00e1metro.\" data-e-action-hash=\"#elementor-action%3Aaction%3Dlightbox%26settings%3DeyJpZCI6NTI4NywidXJsIjoiaHR0cHM6XC9cL2FydGVqb3Zlbi5vcmdcL3dwLWNvbnRlbnRcL3VwbG9hZHNcLzIwMjNcLzA4XC9NYWJlbC1Qb2JsZXQtMDEtanBnLndlYnAiLCJzbGlkZXNob3ciOiI1ZmIyNzkzZCJ9\">\n\t\t\t\t\t<div class=\"e-gallery-image elementor-gallery-item__image\" data-thumbnail=\"https:\/\/artejoven.org\/wp-content\/uploads\/2023\/08\/Mabel-Poblet-01-jpg.webp\" data-width=\"809\" data-height=\"768\" aria-label=\"Mabel Poblet\" role=\"img\" ><\/div>\n\t\t\t\t\t\t\t\t\t\t\t<div class=\"elementor-gallery-item__overlay\"><\/div>\n\t\t\t\t\t\t\t\t\t\t\t\t\t\t\t<div class=\"elementor-gallery-item__content\">\n\t\t\t\t\t\t\t\t\t\t\t\t\t\t<div class=\"elementor-gallery-item__description\">\n\t\t\t\t\t\t\t\t\t\t\t\t\t\t\t\t\t\tMabel Poblet. \u00abMar de Oto\u00f1o\u00bb, de la serie Mi oto\u00f1o, 2022\nFotograf\u00eda sobre backlight, plexigl\u00e1s\n120 cm de di\u00e1metro.\t\t\t\t\t\t\t\t<\/div>\n\t\t\t\t\t\t\t\t\t\t\t\t<\/div>\n\t\t\t\t\t\t\t\t\t<\/a>\n\t\t\t\t\t\t\t<a class=\"e-gallery-item elementor-gallery-item elementor-animated-content\" href=\"https:\/\/artejoven.org\/wp-content\/uploads\/2023\/08\/William-Acosta-1-jpg.webp\" data-elementor-open-lightbox=\"yes\" data-elementor-lightbox-slideshow=\"5fb2793d\" data-elementor-lightbox-title=\"William Acosta\" data-elementor-lightbox-description=\"William Acosta. Camouflage #53, 2023\nAcr\u00edlico sobre lienzo\n150 x120 cm.\" data-e-action-hash=\"#elementor-action%3Aaction%3Dlightbox%26settings%3DeyJpZCI6NTI5MCwidXJsIjoiaHR0cHM6XC9cL2FydGVqb3Zlbi5vcmdcL3dwLWNvbnRlbnRcL3VwbG9hZHNcLzIwMjNcLzA4XC9XaWxsaWFtLUFjb3N0YS0xLWpwZy53ZWJwIiwic2xpZGVzaG93IjoiNWZiMjc5M2QifQ%3D%3D\">\n\t\t\t\t\t<div class=\"e-gallery-image elementor-gallery-item__image\" data-thumbnail=\"https:\/\/artejoven.org\/wp-content\/uploads\/2023\/08\/William-Acosta-1-jpg.webp\" data-width=\"843\" data-height=\"1050\" aria-label=\"William Acosta\" role=\"img\" ><\/div>\n\t\t\t\t\t\t\t\t\t\t\t<div class=\"elementor-gallery-item__overlay\"><\/div>\n\t\t\t\t\t\t\t\t\t\t\t\t\t\t\t<div class=\"elementor-gallery-item__content\">\n\t\t\t\t\t\t\t\t\t\t\t\t\t\t<div class=\"elementor-gallery-item__description\">\n\t\t\t\t\t\t\t\t\t\t\t\t\t\t\t\t\t\tWilliam Acosta. Camouflage #53, 2023\nAcr\u00edlico sobre lienzo\n150 x120 cm.\t\t\t\t\t\t\t\t<\/div>\n\t\t\t\t\t\t\t\t\t\t\t\t<\/div>\n\t\t\t\t\t\t\t\t\t<\/a>\n\t\t\t\t\t\t\t<a class=\"e-gallery-item elementor-gallery-item elementor-animated-content\" href=\"https:\/\/artejoven.org\/wp-content\/uploads\/2023\/08\/Alejandro-Gomez-Cangas-jpg.webp\" data-elementor-open-lightbox=\"yes\" data-elementor-lightbox-slideshow=\"5fb2793d\" data-elementor-lightbox-title=\"Alejandro G\u00f3mez Cangas\" data-elementor-lightbox-description=\"Alejandro G\u00f3mez Cangas. Contraste no. 3, 2014\n\u00d3leo sobre lienzo\n84 x 100 cm.\" data-e-action-hash=\"#elementor-action%3Aaction%3Dlightbox%26settings%3DeyJpZCI6NTI3OCwidXJsIjoiaHR0cHM6XC9cL2FydGVqb3Zlbi5vcmdcL3dwLWNvbnRlbnRcL3VwbG9hZHNcLzIwMjNcLzA4XC9BbGVqYW5kcm8tR29tZXotQ2FuZ2FzLWpwZy53ZWJwIiwic2xpZGVzaG93IjoiNWZiMjc5M2QifQ%3D%3D\">\n\t\t\t\t\t<div class=\"e-gallery-image elementor-gallery-item__image\" data-thumbnail=\"https:\/\/artejoven.org\/wp-content\/uploads\/2023\/08\/Alejandro-Gomez-Cangas-jpg.webp\" data-width=\"900\" data-height=\"765\" aria-label=\"Alejandro G\u00f3mez Cangas\" role=\"img\" ><\/div>\n\t\t\t\t\t\t\t\t\t\t\t<div class=\"elementor-gallery-item__overlay\"><\/div>\n\t\t\t\t\t\t\t\t\t\t\t\t\t\t\t<div class=\"elementor-gallery-item__content\">\n\t\t\t\t\t\t\t\t\t\t\t\t\t\t<div class=\"elementor-gallery-item__description\">\n\t\t\t\t\t\t\t\t\t\t\t\t\t\t\t\t\t\tAlejandro G\u00f3mez Cangas. Contraste no. 3, 2014\n\u00d3leo sobre lienzo\n84 x 100 cm.\t\t\t\t\t\t\t\t<\/div>\n\t\t\t\t\t\t\t\t\t\t\t\t<\/div>\n\t\t\t\t\t\t\t\t\t<\/a>\n\t\t\t\t\t\t\t<a class=\"e-gallery-item elementor-gallery-item elementor-animated-content\" href=\"https:\/\/artejoven.org\/wp-content\/uploads\/2023\/08\/Mabel-Poblet-jpg.webp\" data-elementor-open-lightbox=\"yes\" data-elementor-lightbox-slideshow=\"5fb2793d\" data-elementor-lightbox-title=\"Mabel Poblet\" data-elementor-lightbox-description=\"Mabel Poblet. Skycities, 2021\nImpresi\u00f3n sobre plexigl\u00e1s, luz\n60 x 120 x 50 cm.\" data-e-action-hash=\"#elementor-action%3Aaction%3Dlightbox%26settings%3DeyJpZCI6NTI4NiwidXJsIjoiaHR0cHM6XC9cL2FydGVqb3Zlbi5vcmdcL3dwLWNvbnRlbnRcL3VwbG9hZHNcLzIwMjNcLzA4XC9NYWJlbC1Qb2JsZXQtanBnLndlYnAiLCJzbGlkZXNob3ciOiI1ZmIyNzkzZCJ9\">\n\t\t\t\t\t<div class=\"e-gallery-image elementor-gallery-item__image\" data-thumbnail=\"https:\/\/artejoven.org\/wp-content\/uploads\/2023\/08\/Mabel-Poblet-jpg.webp\" data-width=\"1152\" data-height=\"768\" aria-label=\"Mabel Poblet\" role=\"img\" ><\/div>\n\t\t\t\t\t\t\t\t\t\t\t<div class=\"elementor-gallery-item__overlay\"><\/div>\n\t\t\t\t\t\t\t\t\t\t\t\t\t\t\t<div class=\"elementor-gallery-item__content\">\n\t\t\t\t\t\t\t\t\t\t\t\t\t\t<div class=\"elementor-gallery-item__description\">\n\t\t\t\t\t\t\t\t\t\t\t\t\t\t\t\t\t\tMabel Poblet. Skycities, 2021\nImpresi\u00f3n sobre plexigl\u00e1s, luz\n60 x 120 x 50 cm.\t\t\t\t\t\t\t\t<\/div>\n\t\t\t\t\t\t\t\t\t\t\t\t<\/div>\n\t\t\t\t\t\t\t\t\t<\/a>\n\t\t\t\t\t\t\t<a class=\"e-gallery-item elementor-gallery-item elementor-animated-content\" href=\"https:\/\/artejoven.org\/wp-content\/uploads\/2023\/08\/Jorge-Otero-jpg.webp\" data-elementor-open-lightbox=\"yes\" data-elementor-lightbox-slideshow=\"5fb2793d\" data-elementor-lightbox-title=\"Jorge Otero\" data-elementor-lightbox-description=\"Jorge Otero. \u00abMacho\u00bb, de la serie War Hero, 2014\nTinta y marcador sobre p\u00e1ginas del libro El banquete, de Plat\u00f3n\n97 x 96 cm.\" data-e-action-hash=\"#elementor-action%3Aaction%3Dlightbox%26settings%3DeyJpZCI6NTI4NCwidXJsIjoiaHR0cHM6XC9cL2FydGVqb3Zlbi5vcmdcL3dwLWNvbnRlbnRcL3VwbG9hZHNcLzIwMjNcLzA4XC9Kb3JnZS1PdGVyby1qcGcud2VicCIsInNsaWRlc2hvdyI6IjVmYjI3OTNkIn0%3D\">\n\t\t\t\t\t<div class=\"e-gallery-image elementor-gallery-item__image\" data-thumbnail=\"https:\/\/artejoven.org\/wp-content\/uploads\/2023\/08\/Jorge-Otero-jpg.webp\" data-width=\"793\" data-height=\"791\" aria-label=\"Jorge Otero\" role=\"img\" ><\/div>\n\t\t\t\t\t\t\t\t\t\t\t<div class=\"elementor-gallery-item__overlay\"><\/div>\n\t\t\t\t\t\t\t\t\t\t\t\t\t\t\t<div class=\"elementor-gallery-item__content\">\n\t\t\t\t\t\t\t\t\t\t\t\t\t\t<div class=\"elementor-gallery-item__description\">\n\t\t\t\t\t\t\t\t\t\t\t\t\t\t\t\t\t\tJorge Otero. \u00abMacho\u00bb, de la serie War Hero, 2014\nTinta y marcador sobre p\u00e1ginas del libro El banquete, de Plat\u00f3n\n97 x 96 cm.\t\t\t\t\t\t\t\t<\/div>\n\t\t\t\t\t\t\t\t\t\t\t\t<\/div>\n\t\t\t\t\t\t\t\t\t<\/a>\n\t\t\t\t\t\t\t<a class=\"e-gallery-item elementor-gallery-item elementor-animated-content\" href=\"https:\/\/artejoven.org\/wp-content\/uploads\/2023\/08\/Ariamna-Contino-1-jpg.webp\" data-elementor-open-lightbox=\"yes\" data-elementor-lightbox-slideshow=\"5fb2793d\" data-elementor-lightbox-title=\"\u00c1lex Hern\u00e1ndez y Ariamna Contino\" data-elementor-lightbox-description=\"\u00c1lex Hern\u00e1ndez y Ariamna Contino. De la serie Militancia est\u00e9tica, 2014-2023\nPapel calado, grabado sobre cristal\n83 x 73 \/ 57 x 57 \/ 38 x 38 cm.\" data-e-action-hash=\"#elementor-action%3Aaction%3Dlightbox%26settings%3DeyJpZCI6NTI4MSwidXJsIjoiaHR0cHM6XC9cL2FydGVqb3Zlbi5vcmdcL3dwLWNvbnRlbnRcL3VwbG9hZHNcLzIwMjNcLzA4XC9BcmlhbW5hLUNvbnRpbm8tMS1qcGcud2VicCIsInNsaWRlc2hvdyI6IjVmYjI3OTNkIn0%3D\">\n\t\t\t\t\t<div class=\"e-gallery-image elementor-gallery-item__image\" data-thumbnail=\"https:\/\/artejoven.org\/wp-content\/uploads\/2023\/08\/Ariamna-Contino-1-jpg.webp\" data-width=\"1093\" data-height=\"563\" aria-label=\"\u00c1lex Hern\u00e1ndez y Ariamna Contino\" role=\"img\" ><\/div>\n\t\t\t\t\t\t\t\t\t\t\t<div class=\"elementor-gallery-item__overlay\"><\/div>\n\t\t\t\t\t\t\t\t\t\t\t\t\t\t\t<div class=\"elementor-gallery-item__content\">\n\t\t\t\t\t\t\t\t\t\t\t\t\t\t<div class=\"elementor-gallery-item__description\">\n\t\t\t\t\t\t\t\t\t\t\t\t\t\t\t\t\t\t\u00c1lex Hern\u00e1ndez y Ariamna Contino. De la serie Militancia est\u00e9tica, 2014-2023\nPapel calado, grabado sobre cristal\n83 x 73 \/ 57 x 57 \/ 38 x 38 cm.\t\t\t\t\t\t\t\t<\/div>\n\t\t\t\t\t\t\t\t\t\t\t\t<\/div>\n\t\t\t\t\t\t\t\t\t<\/a>\n\t\t\t\t\t\t\t<a class=\"e-gallery-item elementor-gallery-item elementor-animated-content\" href=\"https:\/\/artejoven.org\/wp-content\/uploads\/2023\/08\/Alfredo-Sarabia-1-jpg.webp\" data-elementor-open-lightbox=\"yes\" data-elementor-lightbox-slideshow=\"5fb2793d\" data-elementor-lightbox-title=\"Alfredo Sarabia\" data-elementor-lightbox-description=\"Alfredo Sarabia. \u00abPermanencia\u00bb, de la serie Islas, 2015-2023\nFotograf\u00eda digital impresa sobre papel adhesivo y cintas m\u00e9tricas \nDimensiones variables.\" data-e-action-hash=\"#elementor-action%3Aaction%3Dlightbox%26settings%3DeyJpZCI6NTM3MSwidXJsIjoiaHR0cHM6XC9cL2FydGVqb3Zlbi5vcmdcL3dwLWNvbnRlbnRcL3VwbG9hZHNcLzIwMjNcLzA4XC9BbGZyZWRvLVNhcmFiaWEtMS1qcGcud2VicCIsInNsaWRlc2hvdyI6IjVmYjI3OTNkIn0%3D\">\n\t\t\t\t\t<div class=\"e-gallery-image elementor-gallery-item__image\" data-thumbnail=\"https:\/\/artejoven.org\/wp-content\/uploads\/2023\/08\/Alfredo-Sarabia-1-jpg.webp\" data-width=\"793\" data-height=\"1486\" aria-label=\"Alfredo Sarabia\" role=\"img\" ><\/div>\n\t\t\t\t\t\t\t\t\t\t\t<div class=\"elementor-gallery-item__overlay\"><\/div>\n\t\t\t\t\t\t\t\t\t\t\t\t\t\t\t<div class=\"elementor-gallery-item__content\">\n\t\t\t\t\t\t\t\t\t\t\t\t\t\t<div class=\"elementor-gallery-item__description\">\n\t\t\t\t\t\t\t\t\t\t\t\t\t\t\t\t\t\tAlfredo Sarabia. \u00abPermanencia\u00bb, de la serie Islas, 2015-2023\nFotograf\u00eda digital impresa sobre papel adhesivo y cintas m\u00e9tricas \nDimensiones variables.\t\t\t\t\t\t\t\t<\/div>\n\t\t\t\t\t\t\t\t\t\t\t\t<\/div>\n\t\t\t\t\t\t\t\t\t<\/a>\n\t\t\t\t\t\t\t<a class=\"e-gallery-item elementor-gallery-item elementor-animated-content\" href=\"https:\/\/artejoven.org\/wp-content\/uploads\/2023\/08\/Adrian-Fernandez-2-jpg.webp\" data-elementor-open-lightbox=\"yes\" data-elementor-lightbox-slideshow=\"5fb2793d\" data-elementor-lightbox-title=\"Adri\u00e1n Fern\u00e1ndez\" data-elementor-lightbox-description=\"Adri\u00e1n Fern\u00e1ndez. De la serie Memorias pendientes, 2020\nImpresi\u00f3n inkjet con tinta de pigmento sobre papel Hahnemuhle\n60 x 60\nEd. 5 \/ 2 P\/A.\" data-e-action-hash=\"#elementor-action%3Aaction%3Dlightbox%26settings%3DeyJpZCI6NTI3NywidXJsIjoiaHR0cHM6XC9cL2FydGVqb3Zlbi5vcmdcL3dwLWNvbnRlbnRcL3VwbG9hZHNcLzIwMjNcLzA4XC9BZHJpYW4tRmVybmFuZGV6LTItanBnLndlYnAiLCJzbGlkZXNob3ciOiI1ZmIyNzkzZCJ9\">\n\t\t\t\t\t<div class=\"e-gallery-image elementor-gallery-item__image\" data-thumbnail=\"https:\/\/artejoven.org\/wp-content\/uploads\/2023\/08\/Adrian-Fernandez-2-jpg.webp\" data-width=\"1000\" data-height=\"1000\" aria-label=\"Adri\u00e1n Fern\u00e1ndez\" role=\"img\" ><\/div>\n\t\t\t\t\t\t\t\t\t\t\t<div class=\"elementor-gallery-item__overlay\"><\/div>\n\t\t\t\t\t\t\t\t\t\t\t\t\t\t\t<div class=\"elementor-gallery-item__content\">\n\t\t\t\t\t\t\t\t\t\t\t\t\t\t<div class=\"elementor-gallery-item__description\">\n\t\t\t\t\t\t\t\t\t\t\t\t\t\t\t\t\t\tAdri\u00e1n Fern\u00e1ndez. De la serie Memorias pendientes, 2020\nImpresi\u00f3n inkjet con tinta de pigmento sobre papel Hahnemuhle\n60 x 60\nEd. 5 \/ 2 P\/A.\t\t\t\t\t\t\t\t<\/div>\n\t\t\t\t\t\t\t\t\t\t\t\t<\/div>\n\t\t\t\t\t\t\t\t\t<\/a>\n\t\t\t\t\t\t\t<a class=\"e-gallery-item elementor-gallery-item elementor-animated-content\" href=\"https:\/\/artejoven.org\/wp-content\/uploads\/2023\/08\/Alex-Hernandez-jpg.webp\" data-elementor-open-lightbox=\"yes\" data-elementor-lightbox-slideshow=\"5fb2793d\" data-elementor-lightbox-title=\"\u00c1lex Hern\u00e1ndez\" data-elementor-lightbox-description=\"\u00c1lex Hern\u00e1ndez. Est\u00e9ril, 2018\nSustrato de diferentes lugares de Cuba, impresi\u00f3n y grabado sobre cristal\n60 x 60 cm.\" data-e-action-hash=\"#elementor-action%3Aaction%3Dlightbox%26settings%3DeyJpZCI6NTI3OSwidXJsIjoiaHR0cHM6XC9cL2FydGVqb3Zlbi5vcmdcL3dwLWNvbnRlbnRcL3VwbG9hZHNcLzIwMjNcLzA4XC9BbGV4LUhlcm5hbmRlei1qcGcud2VicCIsInNsaWRlc2hvdyI6IjVmYjI3OTNkIn0%3D\">\n\t\t\t\t\t<div class=\"e-gallery-image elementor-gallery-item__image\" data-thumbnail=\"https:\/\/artejoven.org\/wp-content\/uploads\/2023\/08\/Alex-Hernandez-jpg.webp\" data-width=\"1112\" data-height=\"801\" aria-label=\"\u00c1lex Hern\u00e1ndez\" role=\"img\" ><\/div>\n\t\t\t\t\t\t\t\t\t\t\t<div class=\"elementor-gallery-item__overlay\"><\/div>\n\t\t\t\t\t\t\t\t\t\t\t\t\t\t\t<div class=\"elementor-gallery-item__content\">\n\t\t\t\t\t\t\t\t\t\t\t\t\t\t<div class=\"elementor-gallery-item__description\">\n\t\t\t\t\t\t\t\t\t\t\t\t\t\t\t\t\t\t\u00c1lex Hern\u00e1ndez. Est\u00e9ril, 2018\nSustrato de diferentes lugares de Cuba, impresi\u00f3n y grabado sobre cristal\n60 x 60 cm.\t\t\t\t\t\t\t\t<\/div>\n\t\t\t\t\t\t\t\t\t\t\t\t<\/div>\n\t\t\t\t\t\t\t\t\t<\/a>\n\t\t\t\t\t\t\t<a class=\"e-gallery-item elementor-gallery-item elementor-animated-content\" href=\"https:\/\/artejoven.org\/wp-content\/uploads\/2023\/08\/Rafa-Villares-jpg.webp\" data-elementor-open-lightbox=\"yes\" data-elementor-lightbox-slideshow=\"5fb2793d\" data-elementor-lightbox-title=\"Rafa Villares\" data-elementor-lightbox-description=\"Rafa Villares. Serie Inmersi\u00f3n (4 oc\u00e9anos), 2021\nPastel sobre papel Arches\n115 x 115 cm c\/u.\" data-e-action-hash=\"#elementor-action%3Aaction%3Dlightbox%26settings%3DeyJpZCI6NTI4OCwidXJsIjoiaHR0cHM6XC9cL2FydGVqb3Zlbi5vcmdcL3dwLWNvbnRlbnRcL3VwbG9hZHNcLzIwMjNcLzA4XC9SYWZhLVZpbGxhcmVzLWpwZy53ZWJwIiwic2xpZGVzaG93IjoiNWZiMjc5M2QifQ%3D%3D\">\n\t\t\t\t\t<div class=\"e-gallery-image elementor-gallery-item__image\" data-thumbnail=\"https:\/\/artejoven.org\/wp-content\/uploads\/2023\/08\/Rafa-Villares-jpg.webp\" data-width=\"1073\" data-height=\"630\" aria-label=\"Rafa Villares\" role=\"img\" ><\/div>\n\t\t\t\t\t\t\t\t\t\t\t<div class=\"elementor-gallery-item__overlay\"><\/div>\n\t\t\t\t\t\t\t\t\t\t\t\t\t\t\t<div class=\"elementor-gallery-item__content\">\n\t\t\t\t\t\t\t\t\t\t\t\t\t\t<div class=\"elementor-gallery-item__description\">\n\t\t\t\t\t\t\t\t\t\t\t\t\t\t\t\t\t\tRafa Villares. Serie Inmersi\u00f3n (4 oc\u00e9anos), 2021\nPastel sobre papel Arches\n115 x 115 cm c\/u.\t\t\t\t\t\t\t\t<\/div>\n\t\t\t\t\t\t\t\t\t\t\t\t<\/div>\n\t\t\t\t\t\t\t\t\t<\/a>\n\t\t\t\t\t\t\t<a class=\"e-gallery-item elementor-gallery-item elementor-animated-content\" href=\"https:\/\/artejoven.org\/wp-content\/uploads\/2023\/08\/Adrian-Fernandez-1-jpg.webp\" data-elementor-open-lightbox=\"yes\" data-elementor-lightbox-slideshow=\"5fb2793d\" data-elementor-lightbox-title=\"Adri\u00e1n Fern\u00e1ndez\" data-elementor-lightbox-description=\"Adri\u00e1n Fern\u00e1ndez. Monumento al hombre inconcluso No. 4, 2018\nAcero al carbono soldado, concreto\nDimensiones variables (escultura)\n80 x 120 x 123 cm (base).\" data-e-action-hash=\"#elementor-action%3Aaction%3Dlightbox%26settings%3DeyJpZCI6NTI3NiwidXJsIjoiaHR0cHM6XC9cL2FydGVqb3Zlbi5vcmdcL3dwLWNvbnRlbnRcL3VwbG9hZHNcLzIwMjNcLzA4XC9BZHJpYW4tRmVybmFuZGV6LTEtanBnLndlYnAiLCJzbGlkZXNob3ciOiI1ZmIyNzkzZCJ9\">\n\t\t\t\t\t<div class=\"e-gallery-image elementor-gallery-item__image\" data-thumbnail=\"https:\/\/artejoven.org\/wp-content\/uploads\/2023\/08\/Adrian-Fernandez-1-jpg.webp\" data-width=\"1152\" data-height=\"768\" aria-label=\"Adri\u00e1n Fern\u00e1ndez\" role=\"img\" ><\/div>\n\t\t\t\t\t\t\t\t\t\t\t<div class=\"elementor-gallery-item__overlay\"><\/div>\n\t\t\t\t\t\t\t\t\t\t\t\t\t\t\t<div class=\"elementor-gallery-item__content\">\n\t\t\t\t\t\t\t\t\t\t\t\t\t\t<div class=\"elementor-gallery-item__description\">\n\t\t\t\t\t\t\t\t\t\t\t\t\t\t\t\t\t\tAdri\u00e1n Fern\u00e1ndez. Monumento al hombre inconcluso No. 4, 2018\nAcero al carbono soldado, concreto\nDimensiones variables (escultura)\n80 x 120 x 123 cm (base).\t\t\t\t\t\t\t\t<\/div>\n\t\t\t\t\t\t\t\t\t\t\t\t<\/div>\n\t\t\t\t\t\t\t\t\t<\/a>\n\t\t\t\t\t\t\t<a class=\"e-gallery-item elementor-gallery-item elementor-animated-content\" href=\"https:\/\/artejoven.org\/wp-content\/uploads\/2023\/08\/El-salto-2019-Resina-215cm-x-155cm-x-75cm-jpg.webp\" data-elementor-open-lightbox=\"yes\" data-elementor-lightbox-slideshow=\"5fb2793d\" data-elementor-lightbox-title=\"Gabriel Cisneros\" data-elementor-lightbox-description=\"Gabriel Cisneros. El salto, 2019\nResina\n215 x 155 x 75 cm.\" data-e-action-hash=\"#elementor-action%3Aaction%3Dlightbox%26settings%3DeyJpZCI6NTM2NywidXJsIjoiaHR0cHM6XC9cL2FydGVqb3Zlbi5vcmdcL3dwLWNvbnRlbnRcL3VwbG9hZHNcLzIwMjNcLzA4XC9FbC1zYWx0by0yMDE5LVJlc2luYS0yMTVjbS14LTE1NWNtLXgtNzVjbS1qcGcud2VicCIsInNsaWRlc2hvdyI6IjVmYjI3OTNkIn0%3D\">\n\t\t\t\t\t<div class=\"e-gallery-image elementor-gallery-item__image\" data-thumbnail=\"https:\/\/artejoven.org\/wp-content\/uploads\/2023\/08\/El-salto-2019-Resina-215cm-x-155cm-x-75cm-jpg.webp\" data-width=\"896\" data-height=\"503\" aria-label=\"Gabriel Cisneros\" role=\"img\" ><\/div>\n\t\t\t\t\t\t\t\t\t\t\t<div class=\"elementor-gallery-item__overlay\"><\/div>\n\t\t\t\t\t\t\t\t\t\t\t\t\t\t\t<div class=\"elementor-gallery-item__content\">\n\t\t\t\t\t\t\t\t\t\t\t\t\t\t<div class=\"elementor-gallery-item__description\">\n\t\t\t\t\t\t\t\t\t\t\t\t\t\t\t\t\t\tGabriel Cisneros. El salto, 2019\nResina\n215 x 155 x 75 cm.\t\t\t\t\t\t\t\t<\/div>\n\t\t\t\t\t\t\t\t\t\t\t\t<\/div>\n\t\t\t\t\t\t\t\t\t<\/a>\n\t\t\t\t\t\t\t<a class=\"e-gallery-item elementor-gallery-item elementor-animated-content\" href=\"https:\/\/artejoven.org\/wp-content\/uploads\/2023\/08\/Lisandra-Ramirez-jpg.webp\" data-elementor-open-lightbox=\"yes\" data-elementor-lightbox-slideshow=\"5fb2793d\" data-elementor-lightbox-title=\"Lisandra Ram\u00edrez\" data-elementor-lightbox-description=\"Lisandra Ram\u00edrez. Por siempre, 2023\nImpresi\u00f3n fotogr\u00e1fica, resina\nDimensiones variables\n\n2 piezas.\" data-e-action-hash=\"#elementor-action%3Aaction%3Dlightbox%26settings%3DeyJpZCI6NTI4NSwidXJsIjoiaHR0cHM6XC9cL2FydGVqb3Zlbi5vcmdcL3dwLWNvbnRlbnRcL3VwbG9hZHNcLzIwMjNcLzA4XC9MaXNhbmRyYS1SYW1pcmV6LWpwZy53ZWJwIiwic2xpZGVzaG93IjoiNWZiMjc5M2QifQ%3D%3D\">\n\t\t\t\t\t<div class=\"e-gallery-image elementor-gallery-item__image\" data-thumbnail=\"https:\/\/artejoven.org\/wp-content\/uploads\/2023\/08\/Lisandra-Ramirez-jpg.webp\" data-width=\"900\" data-height=\"1056\" aria-label=\"Lisandra Ram\u00edrez\" role=\"img\" ><\/div>\n\t\t\t\t\t\t\t\t\t\t\t<div class=\"elementor-gallery-item__overlay\"><\/div>\n\t\t\t\t\t\t\t\t\t\t\t\t\t\t\t<div class=\"elementor-gallery-item__content\">\n\t\t\t\t\t\t\t\t\t\t\t\t\t\t<div class=\"elementor-gallery-item__description\">\n\t\t\t\t\t\t\t\t\t\t\t\t\t\t\t\t\t\tLisandra Ram\u00edrez. Por siempre, 2023\nImpresi\u00f3n fotogr\u00e1fica, resina\nDimensiones variables\n\n2 piezas.\t\t\t\t\t\t\t\t<\/div>\n\t\t\t\t\t\t\t\t\t\t\t\t<\/div>\n\t\t\t\t\t\t\t\t\t<\/a>\n\t\t\t\t\t<\/div>\n\t\t\t\t\t<\/div>\n\t\t\t\t<\/div>\n\t\t\t\t<div class=\"elementor-element elementor-element-cd5fe59 elementor-widget elementor-widget-heading\" data-id=\"cd5fe59\" data-element_type=\"widget\" data-e-type=\"widget\" data-widget_type=\"heading.default\">\n\t\t\t\t<div class=\"elementor-widget-container\">\n\t\t\t\t\t<h2 class=\"elementor-heading-title elementor-size-default\"><a href=\"https:\/\/artejoven.org\/espacios-faj\/salon-blanco\/\">&lt; Volver a Sal\u00f3n Blanco<\/a><\/h2>\t\t\t\t<\/div>\n\t\t\t\t<\/div>\n\t\t\t\t\t<\/div>\n\t\t<\/div>\n\t\t\t\t<div class=\"elementor-column elementor-col-50 elementor-inner-column elementor-element elementor-element-363b7af0 elementor-hidden-mobile\" data-id=\"363b7af0\" data-element_type=\"column\" data-e-type=\"column\">\n\t\t\t<div class=\"elementor-widget-wrap elementor-element-populated\">\n\t\t\t\t\t\t<div class=\"elementor-element elementor-element-42790db0 elementor-widget elementor-widget-text-editor\" data-id=\"42790db0\" data-element_type=\"widget\" data-e-type=\"widget\" data-settings=\"{&quot;sticky&quot;:&quot;top&quot;,&quot;sticky_on&quot;:[&quot;desktop&quot;,&quot;tablet&quot;],&quot;sticky_offset&quot;:30,&quot;sticky_parent&quot;:&quot;yes&quot;,&quot;sticky_effects_offset&quot;:0,&quot;sticky_anchor_link_offset&quot;:0}\" data-widget_type=\"text-editor.default\">\n\t\t\t\t<div class=\"elementor-widget-container\">\n\t\t\t\t\t\t\t\t\t<p><strong>Daniel Rodr\u00edguez<\/strong><\/p><p><strong>Yohy Su\u00e1rez<\/strong><\/p><p><strong>Rold\u00e1n Lauz\u00e1n<\/strong><\/p><p><strong>Mabel Poblet<\/strong><\/p><p><strong>William Acosta<\/strong><\/p><p><strong>Alejandro G\u00f3mez Cangas<\/strong><\/p><p><strong>Jorge Otero<\/strong><\/p><p><strong>\u00c1lex Hern\u00e1ndez y Ariamna Contino<\/strong><\/p><p><strong>Alfredo Sarabia<\/strong><\/p><p><strong>Rafa Villares<\/strong><\/p><p><strong>Gabriel Cisneros<\/strong><\/p><p><strong>Lisandra Ram\u00edrez<\/strong><\/p>\t\t\t\t\t\t\t\t<\/div>\n\t\t\t\t<\/div>\n\t\t\t\t\t<\/div>\n\t\t<\/div>\n\t\t\t\t\t<\/div>\n\t\t<\/section>\n\t\t\t\t\t<\/div>\n\t\t<\/div>\n\t\t\t\t\t<\/div>\n\t\t<\/section>\n\t\t\t\t<\/div>\n\t\t","protected":false},"excerpt":{"rendered":"<p>La mostra faceva parte delle attivit\u00e0 per il lancio del programma di arti visive del Young Art Fund FAJ. <\/p>","protected":false},"author":1,"featured_media":5243,"parent":4974,"menu_order":0,"comment_status":"closed","ping_status":"closed","template":"","meta":{"_acf_changed":false,"footnotes":"","_links_to":"","_links_to_target":""},"categories":[56],"tags":[55],"class_list":["post-5242","page","type-page","status-publish","has-post-thumbnail","hentry","category-exposiciones-espacios","tag-salon-blanco","post","post-with-thumbnail","post-with-thumbnail-large"],"acf":[],"aioseo_notices":[],"jetpack-related-posts":[{"id":6807,"url":"https:\/\/artejoven.org\/it\/convocatorias\/residencias-academicas-perfil-musica\/","url_meta":{"origin":5242,"position":0},"title":"Residenze accademiche in Niger-Cuba 2024: profilo musicale","author":"Ren\u00e9 Manuel Puig","date":"2 de Gennaio de 2024","format":false,"excerpt":"Modulo di richiesta","rel":"","context":"In &quot;Convocatorias&quot;","block_context":{"text":"Convocatorias","link":"https:\/\/artejoven.org\/it\/category\/convocatoria\/"},"img":{"alt_text":"","src":"https:\/\/i0.wp.com\/artejoven.org\/wp-content\/uploads\/2023\/05\/Banner-Web.jpg?resize=350%2C200&ssl=1","width":350,"height":200,"srcset":"https:\/\/i0.wp.com\/artejoven.org\/wp-content\/uploads\/2023\/05\/Banner-Web.jpg?resize=350%2C200&ssl=1 1x, https:\/\/i0.wp.com\/artejoven.org\/wp-content\/uploads\/2023\/05\/Banner-Web.jpg?resize=525%2C300&ssl=1 1.5x, https:\/\/i0.wp.com\/artejoven.org\/wp-content\/uploads\/2023\/05\/Banner-Web.jpg?resize=700%2C400&ssl=1 2x"},"classes":[]},{"id":6836,"url":"https:\/\/artejoven.org\/it\/convocatorias\/residencias-academicas-perfil-artes-visuales\/","url_meta":{"origin":5242,"position":1},"title":"Residenze accademiche in Niger-Cuba 2024: Profilo delle arti visive","author":"Ren\u00e9 Manuel Puig","date":"2 de Gennaio de 2024","format":false,"excerpt":"Modulo di richiesta","rel":"","context":"In &quot;Convocatorias&quot;","block_context":{"text":"Convocatorias","link":"https:\/\/artejoven.org\/it\/category\/convocatoria\/"},"img":{"alt_text":"","src":"https:\/\/i0.wp.com\/artejoven.org\/wp-content\/uploads\/2023\/05\/Banner-Web.jpg?resize=350%2C200&ssl=1","width":350,"height":200,"srcset":"https:\/\/i0.wp.com\/artejoven.org\/wp-content\/uploads\/2023\/05\/Banner-Web.jpg?resize=350%2C200&ssl=1 1x, https:\/\/i0.wp.com\/artejoven.org\/wp-content\/uploads\/2023\/05\/Banner-Web.jpg?resize=525%2C300&ssl=1 1.5x, https:\/\/i0.wp.com\/artejoven.org\/wp-content\/uploads\/2023\/05\/Banner-Web.jpg?resize=700%2C400&ssl=1 2x"},"classes":[]},{"id":6902,"url":"https:\/\/artejoven.org\/it\/convocatorias\/proyectos-curatoriales\/","url_meta":{"origin":5242,"position":2},"title":"Progetti curatoriali","author":"Ren\u00e9 Manuel Puig","date":"3 de Gennaio de 2024","format":false,"excerpt":"Bando per curatori cubani","rel":"","context":"In &quot;Convocatorias&quot;","block_context":{"text":"Convocatorias","link":"https:\/\/artejoven.org\/it\/category\/convocatoria\/"},"img":{"alt_text":"","src":"https:\/\/i0.wp.com\/artejoven.org\/wp-content\/uploads\/2023\/05\/Banner-Web.jpg?resize=350%2C200&ssl=1","width":350,"height":200,"srcset":"https:\/\/i0.wp.com\/artejoven.org\/wp-content\/uploads\/2023\/05\/Banner-Web.jpg?resize=350%2C200&ssl=1 1x, https:\/\/i0.wp.com\/artejoven.org\/wp-content\/uploads\/2023\/05\/Banner-Web.jpg?resize=525%2C300&ssl=1 1.5x, https:\/\/i0.wp.com\/artejoven.org\/wp-content\/uploads\/2023\/05\/Banner-Web.jpg?resize=700%2C400&ssl=1 2x"},"classes":[]},{"id":14,"url":"https:\/\/artejoven.org\/it\/convocatorias\/proyectos-creativos-artes-visuales\/","url_meta":{"origin":5242,"position":3},"title":"Progetti creativi. Arti visive","author":"Ren\u00e9 Manuel Puig","date":"15 de Marzo de 2023","format":false,"excerpt":"Modulo per la presentazione di domande di sostegno alla produzione di progetti creativi a tema libero.","rel":"","context":"In &quot;Convocatorias&quot;","block_context":{"text":"Convocatorias","link":"https:\/\/artejoven.org\/it\/category\/convocatoria\/"},"img":{"alt_text":"Fondo de Arte Joven","src":"https:\/\/i0.wp.com\/artejoven.org\/wp-content\/uploads\/2023\/03\/Optimizado-scaled.jpg?resize=350%2C200&ssl=1","width":350,"height":200,"srcset":"https:\/\/i0.wp.com\/artejoven.org\/wp-content\/uploads\/2023\/03\/Optimizado-scaled.jpg?resize=350%2C200&ssl=1 1x, https:\/\/i0.wp.com\/artejoven.org\/wp-content\/uploads\/2023\/03\/Optimizado-scaled.jpg?resize=525%2C300&ssl=1 1.5x, https:\/\/i0.wp.com\/artejoven.org\/wp-content\/uploads\/2023\/03\/Optimizado-scaled.jpg?resize=700%2C400&ssl=1 2x, https:\/\/i0.wp.com\/artejoven.org\/wp-content\/uploads\/2023\/03\/Optimizado-scaled.jpg?resize=1050%2C600&ssl=1 3x, https:\/\/i0.wp.com\/artejoven.org\/wp-content\/uploads\/2023\/03\/Optimizado-scaled.jpg?resize=1400%2C800&ssl=1 4x"},"classes":[]},{"id":4142,"url":"https:\/\/artejoven.org\/it\/convocatorias\/proyectos-creativos-musica\/","url_meta":{"origin":5242,"position":4},"title":"Progetti creativi. Musica","author":"Ren\u00e9 Manuel Puig","date":"21 de Giugno de 2023","format":false,"excerpt":"Modulo di domanda per il sostegno a progetti musicali","rel":"","context":"In &quot;Convocatorias&quot;","block_context":{"text":"Convocatorias","link":"https:\/\/artejoven.org\/it\/category\/convocatoria\/"},"img":{"alt_text":"Fondo de Arte Joven","src":"https:\/\/i0.wp.com\/artejoven.org\/wp-content\/uploads\/2023\/06\/Fondo-de-Arte-Joven.jpg?resize=350%2C200&ssl=1","width":350,"height":200,"srcset":"https:\/\/i0.wp.com\/artejoven.org\/wp-content\/uploads\/2023\/06\/Fondo-de-Arte-Joven.jpg?resize=350%2C200&ssl=1 1x, https:\/\/i0.wp.com\/artejoven.org\/wp-content\/uploads\/2023\/06\/Fondo-de-Arte-Joven.jpg?resize=525%2C300&ssl=1 1.5x, https:\/\/i0.wp.com\/artejoven.org\/wp-content\/uploads\/2023\/06\/Fondo-de-Arte-Joven.jpg?resize=700%2C400&ssl=1 2x"},"classes":[]},{"id":16,"url":"https:\/\/artejoven.org\/it\/convocatorias\/concurso-malayerba\/","url_meta":{"origin":5242,"position":5},"title":"concorso \"malaYerba","author":"Ren\u00e9 Manuel Puig","date":"15 de Marzo de 2023","format":false,"excerpt":"Modulo di iscrizione alla prima edizione del Concorso malaYerba.","rel":"","context":"In &quot;Convocatorias&quot;","block_context":{"text":"Convocatorias","link":"https:\/\/artejoven.org\/it\/category\/convocatoria\/"},"img":{"alt_text":"Fondo de Arte Joven","src":"https:\/\/i0.wp.com\/artejoven.org\/wp-content\/uploads\/2023\/03\/Optimizado-scaled.jpg?resize=350%2C200&ssl=1","width":350,"height":200,"srcset":"https:\/\/i0.wp.com\/artejoven.org\/wp-content\/uploads\/2023\/03\/Optimizado-scaled.jpg?resize=350%2C200&ssl=1 1x, https:\/\/i0.wp.com\/artejoven.org\/wp-content\/uploads\/2023\/03\/Optimizado-scaled.jpg?resize=525%2C300&ssl=1 1.5x, https:\/\/i0.wp.com\/artejoven.org\/wp-content\/uploads\/2023\/03\/Optimizado-scaled.jpg?resize=700%2C400&ssl=1 2x, https:\/\/i0.wp.com\/artejoven.org\/wp-content\/uploads\/2023\/03\/Optimizado-scaled.jpg?resize=1050%2C600&ssl=1 3x, https:\/\/i0.wp.com\/artejoven.org\/wp-content\/uploads\/2023\/03\/Optimizado-scaled.jpg?resize=1400%2C800&ssl=1 4x"},"classes":[]}],"jetpack_sharing_enabled":true,"_links":{"self":[{"href":"https:\/\/artejoven.org\/it\/wp-json\/wp\/v2\/pages\/5242","targetHints":{"allow":["GET"]}}],"collection":[{"href":"https:\/\/artejoven.org\/it\/wp-json\/wp\/v2\/pages"}],"about":[{"href":"https:\/\/artejoven.org\/it\/wp-json\/wp\/v2\/types\/page"}],"author":[{"embeddable":true,"href":"https:\/\/artejoven.org\/it\/wp-json\/wp\/v2\/users\/1"}],"replies":[{"embeddable":true,"href":"https:\/\/artejoven.org\/it\/wp-json\/wp\/v2\/comments?post=5242"}],"version-history":[{"count":0,"href":"https:\/\/artejoven.org\/it\/wp-json\/wp\/v2\/pages\/5242\/revisions"}],"up":[{"embeddable":true,"href":"https:\/\/artejoven.org\/it\/wp-json\/wp\/v2\/pages\/4974"}],"wp:featuredmedia":[{"embeddable":true,"href":"https:\/\/artejoven.org\/it\/wp-json\/wp\/v2\/media\/5243"}],"wp:attachment":[{"href":"https:\/\/artejoven.org\/it\/wp-json\/wp\/v2\/media?parent=5242"}],"wp:term":[{"taxonomy":"category","embeddable":true,"href":"https:\/\/artejoven.org\/it\/wp-json\/wp\/v2\/categories?post=5242"},{"taxonomy":"post_tag","embeddable":true,"href":"https:\/\/artejoven.org\/it\/wp-json\/wp\/v2\/tags?post=5242"}],"curies":[{"name":"wp","href":"https:\/\/api.w.org\/{rel}","templated":true}]}}