{"id":7361,"date":"2024-04-17T10:45:56","date_gmt":"2024-04-17T14:45:56","guid":{"rendered":"https:\/\/artejoven.org\/?page_id=7361"},"modified":"2024-04-17T10:47:12","modified_gmt":"2024-04-17T14:47:12","slug":"duo-aguas-de-marzo","status":"publish","type":"page","link":"https:\/\/artejoven.org\/it\/beneficiarios\/duo-aguas-de-marzo\/","title":{"rendered":"Duo March Waters"},"content":{"rendered":"","protected":false},"excerpt":{"rendered":"<p>Composto dalla liutista Sof\u00eda Pedrera e dalla chitarrista Patricia D\u00edaz, il duo Aguas de Marzo \u00e8 stato creato nel 2018, per rendere merito alla relazione musicale che si \u00e8 instaurata tra questi strumenti.<\/p>","protected":false},"author":1,"featured_media":7362,"parent":931,"menu_order":0,"comment_status":"closed","ping_status":"closed","template":"","meta":{"_acf_changed":false,"footnotes":"","_links_to":"","_links_to_target":""},"categories":[13,31],"tags":[63],"class_list":["post-7361","page","type-page","status-publish","has-post-thumbnail","hentry","category-beneficiarios","category-musica-beneficiarios","tag-63","post","post-with-thumbnail","post-with-thumbnail-large"],"acf":[],"aioseo_notices":[],"jetpack-related-posts":[{"id":9058,"url":"https:\/\/artejoven.org\/it\/politica-de-privacidad\/","url_meta":{"origin":7361,"position":0},"title":"Informativa sulla privacy","author":"Ren\u00e9 Manuel Puig","date":"20 de Marzo de 2025","format":false,"excerpt":"Pol\u00edtica de PrivacidadFecha de entrada en vigencia: 20 de marzo de 2025.1. Introducci\u00f3nEn el Fondo de Arte Joven (FAJ), nos comprometemos a proteger su privacidad y garantizar la seguridad de sus datos personales. Esta Pol\u00edtica de Privacidad explica c\u00f3mo recopilamos, usamos, almacenamos y protegemos su informaci\u00f3n.2. Informaci\u00f3n que recopilamosPodemos recopilar\u2026","rel":"","context":"Articolo simile","block_context":{"text":"Articolo simile","link":""},"img":{"alt_text":"","src":"","width":0,"height":0},"classes":[]},{"id":7258,"url":"https:\/\/artejoven.org\/it\/espacios-faj\/salon-blanco\/niebla\/","url_meta":{"origin":7361,"position":1},"title":"Nebbia","author":"Ren\u00e9 Manuel Puig","date":"2 de Aprile de 2024","format":false,"excerpt":"Niebla intende evocare il linguaggio pittorico per comprendere la transitoriet\u00e0 dello sguardo, ci\u00f2 che esiste al di l\u00e0 di una percezione verso un'entit\u00e0 abituale.","rel":"","context":"In &quot;Exposiciones&quot;","block_context":{"text":"Exposiciones","link":"https:\/\/artejoven.org\/it\/category\/espacios\/exposiciones-espacios\/"},"img":{"alt_text":"","src":"https:\/\/i0.wp.com\/artejoven.org\/wp-content\/uploads\/2024\/04\/Niebla-portada-scaled.webp?resize=350%2C200&ssl=1","width":350,"height":200,"srcset":"https:\/\/i0.wp.com\/artejoven.org\/wp-content\/uploads\/2024\/04\/Niebla-portada-scaled.webp?resize=350%2C200&ssl=1 1x, https:\/\/i0.wp.com\/artejoven.org\/wp-content\/uploads\/2024\/04\/Niebla-portada-scaled.webp?resize=525%2C300&ssl=1 1.5x, https:\/\/i0.wp.com\/artejoven.org\/wp-content\/uploads\/2024\/04\/Niebla-portada-scaled.webp?resize=700%2C400&ssl=1 2x, https:\/\/i0.wp.com\/artejoven.org\/wp-content\/uploads\/2024\/04\/Niebla-portada-scaled.webp?resize=1050%2C600&ssl=1 3x, https:\/\/i0.wp.com\/artejoven.org\/wp-content\/uploads\/2024\/04\/Niebla-portada-scaled.webp?resize=1400%2C800&ssl=1 4x"},"classes":[]},{"id":5098,"url":"https:\/\/artejoven.org\/it\/espacios-faj\/salon-blanco\/paisaje-para-el-proximo-siglo\/","url_meta":{"origin":7361,"position":2},"title":"Paesaggio per il prossimo secolo","author":"Ren\u00e9 Manuel Puig","date":"26 de Maggio de 2023","format":false,"excerpt":"Paesaggio per il prossimo secolo \u00e8 il titolo di questo progetto e corrisponde a un dipinto di Cabrera Moreno del 1975.","rel":"","context":"In &quot;Exposiciones&quot;","block_context":{"text":"Exposiciones","link":"https:\/\/artejoven.org\/it\/category\/espacios\/exposiciones-espacios\/"},"img":{"alt_text":"Paisaje para el pr\u00f3ximo siglo","src":"https:\/\/i0.wp.com\/artejoven.org\/wp-content\/uploads\/2023\/08\/Paisaje-01-jpg.webp?resize=350%2C200&ssl=1","width":350,"height":200,"srcset":"https:\/\/i0.wp.com\/artejoven.org\/wp-content\/uploads\/2023\/08\/Paisaje-01-jpg.webp?resize=350%2C200&ssl=1 1x, https:\/\/i0.wp.com\/artejoven.org\/wp-content\/uploads\/2023\/08\/Paisaje-01-jpg.webp?resize=525%2C300&ssl=1 1.5x, https:\/\/i0.wp.com\/artejoven.org\/wp-content\/uploads\/2023\/08\/Paisaje-01-jpg.webp?resize=700%2C400&ssl=1 2x, https:\/\/i0.wp.com\/artejoven.org\/wp-content\/uploads\/2023\/08\/Paisaje-01-jpg.webp?resize=1050%2C600&ssl=1 3x"},"classes":[]},{"id":929,"url":"https:\/\/artejoven.org\/it\/convocatorias\/","url_meta":{"origin":7361,"position":3},"title":"Bandi","author":"Ren\u00e9 Manuel Puig","date":"17 de Aprile de 2023","format":false,"excerpt":"Attuali bandi del Fondo de Arte Joven.","rel":"","context":"In &quot;Convocatorias&quot;","block_context":{"text":"Convocatorias","link":"https:\/\/artejoven.org\/it\/category\/convocatoria\/"},"img":{"alt_text":"","src":"","width":0,"height":0},"classes":[]}],"jetpack_sharing_enabled":true,"_links":{"self":[{"href":"https:\/\/artejoven.org\/it\/wp-json\/wp\/v2\/pages\/7361","targetHints":{"allow":["GET"]}}],"collection":[{"href":"https:\/\/artejoven.org\/it\/wp-json\/wp\/v2\/pages"}],"about":[{"href":"https:\/\/artejoven.org\/it\/wp-json\/wp\/v2\/types\/page"}],"author":[{"embeddable":true,"href":"https:\/\/artejoven.org\/it\/wp-json\/wp\/v2\/users\/1"}],"replies":[{"embeddable":true,"href":"https:\/\/artejoven.org\/it\/wp-json\/wp\/v2\/comments?post=7361"}],"version-history":[{"count":0,"href":"https:\/\/artejoven.org\/it\/wp-json\/wp\/v2\/pages\/7361\/revisions"}],"up":[{"embeddable":true,"href":"https:\/\/artejoven.org\/it\/wp-json\/wp\/v2\/pages\/931"}],"wp:featuredmedia":[{"embeddable":true,"href":"https:\/\/artejoven.org\/it\/wp-json\/wp\/v2\/media\/7362"}],"wp:attachment":[{"href":"https:\/\/artejoven.org\/it\/wp-json\/wp\/v2\/media?parent=7361"}],"wp:term":[{"taxonomy":"category","embeddable":true,"href":"https:\/\/artejoven.org\/it\/wp-json\/wp\/v2\/categories?post=7361"},{"taxonomy":"post_tag","embeddable":true,"href":"https:\/\/artejoven.org\/it\/wp-json\/wp\/v2\/tags?post=7361"}],"curies":[{"name":"wp","href":"https:\/\/api.w.org\/{rel}","templated":true}]}}