{"id":8916,"date":"2025-02-24T18:51:21","date_gmt":"2025-02-24T23:51:21","guid":{"rendered":"https:\/\/artejoven.org\/?page_id=8916"},"modified":"2025-02-24T18:51:24","modified_gmt":"2025-02-24T23:51:24","slug":"produzioni-claudiovisive","status":"publish","type":"page","link":"https:\/\/artejoven.org\/it\/beneficiarios\/claudiovisual-producciones\/","title":{"rendered":"Claudiovisual Productions"},"content":{"rendered":"","protected":false},"excerpt":{"rendered":"<p>Societ\u00e0 di produzione audiovisiva fondata dal giornalista Claudio Pelaez Sordo, che si occupa di rendere visibili e documentare gruppi minoritari e svantaggiati come la comunit\u00e0 LGBTIQ, le persone razzializzate, le donne e i gruppi creativi come il teatro.<\/p>","protected":false},"author":1,"featured_media":8917,"parent":931,"menu_order":0,"comment_status":"closed","ping_status":"closed","template":"","meta":{"_acf_changed":false,"footnotes":"","_links_to":"","_links_to_target":""},"categories":[13,33],"tags":[63,58],"class_list":["post-8916","page","type-page","status-publish","has-post-thumbnail","hentry","category-beneficiarios","category-emprendimientos-beneficiarios","tag-63","tag-segundo-programa","post","post-with-thumbnail","post-with-thumbnail-large"],"acf":[],"aioseo_notices":[],"jetpack-related-posts":[{"id":3051,"url":"https:\/\/artejoven.org\/it\/beneficiarios\/ups\/","url_meta":{"origin":8916,"position":0},"title":"Ops!","author":"Ren\u00e9 Manuel Puig","date":"27 de Maggio de 2023","format":false,"excerpt":"All'Avana dal 2022. Si tratta di un progetto creativo collettivo dei giovani artisti Marlon River\u00f3n Escobar, Luis Antonio Gonz\u00e1lez e Katia Ricardo Oliva.","rel":"","context":"In &quot;Beneficiarios&quot;","block_context":{"text":"Beneficiarios","link":"https:\/\/artejoven.org\/it\/category\/beneficiarios\/"},"img":{"alt_text":"Ups!","src":"https:\/\/i0.wp.com\/artejoven.org\/wp-content\/uploads\/2023\/06\/UPS-jpg.webp?resize=350%2C200&ssl=1","width":350,"height":200},"classes":[]},{"id":8904,"url":"https:\/\/artejoven.org\/it\/beneficiarios\/ona-galeria\/","url_meta":{"origin":8916,"position":1},"title":"Galleria ONA","author":"Ren\u00e9 Manuel Puig","date":"24 de Febbraio de 2025","format":false,"excerpt":"Collettivo curatoriale con sede nello studio-laboratorio dello scultore e artista Aramis Justiz, concepito per la diffusione e la promozione di artisti emergenti e dell'arte contemporanea a Cuba.","rel":"","context":"In &quot;Beneficiarios&quot;","block_context":{"text":"Beneficiarios","link":"https:\/\/artejoven.org\/it\/category\/beneficiarios\/"},"img":{"alt_text":"ONA Galer\u00eda","src":"https:\/\/i0.wp.com\/artejoven.org\/wp-content\/uploads\/2025\/02\/ONA-Galeria.webp?resize=350%2C200&ssl=1","width":350,"height":200,"srcset":"https:\/\/i0.wp.com\/artejoven.org\/wp-content\/uploads\/2025\/02\/ONA-Galeria.webp?resize=350%2C200&ssl=1 1x, https:\/\/i0.wp.com\/artejoven.org\/wp-content\/uploads\/2025\/02\/ONA-Galeria.webp?resize=525%2C300&ssl=1 1.5x"},"classes":[]},{"id":8114,"url":"https:\/\/artejoven.org\/it\/espacios-faj\/malayerba\/segunda-edicion-de-malayerba\/","url_meta":{"origin":8916,"position":2},"title":"Seconda edizione di malaYerba","author":"Ren\u00e9 Manuel Puig","date":"20 de Settembre de 2024","format":false,"excerpt":"Questi nuovi creatori identificano le loro realt\u00e0 pi\u00f9 strazianti e le portano in pittura, fotografia, video e installazione.","rel":"","context":"In &quot;Exposiciones&quot;","block_context":{"text":"Exposiciones","link":"https:\/\/artejoven.org\/it\/category\/espacios\/exposiciones-espacios\/"},"img":{"alt_text":"malaYerba","src":"https:\/\/i0.wp.com\/artejoven.org\/wp-content\/uploads\/2024\/07\/malaYerba-Segunda-Convocatoria-1-jpg.webp?resize=350%2C200&ssl=1","width":350,"height":200,"srcset":"https:\/\/i0.wp.com\/artejoven.org\/wp-content\/uploads\/2024\/07\/malaYerba-Segunda-Convocatoria-1-jpg.webp?resize=350%2C200&ssl=1 1x, https:\/\/i0.wp.com\/artejoven.org\/wp-content\/uploads\/2024\/07\/malaYerba-Segunda-Convocatoria-1-jpg.webp?resize=525%2C300&ssl=1 1.5x, https:\/\/i0.wp.com\/artejoven.org\/wp-content\/uploads\/2024\/07\/malaYerba-Segunda-Convocatoria-1-jpg.webp?resize=700%2C400&ssl=1 2x, https:\/\/i0.wp.com\/artejoven.org\/wp-content\/uploads\/2024\/07\/malaYerba-Segunda-Convocatoria-1-jpg.webp?resize=1050%2C600&ssl=1 3x, https:\/\/i0.wp.com\/artejoven.org\/wp-content\/uploads\/2024\/07\/malaYerba-Segunda-Convocatoria-1-jpg.webp?resize=1400%2C800&ssl=1 4x"},"classes":[]},{"id":8421,"url":"https:\/\/artejoven.org\/it\/espacios-faj\/salon-blanco\/hasta-la-raiz-identidades-en-cuestion\/","url_meta":{"origin":8916,"position":3},"title":"Alla radice. Identit\u00e0 in questione","author":"Ren\u00e9 Manuel Puig","date":"19 de Dicembre de 2024","format":false,"excerpt":"Alla radice. Identit\u00e0 in questione si concentra sul significato odierno di riconoscersi come esseri umani, simili, tutti meritevoli di un posto in questo stesso mondo.","rel":"","context":"In &quot;Exposiciones&quot;","block_context":{"text":"Exposiciones","link":"https:\/\/artejoven.org\/it\/category\/espacios\/exposiciones-espacios\/"},"img":{"alt_text":"Hasta la Ra\u00edz.","src":"https:\/\/i0.wp.com\/artejoven.org\/wp-content\/uploads\/2024\/12\/Hasta-la-Raiz.-Banner-1.webp?resize=350%2C200&ssl=1","width":350,"height":200,"srcset":"https:\/\/i0.wp.com\/artejoven.org\/wp-content\/uploads\/2024\/12\/Hasta-la-Raiz.-Banner-1.webp?resize=350%2C200&ssl=1 1x, https:\/\/i0.wp.com\/artejoven.org\/wp-content\/uploads\/2024\/12\/Hasta-la-Raiz.-Banner-1.webp?resize=525%2C300&ssl=1 1.5x, https:\/\/i0.wp.com\/artejoven.org\/wp-content\/uploads\/2024\/12\/Hasta-la-Raiz.-Banner-1.webp?resize=700%2C400&ssl=1 2x, https:\/\/i0.wp.com\/artejoven.org\/wp-content\/uploads\/2024\/12\/Hasta-la-Raiz.-Banner-1.webp?resize=1050%2C600&ssl=1 3x"},"classes":[]},{"id":6606,"url":"https:\/\/artejoven.org\/it\/espacios-faj\/malayerba\/primera-edicion-de-malayerba\/","url_meta":{"origin":8916,"position":4},"title":"Prima edizione di malaYerba","author":"Ren\u00e9 Manuel Puig","date":"11 de Dicembre de 2023","format":false,"excerpt":"La mostra che \u00e8 nata da questa prima edizione si avvicina all'espressione collettiva di un insieme di preoccupazioni di una nuova generazione di artisti.","rel":"","context":"In &quot;Exposiciones&quot;","block_context":{"text":"Exposiciones","link":"https:\/\/artejoven.org\/it\/category\/espacios\/exposiciones-espacios\/"},"img":{"alt_text":"malaYerba","src":"https:\/\/i0.wp.com\/artejoven.org\/wp-content\/uploads\/2023\/12\/malaYerba-3.WEBP?resize=350%2C200&ssl=1","width":350,"height":200,"srcset":"https:\/\/i0.wp.com\/artejoven.org\/wp-content\/uploads\/2023\/12\/malaYerba-3.WEBP?resize=350%2C200&ssl=1 1x, https:\/\/i0.wp.com\/artejoven.org\/wp-content\/uploads\/2023\/12\/malaYerba-3.WEBP?resize=525%2C300&ssl=1 1.5x, https:\/\/i0.wp.com\/artejoven.org\/wp-content\/uploads\/2023\/12\/malaYerba-3.WEBP?resize=700%2C400&ssl=1 2x, https:\/\/i0.wp.com\/artejoven.org\/wp-content\/uploads\/2023\/12\/malaYerba-3.WEBP?resize=1050%2C600&ssl=1 3x, https:\/\/i0.wp.com\/artejoven.org\/wp-content\/uploads\/2023\/12\/malaYerba-3.WEBP?resize=1400%2C800&ssl=1 4x"},"classes":[]},{"id":5242,"url":"https:\/\/artejoven.org\/it\/espacios-faj\/salon-blanco\/hijos-de-darwin\/","url_meta":{"origin":8916,"position":5},"title":"I figli di Darwin","author":"Ren\u00e9 Manuel Puig","date":"7 de Aprile de 2023","format":false,"excerpt":"La mostra faceva parte delle attivit\u00e0 per il lancio del programma di arti visive del Young Art Fund FAJ.","rel":"","context":"In &quot;Exposiciones&quot;","block_context":{"text":"Exposiciones","link":"https:\/\/artejoven.org\/it\/category\/espacios\/exposiciones-espacios\/"},"img":{"alt_text":"Hijos de Darwin","src":"https:\/\/i0.wp.com\/artejoven.org\/wp-content\/uploads\/2023\/08\/Hijos-de-Darwin-1-jpg.webp?resize=350%2C200&ssl=1","width":350,"height":200,"srcset":"https:\/\/i0.wp.com\/artejoven.org\/wp-content\/uploads\/2023\/08\/Hijos-de-Darwin-1-jpg.webp?resize=350%2C200&ssl=1 1x, https:\/\/i0.wp.com\/artejoven.org\/wp-content\/uploads\/2023\/08\/Hijos-de-Darwin-1-jpg.webp?resize=525%2C300&ssl=1 1.5x, https:\/\/i0.wp.com\/artejoven.org\/wp-content\/uploads\/2023\/08\/Hijos-de-Darwin-1-jpg.webp?resize=700%2C400&ssl=1 2x, https:\/\/i0.wp.com\/artejoven.org\/wp-content\/uploads\/2023\/08\/Hijos-de-Darwin-1-jpg.webp?resize=1050%2C600&ssl=1 3x"},"classes":[]}],"jetpack_sharing_enabled":true,"_links":{"self":[{"href":"https:\/\/artejoven.org\/it\/wp-json\/wp\/v2\/pages\/8916","targetHints":{"allow":["GET"]}}],"collection":[{"href":"https:\/\/artejoven.org\/it\/wp-json\/wp\/v2\/pages"}],"about":[{"href":"https:\/\/artejoven.org\/it\/wp-json\/wp\/v2\/types\/page"}],"author":[{"embeddable":true,"href":"https:\/\/artejoven.org\/it\/wp-json\/wp\/v2\/users\/1"}],"replies":[{"embeddable":true,"href":"https:\/\/artejoven.org\/it\/wp-json\/wp\/v2\/comments?post=8916"}],"version-history":[{"count":0,"href":"https:\/\/artejoven.org\/it\/wp-json\/wp\/v2\/pages\/8916\/revisions"}],"up":[{"embeddable":true,"href":"https:\/\/artejoven.org\/it\/wp-json\/wp\/v2\/pages\/931"}],"wp:featuredmedia":[{"embeddable":true,"href":"https:\/\/artejoven.org\/it\/wp-json\/wp\/v2\/media\/8917"}],"wp:attachment":[{"href":"https:\/\/artejoven.org\/it\/wp-json\/wp\/v2\/media?parent=8916"}],"wp:term":[{"taxonomy":"category","embeddable":true,"href":"https:\/\/artejoven.org\/it\/wp-json\/wp\/v2\/categories?post=8916"},{"taxonomy":"post_tag","embeddable":true,"href":"https:\/\/artejoven.org\/it\/wp-json\/wp\/v2\/tags?post=8916"}],"curies":[{"name":"wp","href":"https:\/\/api.w.org\/{rel}","templated":true}]}}